{"id":13934,"date":"2025-07-15T12:44:57","date_gmt":"2025-07-15T10:44:57","guid":{"rendered":"https:\/\/uj.adatbank.ro\/lexikon\/termek\/ligeti-herta\/"},"modified":"2025-07-15T12:44:57","modified_gmt":"2025-07-15T10:44:57","slug":"ligeti-herta","status":"publish","type":"product","link":"https:\/\/uj.adatbank.ro\/lexikon\/termek\/ligeti-herta\/","title":{"rendered":"LIGETI Herta"},"content":{"rendered":"<p>B\u00e9cs, 1920. nov. 11., \u2020 Izrael, 1990.: \u00edr\u00f3n\u0151, osztr\u00e1k sz\u00e1rmaz\u00e1s\u00fa. \u2013 Fuchs Simon feles\u00e9ge (1945\u2013). \u2013 B\u00e9csben kommunista tev\u00e9krnys\u00e9g\u00e9\u00e9rt m\u00e1r 1937 ben letart\u00f3ztatt\u00e1k mert r\u00f6pc\u00e9dul\u00e1kat terjesztett. Siker\u00fclt Belgiumba menek\u00fclnie, ott tov\u00e1bb folytatta tev\u00e9kenys\u00e9g\u00e9t. Bel\u00e9pett az osztr\u00e1k kommunista p\u00e1rtba (1942). Letart\u00f3ztatt\u00e9k Bruxellesben (1943), megj\u00e1rta az auschwitzi hal\u00e1lt\u00e1bort, mint k\u00e1p\u00f3 egy fegyvergy\u00e1rban dolgozott. Eml\u00e9keit Nem hunynak ki a csillagok c. reg\u00e9ny\u00e9ben \u00edrta meg. Szabadul\u00e1sa ut\u00e1n visszat\u00e9rt B\u00e9csbe, \u00e9s a rend\u0151rs\u00e9g keret\u00e9ben dolgozott. F\u00e9rjhez ment Fuchs Simonhoz (1945), aki a Maros megyei kommunista p\u00e1rtbizotts\u00e1g els\u0151titk\u00e1ra volt. Mv.-re-re k\u00f6lt\u00f6z\u00f6tt, \u00e9s a p\u00e1rtbizotts\u00e1g propaganda oszt\u00e1ly\u00e1n kapott munk\u00e1t f\u00e9rje mellett. Felf\u00fcggesztett\u00e9k p\u00e1rttags\u00e1g\u00e1t (1951). Mikor f\u00e9tj\u00e9t Kv.-ra helyezt\u00e9k csak az ir\u00e1ssal foglalkozott.Mv.-en nagy szerepe volt a b\u00e1bsz\u00ednh\u00e1z megalap\u00edt\u00e1s\u00e1ban (1949), \u00f6t\u00f6dmag\u00e1val elind\u00edtotta az int\u00e9zm\u00e9nyt amelynek igazgat\u00f3ja is volt (1951).Az erd\u00e9lyi b\u00e1bdramaturgia kezdeteinek kiemelked\u0151 alakja , rendezett \u00e9s t\u00f6bb b\u00e1bj\u00e1t\u00e9kot \u00edrt: Arany hal, Az erd\u0151 hangja. \u2013 <strong>F. m.:<\/strong> Az erd\u0151 hangja (Bene J\u00f3zsef metszet.; Mv., \u00e9.n.), Die Unnerzagten (Buk., 1956); Die Sterne verl\u00f6schen nicht (reg., Buk., 1959); Stelele nu apun (ford. Laura M. Dragomirescu; Buc., 1962); Nem hunynak ki a csillagok (reg.; ford. Miess G. J\u00e1nos; Buk., 1964). <br \/><strong>Irod.:<\/strong> Ariel; F\u00fcl\u00f6p\u2013Ferencz, MMK; www.teatrultandarica.ro\/personalitati<\/br><\/p>\n","protected":false},"excerpt":{"rendered":"<p>B\u00e9cs, 1920. nov. 11., \u2020 Izrael, 1990.: \u00edr\u00f3n\u0151, osztr\u00e1k sz\u00e1rmaz\u00e1s\u00fa. \u2013 Fuchs Simon feles\u00e9ge (1945\u2013). \u2013 B\u00e9csben kommunista tev\u00e9krnys\u00e9g\u00e9\u00e9rt m\u00e1r 1937 ben letart\u00f3ztatt\u00e1k mert r\u00f6pc\u00e9dul\u00e1kat terjesztett. Siker\u00fclt Belgiumba menek\u00fclnie, ott tov\u00e1bb folytatta tev\u00e9kenys\u00e9g\u00e9t. Bel\u00e9pett az osztr\u00e1k kommunista p\u00e1rtba (1942). Letart\u00f3ztatt\u00e9k Bruxellesben (1943), megj\u00e1rta az auschwitzi hal\u00e1lt\u00e1bort, mint k\u00e1p\u00f3 egy fegyvergy\u00e1rban dolgozott. Eml\u00e9keit Nem hunynak ki [&hellip;]<\/p>\n","protected":false},"featured_media":0,"comment_status":"open","ping_status":"closed","template":"","meta":[],"product_brand":[],"product_cat":[137],"product_tag":[],"class_list":{"0":"post-13934","1":"product","2":"type-product","3":"status-publish","5":"product_cat-maros-megyei-eletrajzi-lexikon","7":"first","8":"instock","9":"shipping-taxable","10":"product-type-simple"},"_links":{"self":[{"href":"https:\/\/uj.adatbank.ro\/lexikon\/wp-json\/wp\/v2\/product\/13934","targetHints":{"allow":["GET"]}}],"collection":[{"href":"https:\/\/uj.adatbank.ro\/lexikon\/wp-json\/wp\/v2\/product"}],"about":[{"href":"https:\/\/uj.adatbank.ro\/lexikon\/wp-json\/wp\/v2\/types\/product"}],"replies":[{"embeddable":true,"href":"https:\/\/uj.adatbank.ro\/lexikon\/wp-json\/wp\/v2\/comments?post=13934"}],"wp:attachment":[{"href":"https:\/\/uj.adatbank.ro\/lexikon\/wp-json\/wp\/v2\/media?parent=13934"}],"wp:term":[{"taxonomy":"product_brand","embeddable":true,"href":"https:\/\/uj.adatbank.ro\/lexikon\/wp-json\/wp\/v2\/product_brand?post=13934"},{"taxonomy":"product_cat","embeddable":true,"href":"https:\/\/uj.adatbank.ro\/lexikon\/wp-json\/wp\/v2\/product_cat?post=13934"},{"taxonomy":"product_tag","embeddable":true,"href":"https:\/\/uj.adatbank.ro\/lexikon\/wp-json\/wp\/v2\/product_tag?post=13934"}],"curies":[{"name":"wp","href":"https:\/\/api.w.org\/{rel}","templated":true}]}}