{"id":13978,"date":"2025-07-15T12:46:24","date_gmt":"2025-07-15T10:46:24","guid":{"rendered":"https:\/\/uj.adatbank.ro\/lexikon\/termek\/lokodi-gergely\/"},"modified":"2025-07-15T12:46:24","modified_gmt":"2025-07-15T10:46:24","slug":"lokodi-gergely","status":"publish","type":"product","link":"https:\/\/uj.adatbank.ro\/lexikon\/termek\/lokodi-gergely\/","title":{"rendered":"LOKODI Gergely"},"content":{"rendered":"<p>Ny\u00e1r\u00e1dremete, V\u00e1rmez\u0151,1896, \u2020 1972: kisbirtokos, pisztr\u00e1ngteny\u00e9szt\u0151. \u2013 Iskol\u00e1it sz\u00fcl\u0151faluj\u00e1ban v\u00e9gezte majd gazd\u00e1lkodni kezdett, k\u00e9s\u0151bb mint erd\u00e9sz tev\u00e9kenykedett. R\u00e9szt vett az I. vh.-ban (1915\u201318), mint tizedes harcolt a fronton, a K\u00e1roly Csapatkereszt kit\u00fcntet\u00e9ssel betegen szerelt le. V\u00e1rmez\u0151re telepedett ahol gazd\u00e1lkodott. A Ny\u00e1r\u00e1d nagy \u00e1g\u00e1n egy \u00faj v\u00edzi f\u0171r\u00e9szt helyezett \u00fczembe. A v\u00e1llalkoz\u00e1sba bet\u00e1rsult a kapitalista nagyt\u0151ke, \u00e9s ennek eredm\u00e9nyek\u00e9nt megalakult a Lokodi et Co. Faipari R\u00e9szv\u00e9nyt\u00e1rsas\u00e1g (1929), amit eladott t\u00e1rsainak (1932). Saj\u00e1t ter\u00fclet\u00e9n pisztr\u00e1ngteny\u00e9szt\u00e9sbe kezdett (1932\u2013), t\u00f6bb tavat alak\u00edtott ki, amelyeket sziv\u00e1rv\u00e1nyos pisztr\u00e1nggal \u00e9s ponttyal n\u00e9pes\u00edtett be (1934). Sikeres v\u00e1llalkoz\u00e1s\u00e1t \u00e1llamos\u00edtott\u00e1k (1949), pontyostavakat l\u00e9tes\u00edtett a t\u00e9esz (1962\u2013), ezt a csal\u00e1d visszav\u00e1s\u00e1rolta (1990\u2013). Ma nev\u00e9t viseli a v\u00e1rmez\u0151i hal\u00e1sz cs\u00e9rda \u00e9s vend\u00e9gh\u00e1z-<br \/><strong>Irod.:<\/strong> Erd\u00e9lyi ezredek; Sepsisz\u00e9ki; Societate de V\u00e2n\u0103toare Apostolii Tg. Mure\u015f (Tg. Mure\u015f, 1941); S\u00f3vid\u00e9k, Sz\u00e9kelyf\u00f6ld \u00ed.k.<\/br><\/p>\n","protected":false},"excerpt":{"rendered":"<p>Ny\u00e1r\u00e1dremete, V\u00e1rmez\u0151,1896, \u2020 1972: kisbirtokos, pisztr\u00e1ngteny\u00e9szt\u0151. \u2013 Iskol\u00e1it sz\u00fcl\u0151faluj\u00e1ban v\u00e9gezte majd gazd\u00e1lkodni kezdett, k\u00e9s\u0151bb mint erd\u00e9sz tev\u00e9kenykedett. R\u00e9szt vett az I. vh.-ban (1915\u201318), mint tizedes harcolt a fronton, a K\u00e1roly Csapatkereszt kit\u00fcntet\u00e9ssel betegen szerelt le. V\u00e1rmez\u0151re telepedett ahol gazd\u00e1lkodott. A Ny\u00e1r\u00e1d nagy \u00e1g\u00e1n egy \u00faj v\u00edzi f\u0171r\u00e9szt helyezett \u00fczembe. A v\u00e1llalkoz\u00e1sba bet\u00e1rsult a kapitalista nagyt\u0151ke, [&hellip;]<\/p>\n","protected":false},"featured_media":0,"comment_status":"open","ping_status":"closed","template":"","meta":[],"product_brand":[],"product_cat":[137],"product_tag":[],"class_list":{"0":"post-13978","1":"product","2":"type-product","3":"status-publish","5":"product_cat-maros-megyei-eletrajzi-lexikon","7":"first","8":"instock","9":"shipping-taxable","10":"product-type-simple"},"_links":{"self":[{"href":"https:\/\/uj.adatbank.ro\/lexikon\/wp-json\/wp\/v2\/product\/13978","targetHints":{"allow":["GET"]}}],"collection":[{"href":"https:\/\/uj.adatbank.ro\/lexikon\/wp-json\/wp\/v2\/product"}],"about":[{"href":"https:\/\/uj.adatbank.ro\/lexikon\/wp-json\/wp\/v2\/types\/product"}],"replies":[{"embeddable":true,"href":"https:\/\/uj.adatbank.ro\/lexikon\/wp-json\/wp\/v2\/comments?post=13978"}],"wp:attachment":[{"href":"https:\/\/uj.adatbank.ro\/lexikon\/wp-json\/wp\/v2\/media?parent=13978"}],"wp:term":[{"taxonomy":"product_brand","embeddable":true,"href":"https:\/\/uj.adatbank.ro\/lexikon\/wp-json\/wp\/v2\/product_brand?post=13978"},{"taxonomy":"product_cat","embeddable":true,"href":"https:\/\/uj.adatbank.ro\/lexikon\/wp-json\/wp\/v2\/product_cat?post=13978"},{"taxonomy":"product_tag","embeddable":true,"href":"https:\/\/uj.adatbank.ro\/lexikon\/wp-json\/wp\/v2\/product_tag?post=13978"}],"curies":[{"name":"wp","href":"https:\/\/api.w.org\/{rel}","templated":true}]}}