{"id":13992,"date":"2025-07-15T12:46:53","date_gmt":"2025-07-15T10:46:53","guid":{"rendered":"https:\/\/uj.adatbank.ro\/lexikon\/termek\/lonyai-anna\/"},"modified":"2025-07-15T12:46:53","modified_gmt":"2025-07-15T10:46:53","slug":"lonyai-anna","status":"publish","type":"product","link":"https:\/\/uj.adatbank.ro\/lexikon\/termek\/lonyai-anna\/","title":{"rendered":"L\u00d3NYAI Anna"},"content":{"rendered":"<p>? \u2020 1690 k.: fejedelemasszony. \u2013 L. Zsigmond b\u00e1r\u00f3 \u00e9s Varkocs Margit le\u00e1nya. F\u00e9rje: 1. Wessel\u00e9nyi Istv\u00e1n a k\u00f6z\u00e9pszolnoki f\u0151isp\u00e1n (\u2020 1656. j\u00fal. 7.); 2. Kem\u00e9ny J\u00e1nos fejedelem m\u00e1sodik feles\u00e9ge. \u2013 Mint \u00f6zvegy Aranyosmeggyesen lakott a neki jutott kast\u00e9lyr\u00e9sz\u00e9ben, itt ismerkedett meg k\u00e9s\u0151bbi f\u00e9rj\u00e9vel, Kem\u00e9ny J\u00e1nossal, akivel 1657-t\u0151l jegyben j\u00e1rt, amikor Kem\u00e9ny J\u00e1nos tat\u00e1r fogs\u00e1gba esett, ahonnan az \u00e9kszereinek z\u00e1logba ad\u00e1s\u00e1val gy\u0171jt\u00f6tt p\u00e9nzzel v\u00e1ltotta ki (1659 tavasz\u00e1n). Haza\u00e9rkezve (aug.) Kem\u00e9ny J\u00e1nos feles\u00e9g\u00fcl vette, majd erd\u00e9lyi fejedelemm\u00e9 v\u00e1lasztott\u00e1k (1661. jan. 1). Az I. Apafi Mih\u00e1ly ellen folytatott csat\u00e1ban Segesv\u00e1r \u00e9s Nagysz\u00f6ll\u0151s k\u00f6z\u00f6tt Kem\u00e9ny elesett. (1662. jan. 23). Ezut\u00e1n mostohafia Kem\u00e9ny Simon tr\u00f3njel\u0151lts\u00e9g\u00e9t t\u00e1mogatta Apafi ellen\u00e9ben, majd a b\u00fajdos\u00f3kat seg\u00edtette, ez\u00e9rt mo.-i birtokait elkobozt\u00e1k. A debreceni Koll.-nak \u00e9venk\u00e9nt 50 forintot aj\u00e1nlott fel (1666. nov. 5.). Elkobzott birtokait visszakapta (1689.), de azok hal\u00e1la ut\u00e1n ism\u00e9t a kir. Kamara birtok\u00e1ba ker\u00fcltek. Magyar leveleit k\u00f6z\u00f6lt\u00e9k a T\u00f6rt\u00e9nelmi T\u00e1rban, (1893. \u00e9s 1900). tizenkett\u0151t; az ut\u00f3bbiakat jegyes\u00e9hez \u00e9s f\u00e9rj\u00e9hez int\u00e9zte; ugyanitt vannak Kem\u00e9ny J\u00e1nosnak hozz\u00e1 int\u00e9zett levelei, sz\u00e1mszerint 51. L. A. levelei val\u00f3di mint\u00e1i a lev\u00e9l\u00edr\u00e1snak. Kem\u00e9nnyel val\u00f3 h\u00e1zass\u00e1ga t\u00f6rt\u00e9net\u00e9t Gy\u00f6ngy\u00f6si Istv\u00e1n \u00edrta meg: Por\u00e1bul meg\u00e9ledett Phoenix (1693). <br \/><strong>Irod.:<\/strong> Castellum \u00c9rtes\u00edt\u0151 (2000, 3.sz.); Guly\u00e1s; Hegyaljai Kiss G\u00e9za: Nagyasszonyok a m. reform\u00e1ci\u00f3ban (Bp., 1924\u201325); Homan; Kov\u00e1cs Kiss Gy\u00f6ngy: Kem\u00e9nyJ\u00e1nos ravatalai (Korunk, 6.sz., 2006. j\u00fan.); Kraus: Erd\u00e9lyi kr\u00f3nika; Kulini Nagy Ben\u0151: M. h\u00f6lgyek \u00e9letrajza (Debrecen, 1860); A m. irodalom t\u00f6rt\u00e9nete: K\u00e9pes d\u00edszmunka (Bp., 1906\u201307); Politikai Mo. (Bp., 1912\u201314), Szab\u00f3 J\u00f3zsef S.: M. ref. Sion (Debrecen, 1909); Szil\u00e1gyi; Szinnyei; Teleki Mih\u00e1ly udvartart\u00e1si napl\u00f3ja, 1673\u20131681.(Kv., 2007)<\/br><\/p>\n","protected":false},"excerpt":{"rendered":"<p>? \u2020 1690 k.: fejedelemasszony. \u2013 L. Zsigmond b\u00e1r\u00f3 \u00e9s Varkocs Margit le\u00e1nya. F\u00e9rje: 1. Wessel\u00e9nyi Istv\u00e1n a k\u00f6z\u00e9pszolnoki f\u0151isp\u00e1n (\u2020 1656. j\u00fal. 7.); 2. Kem\u00e9ny J\u00e1nos fejedelem m\u00e1sodik feles\u00e9ge. \u2013 Mint \u00f6zvegy Aranyosmeggyesen lakott a neki jutott kast\u00e9lyr\u00e9sz\u00e9ben, itt ismerkedett meg k\u00e9s\u0151bbi f\u00e9rj\u00e9vel, Kem\u00e9ny J\u00e1nossal, akivel 1657-t\u0151l jegyben j\u00e1rt, amikor Kem\u00e9ny J\u00e1nos tat\u00e1r fogs\u00e1gba [&hellip;]<\/p>\n","protected":false},"featured_media":0,"comment_status":"open","ping_status":"closed","template":"","meta":[],"product_brand":[],"product_cat":[137],"product_tag":[],"class_list":{"0":"post-13992","1":"product","2":"type-product","3":"status-publish","5":"product_cat-maros-megyei-eletrajzi-lexikon","7":"first","8":"instock","9":"shipping-taxable","10":"product-type-simple"},"_links":{"self":[{"href":"https:\/\/uj.adatbank.ro\/lexikon\/wp-json\/wp\/v2\/product\/13992","targetHints":{"allow":["GET"]}}],"collection":[{"href":"https:\/\/uj.adatbank.ro\/lexikon\/wp-json\/wp\/v2\/product"}],"about":[{"href":"https:\/\/uj.adatbank.ro\/lexikon\/wp-json\/wp\/v2\/types\/product"}],"replies":[{"embeddable":true,"href":"https:\/\/uj.adatbank.ro\/lexikon\/wp-json\/wp\/v2\/comments?post=13992"}],"wp:attachment":[{"href":"https:\/\/uj.adatbank.ro\/lexikon\/wp-json\/wp\/v2\/media?parent=13992"}],"wp:term":[{"taxonomy":"product_brand","embeddable":true,"href":"https:\/\/uj.adatbank.ro\/lexikon\/wp-json\/wp\/v2\/product_brand?post=13992"},{"taxonomy":"product_cat","embeddable":true,"href":"https:\/\/uj.adatbank.ro\/lexikon\/wp-json\/wp\/v2\/product_cat?post=13992"},{"taxonomy":"product_tag","embeddable":true,"href":"https:\/\/uj.adatbank.ro\/lexikon\/wp-json\/wp\/v2\/product_tag?post=13992"}],"curies":[{"name":"wp","href":"https:\/\/api.w.org\/{rel}","templated":true}]}}