{"id":14011,"date":"2025-07-15T12:47:34","date_gmt":"2025-07-15T10:47:34","guid":{"rendered":"https:\/\/uj.adatbank.ro\/lexikon\/termek\/lorinc-pal-fia\/"},"modified":"2025-07-15T12:47:34","modified_gmt":"2025-07-15T10:47:34","slug":"lorinc-pal-fia","status":"publish","type":"product","link":"https:\/\/uj.adatbank.ro\/lexikon\/termek\/lorinc-pal-fia\/","title":{"rendered":"L\u0150RINC, P\u00e1l fia"},"content":{"rendered":"<p>? \u2020\u00a0Mv., 1497.: k\u00f6zjegyz\u0151, pl\u00e9b\u00e1nos esperes. \u2013 Sz\u00e9kelyv\u00e1s\u00e1rhelyi Szab\u00f3 P\u00e1l szab\u00f3mester fia. Val\u00f3sz\u00edn\u0171leg a mv.-i pl\u00e9b\u00e1niai iskol\u00e1ban tanult. Mv.-en a Szent Mikl\u00f3s pl\u00e9b\u00e1niatemplom papja (1484, 1497), marossz\u00e9ki esperes. Madarasi Mikl\u00f3s v\u00e9grendelet\u00e9t megvizsg\u00e1lva vallom\u00e1s\u00e1val hiteles\u00edtette (1484). Oklevelet bocs\u00e1tott ki k\u00f6zjegyz\u0151k\u00e9nt (1495), amely el\u0151sz\u00f6r eml\u00edti Mv. iskolamester\u00e9t, Gernyeszegi Istv\u00e1n papot (1495). Meggyilkolt\u00e1k egy nyilv\u00e1nos \u00f6sszet\u0171z\u00e9s alkalm\u00e1vall a templom \u00e9s temet\u0151 ter\u00fclet\u00e9n (1497). Szentbenedeki M\u00e1rton, P\u00e9ter \u00e9s J\u00e1nos birtokosokat v\u00e1dolt\u00e1k a b\u00fcncselekm\u00e9nnyel, ez\u00e9rt b\u00fcntet\u00e9sb\u0151l \u00e1t kellett engedni\u00f6k birtokaikat (kissz\u0151l\u0151si, uralyi, petelei \u00e9s m\u00e9hesi) valamint szentbenedeki, vajai l\u0151f\u0151s\u00e9geiket \u00e9s szentmikl\u00f3si sz\u00e9kely \u00f6r\u00f6ks\u00e9geiket a gyulafeh\u00e9rv\u00e1ri p\u00fcsp\u00f6knek Ving\u00e1rti Ger\u00e9b L\u00e1szl\u00f3nak (1497). <br \/><strong>Irod.:<\/strong> Ferenczi S\u00e1ndor 2009; Ferenczi S\u00e1ndor 2012; Id\u0151t\u00e1r 1; L\u00e9sty\u00e1n \u2013 templomok 1.; L\u00e9sty\u00e1n Ferenc: Mv. katolikus m\u00faltja = Mv. t\u00f6rt\u00e9net\u00e9b\u0151l (Mv., 1999); P\u00e1l-Antal; P\u00e1l-Antal 2009, SzOkl, 5<\/br><\/p>\n","protected":false},"excerpt":{"rendered":"<p>? \u2020\u00a0Mv., 1497.: k\u00f6zjegyz\u0151, pl\u00e9b\u00e1nos esperes. \u2013 Sz\u00e9kelyv\u00e1s\u00e1rhelyi Szab\u00f3 P\u00e1l szab\u00f3mester fia. Val\u00f3sz\u00edn\u0171leg a mv.-i pl\u00e9b\u00e1niai iskol\u00e1ban tanult. Mv.-en a Szent Mikl\u00f3s pl\u00e9b\u00e1niatemplom papja (1484, 1497), marossz\u00e9ki esperes. Madarasi Mikl\u00f3s v\u00e9grendelet\u00e9t megvizsg\u00e1lva vallom\u00e1s\u00e1val hiteles\u00edtette (1484). Oklevelet bocs\u00e1tott ki k\u00f6zjegyz\u0151k\u00e9nt (1495), amely el\u0151sz\u00f6r eml\u00edti Mv. iskolamester\u00e9t, Gernyeszegi Istv\u00e1n papot (1495). Meggyilkolt\u00e1k egy nyilv\u00e1nos \u00f6sszet\u0171z\u00e9s alkalm\u00e1vall a [&hellip;]<\/p>\n","protected":false},"featured_media":0,"comment_status":"open","ping_status":"closed","template":"","meta":[],"product_brand":[],"product_cat":[137],"product_tag":[],"class_list":{"0":"post-14011","1":"product","2":"type-product","3":"status-publish","5":"product_cat-maros-megyei-eletrajzi-lexikon","7":"first","8":"instock","9":"shipping-taxable","10":"product-type-simple"},"_links":{"self":[{"href":"https:\/\/uj.adatbank.ro\/lexikon\/wp-json\/wp\/v2\/product\/14011","targetHints":{"allow":["GET"]}}],"collection":[{"href":"https:\/\/uj.adatbank.ro\/lexikon\/wp-json\/wp\/v2\/product"}],"about":[{"href":"https:\/\/uj.adatbank.ro\/lexikon\/wp-json\/wp\/v2\/types\/product"}],"replies":[{"embeddable":true,"href":"https:\/\/uj.adatbank.ro\/lexikon\/wp-json\/wp\/v2\/comments?post=14011"}],"wp:attachment":[{"href":"https:\/\/uj.adatbank.ro\/lexikon\/wp-json\/wp\/v2\/media?parent=14011"}],"wp:term":[{"taxonomy":"product_brand","embeddable":true,"href":"https:\/\/uj.adatbank.ro\/lexikon\/wp-json\/wp\/v2\/product_brand?post=14011"},{"taxonomy":"product_cat","embeddable":true,"href":"https:\/\/uj.adatbank.ro\/lexikon\/wp-json\/wp\/v2\/product_cat?post=14011"},{"taxonomy":"product_tag","embeddable":true,"href":"https:\/\/uj.adatbank.ro\/lexikon\/wp-json\/wp\/v2\/product_tag?post=14011"}],"curies":[{"name":"wp","href":"https:\/\/api.w.org\/{rel}","templated":true}]}}