{"id":14036,"date":"2025-07-15T12:48:23","date_gmt":"2025-07-15T10:48:23","guid":{"rendered":"https:\/\/uj.adatbank.ro\/lexikon\/termek\/lorinczi-ferenc-%c2%a7\/"},"modified":"2025-07-15T12:48:23","modified_gmt":"2025-07-15T10:48:23","slug":"lorinczi-ferenc-%c2%a7","status":"publish","type":"product","link":"https:\/\/uj.adatbank.ro\/lexikon\/termek\/lorinczi-ferenc-%c2%a7\/","title":{"rendered":"L\u0150RINCZI Ferenc, \u00a7"},"content":{"rendered":"<p>B\u00fcrk\u00f6s, 1884. m\u00e1rc. 3., \u2020 Kv., 1953. dec. 17., a H\u00e1zsong\u00e1rdi Temet\u0151ben nyugszik: tan\u00e1r, tanfel\u00fcgyel\u0151. \u2013 Sz\u00fcl\u0151faluj\u00e1ban, Erzs\u00e9betv\u00e1rosban \u00e9s a d\u00e9vai tan\u00edt\u00f3k\u00e9pz\u0151ben tanult, amit sikeresen fejezett be (1904. j\u00fan. 28.), vall\u00e1si \u00e9nek \u00e9s orgona vizsg\u00e1t is tett. Pusztacelin\u00e1n tan\u00edtott (1904\u201319), katona az I. vh.-ban \u00e9s Galici\u00e1ban megsebes\u00fclt (1915). \u00c1thelyezt\u00e9k a sz\u00e9kelyudvarhelyi \u00e1llami elemibe (1919\u2013), lemondott \u00e9s a feh\u00e9regyh\u00e1zi ref. felekezeti iskol\u00e1ban tan\u00edtott (1919. sept. \u2013 1921. aug.), tan\u00edt\u00f3-igazgat\u00f3 volt a segesv\u00e1ri ref. elemi iskol\u00e1ban (1921. szept. \u2013 1926. nov.), \u00e9s uo. a kat. iskol\u00e1ban rom\u00e1n nyelvet tan\u00edtott. H\u0171s\u00e9gesk\u00fct tett a rom\u00e1n \u00e1llamnak (1922. jan. 22), a kv.-i ref. teol\u00f3gi\u00e1n vizsg\u00e1t tett (1923) \u00e9s levita lelk\u00e9sz lett. Kv.-i ref. elemi iskola igazgat\u00f3ja lett (1926. nov. 15.\u20131936. szept. 1.). A mv.-i v\u00e1rosi katonai parancsnoks\u00e1g tan\u00fcgyi fel\u00fcgyel\u0151j\u00e9v\u00e9 nevezt\u00e9k ki (1940. nov. 3. \u2013 1940. nov. 24.), majd MT megye m. kir. tanfel\u00fcgyel\u0151je lett (1940. nov. 24.\u20131944.aug.). tanfel\u00fcgyel\u0151 (1944. szept. \u2013 1946. jan.), kinevezt\u00e9k a m. elemi iskol\u00e1k brass\u00f3i tanfel\u00fcgyel\u0151j\u00e9v\u00e9 (1946. m\u00e1rc.- val\u00f3sz\u00edn\u0171 1948-ig), a mv.-i munk\u00e1ss\u00e1ga (1946. aug. 17.) megsz\u00fcnt \u00e9s feladatait \u00e1tadta P\u00e9terffy Lajos tanfel\u00fcgyel\u0151nek. A Tan\u00edt\u00f3 c. lap szerk.-je volt (1930\u201332). T\u00f6bb tank\u00f6nyvet \u00edrt (1929\u201339), szerkesztett. \u2013 <strong>F. m.:<\/strong> Tananyag beoszt\u00e1s a magyarnyelv\u0171 elemi iskol\u00e1k I-IV. oszt\u00e1lyai r\u00e9sz\u00e9re (Sighi\u0219oara, 1926); Tananyag beoszt\u00e1s a magyarnyelv\u0171 elemi iskol\u00e1k V-VII. oszt\u00e1lyai r\u00e9sz\u00e9re (Sighi\u0219oara, 1926); Manual de limba rom\u00e2n\u0103 \u015fi gramatic\u0103 pentru ca. V., VI., VII. ale \u015fcoalelor primare cu limba de predare maghiar\u0103. Rom\u00e1n olvas\u00f3k\u00f6nyv \u00e9s nyelvtan a magyar tannyelv\u0171 elemi iskol\u00e1k V., VI., VII. oszt. sz\u00e1m\u00e1ra (Cluj-Kv., 1930); <strong>t\u00e1rssz.:<\/strong> Sz\u00e1mtan a m. tannyelv\u0171 elemi iskol\u00e1k III. oszt\u00e1lya r\u00e9sz\u00e9re (Cluj-Kv., 1929; 1934; 1938); M. nyelv: olvas\u00f3k\u00f6nyv, egy\u00e9b tudnival\u00f3k \u00e9s sz\u00e1mtan a m. tannyelv\u0171 elemi iskol\u00e1k II. oszt\u00e1lya r\u00e9sz\u00e9re (Cluj-Kv., 1933; 1938); M. nyelv: olvas\u00f3k\u00f6nyv, nyelvtan \u00e9s term\u00e9szettudom\u00e1nyok, f\u00f6ldrajz, sz\u00e1mtan \u00e9s m\u00e9rtan. Rom\u00e1n nyelv: olvas\u00f3k\u00f6nyv, nyelvtan, t\u00f6rt\u00e9nelem a m. tannyelv\u0171 elemi iskol\u00e1k IV. oszt\u00e1lya r\u00e9sz\u00e9re (Cluj-Kv., 1933; 1938); M. nyelv: olvas\u00f3k\u00f6nyv, nyelvtan \u00e9s term\u00e9szettudom\u00e1nyok a m. tannyelv\u0171 elemi iskol\u00e1k III. oszt\u00e1lya r\u00e9sz\u00e9re (Cluj-Kv., 1934; 1938); Sz\u00e1mtan a m. tannyelv\u0171 elemi iskol\u00e1k II. oszt\u00e1lya r\u00e9sz\u00e9re (Cluj-Kv., 1934; 1938); M. nyelv: olvas\u00f3k\u00f6nyv, nyelvtan \u00e9s sz\u00e1mtan. Rom\u00e1n nyelv: olvas\u00f3k\u00f6nyv, nyelvtan \u00e9s t\u00f6rt\u00e9nelem a m. tannyelv\u0171 elemi iskol\u00e1k VII. oszt\u00e1lya sz\u00e1m\u00e1ra (Cluj-Kv., 1936); A Minerva Irodalmi \u00e9s Nyomdai M\u0171int\u00e9zet Rt. Ab\u00e9c\u00e9sk\u00f6nyve (Cluj-Kv., 1938); A Minerva Irodalmi \u00e9s Nyomdai M\u0171int\u00e9zet Rt. Ab\u00e9c\u00e9sk\u00f6nyve. Olvasm\u00e1nyok, sz\u00e1mtan \u00e9s rom\u00e1n nyelv (Cluj-Kv., 1939); M. nyelv a III. elemi oszt\u00e1ly sz\u00e1m\u00e1ra.(Cluj,1938; 1939); Sz\u00e1mtan a m. tannyelv\u0171 elemi iskol\u00e1k I. oszt. sz\u00e1m\u00e1ra (Cluj-Kv., 1939); M. nyelv: olvas\u00f3k\u00f6nyv, nyelvtan, t\u00f6rt\u00e9nelem \u00e9s sz\u00e1mtan. Rom\u00e1n nyelv olvas\u00f3k\u00f6nyv \u00e9s nyelvtan a m. tannyelv\u0171 elemi iskol\u00e1k V. oszt. r\u00e9sz\u00e9re (Cluj-Kv., 1939). <br \/><strong>Irod.:<\/strong> Bartos Zolt\u00e1n mv.-i tan\u00e1r k\u00e9zirata; Dasc\u0103li mure\u015feni, 2.; Ferenczi 1928; Szigeti L\u00e1szl\u00f3\u2013Bartos Zolt\u00e1n: L. F. (1884\u20131953) (Ref. Szemle, 3. sz., 2010. m\u00e1j.-j\u00fan.); Sz\u00e9kelyf\u00f6ld \u00ed.k.<\/br><\/p>\n","protected":false},"excerpt":{"rendered":"<p>B\u00fcrk\u00f6s, 1884. m\u00e1rc. 3., \u2020 Kv., 1953. dec. 17., a H\u00e1zsong\u00e1rdi Temet\u0151ben nyugszik: tan\u00e1r, tanfel\u00fcgyel\u0151. \u2013 Sz\u00fcl\u0151faluj\u00e1ban, Erzs\u00e9betv\u00e1rosban \u00e9s a d\u00e9vai tan\u00edt\u00f3k\u00e9pz\u0151ben tanult, amit sikeresen fejezett be (1904. j\u00fan. 28.), vall\u00e1si \u00e9nek \u00e9s orgona vizsg\u00e1t is tett. Pusztacelin\u00e1n tan\u00edtott (1904\u201319), katona az I. vh.-ban \u00e9s Galici\u00e1ban megsebes\u00fclt (1915). \u00c1thelyezt\u00e9k a sz\u00e9kelyudvarhelyi \u00e1llami elemibe (1919\u2013), lemondott [&hellip;]<\/p>\n","protected":false},"featured_media":0,"comment_status":"open","ping_status":"closed","template":"","meta":[],"product_brand":[],"product_cat":[137],"product_tag":[],"class_list":{"0":"post-14036","1":"product","2":"type-product","3":"status-publish","5":"product_cat-maros-megyei-eletrajzi-lexikon","7":"first","8":"instock","9":"shipping-taxable","10":"product-type-simple"},"_links":{"self":[{"href":"https:\/\/uj.adatbank.ro\/lexikon\/wp-json\/wp\/v2\/product\/14036","targetHints":{"allow":["GET"]}}],"collection":[{"href":"https:\/\/uj.adatbank.ro\/lexikon\/wp-json\/wp\/v2\/product"}],"about":[{"href":"https:\/\/uj.adatbank.ro\/lexikon\/wp-json\/wp\/v2\/types\/product"}],"replies":[{"embeddable":true,"href":"https:\/\/uj.adatbank.ro\/lexikon\/wp-json\/wp\/v2\/comments?post=14036"}],"wp:attachment":[{"href":"https:\/\/uj.adatbank.ro\/lexikon\/wp-json\/wp\/v2\/media?parent=14036"}],"wp:term":[{"taxonomy":"product_brand","embeddable":true,"href":"https:\/\/uj.adatbank.ro\/lexikon\/wp-json\/wp\/v2\/product_brand?post=14036"},{"taxonomy":"product_cat","embeddable":true,"href":"https:\/\/uj.adatbank.ro\/lexikon\/wp-json\/wp\/v2\/product_cat?post=14036"},{"taxonomy":"product_tag","embeddable":true,"href":"https:\/\/uj.adatbank.ro\/lexikon\/wp-json\/wp\/v2\/product_tag?post=14036"}],"curies":[{"name":"wp","href":"https:\/\/api.w.org\/{rel}","templated":true}]}}