{"id":14131,"date":"2025-07-15T12:51:37","date_gmt":"2025-07-15T10:51:37","guid":{"rendered":"https:\/\/uj.adatbank.ro\/lexikon\/termek\/lugosi-armand-lupu-armand\/"},"modified":"2025-07-15T12:51:37","modified_gmt":"2025-07-15T10:51:37","slug":"lugosi-armand-lupu-armand","status":"publish","type":"product","link":"https:\/\/uj.adatbank.ro\/lexikon\/termek\/lugosi-armand-lupu-armand\/","title":{"rendered":"LUGOSI Armand, Lupu Armand"},"content":{"rendered":"<p>Dics\u0151szentm\u00e1rton, 1924. nov. 1.,\u2020\u00a0Bp., 1990. m\u00e1j. 28.: g\u00e9p\u00e9szm\u00e9rn\u00f6k, faipari szakember. \u2013 Apja Lupu Guszt\u00e1v, anyja Bo\u00e9r Annam\u00e1ria. Az elemi iskol\u00e1t \u00e9s a gimn\u00e1zium \u00f6t oszt\u00e1l\u00ed\u00e1t Buk.-ben v\u00e9gezte. Bp.-re k\u00f6lt\u00f6ztek (1940\u2013). ott v\u00e9gezte be a k\u00f6z\u00e9piskol\u00e1t. Mivel apj\u00e1t kor\u00e1n elvesztette, csal\u00e1dfenntart\u00f3k\u00e9nt zongora\u00f3r\u00e1kat adott fiataloknak; franci\u00e1t, olaszt, n\u00e9metet, angolt tan\u00edtott, szinkrontolm\u00e1csk\u00e9nt dolgozott \u00e9sm\u0171szaki rajzb\u00f3l, matematik\u00e1b\u00f3l, valamint fizik\u00e1b\u00f3l korrepet\u00e1l egyetemist\u00e1kat. Egy faipari \u00fczemben vaseszterg\u00e1lyos-gyakornok (1944\u2013), g\u00e9p\u00e9sz (1945), f\u0151g\u00e9p\u00e9sz, majd az Ipari Fakell\u00e9ktermel\u0151 Nemzeti V\u00e1llalatn\u00e1l a vezet\u0151 beoszt\u00e1sban dolgozott. Munka mellett, fejezte be tanulm\u00e1nyait a bp.-i m\u0171szaki \u00e9s gazdas\u00e1gtud, egy. g\u00e9p\u00e9szm\u00e9rn\u00f6ki kar\u00e1n (1948\u2013), g\u00e9p\u00e9szm\u00e9rn\u00f6ki oklevelet szerzett (1951). Bp.-en a Faipari G\u00e9pjav\u00edt\u00f3 V\u00e1llalat, a Parafafeldolgoz\u00f3 V\u00e1llalat, majd a T\u0171zolt\u00f3szer- \u00e9s L\u00e9tragy\u00e1r f\u0151m\u00e9rn\u00f6ke. A Faipari Kutat\u00f3 Int. tud. oszt\u00e1lyvezet\u0151je; megszervezte a g\u00e9pes\u00edt\u00e9si \u00e9s automatiz\u00e1l\u00e1si oszt\u00e1lyt, \u00e9s megind\u00edtotta a faipari g\u00e9p\u00e9szeti kutat\u00e1sokat (1959\u201362). A Gazd. \u00e9s M\u0171szaki F\u0151isk.-n a faipari g\u00e9ptan c. t\u00e1rgy el\u0151ad\u00f3ja. M\u0171szaki doktori oklevelet szerzett (1962). A soproni erd\u0151m\u00e9rn\u00f6ki f\u0151isk.-n a faipari g\u00e9ptan megh\u00edvott el\u0151ad\u00f3ja, az Erd\u00e9szeti \u00e9s Faipari Egy. faipari m\u00e9rn\u00f6ki kar\u00e1n f\u0151\u00e1ll\u00e1s\u00fa egy. docens, a faipari g\u00e9ptan, a g\u00e9pelemek I., az er\u0151g\u00e9pek \u00e9s a biztons\u00e1gtechnika c. t\u00e1rgyak el\u0151ad\u00f3ja, a faipari m\u00e9rn\u00f6ki kar d\u00e9k\u00e1nhelyetese (1959\u201369). Bp.-en (1969\u201376) Erd\u0151gazdas\u00e1gi \u00e9s Faipari Tervez\u0151 Iroda, az \u201eErd\u0151terv\u201d igazgat\u00f3ja.h. f\u0151m\u00e9rn\u00f6ke, majd a bp.-i Falemezm\u00fcvek f\u0151m\u00e9rn\u00f6ke, a F\u0171r\u00e9sz-, Lemez- \u00e9s Hord\u00f3ipari V\u00e1llalat m\u0171szaki ig., nyugd\u00edjazt\u00e1k (1984), Mo.-on \u0151 vezette be a faipari g\u00e9ptan tant\u00e1rgy egy. oktat\u00e1s\u00e1t, kidolgozta az el\u0151ad\u00e1sok anyag\u00e1t, a gyakorlatok rendszer\u00e9t \u00e9s tematik\u00e1j\u00e1t. P\u00e1ratlanul gazdag szak\u00edr\u00f3i tev\u00e9kenys\u00e9g\u00e9t ismereteink szerint 27szakk\u00f6nyv, k\u00e9zik\u00f6nyv, k\u00f6nyvr\u00e9szlet,98 szakfoly\u00f3irati publik\u00e1ci\u00f3, 14 kutat\u00e1si z\u00e1r\u00f3jelent\u00e9s \u00e9s egy\u00e9b kiadv\u00e1ny f\u00e9mjelzi. A Faipari Tud. Egyes. G\u00e9p- \u00e9s Szersz\u00e1mfejleszt\u00e9si Bizotts\u00e1g\u00e1nak eln\u00f6ke (1959\u201380), orsz. eln\u00f6ks\u00e9g\u00e9nek \u00e9s \u00fcgyvezet\u0151 eln\u00f6ks\u00e9g\u00e9nek tagja (1967\u201385). MTESZ-nagyd\u00edj (1978). Munka \u00e9rdemrend ez\u00fcst fokozata 1984),- <strong>F. m.:<\/strong> Faipari gyalug\u00e9pek m\u0171k\u00f6d\u00e9se, kezel\u00e9se \u00e9s karbantart\u00e1sa (Bp., 1954); Faforg\u00e1csol\u00e1s (Bp., 1967); Faipari gyalu-, mar\u00f3g\u00e9pek \u00e9s -g\u00e9psorok (Bp., 1969); Faipari csiszol\u00f3g\u00e9pek \u00e9s -g\u00e9psorok (Bp., 1970); A forg\u00e1csmentes alak\u00edt\u00e1s g\u00e9pei a faiparban (Bp., 1971); Faforg\u00e1csol\u00f3 szersz\u00e1mokat karbantart\u00f3 g\u00e9pek (Bp., 1973); G\u00e9ptan \u00e9s szersz\u00e1mismeret, I-IV. (tank\u00f6nyv; Bp., 1982\u201387); Korszer\u0171 jap\u00e1n f\u0171r\u00e9sz\u00fczemek \u00e9s faipari g\u00e9pek (Bp., 1985); Az asztalosipar (b\u00fator- \u00e9s \u00e9p\u00fcletasztalosipar) g\u00e9p\u00e9szete, I\u2014II. (Bp., 1986); A faipar korszer\u0171 szersz\u00e1mai (Bp., 1986); Az erd\u00e9szet g\u00e9p\u00e9szete, I\u2014II. (Bp., 1987); CNC-vez\u00e9rl\u00e9s\u0171 faipari g\u00e9pek (Bp., 1987); A legkorszer\u0171bb faipari f\u00far\u00f3g\u00e9pek (Bp., 1988); <strong>t\u00e1rssz.:<\/strong> F\u00fcr\u00e9szipari technol\u00f3gia (Boboc. L.-, Erd\u00e9lyi Gy\u00f6rggyel; Bp., 1963); szerk: Faipari k\u00e9zik\u00f6nyv (Bp., 1976). <br \/><strong>Irod.:<\/strong> T\u00f3th S\u00e1ndor L\u00e1szl\u00f3: L.A. (1924\u20131990) a faipari g\u00e9p\u00e9szet szak\u00edr\u00f3j\u00e1nak \u00e9s oktat\u00f3j\u00e1nak \u00e9lete \u00e9s munk\u00e1ss\u00e1ga (Bp., 2011); \u00daM\u00c9L<\/br><\/p>\n","protected":false},"excerpt":{"rendered":"<p>Dics\u0151szentm\u00e1rton, 1924. nov. 1.,\u2020\u00a0Bp., 1990. m\u00e1j. 28.: g\u00e9p\u00e9szm\u00e9rn\u00f6k, faipari szakember. \u2013 Apja Lupu Guszt\u00e1v, anyja Bo\u00e9r Annam\u00e1ria. Az elemi iskol\u00e1t \u00e9s a gimn\u00e1zium \u00f6t oszt\u00e1l\u00ed\u00e1t Buk.-ben v\u00e9gezte. Bp.-re k\u00f6lt\u00f6ztek (1940\u2013). ott v\u00e9gezte be a k\u00f6z\u00e9piskol\u00e1t. Mivel apj\u00e1t kor\u00e1n elvesztette, csal\u00e1dfenntart\u00f3k\u00e9nt zongora\u00f3r\u00e1kat adott fiataloknak; franci\u00e1t, olaszt, n\u00e9metet, angolt tan\u00edtott, szinkrontolm\u00e1csk\u00e9nt dolgozott \u00e9sm\u0171szaki rajzb\u00f3l, matematik\u00e1b\u00f3l, valamint fizik\u00e1b\u00f3l [&hellip;]<\/p>\n","protected":false},"featured_media":0,"comment_status":"open","ping_status":"closed","template":"","meta":[],"product_brand":[],"product_cat":[137],"product_tag":[],"class_list":{"0":"post-14131","1":"product","2":"type-product","3":"status-publish","5":"product_cat-maros-megyei-eletrajzi-lexikon","7":"first","8":"instock","9":"shipping-taxable","10":"product-type-simple"},"_links":{"self":[{"href":"https:\/\/uj.adatbank.ro\/lexikon\/wp-json\/wp\/v2\/product\/14131","targetHints":{"allow":["GET"]}}],"collection":[{"href":"https:\/\/uj.adatbank.ro\/lexikon\/wp-json\/wp\/v2\/product"}],"about":[{"href":"https:\/\/uj.adatbank.ro\/lexikon\/wp-json\/wp\/v2\/types\/product"}],"replies":[{"embeddable":true,"href":"https:\/\/uj.adatbank.ro\/lexikon\/wp-json\/wp\/v2\/comments?post=14131"}],"wp:attachment":[{"href":"https:\/\/uj.adatbank.ro\/lexikon\/wp-json\/wp\/v2\/media?parent=14131"}],"wp:term":[{"taxonomy":"product_brand","embeddable":true,"href":"https:\/\/uj.adatbank.ro\/lexikon\/wp-json\/wp\/v2\/product_brand?post=14131"},{"taxonomy":"product_cat","embeddable":true,"href":"https:\/\/uj.adatbank.ro\/lexikon\/wp-json\/wp\/v2\/product_cat?post=14131"},{"taxonomy":"product_tag","embeddable":true,"href":"https:\/\/uj.adatbank.ro\/lexikon\/wp-json\/wp\/v2\/product_tag?post=14131"}],"curies":[{"name":"wp","href":"https:\/\/api.w.org\/{rel}","templated":true}]}}