{"id":14159,"date":"2025-07-15T12:52:32","date_gmt":"2025-07-15T10:52:32","guid":{"rendered":"https:\/\/uj.adatbank.ro\/lexikon\/termek\/lukacs-miklos-2\/"},"modified":"2025-07-15T12:52:32","modified_gmt":"2025-07-15T10:52:32","slug":"lukacs-miklos-2","status":"publish","type":"product","link":"https:\/\/uj.adatbank.ro\/lexikon\/termek\/lukacs-miklos-2\/","title":{"rendered":"LUK\u00c1CS Mikl\u00f3s"},"content":{"rendered":"<p>1905 \u20201986: zen\u00e9sz; karmester. \u2013 Lipcs\u00e9ben a konzervat\u00f3riumban kezdte zenei tanulm\u00e1nyait (1926\u201327) \u00e9s Berlinben folytatta a zenem\u0171v\u00e9szeti f\u0151iskola karmester szak\u00e1n (1928\u20131943), tan\u00e1rai Arthur Schnabel \u00e9s Paul Hindemith. Karmester, nagy szerz\u0151k m\u0171veinek el\u0151ad\u00f3ja t\u00f6bb n\u00e9metorsz\u00e1gi nagy v\u00e1ros sz\u00ednh\u00e1zaiban.Kiv\u00e1l\u00f3 el\u0151ad\u00f3ja Wagner, Verdi, Brahms, Beethoven, Bart\u00f3k \u00e9s Kod\u00e1ly m\u0171veinek.A Magyar Opera igazgat\u00f3ja Bp.-ben (1944.j\u00fal.-szept. \u00e9s 1966\u20131978-ban). A Liszt Ferenc Zenem\u0171v\u00e9szeti F\u0151iskola operaszak\u00e1nak (1949\u2013), majd \u00e9nekszak\u00e1nak (1963\u20131975) \u00e9s a M\u00c1V Szimfonikusok (1951\u20131978) vezet\u0151 karmestere. <br \/><strong>Irod.:<\/strong> Nagy-Bod\u00f3 Tibor. Per\u00e9nyi Luk\u00e1csok a t\u00f6rt\u00e9nelem sodr\u00e1s\u00e1ban (N\u00fa., 2022.j\u00fan.24., p.15.)<\/br><\/p>\n","protected":false},"excerpt":{"rendered":"<p>1905 \u20201986: zen\u00e9sz; karmester. \u2013 Lipcs\u00e9ben a konzervat\u00f3riumban kezdte zenei tanulm\u00e1nyait (1926\u201327) \u00e9s Berlinben folytatta a zenem\u0171v\u00e9szeti f\u0151iskola karmester szak\u00e1n (1928\u20131943), tan\u00e1rai Arthur Schnabel \u00e9s Paul Hindemith. Karmester, nagy szerz\u0151k m\u0171veinek el\u0151ad\u00f3ja t\u00f6bb n\u00e9metorsz\u00e1gi nagy v\u00e1ros sz\u00ednh\u00e1zaiban.Kiv\u00e1l\u00f3 el\u0151ad\u00f3ja Wagner, Verdi, Brahms, Beethoven, Bart\u00f3k \u00e9s Kod\u00e1ly m\u0171veinek.A Magyar Opera igazgat\u00f3ja Bp.-ben (1944.j\u00fal.-szept. \u00e9s 1966\u20131978-ban). A Liszt [&hellip;]<\/p>\n","protected":false},"featured_media":0,"comment_status":"open","ping_status":"closed","template":"","meta":[],"product_brand":[],"product_cat":[137],"product_tag":[],"class_list":{"0":"post-14159","1":"product","2":"type-product","3":"status-publish","5":"product_cat-maros-megyei-eletrajzi-lexikon","7":"first","8":"instock","9":"shipping-taxable","10":"product-type-simple"},"_links":{"self":[{"href":"https:\/\/uj.adatbank.ro\/lexikon\/wp-json\/wp\/v2\/product\/14159","targetHints":{"allow":["GET"]}}],"collection":[{"href":"https:\/\/uj.adatbank.ro\/lexikon\/wp-json\/wp\/v2\/product"}],"about":[{"href":"https:\/\/uj.adatbank.ro\/lexikon\/wp-json\/wp\/v2\/types\/product"}],"replies":[{"embeddable":true,"href":"https:\/\/uj.adatbank.ro\/lexikon\/wp-json\/wp\/v2\/comments?post=14159"}],"wp:attachment":[{"href":"https:\/\/uj.adatbank.ro\/lexikon\/wp-json\/wp\/v2\/media?parent=14159"}],"wp:term":[{"taxonomy":"product_brand","embeddable":true,"href":"https:\/\/uj.adatbank.ro\/lexikon\/wp-json\/wp\/v2\/product_brand?post=14159"},{"taxonomy":"product_cat","embeddable":true,"href":"https:\/\/uj.adatbank.ro\/lexikon\/wp-json\/wp\/v2\/product_cat?post=14159"},{"taxonomy":"product_tag","embeddable":true,"href":"https:\/\/uj.adatbank.ro\/lexikon\/wp-json\/wp\/v2\/product_tag?post=14159"}],"curies":[{"name":"wp","href":"https:\/\/api.w.org\/{rel}","templated":true}]}}