{"id":14230,"date":"2025-07-15T12:54:53","date_gmt":"2025-07-15T10:54:53","guid":{"rendered":"https:\/\/uj.adatbank.ro\/lexikon\/termek\/macskassy-jozsef-%c2%a7\/"},"modified":"2025-07-15T12:54:53","modified_gmt":"2025-07-15T10:54:53","slug":"macskassy-jozsef-%c2%a7","status":"publish","type":"product","link":"https:\/\/uj.adatbank.ro\/lexikon\/termek\/macskassy-jozsef-%c2%a7\/","title":{"rendered":"MACSK\u00c1SSY J\u00f3zsef, \u00a7"},"content":{"rendered":"<p>Mv., 1921. febr. 15., \u2020\u00a0Kv., 1994. okt. 12.: fest\u0151m\u0171v\u00e9sz. \u2013 Tanulm\u00e1nyait a mv.-i V\u00e1rosi Szabad Fest\u0151iskol\u00e1ban kezdte, ahol Aurel Ciupe, majd Bordy Andr\u00e1s tanitv\u00e1nya (1931\u201343). A II. vil\u00e1gh\u00e1bor\u00fat k\u00f6vet\u0151en a kv.-i M. M\u0171v\u00e9szeti Int\u00e9zetbe iratkozott be (1948\u2013), majd ennek megsz\u00fcnte ut\u00e1n folytatta tanulm\u00e1nyait a Ion Andreescu K\u00e9pz\u0151m\u0171v\u00e9szeti F\u0151iskol\u00e1n, \u00e9s szerzett diplom\u00e1t (1954), mestere: Mikl\u00f3ssy G\u00e1bor volt. Kv.-t az \u00datt\u00f6r\u0151h\u00e1z k\u00e9pz\u0151m\u0171v\u00e9szeti ir\u00e1ny\u00edt\u00f3ja (1953\u201364), majd a M\u0171v\u00e9szeti \u00c1ltal\u00e1nos Iskola rajztan\u00e1ra (1964\u201381). Folyamatosan szerepelt megyei, orsz\u00e1gos t\u00e1rlatokon ill. kisebb csoportos ki\u00e1ll\u00edt\u00e1skon (1942\u2013) Kv.-on rendezte els\u0151 egy\u00e9ni (1962)majd els\u0151 gy\u0171jtem\u00e9nyes t\u00e1rlat\u00e1t (1976), hetvenedik \u00e9let\u00e9v\u00e9nek bet\u00f6lt\u00e9se alkalm\u00e1val rendezett addigi legnagyobb t\u00e1rlat\u00e1n (1991) bemutatta azel\u0151tt eltiltott festm\u00e9nyeit is (Falurombol\u00e1s; H\u00f3st\u00e1t). Egy\u00e9ni, ill. csoportki\u00e1ll\u00edt\u00e1sainak sz\u00ednhelye: Marosv\u00e1s\u00e1rhely, Kolozsv\u00e1r, D\u00e9s, Sz\u00e9kelyudvarhely, Sepsiszentgy\u00f6rgy, Szatm\u00e1rn\u00e9meti, Bukarest, Hajd\u00fab\u00f6sz\u00f6rm\u00e9ny, Bp., B\u00e9cs, Stockholm, Hollandia, Belgium, D\u00e1nia. Dr\u00e1mai hangv\u00e9tel\u0171 kompoz\u00edci\u00f3k mellett l\u00edrai t\u00f6ltet\u0171 csend\u00e9leteket \u00e9s enteri\u0151r\u00f6ket festett. K\u00e9peinek gazdag \u00e9s v\u00e1ltozatos sz\u00ednvil\u00e1ga egyar\u00e1nt k\u00e9pes dr\u00e1mai er\u0151t, fesz\u00fclts\u00e9get vagy gy\u00f6ng\u00e9d \u00e9rz\u00e9seket \u00e9s tisztas\u00e1got \u00e9rz\u00e9keltetni aszerint, hogy az erd\u00e9lyi magyars\u00e1g sorsk\u00e9rd\u00e9seit, otthonos szobabels\u0151t, csend\u00e9letet vagy kedvesei arck\u00e9p\u00e9t festi. Gyakran csend\u00e9letei is jelk\u00e9pekkel tel\u00edtettek; irodalmunk nagyjai \u00e9s jeles m\u0171v\u00e9szeink k\u00f6z\u00fcl Pet\u0151fi, Ady \u00e9s Bart\u00f3k alakj\u00e1t t\u00f6bbsz\u00f6r is jelk\u00e9pteremt\u0151 sz\u00e1nd\u00e9kkal eleven\u00edti meg, n\u00e9ha egyazon kompozici\u00f3 keret\u00e9ben. \u2013 F. k\u00e1ll.: Kv. (1962, 1968, 1976, 1980, 1986, 1990, 1991, 1993); Buk. (1973); Kult\u00farpalota (Mv., 1981); B\u00e9cs, Magyar H\u00e1z (Stockholm, 1989, 1992); Nagyv\u00e1ra, Hollandia, Belgium (1992); V\u00e1rmegye Gal\u00e9ria (Bp., 1993); csoportos: Mv. (1941, 1942, 1943, 1948); Kv. (1942, 1947, 1948, 1954, 1955, 1956, 1957, 1961, 1962, 1963, 1965, 1968, 1971, 1972, 1977, 1978, 1981, 1984, 1986); Buk.(1948, 1958), D\u00e9s (1969); Bp. (1988, 2000); B\u00e9cs (1989); ki\u00e1ll\u00edtott m\u00e9g: Sz\u00e9kelyudvarhely, Sepsiszentgy\u00f6rgy, Szatm\u00e1rn\u00e9meti, Hajd\u00fab\u00f6sz\u00f6rm\u00e9ny, B\u00e9cs, Hollandia, Belgium, D\u00e1nia. <br \/><strong>Irod.:<\/strong> 20. sz.-i k\u00e9pz\u0151m\u0171v\u00e9szet; Arck\u00e9pcsarnok (Igaz Sz\u00f3, 1972, 11. sz.); Banner; [Er\u0151ss Attila]: L\u00e1togat\u00e1s M. J&#8230;.fest\u0151m\u0171v\u00e9sz m\u0171term\u00e9ben (N\u00e9p\u00fajs\u00e1g, 1948. nov. 8.); Erd\u00e9lyi Lajos: Bart\u00f3k vonz\u00e1s\u00e1ban (\u00daj \u00c9let, 18. sz., 1981); Erd\u00e9lyi Lajos; \u00c9szaki magyarok; F\u00e1bi\u00e1n Andr\u00e1s: A radn\u00f3tf\u00e1ji Matsk\u00e1siakra eml\u00e9keztek (V\u00e1s\u00e1rhelyi H\u00edrlap, Gyergy\u00f3sz\u00e1rhegyi BME; Id\u0151t\u00e1r 3; Katona Szab\u00f3 Istv\u00e1n: Az \u00daj \u00c9let lexikona, 106. (\u00daj \u00c9let, 22. sz. 1974.); KKACs; Koch M\u00e1ria: A fest\u00e9szet k\u00f6lt\u00e9szete (V. Z., 1981. j\u00fal. 25.); Mikl\u00f3ssy G\u00e1bor n\u00f6vend\u00e9kei \/ Simon Endre (Bp., 2000); Moln\u00e1r; Muradin Jen\u0151: M J. (\u00daj \u00c9let, 7. sz., 1986); Muradin Jen\u0151: M. J. k\u00e9pi vil\u00e1ga (Kv., 1993); RMIL, R\u00daL<\/br><\/p>\n","protected":false},"excerpt":{"rendered":"<p>Mv., 1921. febr. 15., \u2020\u00a0Kv., 1994. okt. 12.: fest\u0151m\u0171v\u00e9sz. \u2013 Tanulm\u00e1nyait a mv.-i V\u00e1rosi Szabad Fest\u0151iskol\u00e1ban kezdte, ahol Aurel Ciupe, majd Bordy Andr\u00e1s tanitv\u00e1nya (1931\u201343). A II. vil\u00e1gh\u00e1bor\u00fat k\u00f6vet\u0151en a kv.-i M. M\u0171v\u00e9szeti Int\u00e9zetbe iratkozott be (1948\u2013), majd ennek megsz\u00fcnte ut\u00e1n folytatta tanulm\u00e1nyait a Ion Andreescu K\u00e9pz\u0151m\u0171v\u00e9szeti F\u0151iskol\u00e1n, \u00e9s szerzett diplom\u00e1t (1954), mestere: Mikl\u00f3ssy G\u00e1bor [&hellip;]<\/p>\n","protected":false},"featured_media":0,"comment_status":"open","ping_status":"closed","template":"","meta":[],"product_brand":[],"product_cat":[137],"product_tag":[],"class_list":{"0":"post-14230","1":"product","2":"type-product","3":"status-publish","5":"product_cat-maros-megyei-eletrajzi-lexikon","7":"first","8":"instock","9":"shipping-taxable","10":"product-type-simple"},"_links":{"self":[{"href":"https:\/\/uj.adatbank.ro\/lexikon\/wp-json\/wp\/v2\/product\/14230","targetHints":{"allow":["GET"]}}],"collection":[{"href":"https:\/\/uj.adatbank.ro\/lexikon\/wp-json\/wp\/v2\/product"}],"about":[{"href":"https:\/\/uj.adatbank.ro\/lexikon\/wp-json\/wp\/v2\/types\/product"}],"replies":[{"embeddable":true,"href":"https:\/\/uj.adatbank.ro\/lexikon\/wp-json\/wp\/v2\/comments?post=14230"}],"wp:attachment":[{"href":"https:\/\/uj.adatbank.ro\/lexikon\/wp-json\/wp\/v2\/media?parent=14230"}],"wp:term":[{"taxonomy":"product_brand","embeddable":true,"href":"https:\/\/uj.adatbank.ro\/lexikon\/wp-json\/wp\/v2\/product_brand?post=14230"},{"taxonomy":"product_cat","embeddable":true,"href":"https:\/\/uj.adatbank.ro\/lexikon\/wp-json\/wp\/v2\/product_cat?post=14230"},{"taxonomy":"product_tag","embeddable":true,"href":"https:\/\/uj.adatbank.ro\/lexikon\/wp-json\/wp\/v2\/product_tag?post=14230"}],"curies":[{"name":"wp","href":"https:\/\/api.w.org\/{rel}","templated":true}]}}