{"id":14242,"date":"2025-07-15T12:55:16","date_gmt":"2025-07-15T10:55:16","guid":{"rendered":"https:\/\/uj.adatbank.ro\/lexikon\/termek\/madaras-gabor\/"},"modified":"2025-07-15T12:55:16","modified_gmt":"2025-07-15T10:55:16","slug":"madaras-gabor","status":"publish","type":"product","link":"https:\/\/uj.adatbank.ro\/lexikon\/termek\/madaras-gabor\/","title":{"rendered":"MADARAS G\u00e1bor"},"content":{"rendered":"<p>Nagyikl\u00f3d, 1918. aug. 22., \u2020 Mv., 1980. szept. 20.: n\u00e9pdal\u00e9nekes, jog\u00e1sz. \u2013 Sz\u00fclei kib\u00e9diek voltak. Apja M. Elek, csend\u0151rparancsnok volt Ikl\u00f3don, majd J\u00e1szap\u00e1tiban. Feles\u00e9ge: M\u00e1th\u00e9 Zsuzs\u00e1nna tan\u00edt\u00f3n\u0151 (1921 \u2013 Mv., 2007. jan.13.). Le\u00e1nya: Zsuzsanna, Keresztesn\u00e9. \u2013 Ikl\u00f3don kezdte iskol\u00e1it, majd gimn\u00e1zista J\u00e1szap\u00e1tiban. Debrecenben tanult a jogi egyetemen, dr. c\u00edmet szerzett. Szolnokon volt katona, z\u00e1szl\u00f3s, a fronton harcolt \u00e9s orosz fogs\u00e1gba esett (1943\u201348). Sz\u00fclei visszak\u00f6lt\u00f6ztek Kib\u00e9dre, az orosz hadifogs\u00e1g ut\u00e1n sz\u00fcleihez Kib\u00e9dre t\u00e9rt haza. Kib\u00e9den vette feles\u00e9g\u00fcl M\u00e1th\u00e9 Zsuzsa tan\u00edt\u00f3n\u0151 (1949). Mindketten tan\u00edtottak Kib\u00e9den, majd Gyulakut\u00e1n. Mv.-re k\u00f6lt\u00f6ztek (1951), a cukorgy\u00e1rban volt tisztvisel\u0151, ott fedezt\u00e9k fel tehets\u00e9g\u00e9t, a kult\u00farcsoportban kezdett tev\u00e9kenykedni mint n\u00e9p- \u00e9s m\u0171dal el\u0151ad\u00f3. A cukorgy\u00e1r kultur\u00e1lis oszt\u00e1ly\u00e1nak vezet\u0151je (27 \u00e9vig). \u00c9nekes p\u00e1lyafut\u00e1sa Mv.-en a Somostet\u0151n, kezd\u0151d\u00f6tt (1953. aug. 23.). A N\u00e9pm\u0171v\u00e9szeti iskol\u00e1ban fejlesztette tud\u00e1s\u00e1t \u00e9s a mv.-i Sz\u00e9kely N\u00e9pi Egy\u00fcttes \u00e9nekese lett. N\u00e9pdal- \u00e9s magyarn\u00f3ta \u00e9nekesk\u00e9nt szerzett h\u00edrnevet. K\u00fcl\u00f6n\u00f6sen sz\u00e9p hangja megragadta hallgat\u00f3s\u00e1g\u00e1t, a helyi \u00e9s m\u00e1s r\u00e1di\u00f3kban sokszor lehet hallani \u00e9nek\u00e9t. N\u00e9pdalokat is gy\u0171jt\u00f6tt. A mv.-i \u00e9s buk.-i r\u00e1di\u00f3n\u00e1l vett\u00e9k fel n\u00e9pdalait, n\u00f3t\u00e1it \u00e9s az Electrecord (1973\u2013) t\u00f6bb lemezt k\u00e9sz\u00edtett dalaib\u00f3l. A M. R\u00e1di\u00f3 sz\u00e1mos felv\u00e9telt k\u00e9sz\u00edtett vele. Eml\u00e9k\u00e9nek \u0151rz\u00e9s\u00e9re alakult a Madaras G\u00e1bor Egyes\u00fclet. A Mv.-i R\u00e1di\u00f3 eml\u00e9km\u0171sorokat rendez tisztelet\u00e9re. Gyermekkor\u00e1t Kib\u00e9den t\u00f6lt\u00f6tte ez\u00e9rt a Kib\u00e9dinek maguk\u00e9nak tartj\u00e1k. Repertoarj\u00e1nak fontos r\u00e9sz\u00e9t k\u00e9pezt\u00e9k e vid\u00e9k dalai. Eml\u00e9kszob\u00e1t rendeztek be tisztelet\u00e9re. Kib\u00e9den sz\u00fclet\u00e9s\u00e9nek 90. \u00e9vfordul\u00f3j\u00e1n felavatt\u00e1k eg\u00e9szalakos szobr\u00e1t, De\u00e1k \u00c1rp\u00e1d alkot\u00e1s\u00e1t (2008. aug. 25. v. 26.). Portr\u00e9film k\u00e9sz\u00fclt r\u00f3la az RTV mv.i st\u00fadi\u00f3j\u00e1ban (2009. m\u00e1rc.).Nem feledik Madaras G\u00e1bort Kib\u00e9den. <br \/><strong>Irod.:<\/strong> Bodolai Gy\u00f6ngyi: \u00c9des \u00e9let? Volt egyszer egy cukorgy\u00e1r (N\u00fa, 2013. jan. 31.; 2013. febr. 7.); B\u00f6l\u00f6ni Domokos: M. G. eml\u00e9ke Kib\u00e9den (2008. szept. 1.); Csif\u00f3; Gy\u00e1rf\u00e1s 2013; Kib\u00e9d; Korondi Kinga: Nagy el\u0151d\u00f6kre eml\u00e9keztek Kib\u00e9den (N\u00fa., 2001. szept. 10). Leszler J\u00f3zsef: N\u00f3takedvel\u0151kek (Bp., 1986); M. G. a n\u00e9pdal szerelmese (V. Z., 1973. aug. 26.); [Nekrolog] dr. M. G.(V. Z., 1980. szept. 23.); N\u00fa. (2002. szept. 27.; 2005. szept. 28); P\u00e9trfy L\u00e1szl\u00f3: Kib\u00e9d \u00e9s egyh\u00e1za (2000); Sepsisz\u00e9ki; Gligor R\u00f3bert L\u00e1szl\u00f3: \u00c9rt\u00e9kek tisztelete Kib\u00e9den (N\u00e9p\u00fajs\u00e1g, 2023.aug.31.)<\/br><\/p>\n","protected":false},"excerpt":{"rendered":"<p>Nagyikl\u00f3d, 1918. aug. 22., \u2020 Mv., 1980. szept. 20.: n\u00e9pdal\u00e9nekes, jog\u00e1sz. \u2013 Sz\u00fclei kib\u00e9diek voltak. Apja M. Elek, csend\u0151rparancsnok volt Ikl\u00f3don, majd J\u00e1szap\u00e1tiban. Feles\u00e9ge: M\u00e1th\u00e9 Zsuzs\u00e1nna tan\u00edt\u00f3n\u0151 (1921 \u2013 Mv., 2007. jan.13.). Le\u00e1nya: Zsuzsanna, Keresztesn\u00e9. \u2013 Ikl\u00f3don kezdte iskol\u00e1it, majd gimn\u00e1zista J\u00e1szap\u00e1tiban. Debrecenben tanult a jogi egyetemen, dr. c\u00edmet szerzett. Szolnokon volt katona, z\u00e1szl\u00f3s, a [&hellip;]<\/p>\n","protected":false},"featured_media":0,"comment_status":"open","ping_status":"closed","template":"","meta":[],"product_brand":[],"product_cat":[137],"product_tag":[],"class_list":{"0":"post-14242","1":"product","2":"type-product","3":"status-publish","5":"product_cat-maros-megyei-eletrajzi-lexikon","7":"first","8":"instock","9":"shipping-taxable","10":"product-type-simple"},"_links":{"self":[{"href":"https:\/\/uj.adatbank.ro\/lexikon\/wp-json\/wp\/v2\/product\/14242","targetHints":{"allow":["GET"]}}],"collection":[{"href":"https:\/\/uj.adatbank.ro\/lexikon\/wp-json\/wp\/v2\/product"}],"about":[{"href":"https:\/\/uj.adatbank.ro\/lexikon\/wp-json\/wp\/v2\/types\/product"}],"replies":[{"embeddable":true,"href":"https:\/\/uj.adatbank.ro\/lexikon\/wp-json\/wp\/v2\/comments?post=14242"}],"wp:attachment":[{"href":"https:\/\/uj.adatbank.ro\/lexikon\/wp-json\/wp\/v2\/media?parent=14242"}],"wp:term":[{"taxonomy":"product_brand","embeddable":true,"href":"https:\/\/uj.adatbank.ro\/lexikon\/wp-json\/wp\/v2\/product_brand?post=14242"},{"taxonomy":"product_cat","embeddable":true,"href":"https:\/\/uj.adatbank.ro\/lexikon\/wp-json\/wp\/v2\/product_cat?post=14242"},{"taxonomy":"product_tag","embeddable":true,"href":"https:\/\/uj.adatbank.ro\/lexikon\/wp-json\/wp\/v2\/product_tag?post=14242"}],"curies":[{"name":"wp","href":"https:\/\/api.w.org\/{rel}","templated":true}]}}