{"id":14273,"date":"2025-07-15T12:56:19","date_gmt":"2025-07-15T10:56:19","guid":{"rendered":"https:\/\/uj.adatbank.ro\/lexikon\/termek\/maetz-ervin-metz-ervin\/"},"modified":"2025-07-15T12:56:19","modified_gmt":"2025-07-15T10:56:19","slug":"maetz-ervin-metz-ervin","status":"publish","type":"product","link":"https:\/\/uj.adatbank.ro\/lexikon\/termek\/maetz-ervin-metz-ervin\/","title":{"rendered":"MAETZ Ervin, Metz Ervin"},"content":{"rendered":"<p>? \u2020\u00a0?: \u00e9p\u00edt\u00e9szm\u00e9rn\u00f6k, v\u00e1rosi f\u0151m\u00e9rn\u00f6k. \u2013 Okl.-t Bp.-en a J\u00f3zsef N\u00e1dor Egyetemen szerzett (1905\u20131909), majd Mv.-en kezdte tev\u00e9kenys\u00e9g\u00e9t, ahol a v\u00e1ros f\u0151m\u00e9rn\u00f6ke lett (1910\u201339- ben is), m\u0171szaki tan\u00e1csos. Az agr\u00e1rreformmal kapcsolatos m\u0171szaki munk\u00e1latok v\u00e9grehajt\u00e1s\u00e1val megb\u00edzott deleg\u00e1lt m\u00e9rn\u00f6k (1924 k.). Azon tervez\u0151m\u00e9rn\u00f6k\u00f6k k\u00f6z\u00e9 tartozott, akik b\u00e1rmilyen \u00e9p\u00edt\u00e9szeti st\u00edlushoz alkalmazkodni tudtak.Vannak szecesszi\u00f3s, neorom\u00e1n \u00e9s modern st\u00edlus\u00fa \u00e9p\u00fcletei. Iosif Victor Vlad \u00e9p\u00edt\u00e9szm\u00e9rn\u00f6k, a temesv\u00e1ri Politechnika tan\u00e1r\u00e1val k\u00e9sz\u00edtette a mv.-i nagy ortodox katedr\u00e1lis terveit (1920); tervei szerint \u00e9p\u00fclt (1926\u201328) az ortodox- izraelita templom \u00e9s iskola \u00e9p\u00fclete (a mai Br\u0103ila u. 8\u201310. sz.) befejezetlen maradt, k\u00edv\u00fclr\u0151l nincs bevakolva. Rad\u00f3 S\u00e1ndorral k\u00f6z\u00f6sen tervezt\u00e9k a v\u00e1ros sz\u00e1mos k\u00f6z- \u00e9s mag\u00e1n \u00e9p\u00fclet\u00e9t: lak\u00f3h\u00e1zak (Mihai Viteazul u. 44, Petre Popescu u.2 ; 1920 ut\u00e1n), a rom\u00e1n fi\u00fa Tanonciskola (Iuliu Maniu u.2, 1932\u201334). \u0150 tervezte \u00e9s Sid\u00f3 J\u00f3zsef v\u00e1llalkoz\u00f3 \u00e9p\u00edtette a Ioan Leuca tulajdon\u00e1t k\u00e9pez\u0151 (Feny\u0151 u. 7.sz alatti) modern h\u00e1zat (1933); az \u00c9li\u00e1s Sarolta h\u00e1z\u00e1t (a Gy\u0151zelem t\u00e9r 23.sz.; 1935); a P\u00e9ter Istv\u00e1n h\u00e1z\u00e1t (Iuliu Maniu u.10.sz.), amelyet Kov\u00e1cs Istv\u00e1n m\u00e9rn\u00f6kv\u00e1llalkoz\u00f3 \u00e9p\u00edtett (1935). A Bustya villa (Tr\u00e9bely u. 14) \u00e9s Petre Liviu h\u00e1za (Maniu u.10) tervez\u0151je. Az Apostolii Vad\u00e1szt\u00e1rsas\u00e1g akt\u00edv tagja volt (1941). Az Erd\u00e9lyi Helikon mv.-i tagjai k\u00f6zt szerepelt (1930). A v\u00e1rosi m\u0171szaki \u00fcgyoszt\u00e1ly vezet\u0151je (1945). \u2013 <strong>F. m.:<\/strong> <strong>antol\u00f3g.:<\/strong> A ski sportr\u00f3l = Illy\u00e9s. <br \/><strong>Irod.:<\/strong> Almanah Tg. M.; Id\u0151t\u00e1r 3; Illy\u00e9s; Keresztes; Keresztes 2000; Man: Tg.M. 2., 3.; Marosi-Helikon; P\u00e1l-Antal 2003; Pan\u0103; Sipos; Societate de V\u00e2n\u0103toare Apostolii Tg. M. (Tg. M., 1941)<\/br><\/p>\n","protected":false},"excerpt":{"rendered":"<p>? \u2020\u00a0?: \u00e9p\u00edt\u00e9szm\u00e9rn\u00f6k, v\u00e1rosi f\u0151m\u00e9rn\u00f6k. \u2013 Okl.-t Bp.-en a J\u00f3zsef N\u00e1dor Egyetemen szerzett (1905\u20131909), majd Mv.-en kezdte tev\u00e9kenys\u00e9g\u00e9t, ahol a v\u00e1ros f\u0151m\u00e9rn\u00f6ke lett (1910\u201339- ben is), m\u0171szaki tan\u00e1csos. Az agr\u00e1rreformmal kapcsolatos m\u0171szaki munk\u00e1latok v\u00e9grehajt\u00e1s\u00e1val megb\u00edzott deleg\u00e1lt m\u00e9rn\u00f6k (1924 k.). Azon tervez\u0151m\u00e9rn\u00f6k\u00f6k k\u00f6z\u00e9 tartozott, akik b\u00e1rmilyen \u00e9p\u00edt\u00e9szeti st\u00edlushoz alkalmazkodni tudtak.Vannak szecesszi\u00f3s, neorom\u00e1n \u00e9s modern st\u00edlus\u00fa \u00e9p\u00fcletei. [&hellip;]<\/p>\n","protected":false},"featured_media":0,"comment_status":"open","ping_status":"closed","template":"","meta":[],"product_brand":[],"product_cat":[137],"product_tag":[],"class_list":{"0":"post-14273","1":"product","2":"type-product","3":"status-publish","5":"product_cat-maros-megyei-eletrajzi-lexikon","7":"first","8":"instock","9":"shipping-taxable","10":"product-type-simple"},"_links":{"self":[{"href":"https:\/\/uj.adatbank.ro\/lexikon\/wp-json\/wp\/v2\/product\/14273","targetHints":{"allow":["GET"]}}],"collection":[{"href":"https:\/\/uj.adatbank.ro\/lexikon\/wp-json\/wp\/v2\/product"}],"about":[{"href":"https:\/\/uj.adatbank.ro\/lexikon\/wp-json\/wp\/v2\/types\/product"}],"replies":[{"embeddable":true,"href":"https:\/\/uj.adatbank.ro\/lexikon\/wp-json\/wp\/v2\/comments?post=14273"}],"wp:attachment":[{"href":"https:\/\/uj.adatbank.ro\/lexikon\/wp-json\/wp\/v2\/media?parent=14273"}],"wp:term":[{"taxonomy":"product_brand","embeddable":true,"href":"https:\/\/uj.adatbank.ro\/lexikon\/wp-json\/wp\/v2\/product_brand?post=14273"},{"taxonomy":"product_cat","embeddable":true,"href":"https:\/\/uj.adatbank.ro\/lexikon\/wp-json\/wp\/v2\/product_cat?post=14273"},{"taxonomy":"product_tag","embeddable":true,"href":"https:\/\/uj.adatbank.ro\/lexikon\/wp-json\/wp\/v2\/product_tag?post=14273"}],"curies":[{"name":"wp","href":"https:\/\/api.w.org\/{rel}","templated":true}]}}