{"id":14356,"date":"2025-07-15T12:59:02","date_gmt":"2025-07-15T10:59:02","guid":{"rendered":"https:\/\/uj.adatbank.ro\/lexikon\/termek\/maier-alexandru\/"},"modified":"2025-07-15T12:59:02","modified_gmt":"2025-07-15T10:59:02","slug":"maier-alexandru","status":"publish","type":"product","link":"https:\/\/uj.adatbank.ro\/lexikon\/termek\/maier-alexandru\/","title":{"rendered":"MAIER Alexandru"},"content":{"rendered":"<p>Mv., 1934, m\u00e1rc. 25, \u2020 ?: orvos. \u2013 \u00c9desapja M. Gheorghe. Orvosi diplom\u00e1t a MOGYE-n szerzett. Egyetemistak\u00e9nt bekapcsl\u00f3dott a Faliboga \u00f6sszeesk\u00fcv\u00e9sbe, amelynek egyik vezet\u0151je lett. Letart\u00f3ztatt\u00e1k (1956. nov. 4) de mivel a magyar nyelvre ford\u00edtott felh\u00edv\u00e1st nem adta \u00e1t Faliboganak, \u00e9s nem, hozta nyilv\u00e1noss\u00e1gra elengedt\u00e9k. M\u00e1sodszor a Marosi Securitate letart\u00f3ztatta (1957. jan 18), \u00e9s 12 \u00e9vi b\u00f6rt\u00f6nre \u00edt\u00e9lt\u00e9k (1957. jan. 18.), de h\u00e9t \u00e9v ut\u00e1n Gh. Dej megkegyelmezett neki \u00e9s m\u00e1s 67 t\u00e1rs\u00e1nak (1964). B\u00f6rt\u00f6n\u00e9veinek nagy r\u00e9sz\u00e9t Szamos\u00fajv\u00e1ron t\u00f6lt\u00f6tte rendk\u00edv\u00fcl neh\u00e9z k\u00f6r\u00fclm\u00e9nyek k\u00f6z\u00f6tt. Kiszabadul\u00e1sa ut\u00e1n is \u00e1lland\u00f3an megfigyelt\u00e9k, zaklatt\u00e1k, majd \u00fajb\u00f3l letart\u00f3ztatt\u00e1k (1977). Meg\u00edrta visszaeml\u00e9kez\u00e9seit. Tagja volt a Rom\u00e1niai Politikai Foglyok Egyes\u00fclet\u00e9nek. \u2013 <strong>F. m.:<\/strong> Am fost medic la Gherla (1998); Orvos voltam&#8230;Szamos\u00fajv\u00e1ron (Mv., 2001). <br \/><strong>Irod.:<\/strong> \u00c1ldozatok; Balint<\/br><\/p>\n","protected":false},"excerpt":{"rendered":"<p>Mv., 1934, m\u00e1rc. 25, \u2020 ?: orvos. \u2013 \u00c9desapja M. Gheorghe. Orvosi diplom\u00e1t a MOGYE-n szerzett. Egyetemistak\u00e9nt bekapcsl\u00f3dott a Faliboga \u00f6sszeesk\u00fcv\u00e9sbe, amelynek egyik vezet\u0151je lett. Letart\u00f3ztatt\u00e1k (1956. nov. 4) de mivel a magyar nyelvre ford\u00edtott felh\u00edv\u00e1st nem adta \u00e1t Faliboganak, \u00e9s nem, hozta nyilv\u00e1noss\u00e1gra elengedt\u00e9k. M\u00e1sodszor a Marosi Securitate letart\u00f3ztatta (1957. jan 18), \u00e9s 12 [&hellip;]<\/p>\n","protected":false},"featured_media":0,"comment_status":"open","ping_status":"closed","template":"","meta":[],"product_brand":[],"product_cat":[137],"product_tag":[],"class_list":{"0":"post-14356","1":"product","2":"type-product","3":"status-publish","5":"product_cat-maros-megyei-eletrajzi-lexikon","7":"first","8":"instock","9":"shipping-taxable","10":"product-type-simple"},"_links":{"self":[{"href":"https:\/\/uj.adatbank.ro\/lexikon\/wp-json\/wp\/v2\/product\/14356","targetHints":{"allow":["GET"]}}],"collection":[{"href":"https:\/\/uj.adatbank.ro\/lexikon\/wp-json\/wp\/v2\/product"}],"about":[{"href":"https:\/\/uj.adatbank.ro\/lexikon\/wp-json\/wp\/v2\/types\/product"}],"replies":[{"embeddable":true,"href":"https:\/\/uj.adatbank.ro\/lexikon\/wp-json\/wp\/v2\/comments?post=14356"}],"wp:attachment":[{"href":"https:\/\/uj.adatbank.ro\/lexikon\/wp-json\/wp\/v2\/media?parent=14356"}],"wp:term":[{"taxonomy":"product_brand","embeddable":true,"href":"https:\/\/uj.adatbank.ro\/lexikon\/wp-json\/wp\/v2\/product_brand?post=14356"},{"taxonomy":"product_cat","embeddable":true,"href":"https:\/\/uj.adatbank.ro\/lexikon\/wp-json\/wp\/v2\/product_cat?post=14356"},{"taxonomy":"product_tag","embeddable":true,"href":"https:\/\/uj.adatbank.ro\/lexikon\/wp-json\/wp\/v2\/product_tag?post=14356"}],"curies":[{"name":"wp","href":"https:\/\/api.w.org\/{rel}","templated":true}]}}