{"id":14386,"date":"2025-07-15T13:00:05","date_gmt":"2025-07-15T11:00:05","guid":{"rendered":"https:\/\/uj.adatbank.ro\/lexikon\/termek\/maior-iuliu\/"},"modified":"2025-07-15T13:00:05","modified_gmt":"2025-07-15T11:00:05","slug":"maior-iuliu","status":"publish","type":"product","link":"https:\/\/uj.adatbank.ro\/lexikon\/termek\/maior-iuliu\/","title":{"rendered":"MAIOR, Iuliu"},"content":{"rendered":"<p>Sz\u00e1szr\u00e9gen, 1886. j\u00fal. 13., \u2020 Bal\u00e1zsfalva, 1945. nov. 10.: lelk\u00e9sz, tan\u00e1r, lapszerkeszt\u0151. \u2013 Augustin Maior \u00f6ccse. Sz\u00e1szr\u00e9genben n\u00e9met nyelv\u0171 elemi iskol\u00e1ban tanult, k\u00f6z\u00e9piskol\u00e1t Mv.-en a R. Kat. Gimn\u00e1ziumban (1905), teol\u00f3gi\u00e1t Bal\u00e1zsfalv\u00e1n v\u00e9gzett (1905\u201309), Bp.-en n\u00e9met-latin szakos tan\u00e1ri diplom\u00e1t szerzett. Tan\u00e1rk\u00e9nt m\u0171k\u00f6d\u00f6tt Bal\u00e1zsfalv\u00e1n a tan\u00edt\u00f3k\u00e9pz\u0151ben n\u00e9met, magyar, t\u00f6rt\u00e9nelem \u00e9s pedag\u00f3gi\u00e1t tan\u00edtott (1911- 20); r\u00e9szt vett az egyes\u00fcl\u00e9s el\u0151k\u00e9sz\u00edt\u00e9s\u00e9ben \u00e9s megval\u00f3s\u00edt\u00e1s\u00e1ban (1918), tev\u00e9kenykedett a Rom\u00e1n Nemzeti Tan\u00e1csban, szerkesztette Lupeanu Alexandru tan\u00e1rral egy\u00fctt az Unirea c. n\u00e9plapot, annak szerkeszt\u0151je. Papp\u00e1 szentelt\u00e9k (1920) \u00e9s egyidej\u00fcleg n\u00e9met-latin szakos tan\u00e1r a \u201eSzt. L\u00e1szl\u00f3 Sf. Vasile\u201d l\u00edc.-ban, igazgat\u00f3ja a Kereskedelmi Fi\u00faiskol\u00e1nak (1931\u201339). Egyh\u00e1ztan\u00e1csi \u00fcln\u00f6k, tb. esperes, \u00e9rseki kanonok (1939\u201345). Munk\u00e1ss\u00e1g\u00e1t Rom\u00e1nia Koron\u00e1ja (Coroana Rom\u00e2niei) (1930) \u00e9s Rom\u00e1nia Csillga (Steaua Rom\u00e2niei) (1936) \u00e9rdemrenddel t\u00fcntett\u00e9k ki. Sokat k\u00f6z\u00f6lt m\u00e1r di\u00e1kkor\u00e1t\u00f3l a szebeni Foaia poporului, a brass\u00f3i Gazeta Transilvaniei, az aradi Rom\u00e2nul, a kv.-i R\u0103va\u015ful, Solia satelor, a bal\u00e1zsfalvi Unirea, Cultura cre\u015ftin\u0103, Foaia \u015fcolastic\u0103 c. lapokban. A Calendarul de la Blaj \u00e9s az Unirea poporului lap egyik alap\u00edt\u00f3ja \u00e9s rovat\u00e1ban v\u00e9gig k\u00f6z\u00f6lt (1919\u20131945). Erk\u00f6lcsi tanokat n\u00e9pszer\u0171s\u00edt\u0151 bros\u00far\u00e1kat adott ki C\u0103r\u0163ile bunului cre\u015ftin sorozat\u00e1ban. \u00f6sszesen 13 k\u00f6tet az utols\u00f3 : 57 r\u00f6vid pr\u00e9dik\u00e1ci\u00f3 a n\u00e9pnek (Blaj, 1940). \u2013 <strong>F. m.:<\/strong> Legea str\u0103mo\u015feasc\u0103 (Blaj, 1928); Taina spovedaniei (Blaj, 1928); T\u00e2lcuirea Evangheliilor din toate s\u0103rb\u0103torile de peste an (Blaj, 1929); Taina tainelor: Sf\u00e2nta cuminec\u0103tur\u0103 (Blaj, 1930); T\u00e2lcuirea Apostolilor din toate s\u0103rb\u0103torile de peste an. 1\u20133 vol. (Blaj, 1930); Sf. Liturghie \u2013 jertfa Legii noi (Blaj, 1931); Durerea sora noastr\u0103 nedesp\u0103r\u0163it\u0103 (Blaj, 1932); Din via\u0163a vechilor cre\u015ftini (Blaj, 1934); T\u00e2lcuirea Evangheliilor din toate duminicile de peste an (Blaj, 1936); Cele \u015fapte cuvinte de pe cruce ale lui Isus (Blaj, 1938); P\u0103catul, r\u0103ul cel mai mare din lume (Blaj, 1939); Pe calea des\u0103v\u00e2r\u015firii (Blaj, 1939); 57 predici scurte pentru popor (Blaj, 1940). <br \/><strong>Irod.:<\/strong> Com\u015fa; Com\u015fa\u2013Seiceanu; Ghid Alba; Osv\u00e1th; Regh. cult. 2., 4.; P\u0103curariu; \u015eerban 2006; Todea 2013<\/br><\/p>\n","protected":false},"excerpt":{"rendered":"<p>Sz\u00e1szr\u00e9gen, 1886. j\u00fal. 13., \u2020 Bal\u00e1zsfalva, 1945. nov. 10.: lelk\u00e9sz, tan\u00e1r, lapszerkeszt\u0151. \u2013 Augustin Maior \u00f6ccse. Sz\u00e1szr\u00e9genben n\u00e9met nyelv\u0171 elemi iskol\u00e1ban tanult, k\u00f6z\u00e9piskol\u00e1t Mv.-en a R. Kat. Gimn\u00e1ziumban (1905), teol\u00f3gi\u00e1t Bal\u00e1zsfalv\u00e1n v\u00e9gzett (1905\u201309), Bp.-en n\u00e9met-latin szakos tan\u00e1ri diplom\u00e1t szerzett. Tan\u00e1rk\u00e9nt m\u0171k\u00f6d\u00f6tt Bal\u00e1zsfalv\u00e1n a tan\u00edt\u00f3k\u00e9pz\u0151ben n\u00e9met, magyar, t\u00f6rt\u00e9nelem \u00e9s pedag\u00f3gi\u00e1t tan\u00edtott (1911- 20); r\u00e9szt vett az [&hellip;]<\/p>\n","protected":false},"featured_media":0,"comment_status":"open","ping_status":"closed","template":"","meta":[],"product_brand":[],"product_cat":[137],"product_tag":[],"class_list":{"0":"post-14386","1":"product","2":"type-product","3":"status-publish","5":"product_cat-maros-megyei-eletrajzi-lexikon","7":"first","8":"instock","9":"shipping-taxable","10":"product-type-simple"},"_links":{"self":[{"href":"https:\/\/uj.adatbank.ro\/lexikon\/wp-json\/wp\/v2\/product\/14386","targetHints":{"allow":["GET"]}}],"collection":[{"href":"https:\/\/uj.adatbank.ro\/lexikon\/wp-json\/wp\/v2\/product"}],"about":[{"href":"https:\/\/uj.adatbank.ro\/lexikon\/wp-json\/wp\/v2\/types\/product"}],"replies":[{"embeddable":true,"href":"https:\/\/uj.adatbank.ro\/lexikon\/wp-json\/wp\/v2\/comments?post=14386"}],"wp:attachment":[{"href":"https:\/\/uj.adatbank.ro\/lexikon\/wp-json\/wp\/v2\/media?parent=14386"}],"wp:term":[{"taxonomy":"product_brand","embeddable":true,"href":"https:\/\/uj.adatbank.ro\/lexikon\/wp-json\/wp\/v2\/product_brand?post=14386"},{"taxonomy":"product_cat","embeddable":true,"href":"https:\/\/uj.adatbank.ro\/lexikon\/wp-json\/wp\/v2\/product_cat?post=14386"},{"taxonomy":"product_tag","embeddable":true,"href":"https:\/\/uj.adatbank.ro\/lexikon\/wp-json\/wp\/v2\/product_tag?post=14386"}],"curies":[{"name":"wp","href":"https:\/\/api.w.org\/{rel}","templated":true}]}}