{"id":14405,"date":"2025-07-15T13:00:44","date_gmt":"2025-07-15T11:00:44","guid":{"rendered":"https:\/\/uj.adatbank.ro\/lexikon\/termek\/majai-istvan-%c2%a7-majai\/"},"modified":"2025-07-15T13:00:44","modified_gmt":"2025-07-15T11:00:44","slug":"majai-istvan-%c2%a7-majai","status":"publish","type":"product","link":"https:\/\/uj.adatbank.ro\/lexikon\/termek\/majai-istvan-%c2%a7-majai\/","title":{"rendered":"M\u00c1JAI Istv\u00e1n, \u00a7, m\u00e1jai"},"content":{"rendered":"<p>Sz\u00e9kelyk\u00e1l, 1830. j\u00fal. 22., \u2020 Torda, 1896 szept. 28.: tan\u00e1r. \u2013 Tanulm\u00e1nyait sz\u00fcl\u0151faluj\u00e1ban kezdte, a mv.-i ref. koll.-ban folytatta, onnan Kv.-ra ment az Unit f\u0151gimn\u00e1ziumba.Amikor a k\u00f6z\u00e9piskol\u00e1t v\u00e9gezte, kit\u0151rt az 1848-as szabads\u00e1gharc, \u0151 is be\u00e1llt a honv\u00e9dek k\u00f6z\u00e9, t\u00f6bb csat\u00e1ban vett r\u00e9szt \u00e9s arra eg\u00e9sz \u00e9let\u00e9ben b\u00fcszke volt. Hal\u00e1la ut\u00e1n az Aranyos Vid\u00e9k k\u00f6z\u00f6lte visszaeml\u00e9kez\u00e9seit. A forradalom ut\u00e1n faluj\u00e1ban mezei munk\u00e1val foglalkozott. K\u00e1lban tan\u00edt\u00f3 (1850), majd folytatta tanulm\u00e1nyait Kv.-on (1852), ahol le\u00e9retts\u00e9gizett (1853)Azut\u00e1n nevel\u0151 majd a f\u0151gimn\u00e1ziumban k\u00f6ztan\u00edt\u00f3i \u00e1ll\u00e1\u00e1st kapott, ott n\u00e9gy \u00e9vig m\u0171k\u00f6d\u00f6tt, k\u00f6zben a papi szigorlatot is letette. A tordai unit algimn\u00e1zium seg\u00e9dtan\u00e1ra (1857\u2013), majd rendes tan\u00e1ra lett (1864\u20131880) \u00e9s amikor az iskol\u00e1t \u00e1tadt\u00e1k az \u00c1llami Polg\u00e1ri Iskol\u00e1nak, ott tan\u00edtott (1881\u20131896). F\u0151t\u00e1rgya a n\u00e9met nyelv volt, de tan\u00edtott t\u00f6rt\u00e9nelmet, f\u00f6ldrajzot \u00e9s r\u00e9gis\u00e9gtant is. Iskolap\u00e9nzt\u00e1rnok volt t\u00edz \u00e9vig, sokat f\u00e1radozott az \u00faj iskolai \u00e9p\u00fcletek \u00e9pitkez\u00e9se k\u00f6r\u00fcl. A Torda-Aranyos v\u00e1rmegye tan\u00edt\u00f3test\u00fclet\u00e9nek eln\u00f6ke vol. Papi szolg\u00e1latot is teljes\u00edtett. Egyh\u00e1z\u00e1t szerette, nevezetesebb mozgalmaiban r\u00e9szt vett. Az Unit\u00e1rius Egyh\u00e1zi F\u0151tan\u00e1cs tagja volt. Irodalmilag is elismer\u00e9sre m\u00e9lt\u00f3 munk\u00e1ss\u00e1got fejtett ki. Minden hasznos \u00e9s k\u00f6zm\u0171vel\u0151d\u00e9si int\u00e9zm\u00e9nynek tagja, legt\u00f6bbnek vezet\u0151je volt. Egyh\u00e1zi \u00e9s tan\u00fcgyi dolgozatai a: Kereszt\u00e9ny Magvet\u0151-ben, Unit\u00e1rius K\u00f6zl\u00f6ny-ben jelentek meg. Terjedelmes tanulm\u00e1nyokat k\u00f6z\u00f6lt Jobb\u00e1gy Andr\u00e1sr\u00f3l \u00e9s hagyat\u00e9k\u00e1r\u00f3l (1868) Aranyosr\u00e1kosi Sz\u00e9kely Elekr\u0151l (1874). Szabads\u00e1gharci eml\u00e9kei k\u00e9ziratban maradtak, k\u00e9s\u0151bb megjelentek az Aranyosvid\u00e9kben. <br \/><strong>Irod.:<\/strong> Ga\u00e1l 2001; Guly\u00e1s; Pesty 2014; Szinnyei, Unit. K\u00f6zl\u00f6ny (Kv.1897. febr.); Varga D\u00e9nes: A tordai Unit\u00e1rius Gimn\u00e1zium t\u00f6rt\u00e9nete (Torda, 1907)<\/br><\/p>\n","protected":false},"excerpt":{"rendered":"<p>Sz\u00e9kelyk\u00e1l, 1830. j\u00fal. 22., \u2020 Torda, 1896 szept. 28.: tan\u00e1r. \u2013 Tanulm\u00e1nyait sz\u00fcl\u0151faluj\u00e1ban kezdte, a mv.-i ref. koll.-ban folytatta, onnan Kv.-ra ment az Unit f\u0151gimn\u00e1ziumba.Amikor a k\u00f6z\u00e9piskol\u00e1t v\u00e9gezte, kit\u0151rt az 1848-as szabads\u00e1gharc, \u0151 is be\u00e1llt a honv\u00e9dek k\u00f6z\u00e9, t\u00f6bb csat\u00e1ban vett r\u00e9szt \u00e9s arra eg\u00e9sz \u00e9let\u00e9ben b\u00fcszke volt. Hal\u00e1la ut\u00e1n az Aranyos Vid\u00e9k k\u00f6z\u00f6lte visszaeml\u00e9kez\u00e9seit. [&hellip;]<\/p>\n","protected":false},"featured_media":0,"comment_status":"open","ping_status":"closed","template":"","meta":[],"product_brand":[],"product_cat":[137],"product_tag":[],"class_list":{"0":"post-14405","1":"product","2":"type-product","3":"status-publish","5":"product_cat-maros-megyei-eletrajzi-lexikon","7":"first","8":"instock","9":"shipping-taxable","10":"product-type-simple"},"_links":{"self":[{"href":"https:\/\/uj.adatbank.ro\/lexikon\/wp-json\/wp\/v2\/product\/14405","targetHints":{"allow":["GET"]}}],"collection":[{"href":"https:\/\/uj.adatbank.ro\/lexikon\/wp-json\/wp\/v2\/product"}],"about":[{"href":"https:\/\/uj.adatbank.ro\/lexikon\/wp-json\/wp\/v2\/types\/product"}],"replies":[{"embeddable":true,"href":"https:\/\/uj.adatbank.ro\/lexikon\/wp-json\/wp\/v2\/comments?post=14405"}],"wp:attachment":[{"href":"https:\/\/uj.adatbank.ro\/lexikon\/wp-json\/wp\/v2\/media?parent=14405"}],"wp:term":[{"taxonomy":"product_brand","embeddable":true,"href":"https:\/\/uj.adatbank.ro\/lexikon\/wp-json\/wp\/v2\/product_brand?post=14405"},{"taxonomy":"product_cat","embeddable":true,"href":"https:\/\/uj.adatbank.ro\/lexikon\/wp-json\/wp\/v2\/product_cat?post=14405"},{"taxonomy":"product_tag","embeddable":true,"href":"https:\/\/uj.adatbank.ro\/lexikon\/wp-json\/wp\/v2\/product_tag?post=14405"}],"curies":[{"name":"wp","href":"https:\/\/api.w.org\/{rel}","templated":true}]}}