{"id":14465,"date":"2025-07-15T13:02:41","date_gmt":"2025-07-15T11:02:41","guid":{"rendered":"https:\/\/uj.adatbank.ro\/lexikon\/termek\/makkai-piroska-medve-andrasne\/"},"modified":"2025-07-15T13:02:41","modified_gmt":"2025-07-15T11:02:41","slug":"makkai-piroska-medve-andrasne","status":"publish","type":"product","link":"https:\/\/uj.adatbank.ro\/lexikon\/termek\/makkai-piroska-medve-andrasne\/","title":{"rendered":"MAKKAI Piroska; Medve Andr\u00e1sn\u00e9"},"content":{"rendered":"<p>Dom\u00e1ny, 1910. febr. 23., \u2020 1988.: tan\u00e1r, grafikus, fest\u0151m\u0171v\u00e9sz. \u2013 M. J\u00e1nos b\u00e1nyatiszt \u00e9s aldob\u00f3i Butyka Ida tan\u00e1rn\u0151 le\u00e1nya.F\u00e9rje: Medve Andr\u00e1s orvos. L\u00e1nyaik: Piroska \u00e9s Imola. B\u00e1ny\u00e1sz csal\u00e1db\u00f3l sz\u00e1rmazott. \u2013 Polg\u00e1ri iskol\u00e1it Petrozs\u00e9nyban (1929), m\u0171v\u00e9szeti tanulm\u00e1nyokat Kv.-on a Sz\u00e9pm\u0171v\u00e9szeti F\u0151iskol\u00e1n v\u00e9gzett, pedag\u00f3giai szakon, itt r\u00e9szes\u00fclt egyh\u00e1zi \u00f6szt\u00f6nd\u00edjban (1933). Egy ideig Kv.-on az Irisz Porcel\u00e1ngy\u00e1rban dolgozott (1933\u201334), majd folytatta tanulm\u00e1nyait Bp.-en a K\u00e9pz\u0151m\u0171v\u00e9szeti F\u0151iskol\u00e1n (1935), ahol Varga N\u00e1ndor Lajos tan\u00edtv\u00e1nya volt. K\u00f6z\u00e9piskolai rajztan\u00e1r Nagyv\u00e1radon, f\u00e9rjhezment \u00e9s h\u00e1rom gyermeke sz\u00fcletett. F\u00e9rj\u00e9t szovjet munkat\u00e1borba hurcolt\u00e1k t\u00f6bb mint t\u00edz \u00e9vig (1945\u201356). Sz\u00e1szr\u00e9genben \u00e9lt (1938\u201349), majd Nagyb\u00e1ny\u00e1n, ahol fest\u0151iskol\u00e1t szervezett (1949); Mo.-ra k\u00f6lt\u00f6z\u00f6tt csal\u00e1degyes\u00edt\u00e9ssel (1956) \u00e9s rajztan\u00e1r volt nyugalomba vonul\u00e1s\u00e1ig (1965). A Ref. N\u0151egylet, a Barab\u00e1s Mikl\u00f3s C\u00e9h tagja volt. El\u0151sz\u00f6r az Ellenz\u00e9k has\u00e1bjain szerepelt (1933). Fametszetei jelentek meg a Keleti \u00dajs\u00e1g, Brass\u00f3i Lapok, P\u00e1sztort\u0171z, Erd\u00e9lyi Helikon, Vil\u00e1goss\u00e1g, Falvak N\u00e9pe, Dolgoz\u00f3 N\u0151, Korunk has\u00e1bjain. Elk\u00e9sz\u00edtette Ady, Benedek Elek, Bolyai Farkas, J\u00f3zsef Attila, Molter K\u00e1roly, Szab\u00f3 Dezs\u0151, Tab\u00e9ry G\u00e9za grafikai arck\u00e9p\u00e9t, fametszet sorozartot k\u00e9sz\u00edtett a m. \u0151smond\u00e1k vil\u00e1g\u00e1r\u00f3l, h\u0151s m. asszonyokr\u00f3l, a k\u00e9t Bolyair\u00f3l, saj\u00e1t \u00e9let\u00e9r\u0151l, \u00e9s 42 metszetben \u00f6r\u00f6k\u00edtette meg Bart\u00f3k B\u00e9la \u00e9let\u00e9t. Hagyat\u00e9k\u00e1t rokonai, Deuten-Makkai R\u00e9ka \u00e9s Makkai Bence fedezt\u00e9k fel, akik eml\u00e9kki\u00e1ll\u00edt\u00e1st rendeztek fametszeteib\u0151l. \u2013 Ki\u00e1ll.: Kv, Nagyb\u00e1nya, Lup\u00e9ny, Pr\u00e1ga, Moszkva, Sz\u00f3fia, Korunk Gal\u00e9ria. \u2013 <strong>F. m.:<\/strong> Az asszony: Fametszetek (Szab\u00e9di L\u00e1szl\u00f3 el\u0151sz\u00f3; Kv., 1943); Toldalag (Nagyb\u00e1nya, 1944). <br \/><strong>Irod.:<\/strong> Barab\u00e1s M. C\u00e9h; Deuten-Makkai R\u00e9ka: Fekete feh\u00e9ren (Korunk, 1. sz., 1914); Mur\u00e1din: metsz\u0151m\u0171v; RMIL; Sz\u00e1va 2012; Sz\u00e9kelyf\u00f6ld \u00ed.k. (Medve Andr\u00e1sn\u00e1l)<\/br><\/p>\n","protected":false},"excerpt":{"rendered":"<p>Dom\u00e1ny, 1910. febr. 23., \u2020 1988.: tan\u00e1r, grafikus, fest\u0151m\u0171v\u00e9sz. \u2013 M. J\u00e1nos b\u00e1nyatiszt \u00e9s aldob\u00f3i Butyka Ida tan\u00e1rn\u0151 le\u00e1nya.F\u00e9rje: Medve Andr\u00e1s orvos. L\u00e1nyaik: Piroska \u00e9s Imola. B\u00e1ny\u00e1sz csal\u00e1db\u00f3l sz\u00e1rmazott. \u2013 Polg\u00e1ri iskol\u00e1it Petrozs\u00e9nyban (1929), m\u0171v\u00e9szeti tanulm\u00e1nyokat Kv.-on a Sz\u00e9pm\u0171v\u00e9szeti F\u0151iskol\u00e1n v\u00e9gzett, pedag\u00f3giai szakon, itt r\u00e9szes\u00fclt egyh\u00e1zi \u00f6szt\u00f6nd\u00edjban (1933). Egy ideig Kv.-on az Irisz Porcel\u00e1ngy\u00e1rban dolgozott [&hellip;]<\/p>\n","protected":false},"featured_media":0,"comment_status":"open","ping_status":"closed","template":"","meta":[],"product_brand":[],"product_cat":[137],"product_tag":[],"class_list":{"0":"post-14465","1":"product","2":"type-product","3":"status-publish","5":"product_cat-maros-megyei-eletrajzi-lexikon","7":"first","8":"instock","9":"shipping-taxable","10":"product-type-simple"},"_links":{"self":[{"href":"https:\/\/uj.adatbank.ro\/lexikon\/wp-json\/wp\/v2\/product\/14465","targetHints":{"allow":["GET"]}}],"collection":[{"href":"https:\/\/uj.adatbank.ro\/lexikon\/wp-json\/wp\/v2\/product"}],"about":[{"href":"https:\/\/uj.adatbank.ro\/lexikon\/wp-json\/wp\/v2\/types\/product"}],"replies":[{"embeddable":true,"href":"https:\/\/uj.adatbank.ro\/lexikon\/wp-json\/wp\/v2\/comments?post=14465"}],"wp:attachment":[{"href":"https:\/\/uj.adatbank.ro\/lexikon\/wp-json\/wp\/v2\/media?parent=14465"}],"wp:term":[{"taxonomy":"product_brand","embeddable":true,"href":"https:\/\/uj.adatbank.ro\/lexikon\/wp-json\/wp\/v2\/product_brand?post=14465"},{"taxonomy":"product_cat","embeddable":true,"href":"https:\/\/uj.adatbank.ro\/lexikon\/wp-json\/wp\/v2\/product_cat?post=14465"},{"taxonomy":"product_tag","embeddable":true,"href":"https:\/\/uj.adatbank.ro\/lexikon\/wp-json\/wp\/v2\/product_tag?post=14465"}],"curies":[{"name":"wp","href":"https:\/\/api.w.org\/{rel}","templated":true}]}}