{"id":14498,"date":"2025-07-15T13:03:39","date_gmt":"2025-07-15T11:03:39","guid":{"rendered":"https:\/\/uj.adatbank.ro\/lexikon\/termek\/malomfalvay-gergely\/"},"modified":"2025-07-15T13:03:39","modified_gmt":"2025-07-15T11:03:39","slug":"malomfalvay-gergely","status":"publish","type":"product","link":"https:\/\/uj.adatbank.ro\/lexikon\/termek\/malomfalvay-gergely\/","title":{"rendered":"MALOMFALVAY Gergely"},"content":{"rendered":"<p>? \u2020\u00a0?: ferences rendf\u0151n\u00f6k, \u00edr\u00f3. \u2013 Nev\u00e9b\u0151l \u00edt\u00e9lve t\u00e1jaink sz\u00fcl\u00f6tte, a kismartoni mari\u00e1nus ferencesek rendf\u0151n\u00f6ke lett. \u00c9nek Lupu vajd\u00e1r\u00f3l c\u00edm\u0171 vers\u00e9t felez\u0151 nyolcasokban, \u00e9s csoportr\u00edmekre \u00e9p\u00fcl\u0151 szakaszokban irta. \u00cdgy K\u00f6r\u00f6spataki hat\u00e1sa felt\u00e9telezhet\u0151, szoros keletkez\u00e9si kapcsolatuk viszont mindenk\u00e9ppen vitathatatlan. Malomfalvay munk\u00e1ja azonban nem csak t\u00f6red\u00e9kesebb, hanem szerkezetileg \u00f6sszef\u00fcgg\u00e9stelenebb, \u00e9s ritmikailag is darabosabb, faragatlanabb. Epikai szempontb\u00f3l f\u0151k\u00e9ppen az esem\u00e9nyek folyamat\u00e1t hi\u00e1nyolhatjuk ebb\u0151l, a Tin\u00f3dira is eml\u00e9keztet\u0151 hist\u00f3ri\u00e1s elbesz\u00e9l\u0151 k\u00f6ltem\u00e9nyb\u0151l. <br \/><strong>Irod.:<\/strong> T\u00f3th Istv\u00e1n: Mv. irodalmi m\u0171velts\u00e9g\u00e9r\u0151l 8. (N\u00fa., M\u00fazsa., 455 sz., 2000. aug. 19),<\/br><\/p>\n","protected":false},"excerpt":{"rendered":"<p>? \u2020\u00a0?: ferences rendf\u0151n\u00f6k, \u00edr\u00f3. \u2013 Nev\u00e9b\u0151l \u00edt\u00e9lve t\u00e1jaink sz\u00fcl\u00f6tte, a kismartoni mari\u00e1nus ferencesek rendf\u0151n\u00f6ke lett. \u00c9nek Lupu vajd\u00e1r\u00f3l c\u00edm\u0171 vers\u00e9t felez\u0151 nyolcasokban, \u00e9s csoportr\u00edmekre \u00e9p\u00fcl\u0151 szakaszokban irta. \u00cdgy K\u00f6r\u00f6spataki hat\u00e1sa felt\u00e9telezhet\u0151, szoros keletkez\u00e9si kapcsolatuk viszont mindenk\u00e9ppen vitathatatlan. Malomfalvay munk\u00e1ja azonban nem csak t\u00f6red\u00e9kesebb, hanem szerkezetileg \u00f6sszef\u00fcgg\u00e9stelenebb, \u00e9s ritmikailag is darabosabb, faragatlanabb. Epikai szempontb\u00f3l f\u0151k\u00e9ppen [&hellip;]<\/p>\n","protected":false},"featured_media":0,"comment_status":"open","ping_status":"closed","template":"","meta":[],"product_brand":[],"product_cat":[137],"product_tag":[],"class_list":{"0":"post-14498","1":"product","2":"type-product","3":"status-publish","5":"product_cat-maros-megyei-eletrajzi-lexikon","7":"first","8":"instock","9":"shipping-taxable","10":"product-type-simple"},"_links":{"self":[{"href":"https:\/\/uj.adatbank.ro\/lexikon\/wp-json\/wp\/v2\/product\/14498","targetHints":{"allow":["GET"]}}],"collection":[{"href":"https:\/\/uj.adatbank.ro\/lexikon\/wp-json\/wp\/v2\/product"}],"about":[{"href":"https:\/\/uj.adatbank.ro\/lexikon\/wp-json\/wp\/v2\/types\/product"}],"replies":[{"embeddable":true,"href":"https:\/\/uj.adatbank.ro\/lexikon\/wp-json\/wp\/v2\/comments?post=14498"}],"wp:attachment":[{"href":"https:\/\/uj.adatbank.ro\/lexikon\/wp-json\/wp\/v2\/media?parent=14498"}],"wp:term":[{"taxonomy":"product_brand","embeddable":true,"href":"https:\/\/uj.adatbank.ro\/lexikon\/wp-json\/wp\/v2\/product_brand?post=14498"},{"taxonomy":"product_cat","embeddable":true,"href":"https:\/\/uj.adatbank.ro\/lexikon\/wp-json\/wp\/v2\/product_cat?post=14498"},{"taxonomy":"product_tag","embeddable":true,"href":"https:\/\/uj.adatbank.ro\/lexikon\/wp-json\/wp\/v2\/product_tag?post=14498"}],"curies":[{"name":"wp","href":"https:\/\/api.w.org\/{rel}","templated":true}]}}