{"id":14499,"date":"2025-07-15T13:03:40","date_gmt":"2025-07-15T11:03:40","guid":{"rendered":"https:\/\/uj.adatbank.ro\/lexikon\/termek\/malos-ioan-%c2%a7-malas-janos-malosu-i\/"},"modified":"2025-07-15T13:03:40","modified_gmt":"2025-07-15T11:03:40","slug":"malos-ioan-%c2%a7-malas-janos-malosu-i","status":"publish","type":"product","link":"https:\/\/uj.adatbank.ro\/lexikon\/termek\/malos-ioan-%c2%a7-malas-janos-malosu-i\/","title":{"rendered":"MALO\u015e, Ioan, \u00a7 M\u00e1las J\u00e1nos, Malo\u015fu, I."},"content":{"rendered":"<p>Gernyeszeg, 1892. j\u00fan. 10., \u2020 Sz\u00e1szr\u00e9gen, 1946. febr. 18.: ort. pap, k\u00e9pvisel\u0151. \u2013 Az elemi iskol\u00e1t sz\u00fcl\u0151faluj\u00e1ban a k\u00f6z\u00e9piskol\u00e1it Mv.-en, a teologi\u00e1t Nagyszebenben az Andreian Teol\u00f3giai Int\u00e9zetben v\u00e9gezte (1911\u201315), papp\u00e1 szentelt\u00e9k. Lelk\u00e9sz lett N\u00e1zn\u00e1nfalv\u00e1n (1915\u201319).Tagja volt a Nemzeti Tan\u00e1csnak, amely az egyes\u00fcl\u00e9st k\u00e9sz\u00edtette el\u0151. Fels\u0151r\u00e9p\u00e1n lelk\u00e9sz (1920\u201326), majd Sz\u00e1szr\u00e9genben a g. keleti egyh\u00e1zker\u00fclet esperese (1927\u2013) \u00e9s vall\u00e1st tan\u00edtott az \u00e1llami l\u00edc.-ban. Szolg\u00e1lata idej\u00e9ben \u00e9p\u00fct fel R\u00e9genben, E. Nicoar\u0103 \u00e9s a h\u00edvek adakoz\u00e1s\u00e1b\u00f3l, a jelenleg is haszn\u00e1latos pl\u00e9b\u00e1nia \u00e9p\u00fclete. \u00dagyszint\u00e9n felszentelte a sz\u00e1szr\u00e9geni Ort. Gimn.-ot (1931). A helyi Astra titk\u00e1ra, aleln\u00f6ke, parlamenti k\u00e9pvisel\u0151 (1931) az O. Goga vezette korm\u00e1ny idej\u00e9n, megyei tan\u00e1csos. Eml\u00e9km\u0171vet \u00e1ll\u00edttatott rom\u00e1n kiemelked\u0151 szem\u00e9lyis\u00e9geknek N\u00e1dason, Lib\u00e1nfalv\u00e1n, Fels\u0151orosziban, L\u00f6v\u00e9ren. Egyh\u00e1zi k\u00f3rust l\u00e9tes\u00edtett. H\u00edres sz\u00f3nok volt ez\u00e9rt Ioan Gura de Aur-nak (Aranysz\u00e1j\u00fa J\u00e1nos) is nevezt\u00e9k. <br \/><strong>Irod.:<\/strong> Teodor Beldean: Un vrednic slujitor al altarului str\u0103bun: protopopul I. M. (Gazeta Reghinului, nr. 11., 1994); Id\u0151t\u00e1r 3; Netea: Astra; Pusztai Popovits J\u00f3zsef : Rom\u00e1n kult\u00far\u00e9let a magyar Erd\u00e9lyben (P\u00e9cs, 1942); Rapoarte generale asupra situa\u0163iunii biserice\u015fti din punc de vedere administrativ, cultural \u015fi economic \u00een patriarhia rom\u00e2m\u0103 \u00een cursul anilor 1933\u201339 (Buc., 1939); Reg. Cult. 3.; Reghin, Protopopiat; Sz\u00e9kelyf\u00f6ld \u00ed.k.; \u015eincan 2006<\/br><\/p>\n","protected":false},"excerpt":{"rendered":"<p>Gernyeszeg, 1892. j\u00fan. 10., \u2020 Sz\u00e1szr\u00e9gen, 1946. febr. 18.: ort. pap, k\u00e9pvisel\u0151. \u2013 Az elemi iskol\u00e1t sz\u00fcl\u0151faluj\u00e1ban a k\u00f6z\u00e9piskol\u00e1it Mv.-en, a teologi\u00e1t Nagyszebenben az Andreian Teol\u00f3giai Int\u00e9zetben v\u00e9gezte (1911\u201315), papp\u00e1 szentelt\u00e9k. Lelk\u00e9sz lett N\u00e1zn\u00e1nfalv\u00e1n (1915\u201319).Tagja volt a Nemzeti Tan\u00e1csnak, amely az egyes\u00fcl\u00e9st k\u00e9sz\u00edtette el\u0151. Fels\u0151r\u00e9p\u00e1n lelk\u00e9sz (1920\u201326), majd Sz\u00e1szr\u00e9genben a g. keleti egyh\u00e1zker\u00fclet esperese (1927\u2013) [&hellip;]<\/p>\n","protected":false},"featured_media":0,"comment_status":"open","ping_status":"closed","template":"","meta":[],"product_brand":[],"product_cat":[137],"product_tag":[],"class_list":{"0":"post-14499","1":"product","2":"type-product","3":"status-publish","5":"product_cat-maros-megyei-eletrajzi-lexikon","7":"first","8":"instock","9":"shipping-taxable","10":"product-type-simple"},"_links":{"self":[{"href":"https:\/\/uj.adatbank.ro\/lexikon\/wp-json\/wp\/v2\/product\/14499","targetHints":{"allow":["GET"]}}],"collection":[{"href":"https:\/\/uj.adatbank.ro\/lexikon\/wp-json\/wp\/v2\/product"}],"about":[{"href":"https:\/\/uj.adatbank.ro\/lexikon\/wp-json\/wp\/v2\/types\/product"}],"replies":[{"embeddable":true,"href":"https:\/\/uj.adatbank.ro\/lexikon\/wp-json\/wp\/v2\/comments?post=14499"}],"wp:attachment":[{"href":"https:\/\/uj.adatbank.ro\/lexikon\/wp-json\/wp\/v2\/media?parent=14499"}],"wp:term":[{"taxonomy":"product_brand","embeddable":true,"href":"https:\/\/uj.adatbank.ro\/lexikon\/wp-json\/wp\/v2\/product_brand?post=14499"},{"taxonomy":"product_cat","embeddable":true,"href":"https:\/\/uj.adatbank.ro\/lexikon\/wp-json\/wp\/v2\/product_cat?post=14499"},{"taxonomy":"product_tag","embeddable":true,"href":"https:\/\/uj.adatbank.ro\/lexikon\/wp-json\/wp\/v2\/product_tag?post=14499"}],"curies":[{"name":"wp","href":"https:\/\/api.w.org\/{rel}","templated":true}]}}