{"id":14587,"date":"2025-07-15T13:06:47","date_gmt":"2025-07-15T11:06:47","guid":{"rendered":"https:\/\/uj.adatbank.ro\/lexikon\/termek\/margineanu-teodor\/"},"modified":"2025-07-15T13:06:47","modified_gmt":"2025-07-15T11:06:47","slug":"margineanu-teodor","status":"publish","type":"product","link":"https:\/\/uj.adatbank.ro\/lexikon\/termek\/margineanu-teodor\/","title":{"rendered":"M\u0102RGINEANU, Teodor"},"content":{"rendered":"<p>K\u00e1sva, 1932. jan. 11. \u2020\u00a0Szamos\u00fajv\u00e1r, 1957. j\u00fan. 26.: hadnagy, antikommunista harcos, a kommmunista rendszer el\u00edt\u00e9ltje. \u2013 Apj\u00e1t kor\u00e1n elvesztette, ez\u00e9rt erd\u0151munk\u00e1sk\u00e9nt dolgozott, majd a Bumbe\u015fti- Livezeni vas\u00fatvonaln\u00e1l teljes\u00edtett szolg\u00e1latot. A g\u00f6rg\u00e9nyi Erd\u00e9szeti Szakiskola di\u00e1kja volt (1950\u201352). Szil\u00e1gysomly\u00f3n tiszti isk.-ba ker\u00fclt, amelynek elv\u00e9gz\u00e9se ut\u00e1n hadnagyk\u00e9nt Borg\u00f3prundra, a 255-\u00f6s regimenthez helyezt\u00e9k. A hadsereg k\u00f6tel\u00e9k\u00e9ben, az 1956-os magyaro.-i forradalom hat\u00e1sa alatt (ismerte a m. nyelvet), m\u00e1s t\u00e1rsaival egy\u00fctt, kommunista- \u00e9s rendszerellenes katonai szervezetet akart l\u00e9trehozni, amelybe tan\u00edt\u00f3n\u0151 menyasszonya r\u00e9v\u00e9n, civileket is be akartak vonni. Meg is alak\u00edtott\u00e1k a Forradalmi Tan\u00e1csot, 12 sorkatona t\u00e1rs\u00e1val egy\u00fctt, amely konkr\u00e9t tervet dolgozott ki egy fegyveres felkel\u00e9s ind\u00edt\u00e1s\u00e1ra (1956. dec. 17\u201318.). Egyik t\u00e1rsa azonban bes\u00fagta. Amikor megtudta, megsz\u00f6k\u00f6tt, napokig b\u00fajdosott, de t\u00f6bb t\u00e1rs\u00e1val egy\u00fctt elfogt\u00e1k (1956. dec. 26.), \u00e9s a n\u00e9p ellens\u00e9ge v\u00e1dj\u00e1val a kv.-i Katonai T\u00f6rv\u00e9nysz\u00e9k hal\u00e1lra \u00edt\u00e9lte \u00e9s a szamos\u00fajv\u00e1ri b\u00f6rt\u00f6nben kiv\u00e9gezt\u00e9k (1957. j\u00fan. 26.). \u2013 Irod : Ioni\u0163oiu; T\u00f3falvi Zolt\u00e1n: 1956 erd\u00e9lyi m\u00e1rt\u00edrjai (Sz\u00e9kelyf\u00f6ld, 10. sz., 2002. okt.); Varga Andrea: Mit\u0151l rom\u00e1n, ha magyar? Mert egyetemes? (Kr\u00f3nika, 2007. j\u00fan. 22\u201324); Regh. Cult. 9.<\/br><\/p>\n","protected":false},"excerpt":{"rendered":"<p>K\u00e1sva, 1932. jan. 11. \u2020\u00a0Szamos\u00fajv\u00e1r, 1957. j\u00fan. 26.: hadnagy, antikommunista harcos, a kommmunista rendszer el\u00edt\u00e9ltje. \u2013 Apj\u00e1t kor\u00e1n elvesztette, ez\u00e9rt erd\u0151munk\u00e1sk\u00e9nt dolgozott, majd a Bumbe\u015fti- Livezeni vas\u00fatvonaln\u00e1l teljes\u00edtett szolg\u00e1latot. A g\u00f6rg\u00e9nyi Erd\u00e9szeti Szakiskola di\u00e1kja volt (1950\u201352). Szil\u00e1gysomly\u00f3n tiszti isk.-ba ker\u00fclt, amelynek elv\u00e9gz\u00e9se ut\u00e1n hadnagyk\u00e9nt Borg\u00f3prundra, a 255-\u00f6s regimenthez helyezt\u00e9k. A hadsereg k\u00f6tel\u00e9k\u00e9ben, az 1956-os magyaro.-i [&hellip;]<\/p>\n","protected":false},"featured_media":0,"comment_status":"open","ping_status":"closed","template":"","meta":[],"product_brand":[],"product_cat":[137],"product_tag":[],"class_list":{"0":"post-14587","1":"product","2":"type-product","3":"status-publish","5":"product_cat-maros-megyei-eletrajzi-lexikon","7":"first","8":"instock","9":"shipping-taxable","10":"product-type-simple"},"_links":{"self":[{"href":"https:\/\/uj.adatbank.ro\/lexikon\/wp-json\/wp\/v2\/product\/14587","targetHints":{"allow":["GET"]}}],"collection":[{"href":"https:\/\/uj.adatbank.ro\/lexikon\/wp-json\/wp\/v2\/product"}],"about":[{"href":"https:\/\/uj.adatbank.ro\/lexikon\/wp-json\/wp\/v2\/types\/product"}],"replies":[{"embeddable":true,"href":"https:\/\/uj.adatbank.ro\/lexikon\/wp-json\/wp\/v2\/comments?post=14587"}],"wp:attachment":[{"href":"https:\/\/uj.adatbank.ro\/lexikon\/wp-json\/wp\/v2\/media?parent=14587"}],"wp:term":[{"taxonomy":"product_brand","embeddable":true,"href":"https:\/\/uj.adatbank.ro\/lexikon\/wp-json\/wp\/v2\/product_brand?post=14587"},{"taxonomy":"product_cat","embeddable":true,"href":"https:\/\/uj.adatbank.ro\/lexikon\/wp-json\/wp\/v2\/product_cat?post=14587"},{"taxonomy":"product_tag","embeddable":true,"href":"https:\/\/uj.adatbank.ro\/lexikon\/wp-json\/wp\/v2\/product_tag?post=14587"}],"curies":[{"name":"wp","href":"https:\/\/api.w.org\/{rel}","templated":true}]}}