{"id":14638,"date":"2025-07-15T13:08:28","date_gmt":"2025-07-15T11:08:28","guid":{"rendered":"https:\/\/uj.adatbank.ro\/lexikon\/termek\/mark-alexandra-%c2%a7-marc-szandra\/"},"modified":"2025-07-15T13:08:28","modified_gmt":"2025-07-15T11:08:28","slug":"mark-alexandra-%c2%a7-marc-szandra","status":"publish","type":"product","link":"https:\/\/uj.adatbank.ro\/lexikon\/termek\/mark-alexandra-%c2%a7-marc-szandra\/","title":{"rendered":"M\u00c1RK Alexandra, \u00a7 Marc; Szandra"},"content":{"rendered":"<p>D\u00e9da-Bisztra, 1901. okt. 10., \u2020 D\u00e9da, 1991. \u00e1pr. 10.: \u00edfj\u00fas\u00e1gi \u00edr\u00f3. \u2013 K\u00f6z\u00e9piskol\u00e1t Mv.-en v\u00e9gzett, k\u00e9t \u00e9vig egyetemre j\u00e1rt Debrecenben (1920\u201322). A mv.-i Francia Int\u00e9zet titk\u00e1ra \u00e9s el\u0151ad\u00f3ja (1927\u201331); a Sz\u00e9kely ill. az \u00c1llami Sz\u00ednh\u00e1z irodalmi referense, az irodalmi titk\u00e1r \u00e1ll\u00e1st bet\u00f6lt\u0151 dr. Metz Istv\u00e1n mellett nyugd\u00edjaz\u00e1s\u00e1ig (1952\u201367). Dalsz\u00f6vegeket \u00edrt T. Vornic-I. Postelnicu : Felsz\u00e1ll a k\u00f6d ; A.. Abruzov : M\u00e1sodik szerelem; c darabj\u00e1hoz a mv.-i Sz\u00e9kely Sz\u00ednh\u00e1z el\u0151ad\u00e1s\u00e1ban (1955). Statiszt\u00e1lt is n\u00e9h\u00e1ny el\u0151ad\u00e1son. \u00c1ll\u00edt\u00e1sa szerint volt m\u00e9g tartom\u00e1nyi titk\u00e1r a demokrata n\u0151sz\u00f6vets\u00e9gn\u00e9l, a besztercei csempegy\u00e1rn\u00e1l igazgat\u00f3 \u00e9s dolgozott az IPEIL-n\u00e9l a k\u00f6nyvel\u0151s\u00e9gen. Hat nyelven besz\u00e9lt anyanyelvi szinten. Sok vers\u00e9t rom\u00e1nul, mes\u00e9it m. nyelven \u00edrta. Versekkel, jelenetekkel jelentkezett a Brass\u00f3i Lapok, \u00daj Id\u0151k, Budapesti \u00dajs\u00e1gban. Tarka-barka c. v\u00edgj\u00e1t\u00e9k\u00e1t a sepsiszentgy\u00f6rgyi m\u0171kedvel\u0151k adt\u00e1k el\u0151 (1957), k\u00e9t b\u00e1bj\u00e1t\u00e9k\u00e1t a Tolsztoj mese nyom\u00e1n \u00edrt Buratino kalandjai (1961) \u00e9s a Costel Popovici nyom\u00e1n \u00edrt Magellannal a f\u00f6ld k\u00f6r\u00fcl (1964) c. darabj\u00e1t a mv.-i B\u00e1bsz\u00ednh\u00e1z mutatta be. \u2013 <strong>F. m.:<\/strong> Sz\u00e9lkakas : Mes\u00e9k (Buk., 1959); <strong>antol\u00f3g.:<\/strong> Cot la cot -V\u00e1llvetve (Mv., 1936); Az \u00d3perenci\u00e1n innen \u00e9s t\u00fal (Buk., 1957); Nagyapa mesef\u00e1ja (Buk., 1978); Etern\u0103 epigram\u0103 (Buc., 1981); <strong>ford.:<\/strong> Ieronim \u015eerbu: Szerelmi t\u00f6rt\u00e9net. (ford. Molter K\u00e1rollyal, Buk., 1951); Protopopova, A.: Maria Fjodorovna Voronyicseva (Kolumb\u00e1n M\u00f3zessel; Buk., 1952); Apuskin I. V.: Bur\u00e1n komisz\u00e1r: Sz\u00ednm\u0171 egy felvon\u00e1sban (Mv., 1961), \u015etefan Haralamb: A s\u00e1rk\u00e1nyok. v\u00edgj\u00e1t\u00e9k, (Mv., 1963); Lalescu Traian: Ragyog a nap. Zen\u00e9s v\u00edgj\u00e1t\u00e9k egy felvon\u00e1sban, h\u00e9t k\u00e9pben. (Zen\u00e9j\u00e9t szerezte: N. Kirculescu. Ford. Hunyadi And\u00e1rssal, Mv., 1963). <br \/><strong>Irod.:<\/strong> Gy\u00e1rf\u00e1s L. Mikl\u00f3s: M. A. (V. Z., 1981. \u00e1pr. 26.); HKM\u00cd; Kusz\u00e1lik; Peris Ter\u00e9z: M. A. (1901. X. 10.\u20131991. IV. 10.) (N\u00fa. M\u00fazsa, 340. sz., 1998. \u00e1pr. 18.); RMIL; Szigethy\u2013\u00dajv\u00e1ri<\/br><\/p>\n","protected":false},"excerpt":{"rendered":"<p>D\u00e9da-Bisztra, 1901. okt. 10., \u2020 D\u00e9da, 1991. \u00e1pr. 10.: \u00edfj\u00fas\u00e1gi \u00edr\u00f3. \u2013 K\u00f6z\u00e9piskol\u00e1t Mv.-en v\u00e9gzett, k\u00e9t \u00e9vig egyetemre j\u00e1rt Debrecenben (1920\u201322). A mv.-i Francia Int\u00e9zet titk\u00e1ra \u00e9s el\u0151ad\u00f3ja (1927\u201331); a Sz\u00e9kely ill. az \u00c1llami Sz\u00ednh\u00e1z irodalmi referense, az irodalmi titk\u00e1r \u00e1ll\u00e1st bet\u00f6lt\u0151 dr. Metz Istv\u00e1n mellett nyugd\u00edjaz\u00e1s\u00e1ig (1952\u201367). Dalsz\u00f6vegeket \u00edrt T. Vornic-I. Postelnicu : Felsz\u00e1ll [&hellip;]<\/p>\n","protected":false},"featured_media":0,"comment_status":"open","ping_status":"closed","template":"","meta":[],"product_brand":[],"product_cat":[137],"product_tag":[],"class_list":{"0":"post-14638","1":"product","2":"type-product","3":"status-publish","5":"product_cat-maros-megyei-eletrajzi-lexikon","7":"first","8":"instock","9":"shipping-taxable","10":"product-type-simple"},"_links":{"self":[{"href":"https:\/\/uj.adatbank.ro\/lexikon\/wp-json\/wp\/v2\/product\/14638","targetHints":{"allow":["GET"]}}],"collection":[{"href":"https:\/\/uj.adatbank.ro\/lexikon\/wp-json\/wp\/v2\/product"}],"about":[{"href":"https:\/\/uj.adatbank.ro\/lexikon\/wp-json\/wp\/v2\/types\/product"}],"replies":[{"embeddable":true,"href":"https:\/\/uj.adatbank.ro\/lexikon\/wp-json\/wp\/v2\/comments?post=14638"}],"wp:attachment":[{"href":"https:\/\/uj.adatbank.ro\/lexikon\/wp-json\/wp\/v2\/media?parent=14638"}],"wp:term":[{"taxonomy":"product_brand","embeddable":true,"href":"https:\/\/uj.adatbank.ro\/lexikon\/wp-json\/wp\/v2\/product_brand?post=14638"},{"taxonomy":"product_cat","embeddable":true,"href":"https:\/\/uj.adatbank.ro\/lexikon\/wp-json\/wp\/v2\/product_cat?post=14638"},{"taxonomy":"product_tag","embeddable":true,"href":"https:\/\/uj.adatbank.ro\/lexikon\/wp-json\/wp\/v2\/product_tag?post=14638"}],"curies":[{"name":"wp","href":"https:\/\/api.w.org\/{rel}","templated":true}]}}