{"id":14657,"date":"2025-07-15T13:09:03","date_gmt":"2025-07-15T11:09:03","guid":{"rendered":"https:\/\/uj.adatbank.ro\/lexikon\/termek\/mark-zoltan\/"},"modified":"2025-07-15T13:09:03","modified_gmt":"2025-07-15T11:09:03","slug":"mark-zoltan","status":"publish","type":"product","link":"https:\/\/uj.adatbank.ro\/lexikon\/termek\/mark-zoltan\/","title":{"rendered":"M\u00c1RK Zolt\u00e1n"},"content":{"rendered":"<p>K\u00f3rodszentm\u00e1rton, 1926. m\u00e1rc. 9. \u2020 ?: tisztvisel\u0151, gy\u00e1rigazgat\u00f3. \u2013 A meggyesfalvi Mure\u015feni T\u00e9glagy\u00e1rban el\u0151bb lakatosk\u00e9nt (1946.dec.\u2013), majd tiszvisel\u0151k\u00e9nt dolgozott (1947\u2013). Ipari liceumot v\u00e9gzett. A RMP tagja (1947. aug.\u2013). Az \u00fczemet rt.-k\u00e9nt hozt\u00e1k l\u00e9tre (1918.aug.1.) \u00e9s t\u00e9gl\u00e1t, cementet \u00e9s m\u00e1s \u00e9p\u00edt\u0151anyagokat \u00e1ll\u00edtott el\u0151. Egy t\u00edztag\u00fa igazgat\u00f3i tan\u00e1cs vezette (dr. Fekete Andr\u00e1s, Gh.Gherman, Kopacz Luk\u00e1cs, Mudra Alajos, dr.Sebes Jen\u0151, Stricker Ferenc, Farray Wilhelm, Csath J\u00f3zsef, Holbach Emilia \u00e9s T\u0151k\u00e9s K\u00e1roly). A 186 alkalmazottat foglalkoztat\u00f3 \u00fczem \u00e1llamos\u00edt\u00e1sakor M. Z. nevezt\u00e9k ki igazgat\u00f3nak (1948. j\u00fan. 11). <br \/><strong>Irod.:<\/strong> Bartos Zolt\u00e1n<\/br><\/p>\n","protected":false},"excerpt":{"rendered":"<p>K\u00f3rodszentm\u00e1rton, 1926. m\u00e1rc. 9. \u2020 ?: tisztvisel\u0151, gy\u00e1rigazgat\u00f3. \u2013 A meggyesfalvi Mure\u015feni T\u00e9glagy\u00e1rban el\u0151bb lakatosk\u00e9nt (1946.dec.\u2013), majd tiszvisel\u0151k\u00e9nt dolgozott (1947\u2013). Ipari liceumot v\u00e9gzett. A RMP tagja (1947. aug.\u2013). Az \u00fczemet rt.-k\u00e9nt hozt\u00e1k l\u00e9tre (1918.aug.1.) \u00e9s t\u00e9gl\u00e1t, cementet \u00e9s m\u00e1s \u00e9p\u00edt\u0151anyagokat \u00e1ll\u00edtott el\u0151. Egy t\u00edztag\u00fa igazgat\u00f3i tan\u00e1cs vezette (dr. Fekete Andr\u00e1s, Gh.Gherman, Kopacz Luk\u00e1cs, Mudra Alajos, [&hellip;]<\/p>\n","protected":false},"featured_media":0,"comment_status":"open","ping_status":"closed","template":"","meta":[],"product_brand":[],"product_cat":[137],"product_tag":[],"class_list":{"0":"post-14657","1":"product","2":"type-product","3":"status-publish","5":"product_cat-maros-megyei-eletrajzi-lexikon","7":"first","8":"instock","9":"shipping-taxable","10":"product-type-simple"},"_links":{"self":[{"href":"https:\/\/uj.adatbank.ro\/lexikon\/wp-json\/wp\/v2\/product\/14657","targetHints":{"allow":["GET"]}}],"collection":[{"href":"https:\/\/uj.adatbank.ro\/lexikon\/wp-json\/wp\/v2\/product"}],"about":[{"href":"https:\/\/uj.adatbank.ro\/lexikon\/wp-json\/wp\/v2\/types\/product"}],"replies":[{"embeddable":true,"href":"https:\/\/uj.adatbank.ro\/lexikon\/wp-json\/wp\/v2\/comments?post=14657"}],"wp:attachment":[{"href":"https:\/\/uj.adatbank.ro\/lexikon\/wp-json\/wp\/v2\/media?parent=14657"}],"wp:term":[{"taxonomy":"product_brand","embeddable":true,"href":"https:\/\/uj.adatbank.ro\/lexikon\/wp-json\/wp\/v2\/product_brand?post=14657"},{"taxonomy":"product_cat","embeddable":true,"href":"https:\/\/uj.adatbank.ro\/lexikon\/wp-json\/wp\/v2\/product_cat?post=14657"},{"taxonomy":"product_tag","embeddable":true,"href":"https:\/\/uj.adatbank.ro\/lexikon\/wp-json\/wp\/v2\/product_tag?post=14657"}],"curies":[{"name":"wp","href":"https:\/\/api.w.org\/{rel}","templated":true}]}}