{"id":14747,"date":"2025-07-15T13:12:19","date_gmt":"2025-07-15T11:12:19","guid":{"rendered":"https:\/\/uj.adatbank.ro\/lexikon\/termek\/marosvasarhelyi-gergely-vasarhelyi-gergely-meszaros\/"},"modified":"2025-07-15T13:12:19","modified_gmt":"2025-07-15T11:12:19","slug":"marosvasarhelyi-gergely-vasarhelyi-gergely-meszaros","status":"publish","type":"product","link":"https:\/\/uj.adatbank.ro\/lexikon\/termek\/marosvasarhelyi-gergely-vasarhelyi-gergely-meszaros\/","title":{"rendered":"MAROSV\u00c1S\u00c1RHELYI Gergely; V\u00e1s\u00e1rhelyi Gergely, M\u00e9sz\u00e1ros"},"content":{"rendered":"<p>Mv., 1561., \u2020 Kv., 1623. okt. 18.: jezsuita \u00e1ldoz\u00f3 pap, hitsz\u00f3nok, egyh\u00e1zi \u00edr\u00f3. \u2013 A kor szok\u00e1sa szerint csal\u00e1di nev\u00e9t \u2013 M\u00e9sz\u00e1ros, azon k\u00f6zs\u00e9g nev\u00e9vel cser\u00e9lte f\u00f6l, ahol sz\u00fcletett. A lengyelo.-i jezsuit\u00e1k rendj\u00e9be l\u00e9pett 23 \u00e9ves kor\u00e1ban (1584). K\u00fcl\u00f6n\u00f6sen hitt\u00e9r\u00edt\u00e9sre adta mag\u00e1t: Kv.-on (1587), Moldov\u00e1ban (1588), Braunsbergben (1590), Als\u00f3lendv\u00e1n misszi\u00f3ban vett r\u00e9szt, majd P\u00e9csre ment, mely akkor t\u00f6r\u00f6k k\u00e9zben volt, Bethlen G\u00e1bor fejedelem kiv\u00e1ns\u00e1g\u00e1ra visszat\u00e9rt Erd\u00e9lybe \u00e9s a gyulafeh\u00e9rv\u00e1ri rendh\u00e1z f\u0151n\u00f6ke \u00e9s hitsz\u00f3noka volt h\u00fasz \u00e9vn\u00e9l tov\u00e1bb\u00a0; B\u00e1thori Zsigmond fejedelem gy\u00f3ntat\u00f3ja lett (1591\u201393), ezut\u00e1n v\u00e1ndorsz\u00f3nok, Udvarhelyen t\u00e9r\u00edtett (1593\u201395), majd Kv.-on (1596), Gyulafeh\u00e9rv\u00e1ron h\u00e1zgondnok (1597\u2013). Gyulafeh\u00e9rv\u00e1rr\u00f3l Sz\u00e9kelyudvarhelyre t\u00e1vozott. Majd hosszas felvid\u00e9ki, csehor.-i, d\u00e9lvid\u00e9ki v\u00e1ndorl\u00e1sok ut\u00e1n visszat\u00e9rt Kv.-ra. V\u00e1gselly\u00e9n a rendh\u00e1z \u00e9p\u00edt\u00e9s\u00e9t ir\u00e1ny\u00edtotta (1600\u201305); Z\u00e1gr\u00e1bban h\u00e1zf\u0151n\u00f6k (1607\u2013), br. Forg\u00e1ch Zsigmond kassai (1609\u2013), B\u00e1nffy Krist\u00f3f als\u00f3lendvai, Esterh\u00e1zy Mikl\u00f3s als\u00f3lendvai udvar\u00e1ban pap; P\u00e9csett misszi\u00f3sf\u0151n\u00f6k (1613\u2013), Gyulafeh\u00e9rv\u00e1ron lelkip\u00e1sztor volt (1617\u2013), a p\u00e9csi pr\u00e9post, Erd\u00e9lyi Istv\u00e1n erd\u00e9lyi consiliariusnak \u00e9s Tordamegye f\u0151isp\u00e1nj\u00e1nak papja volt Gernyeszegen; k\u00e9s\u0151bb hallerk\u0151i Haller Zsigmond udvari k\u00e1pl\u00e1nja Betlenben. Testv\u00e9r\u00e9vel egy k\u00f6z\u00f6s h\u00e1zuk volt Mv.-n a szent Kozma-utc\u00e1ban a ma is meglev\u0151 v\u00e1r mellett, ami t\u0171zv\u00e9szben t\u00f6nkrement (1613-ban), peregrin\u00e1ci\u00f3b\u00f3l hazaj\u00f6tt a jog\u00e1t k\u00f6vetelte \u00e9s a v\u00e1ros k\u00e1rtalan\u00edtotta (kiel\u00e9g\u00edtette \u0151t 150 forinttal). \u2013 <strong>F. m.:<\/strong> Egyn\u00e9h\u00e1ny t\u00e9velg\u0151 k\u00e9rd\u00e9sre r\u00f6vid kereszt\u00e9nyi feleletek (B\u00e9cs, 1604, 1615, 1617); Az emberi \u00e1llatnak n\u00e9gy utols\u00f3 dolgair\u00f3l val\u00f3 int\u00e9sek (H. n., \u00e9. n.); Esztend\u0151 altal Az Anyaszentegyh\u00e1zt\u00f3l rendeltetett Vas\u00e1rnapokra \u00e9s Innepekre Evangeliumok es Epistol\u00e1k, az Ezekre val\u00f3 Lelki elm\u00e9lked\u00e9sek. (B\u00e9cs, 1618); Vilag kezdetit\u00f6l fogva, iosagos, es gonosz czelekedeteknek p\u00e9l\u00e1inak Summ\u00e1i. Szent Irasnak, o, \u00e9s Vy Testamentomabol: Szent Atyaknak, es Pog\u00e1n B\u00f6lcseknek Ir\u00e1saibol&#8230; (Kassa, 1623); <strong>ford.:<\/strong> P. Canisius: Az ke\u00adreszty\u00e9ni tudom\u00e1nynak r\u00f6vid summainac r\u00e9\u00adszei&#8230;. ( Kv., 1599; B\u00e9cs, 1604, 1617; Pozsony, 1624; Nagyszombat, 1696. A k\u00f6tet elej\u00e9n napt\u00e1r van, mely n\u00e1lunk az els\u0151 volt \u00e9s a p\u00e1p\u00e1k, m. kir\u00e1lyok kronol\u00f3gi\u00e1ja 1609 ig ); Kempis Tam\u00e1s n\u00e9gy k\u00f6nyve. (Kv., 1604); Iesus \u2020 M\u00e1ria. Esztendeo \u00e1ltal az aniazentegihaztol rendeltetett vasornapokra, es innep napokra Epistolak&#8230; (B\u00e9cs, 1618); Jesus + Maria. Esztendeo altal az aniazentegihaztol rendeltetet vasarnapokra, es innep napokra Epistolak, Es Azoknak Svmm\u00e1ja.. (ford., B\u00e9cs 1618), Kempisi Tam\u00e1s: Christus Iesus K\u00f6vetes\u00e9r\u0151l val\u00f3 K\u00f6nyvek. Legyetek Isten k\u00f6vet\u0151k mint szerelmes fiaik. Eph. 5. v. 1. (Kv., 1622); Vil\u00e1g kezdetit\u0151l fogva, iosagos, es gonosz czelekedeteknek p\u00e9ld\u00e1inak Summ\u00e1i Szent Irasnak o es uj Testamentomabol, Szent Atyaknak es Pogan B\u00f6lczeknek Irasaibol&#8230; (Kassa, 1623; r\u00e9szletek: M. elbesz\u00e9l\u0151k, 16\u201318. sz. Bp., 1986). <br \/><strong>Irod.:<\/strong> Ferenczy-Danielik; Holl B\u00e9la\u00a0: V. G. p\u00e1ly\u00e1ja (Irod.T\u00f6rt. K\u00f6zlem, 1983); Hor\u00e1nyi; Koncz J\u00f3zsef: Cs. M. \u00e9s Marosv\u00e1s\u00e1rhelyi Gergely \u00edr\u00f3k \u00e9letrajz\u00e1hoz (Figyel\u0151, 1889); L\u00e1nyi K\u00e1roly : Magyar egyh\u00e1zt\u00f6rt\u00e9nelme (Esztergom, 1869); A n\u00e9gysz\u00e1z\u00e9ves J\u00e9zust\u00e1rsas\u00e1g (Bp., 1940); R\u00e9gi magyar k\u00f6lt\u0151k t\u00e1ra (Bp., 1877\u201386); RMK; Rugonfalvi Kiss; Szinnyei; Toldy; T\u00f3th Istv\u00e1n: A gyulafeh\u00e9rv\u00e1ri humanista k\u00f6lt\u00e9szet antol\u00f3gi\u00e1ja (Bp., 2001); T\u00f3th Istv\u00e1n: Sz\u00edvvel, sz\u00f3val, tiszta \u00e9sszel (Bp., 2001); \u00daM\u00c9L<\/br><\/p>\n","protected":false},"excerpt":{"rendered":"<p>Mv., 1561., \u2020 Kv., 1623. okt. 18.: jezsuita \u00e1ldoz\u00f3 pap, hitsz\u00f3nok, egyh\u00e1zi \u00edr\u00f3. \u2013 A kor szok\u00e1sa szerint csal\u00e1di nev\u00e9t \u2013 M\u00e9sz\u00e1ros, azon k\u00f6zs\u00e9g nev\u00e9vel cser\u00e9lte f\u00f6l, ahol sz\u00fcletett. A lengyelo.-i jezsuit\u00e1k rendj\u00e9be l\u00e9pett 23 \u00e9ves kor\u00e1ban (1584). K\u00fcl\u00f6n\u00f6sen hitt\u00e9r\u00edt\u00e9sre adta mag\u00e1t: Kv.-on (1587), Moldov\u00e1ban (1588), Braunsbergben (1590), Als\u00f3lendv\u00e1n misszi\u00f3ban vett r\u00e9szt, majd P\u00e9csre ment, [&hellip;]<\/p>\n","protected":false},"featured_media":0,"comment_status":"open","ping_status":"closed","template":"","meta":[],"product_brand":[],"product_cat":[137],"product_tag":[],"class_list":{"0":"post-14747","1":"product","2":"type-product","3":"status-publish","5":"product_cat-maros-megyei-eletrajzi-lexikon","7":"first","8":"instock","9":"shipping-taxable","10":"product-type-simple"},"_links":{"self":[{"href":"https:\/\/uj.adatbank.ro\/lexikon\/wp-json\/wp\/v2\/product\/14747","targetHints":{"allow":["GET"]}}],"collection":[{"href":"https:\/\/uj.adatbank.ro\/lexikon\/wp-json\/wp\/v2\/product"}],"about":[{"href":"https:\/\/uj.adatbank.ro\/lexikon\/wp-json\/wp\/v2\/types\/product"}],"replies":[{"embeddable":true,"href":"https:\/\/uj.adatbank.ro\/lexikon\/wp-json\/wp\/v2\/comments?post=14747"}],"wp:attachment":[{"href":"https:\/\/uj.adatbank.ro\/lexikon\/wp-json\/wp\/v2\/media?parent=14747"}],"wp:term":[{"taxonomy":"product_brand","embeddable":true,"href":"https:\/\/uj.adatbank.ro\/lexikon\/wp-json\/wp\/v2\/product_brand?post=14747"},{"taxonomy":"product_cat","embeddable":true,"href":"https:\/\/uj.adatbank.ro\/lexikon\/wp-json\/wp\/v2\/product_cat?post=14747"},{"taxonomy":"product_tag","embeddable":true,"href":"https:\/\/uj.adatbank.ro\/lexikon\/wp-json\/wp\/v2\/product_tag?post=14747"}],"curies":[{"name":"wp","href":"https:\/\/api.w.org\/{rel}","templated":true}]}}