{"id":15714,"date":"2025-07-15T13:44:40","date_gmt":"2025-07-15T11:44:40","guid":{"rendered":"https:\/\/uj.adatbank.ro\/lexikon\/termek\/molnar-samuel-alsocsernatoni\/"},"modified":"2025-07-15T13:44:40","modified_gmt":"2025-07-15T11:44:40","slug":"molnar-samuel-alsocsernatoni","status":"publish","type":"product","link":"https:\/\/uj.adatbank.ro\/lexikon\/termek\/molnar-samuel-alsocsernatoni\/","title":{"rendered":"MOLN\u00c1R S\u00e1muel, als\u00f3csern\u00e1toni"},"content":{"rendered":"<p>H\u00e9derf\u00e1ja, 1787. szept. 1., \u2020 Mv., 1832 dec. 20. s\u00edrja a mv.-i Ref.temet\u0151ben: tan\u00e1r.- Moln\u00e1r Gy\u00f6rgy h\u00e9derf\u00e1i ref. pap fia. Feles\u00e9ge: Antal Borb\u00e1ra. Tanul\u00e1s\u00e1t a mv.-i ref. koll\u00e9giumban ind\u00ed- totta be, itt folytatta \u00e9s be is fejezte, &#8222;azzal a k\u00fcl\u00f6n\u00f6s bel\u00e1t\u00f3 \u00e9sszel, mellyel az Isten meg\u00e1ldotta volt, eg\u00e9sz v\u00e9gig minden tudom\u00e1nyokat a legnagyobb dics\u00e9rettel tanulv\u00e1n, itt szerzett ismereteit k\u00fcls\u0151 orsz\u00e1gokon meg\u00f6regb\u00edtve, ugyan ide gazdagon adta vissza, mint egy azon f\u00f6ldre, mely felnevelte, gy\u00fcm\u00f6lcs\u00f6s \u00e1gaival \u00e9l\u0151 fa.&#8221; (Magyar Kurir, 1833. I. 2. sz.). De\u00e1k lett (1804) \u00e9s az int\u00e9zet k\u00f6nyvt\u00e1r\u00e1t kezelte (1807\u201311), mely hivat\u00e1s\u00e1val igen kedvez\u0151 alkalma ny\u00edlt az \u00f6nk\u00e9pz\u00e9sre. A contra scribai hivatallal tisztelte meg a tan\u00e1ri kar (1811), majd G\u00f6tting\u00e1ba (1812), Heidelbergbe (1813) ment de itt a h\u00e1bor\u00fas id\u0151k miatt kev\u00e9s ig\u00e9ig maradhatott \u00e9s \u00edgy B\u00e9csbe ment, hol h\u00e1rom \u00e9vet t\u00f6lt\u00f6tt az egyetemen. Hazaj\u00f6vetele ut\u00e1n gr. Teleki Domokos fia, Elek mell\u00e9 ker\u00fclt nevel\u0151nek, majd megv\u00e1lasztott\u00e1k a mv. ref. koll. teol. tansz\u00e9k\u00e9re (1817. szept. 22.\u20131832. okt. 19.), rektor is volt t\u00f6bb \u00e9vig. Mint atyai \u00e9s anyai \u00e1gon papi eredet\u0171, sz\u00e1rmaz\u00e1s\u00e1t nem hazudtolta meg, mert egyike volt kora legalaposabb \u00e9s legk\u00e9pzettebb teologusainak. Mint tan\u00e1r a filoz\u00f3fiai \u00e9s teologiai tudom\u00e1nyokban eur\u00f3pai sz\u00ednvonalon \u00e1llott, el\u0151ad\u00e1saiban pedig az igazi tud\u00f3s \u00f6n\u00e1ll\u00e1sa \u00e9rv\u00e9nyes\u00fclt, \u00e9pen \u00fagy kidolgozott el\u0151ad\u00e1si rendszere sok\u00e1ig ir\u00e1nyad\u00f3 forr\u00e1sul maradt az erd\u00e9lyi ref. teologiai tansz\u00e9keken. Hal\u00e1l\u00e1t S\u00e1muel nev\u0171 fia korai hal\u00e1la feletti b\u00e1nata okozta, kinek s\u00edrj\u00e1hoz gyakran ell\u00e1togatott, megh\u0171lt \u00e9s egy h\u00e9tig tart\u00f3 t\u00fcd\u0151gyullad\u00e1s ut\u00e1n, 45 \u00e9ves kor\u00e1ban elhunyt. Gy\u00e1szjelent\u00e9s\u00e9ben tan\u00e1rt\u00e1rsa, Bolyai, meghat\u00f3 von\u00e1sokkal jellemzi, amikor \u00edrja: &#8222;Ott van \u0151 m\u00e1r azon minden vil\u00e1goss\u00e1g eredeti k\u00fatfej\u00e9n\u00e9l, melynek sugarait ezen f\u00f6ldi set\u00e9t kamar\u00e1ban mutogatta, s bontogatta \u2013 s ott van az \u0151 kedves els\u0151 sz\u00fcl\u00f6tt 12 esztend\u0151s S\u00e1muel fij\u00e1val, kiben a haza, ha nem t\u00f6bbet, az atyj\u00e1t ugyanezen esztend\u0151ben m\u00e9g egyszer vesztette el. Nagy sebet ejtett ez az atyai sz\u00edvbe, s ha nem egyed\u00fcl ez tette a kopors\u00f3ba, vonta abba a sz\u00e9p vil\u00e1gba, a hol a mi innen elment kedveseink vannak \u2013 nincsen vonz\u00f3d\u00e1s vonz\u00f3 n\u00e9lk\u00fcl s a kiket elvesztett\u00fcnk, vannak valahol; a hov\u00e1 mi is nemsok\u00e1ra elmegy\u00fcnk. Az \u0151 kedves fi\u00e1hoz ment \u0151 is, b\u00e1r p\u00e1ly\u00e1ja k\u00f6zep\u00e9r\u0151l, az \u00e9let koszor\u00faj\u00e1val \u2013 megharcolta \u0151 a maga r\u00e9sz\u00e9t, s boldog \u0151 m\u00e1r. De keseregnek az \u0151 munkat\u00e1rsai s r\u00e9szint volt tan\u00edt\u00f3i; a koll\u00e9gium egy gy\u00e1szbaborult anya, n\u00e9m\u00e1k a kedves tan\u00edt\u00f3 szav\u00e1val ekhozott falak, zokog az 5 \u00e1rva, kik k\u00f6z\u00fcl a legnagyobb sincs t\u00edz esztend\u0151s, a legkisebb nincs 10 h\u00f3napos s a keserves \u00f6zvegy: Antal Borb\u00e1ra, kivel 1818-ban okt\u00f3ber 14-\u00e9n l\u00e9pett vala h\u00e1zass\u00e1gi \u00e9letre \ufffd t\u00f6rlik k\u00e9nyeiket, a mag\u00e1\u00e9i let\u00f6rl\u00e9s\u00e9re a mindenek atyj\u00e1t h\u00edva.&#8221; Neje: Antal Borb\u00e1ra, Antal J\u00e1nos ref. p\u00fcsp\u00f6k le\u00e1nya (mh. 1881. j\u00fan. 27-\u00e9n, 81 \u00e9ves kor\u00e1ban). Gyermekei: Gy\u00f6rgy (h\u00e9derf\u00e1i ref. pap, egyh\u00e1zmegyei f\u0151jegyz\u0151), J\u00e1nos (ref. koll. tan\u00e1r), Zsigmond (\u00fcgyv\u00e9d, a Gecse-int\u00e9zet p\u00e9nzt\u00e1rnoka) \u00e9s Mari (Intze J\u00e1nos sz\u00e1szv\u00e1rosi ref. pap neje). Meleg bar\u00e1ts\u00e1g f\u0171zte vadadi Filep J\u00f3zsefhez, a h\u00edres jogtud\u00f3s fisc\u00e1lis-directorhoz. S\u00edr\u00edrata a ref. temet\u0151ben (Bolyai Farkas sz\u00f6vege): Mint egy d\u00e9li nap fogyt\u00e1ra elset\u00e9t\u00fcl a vid\u00e9k: alapos &#8216;s \u00e9p\u00fcletes tudom\u00e1ny\u00fa, tiszta lelk\u0171, &#8216;s okos, tsendes korm\u00e1nyu theol. prof. A. Cs. Moln\u00e1r S\u00e1muelnek, a&#8217; m. v. r. koll. ifjai meg annyi \u00e9l\u0151 eml\u00e9kek. A&#8217; j\u00f6v\u0151 id\u0151kre emelek 1833-ban. Azt az \u00e1ld\u00e1st k\u00e9v\u00e1nva az itt porl\u00f3 sz\u00edvre, mely atyai \u00e9rz\u00e9ssel befogadott f\u00e9l ezerrel vert, hogy az 5 \u00e1rv\u00e1i is b\u00e1r egy-egy atyai sz\u00edvre tal\u00e1ljanak.. A V\u00e1rtemplom toronygombirat\u00e1ban (1822), mint teol\u00f3giai prof.-t eml\u00edtett\u00e9k. <br \/><strong>Irod.:<\/strong> Cs\u00e1ky; Gy\u00e1szjelent\u0151; Keszeg; Koncz; Kozma; Kr\u00f3n F\u00fcz. (1939. 4\/7); ; Mv.-i ref. temet\u0151; P\u00e1lmay J\u00f3zsef; P\u00e1l-Antal 2009 ; Szab\u00f3-Sz\u00f6gi<\/br><\/p>\n","protected":false},"excerpt":{"rendered":"<p>H\u00e9derf\u00e1ja, 1787. szept. 1., \u2020 Mv., 1832 dec. 20. s\u00edrja a mv.-i Ref.temet\u0151ben: tan\u00e1r.- Moln\u00e1r Gy\u00f6rgy h\u00e9derf\u00e1i ref. pap fia. Feles\u00e9ge: Antal Borb\u00e1ra. Tanul\u00e1s\u00e1t a mv.-i ref. koll\u00e9giumban ind\u00ed- totta be, itt folytatta \u00e9s be is fejezte, &#8222;azzal a k\u00fcl\u00f6n\u00f6s bel\u00e1t\u00f3 \u00e9sszel, mellyel az Isten meg\u00e1ldotta volt, eg\u00e9sz v\u00e9gig minden tudom\u00e1nyokat a legnagyobb dics\u00e9rettel tanulv\u00e1n, [&hellip;]<\/p>\n","protected":false},"featured_media":0,"comment_status":"open","ping_status":"closed","template":"","meta":[],"product_brand":[],"product_cat":[137],"product_tag":[],"class_list":{"0":"post-15714","1":"product","2":"type-product","3":"status-publish","5":"product_cat-maros-megyei-eletrajzi-lexikon","7":"first","8":"instock","9":"shipping-taxable","10":"product-type-simple"},"_links":{"self":[{"href":"https:\/\/uj.adatbank.ro\/lexikon\/wp-json\/wp\/v2\/product\/15714","targetHints":{"allow":["GET"]}}],"collection":[{"href":"https:\/\/uj.adatbank.ro\/lexikon\/wp-json\/wp\/v2\/product"}],"about":[{"href":"https:\/\/uj.adatbank.ro\/lexikon\/wp-json\/wp\/v2\/types\/product"}],"replies":[{"embeddable":true,"href":"https:\/\/uj.adatbank.ro\/lexikon\/wp-json\/wp\/v2\/comments?post=15714"}],"wp:attachment":[{"href":"https:\/\/uj.adatbank.ro\/lexikon\/wp-json\/wp\/v2\/media?parent=15714"}],"wp:term":[{"taxonomy":"product_brand","embeddable":true,"href":"https:\/\/uj.adatbank.ro\/lexikon\/wp-json\/wp\/v2\/product_brand?post=15714"},{"taxonomy":"product_cat","embeddable":true,"href":"https:\/\/uj.adatbank.ro\/lexikon\/wp-json\/wp\/v2\/product_cat?post=15714"},{"taxonomy":"product_tag","embeddable":true,"href":"https:\/\/uj.adatbank.ro\/lexikon\/wp-json\/wp\/v2\/product_tag?post=15714"}],"curies":[{"name":"wp","href":"https:\/\/api.w.org\/{rel}","templated":true}]}}