{"id":15725,"date":"2025-07-15T13:45:02","date_gmt":"2025-07-15T11:45:02","guid":{"rendered":"https:\/\/uj.adatbank.ro\/lexikon\/termek\/molter-karoly-%c2%a7\/"},"modified":"2025-07-15T13:45:02","modified_gmt":"2025-07-15T11:45:02","slug":"molter-karoly-%c2%a7","status":"publish","type":"product","link":"https:\/\/uj.adatbank.ro\/lexikon\/termek\/molter-karoly-%c2%a7\/","title":{"rendered":"MOLTER K\u00e1roly, \u00a7"},"content":{"rendered":"<p>\u00d3verb\u00e1sz, 1890.dec.2, \u2020 Mv., 1981.nov.30., a mv.-i Kult\u00farpalota el\u0151csarnok\u00e1ban ravatalozt\u00e1k fel, a ref. temet\u0151ben nyugszik: tan\u00e1r, \u00edr\u00f3, kritikus, irodalomt\u00f6rt\u00e9n\u00e9sz. \u2013 Csal\u00e1dja r\u00e9szben n\u00e9met, r\u00e9szben francia, 1782 ben eml\u00edtik el\u0151sz\u00f6r sz\u00fclet\u00e9si hely\u00e9n. Apja halad\u00f3 gondolkod\u00e1s\u00fa, szabads\u00e1g\u00e9rt lelkesed\u0151 kov\u00e1csmester volt, tan\u00edttatta minden gyermek\u00e9t. Feles\u00e9ge. Marosi Zs\u00f3fia (1918. dec. 31.\u2013). Fiaik: P\u00e9ter, P\u00e1l, Barna. \u2013 \u00dajverb\u00e1szon j\u00e1rt iskol\u00e1ba, majd a kecskem\u00e9ti ref. koll.-ban tanult (1904\u20131908) \u00e9s \u00e9retts\u00e9gizet, Kecskem\u00e9ten tanult meg j\u00f3l magyarul \u00e9s a gyors\u00edr\u00e1st, aminek nagy haszn\u00e1t vette, amikor r\u00f6vid ideig haditud\u00f3s\u00edt\u00f3k\u00e9nt m\u0171k\u00f6d\u00f6tt a balk\u00e1ni h\u00e1bor\u00faban, majd gyors\u00edr\u00f3k\u00e9nt a pesti parlamentben, ahol beiratkozott az egyetemre. A bp.-i P\u00e1zm\u00e1ny P\u00e9ter TE B\u00f6lcs\u00e9sz Kar\u00e1nak n\u00e9met-magyar szak\u00e1n tan\u00e1ri oklevelet szerzett (1917. m\u00e1rc. 26.). Egyetemi tanulm\u00e1nyai befejezt\u00e9vel r\u00e9szben h\u00edrlap\u00edr\u00f3skodott, majd egy gazdag b\u00e1cskai n\u00e9met asszony mag\u00e1ntanul\u00f3 fi\u00e1t tan\u00edtotta m\u00e1sf\u00e9l \u00e9vig, utazgatva Nemeto., Franciao., Angli\u00e1ban, r\u00e9szben nagyobb tanulm\u00e1nyutakat tett a Balk\u00e1non, Londonban, P\u00e1rizsban, Br\u00fcsszelben, \u00c9-Olaszo.-ban, N\u00e9meto.-ban \u00e9s Ausztri\u00e1ban. A kv.-i ref. p\u00fcsp\u00f6ks\u00e9gen megp\u00e1ly\u00e1zta a mv.-i Ref. Koll. n\u00e9met-m. szakos tan\u00e1ri \u00e1ll\u00e1s\u00e1t \u00e9s Mv.-re telepedett (1913\u2013), a mv.-i Ref. Koll. helyettes tan\u00e1ra, intern\u00e1tusi fel\u00fcgyel\u0151 (1913. aug. 28.\u20131918. j\u00fan. 8.), rendes tan\u00e1r (1918. j\u00fan. 8.\u201345). A l\u00e1zasan \u00e9p\u00edtkez\u0151 kisv\u00e1ros szellemi \u00e9lete egyhang\u00fanak tetszett Pest ut\u00e1n, gyakran j\u00e1rt Pestre \u00e9s B\u00e9csbe sz\u00ednh\u00e1zba, oper\u00e1ba. Szorgalmasan j\u00e1rt a kaszin\u00f3ba. Megh\u00e1zasodott, Tev\u00e9keny r\u00e9szt vev\u0151je volt az \u00f6n\u00e1ll\u00f3sul\u00f3 m. irodalmi \u00e9letnek (1918 ut\u00e1n). \u00dajs\u00e1gcikkeket, b\u00edr\u00e1latokat \u00edrt, levelezett az erd\u00e9lyi irodalmi \u00e9let csaknem minden jelent\u0151s szem\u00e9lyis\u00e9g\u00e9vel, a Kalauz, Sz\u00ednh\u00e1z, T\u00fc\u00adk\u00f6r c. lapban \u00e9l\u00e9nk publicisztikai tev\u00e9kenys\u00e9\u00adget fejtett ki (1918\u201325), a Zord Id\u0151 c\u00edm\u0171 lap egyik szerkeszt\u0151je \u00e9s \u00e1lland\u00f3 munkat\u00e1rsa (1919. aug.\u2013). A mv.-i Forradal\u00e9mi Nemzeti Tan\u00e1cs tagja volt (1918). A Mv.-en megalak\u00edtott Radik\u00e1lis-Demokrata P\u00e1rt titk\u00e1ra volt (1918). Munk\u00e1sotthonokban tartott el\u0151ad\u00e1sokat. A mv.-i J\u00f6v\u0151 N\u00e9pe havi foly\u00f3irat (1919\u201320), a Cirkusz c. \u00e9lclap szerk. (1920\u201321), a Sz\u00e9kelyf\u00f6ld szerk. (1920). A KZST tagja (1920\u2013). A Mv.-i Kaszin\u00f3 titk\u00e1ra (1923). Hozz\u00e1 k\u00f6lt\u00f6z\u00f6tt S\u00e9nyi L\u00e1szl\u00f3 a KZST titk\u00e1ra, \u00e9s egy\u00fctt szervezt\u00e9k a Koll. d\u00edszterm\u00e9ben tartand\u00f3 el\u0151ad\u00e1sokat. Tagja az Erd\u00e9lyi Irodalmi T\u00e1rsas\u00e1gnak (1921\u2013); az Erd\u00e9lyi Helikon egyik vez\u00e9regy\u00e9nis\u00e9gek\u00e9nt rendszeresen r\u00e9szt vett a marosv\u00e9csi Helikoni napokon (1926\u2013), az Erd\u00e9lyi Sz\u00e9pm\u00edves C\u00e9h irodalmi lektora, a Baumgarten d\u00edjb\u00edr\u00e1l\u00f3 bizotts\u00e1g tagja. A k\u00e9t vh. k\u00f6z\u00f6tt hat\u00e1rozottan szembesz\u00e1llt mindenfajta nacio\u00adnalizmussal, a n\u00e9met nemzeti szocializmus eszm\u00e9ivel, s a t\u00e1rs. halad\u00e1s szellem\u00e9ben a nemzetis\u00e9gek k\u00f6z\u00f6tti egy\u00fcttm\u0171k\u00f6d\u00e9s megte\u00adremt\u00e9s\u00e9\u00e9rt l\u00e9pett fel. Szorgalmazta a m., a ro\u00adm\u00e1n \u00e9s a sz\u00e1sz \u00edr\u00f3k egym\u00e1shoz k\u00f6zeled\u00e9s\u00e9t, \u00e9s sokat is tett ennek \u00e9rdek\u00e9ben. Els\u0151 sz\u00ednpadi bemutatkoz\u00e1sa: Har\u00e1mbas\u00e1k : vigj\u00e1t\u00e9k (el\u0151adt\u00e1k Mv.-en 1920). \u00d6zvegyorsz\u00e1g c. t\u00f6rt\u00e9neti vigj\u00e1t\u00e9k\u00e1val r\u00e9szt vett a kv.-i m. sz\u00ednh\u00e1z sz\u00ednm\u0171p\u00e1ly\u00e1zat\u00e1n (1924). Tov\u00e1bbi sz\u00ednm\u0171vei: Az \u00d6r\u00f6kmozg\u00f3 (1943 el\u0151adt\u00e1k a bp.-i Nemzeti Sz\u00ednh\u00e1zban, majd a kv.-i Nemzeti Sz\u00ednh\u00e1zban Tompa Mikl\u00f3s rendezte, 1944); A csal\u00f3 is csal\u00f3dik (1955) Az erd\u00e9lyi m. PEN-club tagja Akt\u00edvan r\u00e9szt vett a Mv.-i Tal\u00e1lkoz\u00f3 szervez\u00e9s\u00e9ben (1937), amely hat\u00e1rozottan ki\u00e1llt a rom\u00e1n n\u00e9p \u00e9s az egy\u00fcttlak\u00f3 nemzetis\u00e9gek testv\u00e9ris\u00e9g\u00e9\u00e9rt. R\u00e9szt vett a KZST bp.-i irodalmi turn\u00e9j\u00e1n, Kass\u00e1n, S\u00e1toralja\u00fajhelyen, Sopronban, Debrecenben.(1942). A bp.-i Nemzeti Sz\u00ednh\u00e1zban bemutatt\u00e1k az \u00d6r\u00f6kmozg\u00f3 c. sz\u00ednm\u0171v\u00e9t (1943). A kv.-i m. egy.-en b\u00f6lcs\u00e9szdoktori oklevelet szerzett (1945), uo. a BTE-n a n\u00e9met irodalom tansz\u00e9k\u00e9nek professzor\u00e1v\u00e1 nevezt\u00e9k ki \u00e9s a b\u00f6lcs\u00e9szeti kar d\u00e9k\u00e1nja nyug\u00add\u00edjaz\u00e1s\u00e1ig (1945\u201350). A securitate megfigyeltette tev\u00e9kenys\u00e9g\u00e9t, f\u0151leg a Bethlen G\u00e1bor szabadk\u0151m\u0171ves p\u00e1holybeli m\u00faltja ir\u00e1nt \u00e9rdekl\u00f3dtek (1953). \u00dajabb \u00f6t \u00e9v eltelt\u00e9vel a mv.-i Szentgy\u00f6rgyi Istv\u00e1n Sz\u00ednm\u0171v\u00e9szeti Int\u00e9zetben sz\u00ednh\u00e1zt\u00f6rt\u00e9netet tan\u00edtott (1955\u201357). Versei, elb., <strong>Cikkei:<\/strong> B\u00e1csmegye, Budapest, Egyet\u00e9rt\u00e9s, Orsz\u00e1g-Vil\u00e1g, S\u00fcdb\u00e1cska, majd novell\u00e1i, reg\u00e9nyei, irodalmi tanulm\u00e1nyai, az \u00fajabb n\u00e9met irodalomb\u00f3l val\u00f3 ford\u00edt\u00e1sai (1918\u2013): Brass\u00f3i Lapok, Ellenz\u00e9k, Erd\u00e9lyi Levlek, Fajank\u00f3, G\u00e9niusz, Kalauz, Keleti \u00dajs\u00e1g, Napkelet, P\u00e1sztort\u0171z, , T\u00fck\u00f6r, Vas. \u00dajs\u00e1g., Zord Id\u0151, Aranykal\u00e1sz, \u00c9let \u00e9s Irodalom, Magyars\u00e1g, Szabad N\u00e9p-ben jelentek meg. K\u00f6z\u00f6lt a mv.-i lapokban is az Ardealul Nou, Cadran mure\u015fan, Igaz Sz\u00f3, Szabad Sz\u00f3, V. Z. has\u00e1bjain jelentek meg. Sz\u00edndarabjait Kv.-on Pesten, Buk.-ben adt\u00e1k ki. Kedvenc irodalmi m\u0171faja a novella. Feles\u00e9ge Marosi Zs\u00f3fia, megmentette az ut\u00f3kor sz\u00e1m\u00e1ra f\u00e9rje gazdag levelez\u00e9s\u00e9t, a csal\u00e1d hagyat\u00e9k\u00e1b\u00f3l kb. n\u00e9gyezer levelet adott \u00e1t a MTA lev\u00e9lt\u00e1r\u00e1nak. A csal\u00e1d Tr\u00f3zner Lajos elk\u00f6lt\u00f6z\u00e9se ut\u00e1n \u00e1tk\u00f6lt\u00f6z\u00f6tt abba a tan\u00e1ri h\u00e1zba, melynek hely\u00e9n a Bolyai-h\u00e1z \u00e1llt (1931), itt \u00e9lte le tov\u00e1bbi \u00e9let\u00e9t. A h\u00e1zon k\u00e9t eml\u00e9kt\u00e1bla \u00e1ll \u2013 az egyik a Bolyaiak, a m\u00e1sik M. K. \u00edr\u00f3 eml\u00e9k\u00e9t \u00f6r\u00f6k\u00edti meg a mv.-i \u00cdr\u00f3i Egyes\u00fclet kezdem\u00e9nyez\u00e9s\u00e9re, 100. sz\u00fclet\u00e9snapja alkalm\u00e1val (1990). 70. sz\u00fclet\u00e9snapja alkalm\u00e1val az Igaz Sz\u00f3 \u00f6ssze\u00e1ll\u00edt\u00e1sban \u00fcnnepelte 12 \u00edr\u00f3 megeml\u00e9kez\u00e9s\u00e9vel. <strong>Kit\u00fcntet\u00e9sei:<\/strong> Ro. Munka\u00e9rdemrend 2. fokozata (1956); Az RNK Csillaga \u00c9rdemrend 3. fokozata (1960); a Mv.-i \u00cdr\u00f3i Egyes\u00fclet D\u00edja (1968); az Igaz Sz\u00f3 foly\u00f3irat kritikai d\u00edja (1968). Mv.-en utca viseli a nev\u00e9t. \u2013 <strong>F. m.:<\/strong> Har\u00e1mbas\u00e1k (v\u00edgj\u00e1t\u00e9k; Mv., 1920); Majdnem h\u0151s\u00f6k (elb.; Mv., 1925); \u00d6zvegyorsz\u00e1g (dr\u00e1ma; Kv., 1925; Mv., 1926); Tank (sz\u00ednm\u0171; 1926); Met\u00e1nia RT (reg.; Kv., 1929; Bp., 1930; Buk., 1969; A Kem\u00e9ny Zsigmond Irodalmi T\u00e1rsas\u00e1g f\u00e9lsz\u00e1zados jubileuma nyom\u00e1n = \u00dcnnepi konyv; (Mv., 1930); Metania S. A., ford. Veronica B\u00e2rl\u0103deanu; Buc., 1985); Faluszerz\u0151 (kisreg.; Brass\u00f3, 1935); Tibold M\u00e1rton (reg.; Kv. 1937; Bp., 1937; Buk., 1958; Kv., 1984); Bolond kisv\u00e1ros (elb.; Kv., 1942; Kv., Bp., 1943, 1976; Mv., 2008); Reform\u00e1ci\u00f3 \u00e9s m. m\u0171velts\u00e9g (Kv., 1944); \u00d6r\u00f6kmozg\u00f3 (Bp., 1944; 1945); Deutsche Literatur im. XX. Jahrhundert : egy. jegyzet (Kv., 1945\u201346); Der B\u00fcrger in der deutschen Literatur (egy. el\u0151ad\u00e1sok; Kv., 1948); Csal\u00f3 is csal\u00f3dik (v\u00edgj\u00e1t\u00e9k; Buk., 1956); Harci mo\u00adsolyok (karc., elb.; Mv., 1956); Iparkodj, kisfiam! (elb.; Buk., 1964); Szellemi belh\u00e1bor\u00fa (tan., cikkek, krokik, 1918\u20131944; Buk., 1968); Termitele, ford. Andrei Fisch; Buc., 1973); Met\u00e1nia RT \u2013 Tibold M\u00e1rton (reg.-ek; Buk., 1969); Komor korunk der\u0171je (anekdot\u00e1k; Buk., 1971); \u00d6r\u00f6kmozg\u00f3. Tank. Csal\u00f3 is csal\u00f3dik (sz\u00ednm\u0171vek; Buk., 1974; \u00d6r\u00f6kmozg\u00f3. H\u00e1rom sz\u00ednm\u0171; Buk., 1976); Bolond kisv\u00e1ros (v\u00e1l. novell\u00e1k; Kv., 1976; Mv., 2008); Bubor\u00e9kharc (cikkek; Buk., 1980); M. K. levelez\u00e9se (Sajt\u00f3 al\u00e1 rendezte, jegyzetek Marosi Ildik\u00f3; 1.k.: 1914\u20131926., Bp.-Kv., 1995; 2. k.: 1927\u20131932; Bp.-Kv., 2001; 3. k.: 1933\u20131937; Bp.-Kv., 2007); Metania S. A. (Roman. Traducere de Veronica B\u00eerl\u0103deanu. Prefa\u0163\u0103 de Aurel Drago\u015f Munteanu. Buc., 1985), Erd\u00e9lyi rozsda (Mv., 2000); Erd\u00e9lyi argonaut\u00e1k (Mv., 2000); Keleti \u00e1llom\u00e1son (Mv., 2001); <strong>antol\u00f3g.:<\/strong> Erd\u00e9lyi t\u00f6rt\u00e9netek (Bp., 1924); Balogh Endre eml\u00e9kezete (Kv., 1925); Erd\u00e9lyi almanach (Bp., 1925), A g\u00f6mb = \u00dcnnepi k\u00f6nyv (Mv., 1930); Koszor\u00fa (Bp., 1931); Erd\u00e9lyi csillagok (Kv., 1935); Erd\u00e9lyi v\u00e1rosk\u00e9pek (Bp., 1936); Erd\u00e9lyi Magyar \u00c9vk\u00f6nyv (Brasss\u00f3, 1937); S\u00e9ta a b\u00f6lcs\u0151helyem k\u00f6r\u00fcl (Bp., 1939); Fegyverek k\u00f6zt -m\u00fazs\u00e1k (Kv., 1940); Erd\u00e9lyi m\u00e1rtirok \u00e9s h\u0151s\u00f6k aranyk\u00f6nyve (Bp., 1941); Erd\u00e9lyi elbesz\u00e9l\u0151k (Bp., 1941); Erd\u00e9lyi elbesz\u00e9l\u0151k v\u00e1logatott munk\u00e1i (Bp., s.a.); Erd\u00e9lyi m\u00e1rtirok \u00e9s h\u0151s\u00f6k aranyk\u00f6nyve (Bp., 1941); Erd\u00e9lyi h\u00edrmond\u00f3k : Eml\u00e9kk\u00f6nyv a Mv.-i Kem\u00e9ny Zsigmond Irodalmi T\u00e1rsas\u00e1g orsz\u00e1gos vend\u00e9gszerepl\u00e9s\u00e9r\u0151l az 1942. \u00e9v tavasz\u00e1n (Mv., 1942); N\u00e9pi magyars\u00e1g (Bp., 1943); Deutsch-Ungarisch Begegnungen (Bp.-Leipzig.-Milano, 1943); Reform\u00e1ci\u00f3 \u00e9s magyar m\u0171velts\u00e9g Sz\u00fcl\u0151f\u00f6ld\u00fcnk (Sepsiszentgy\u00f6rgy, 1944); Pet\u0151fi eml\u00e9ksorok (Mv., s.a.); Mv. \u00e9s V\u00e1rtemploma (Mv., 1990); Zord Id\u0151: 1919\u20131921 (Mv., 1998); Erd\u00e9lyi rozsda: tanulm\u00e1nyok, essz\u00e9k, t\u00e1rc\u00e1k, cikkek (Mv., 2000); Humorunkn\u00e1l vagyunk: k\u00fcl\u00f6nf\u00e9le irodalmi vid\u00e1ms\u00e1gok (Mv., 2000); <strong>ford.:<\/strong> Ieronim \u015eerbu: Szerelmi t\u00f6rt\u00e9net (ford. M\u00e1rk Alexandr\u00e1val; Buk., 1951); Fischof, Andrei: Termitele (Buc., 1975), <strong>szerk.:<\/strong> Hazai utaz\u00f3k Erd\u00e9lyben (el\u0151sz\u00f3, Kv., 1942); Sipos Domokos: A csoda (el\u0151sz\u00f3; Mv., 1958)., Erd\u00e9lyi elbesz\u00e9l\u0151k v\u00e1logatott munk\u00e1i (el\u0151sz\u00f3, Bp., s.a.). \u2013 Irod.: Adamovits; Adamovits S\u00e1ndor: Szilveszteri n\u00e1sz (N\u00fa., 1996. dec. 31.); Almanah Tg. M.; Balot\u0103; B\u00e1nffy \u2013 Marosi; Bartos 2012; Benedek Marcell: Az irodalmi m\u0171velts\u00e9g k\u00f6nyve (Kv., s.a.); B\u00e9rczes; Bi\u00e1s Bern\u00e1dy; Istv\u00e1n; Borcsa J\u00e1nos: M. K., az \u00e9p\u00edt\u0151 magyars\u00e1g \u00edr\u00f3ja (Sz\u00e9kelyf\u00f6ld, 12. sz., 2010. dec.); Bottoni 2006; Bottoni 2008; B\u00f6l\u00f6ni Domokos: M. K.-ra eml\u00e9kezt\u00fcnk (N\u00fa., 1990. dec. 11.); Chinezu; Dsida; EM; Erd\u00e9lyi L 2009, (Foto.1972); Erd\u00e9lyi Lajos: M. K. lencsek\u00f6zelben (\u00daj \u00c9let, 19. sz., 1972); Az Erd\u00e9lyi Helikon mo.-i bar\u00e1tainak aranyk\u00f6nyve (Bp., 1937); Elekes B\u00e9la 1999; Erd\u00e9lyi L.1991; Erd\u00e9lyi L 2009; Er\u0151ss; Ferenczi 1931; F\u00e9ja; Fodor S\u00e1ndor (S): Itt \u00e9lt \u00e9s dolgozott M. K. (N\u00fa., Sz\u00ednes Vil\u00e1g, 2006. m\u00e1j. 20); Fuchs Simon: Munk\u00e1smozgalom a Maros v\u00f6lgy\u00e9ben (Buk., 1975); F\u00fcl\u00f6p-Ferencz; Gagyi L\u00e1szl\u00f3: M. K. k\u00f6sz\u00f6nt\u00e9se [70. sz\u00fclet\u00e9snapj\u00e1n] (V. Z., 1960. dec. 4.); G\u00e1lfalvi Zsolt: M. K. k\u00f6sz\u00f6nt\u00e9se ( V. Z., 1965. dec. 2.); Guly\u00e1s; ; Gy\u00e1rf\u00e1s L.2013; Gy\u00f6rgy 1927; A H\u00e9t \u00c9vk.(1978); Helikon 1924\u20131944;  Id\u0151t\u00e1r 2; Id\u0151t\u00e1r 3; lsoz Lajos: Az eml\u00e9kez\u00e9s t\u00fckr\u00e9\u00adben (Igaz  Sz\u00f3, 1969); Izs\u00e1k J\u00f3zsef: M. K. irodalmi hagyom\u00e1nyai (Igaz Sz\u00f3, 1956); Izs\u00e1k J\u00f3zsef: M. K. (Igaz Sz\u00f3, 1967); Izs\u00e1k J\u00f3zsef: M. K. 90 \u00e9ves (V. Z., 1980. nov. 29.); Izs\u00e1k J\u00f3zsef: B\u00facs\u00fa M. K.-t\u00f3l (V. Z., 1981. dec. 5.); Izs\u00e1k J\u00f3zsef: M. K. sz\u00e1z \u00e9ve (Helikon, 1990); Jancs\u00f3 Elem\u00e9r: A kritikus \u00e9s az irodalomt\u00f6rt\u00e9n\u00e9sz (Igaz Sz\u00f3, 1969); K\u00e1ntor-L\u00e1ng; Katona Szab\u00f3; Kem\u00e9ny J\u00e1nos: M. K. 70 \u00e9ves (\u00daj \u00c9let, 1. sz., 1961); Kereszt\u00fary Dezs\u0151: Der\u0171s f\u00f6l\u00e9ny (Igaz Sz\u00f3, 1969); KM\u00cd; Komzsik Istv\u00e1n: L\u00e1togat\u00e1s M. K.-n\u00e1l (V. Z., 1965. dec. 4.) Kort\u00e1rs M\u00cdKL; Krist\u00f3f Gy\u00f6rgy : Az erd\u00e9lyi magyar irodalom m\u0171ltja \u00e9s j\u00f6v\u0151je (Bp., 1938); Kusz\u00e1lik; Kuti M\u00e1rta 2010; Kuti M\u00e1rta: K\u00f6sz\u00f6ntj\u00fck a 85 \u00e9ves M. K.-t (V. T., 1975. nov. 29.); Kuti M\u00e1rta: Molter K\u00e1roly Tanulm\u00e1nyait a mv.-i M\u0171v\u00e9szeti L\u00edceumban v\u00e9gezte. Mv.-en; ahogy \u00e9n ismertem; M. \u00e9letrajzi lexikon (1978\u20131991)\/ F\u0151szerkeszt\u0151 Kenyeres \u00c1gnes (Bp., 1994); M. irodalomt\u00f6rt\u00e9net bibliogr\u00e1fi\u00e1ja. 7. k.: 1905\u20131945. Szem\u00e9lyes r\u00e9sz: II. L-ZS (Bp., 1989); Madaras; M\u00e1ln\u00e1si; Marosi Ildik\u00f3: M. K. (M. I.: K\u00f6zelk\u00e9\u00adpek. Buk., 1974); Marosi Ildik\u00f3: M. K. 90 \u00e9ves (\u00daj \u00c9let, 22. sz., 1980); Marosi-Helikon; Marosi-KZST; M\u00c9L; Molter K\u00e1roly: Or\u00f6kmozg\u00f3 = F\u00e9ja; Molter K. ahogy \u00e9n ismertem = Kuti M.2021; Molter 1.; Mv. Molter; Mv. \u00e9s V\u00e1rtemploma; Mv. t\u00f6rt. 2.; ; Mv.-i ref. temet\u0151; M. K. [Nekrol\u00f3g] (\u00daj \u00c9let, 23. sz., 1981; V. Z., 1981. dec. 1.); M. K.: Hogyan \u00e9s mi\u00e9rt \u00edrtam Tiboldi M\u00e1rton c\u00edm\u0171 reg\u00e9nyemet (Erd\u00e9lyi Figyel\u0151, 23\u201324. sz., 1990); Nagy P\u00e1l: Bet\u0171vet\u00e9s; Nagy P\u00e1l: Gond; Irodalmi Ember = Nagy P\u00e1l: Visszan\u00e9z\u0151; Nagy P\u00e1l: Nem a v\u00e9r, hanem a l\u00e9lek&#8230; (Erd\u00e9lyi Figyel\u0151, 23\u201324. sz., 1990); Ol\u00e1h Tibor: In memoriam M. K. (N\u00fa., 1990. dec. 12.); \u00d6kr\u00f6s, Osv\u00e1th; P\u00e1l-Antal 2013; P\u00e1l-Antal S\u00e1ndor: Az `56-os forradalom \u00e9s Mv.: A mv.-i \u00edr\u00f3k \u00e1ll\u00e1sfoglaltat\u00e1sa (N\u00fa., Sz\u00ednes Vil\u00e1g, 2016. dec. 9.); Pint\u00e9r; Pint\u00e9r Jen\u0151; Polg\u00e1r Istv\u00e1n : A 80 \u00e9ves M. K.-n\u00e1l (\u00daj \u00c9let. 24. sz. 1970); Pomog\u00e1ts 1.; Popt\u0103ma\u015f-M\u00f3zes; R\u00e9thy-V\u00e1czy, RMIL; Sebesty\u00e9n M.: Antalffy Endre avagy Mv. sz\u00ednev\u00e1ltoz\u00e1sa = Mv. t\u00f6rt\u00e9net\u00e9b\u0151l; Sipos; S\u0151ni P\u00e1l: A rom\u00e1niai m. irodalom t\u00f6rt\u00e9nete (Buk., 1969); S\u00fct\u0151 Andr\u00e1s: M. K. k\u00f6sz\u00f6nt\u00e9se (Igaz Sz\u00f3, 1965); Sz\u00e1z \u00e9ve sz\u00fcletett M. K. (N\u00fa., 1990. nov. 30.); Sz\u00e9kelyf\u00f6ld (10. sz., 2004); Sz\u00e9kelyf\u00f6ld \u00ed.k.; Szekerny\u00e9s L\u00e1szl\u00f3: M. K. k\u00f6tet \u2013 rom\u00e1nul (V. Z., 1974. febr. 10.); Transilvania; \u00daM\u00c9L; \u00dcnnepi k\u00f6nyv; Valentiny 1936; Zord Id\u0151<\/br><\/p>\n","protected":false},"excerpt":{"rendered":"<p>\u00d3verb\u00e1sz, 1890.dec.2, \u2020 Mv., 1981.nov.30., a mv.-i Kult\u00farpalota el\u0151csarnok\u00e1ban ravatalozt\u00e1k fel, a ref. temet\u0151ben nyugszik: tan\u00e1r, \u00edr\u00f3, kritikus, irodalomt\u00f6rt\u00e9n\u00e9sz. \u2013 Csal\u00e1dja r\u00e9szben n\u00e9met, r\u00e9szben francia, 1782 ben eml\u00edtik el\u0151sz\u00f6r sz\u00fclet\u00e9si hely\u00e9n. Apja halad\u00f3 gondolkod\u00e1s\u00fa, szabads\u00e1g\u00e9rt lelkesed\u0151 kov\u00e1csmester volt, tan\u00edttatta minden gyermek\u00e9t. Feles\u00e9ge. Marosi Zs\u00f3fia (1918. dec. 31.\u2013). Fiaik: P\u00e9ter, P\u00e1l, Barna. \u2013 \u00dajverb\u00e1szon j\u00e1rt iskol\u00e1ba, [&hellip;]<\/p>\n","protected":false},"featured_media":0,"comment_status":"open","ping_status":"closed","template":"","meta":[],"product_brand":[],"product_cat":[137],"product_tag":[],"class_list":{"0":"post-15725","1":"product","2":"type-product","3":"status-publish","5":"product_cat-maros-megyei-eletrajzi-lexikon","7":"first","8":"instock","9":"shipping-taxable","10":"product-type-simple"},"_links":{"self":[{"href":"https:\/\/uj.adatbank.ro\/lexikon\/wp-json\/wp\/v2\/product\/15725","targetHints":{"allow":["GET"]}}],"collection":[{"href":"https:\/\/uj.adatbank.ro\/lexikon\/wp-json\/wp\/v2\/product"}],"about":[{"href":"https:\/\/uj.adatbank.ro\/lexikon\/wp-json\/wp\/v2\/types\/product"}],"replies":[{"embeddable":true,"href":"https:\/\/uj.adatbank.ro\/lexikon\/wp-json\/wp\/v2\/comments?post=15725"}],"wp:attachment":[{"href":"https:\/\/uj.adatbank.ro\/lexikon\/wp-json\/wp\/v2\/media?parent=15725"}],"wp:term":[{"taxonomy":"product_brand","embeddable":true,"href":"https:\/\/uj.adatbank.ro\/lexikon\/wp-json\/wp\/v2\/product_brand?post=15725"},{"taxonomy":"product_cat","embeddable":true,"href":"https:\/\/uj.adatbank.ro\/lexikon\/wp-json\/wp\/v2\/product_cat?post=15725"},{"taxonomy":"product_tag","embeddable":true,"href":"https:\/\/uj.adatbank.ro\/lexikon\/wp-json\/wp\/v2\/product_tag?post=15725"}],"curies":[{"name":"wp","href":"https:\/\/api.w.org\/{rel}","templated":true}]}}