{"id":15781,"date":"2025-07-15T13:46:53","date_gmt":"2025-07-15T11:46:53","guid":{"rendered":"https:\/\/uj.adatbank.ro\/lexikon\/termek\/moricz-zsigmond-%c2%a7\/"},"modified":"2025-07-15T13:46:53","modified_gmt":"2025-07-15T11:46:53","slug":"moricz-zsigmond-%c2%a7","status":"publish","type":"product","link":"https:\/\/uj.adatbank.ro\/lexikon\/termek\/moricz-zsigmond-%c2%a7\/","title":{"rendered":"M\u00d3RICZ Zsigmond, \u00a7"},"content":{"rendered":"<p>Tiszacs\u00e9cse, 1879. j\u00fal. 2., \u2020\u00a0Bp., 1942. szept. 5.: \u00edr\u00f3 eml\u00e9kezete: Bevonta az erd\u00e9lyi \u00edr\u00f3kat lapj\u00e1ba a Kelet N\u00e9p\u00e9be, valamint az erd\u00e9lyi szeg\u00e9nys\u00e9g okair\u00f3l sz\u00f3l\u00f3 ank\u00e9tba B\u00f6z\u00f6di Gy\u00f6rgy\u00f6t, Kov\u00e1cs Gy\u00f6rgy\u00f6t \u00e9s Veress P\u00e1lt; felh\u00edvta a figyelmet Tolnai Lajos szoci\u00e1lis hev\u00fclet\u0171 \u00edr\u00e1saira. T\u00f6bbsz\u00f6r megl\u00e1togatta Erd\u00e9lyt. Nagy sikerrel szerepelt a mv.-i K\u00f6zm\u0171vel\u0151d\u00e9si H\u00e1zban (ma Kult\u00farpalota) (1917). M\u00e1sodszor 1926. dec.-ben j\u00e1rt Erd\u00e9lyben. Mv.-en Bern\u00e1dy, mint OMP tagozati eln\u00f6ke, polg\u00e1rmester \u00e9s a KZST tagja d\u00edszeb\u00e9det adott tisztelet\u00e9re. Marosi Ildik\u00f3 a tervezett mv.-i l\u00e1togat\u00e1s\u00e1t (1930\u201333) \u00e9s a k\u00f6r\u00fcl\u00f6tte t\u00e1madt levelez\u00e9st tette k\u00f6zz\u00e9 a KZST levelesl\u00e1d\u00e1j\u00e1ban. Nagy k\u00f6r\u00fatat tett Erd\u00e9lyben (1941. m\u00e1j.), irodalmi esteken l\u00e9pett fel. Mv-en a KZST \u00e9vadz\u00e1r\u00f3 est\u00e9ly\u00e9n, a Ref. Koll. d\u00edszterm\u00e9ben (1941. m\u00e1j. 25.), Tolnai Lajosr\u00f3l tartott el\u0151ad\u00e1st, Chilf Mikl\u00f3s \u00e9s Jancs\u00f3 Adrenne fell\u00e9p\u00e9se ut\u00e1n felolvasta az Eb\u00e9d c. novell\u00e1j\u00e1t, nagy sikere volt. B\u00f6z\u00f6d\u00f6n B\u00f6z\u00f6di Gy\u00f6rgy vend\u00e9ge volt, B\u00f6z\u00f6d\u00f3jfaluban j\u00e1rva az antiszemita hull\u00e1m fenyeget\u00e9seinek kitett sz\u00e9kely szombatosok bajait jegyezte fel (1941. j\u00fan.). Bej\u00e1rta Udvarhely, Cs\u00edk \u00e9s H\u00e1romsz\u00e9k v\u00e1rosait \u00e9s falvait, az erd\u00e9lyi k\u00f6r\u00fatja v\u00e9g\u00e9n, Mv.-en l\u00e9pett fel, Sz\u00e9kelyf\u00f6ldi tapasztalatok c. tartott szabadel\u0151ad\u00e1st a KZST rendez\u00e9s\u00e9ben (1941. j\u00fan. 7.). Erd\u00e9lyi k\u00f6r\u00fatja v\u00e9g\u00e9n r\u00e9szt vett az els\u0151 mv-i k\u00f6nyvnapon, a ref. egyh\u00e1zk\u00f6zs\u00e9g lev\u00e9lt\u00e1r\u00e1ban kutatott a Tolnai per\u00e9vel kapcsolatos iratokban. Tolnair\u00f3l \u00edrt <strong>Cikke:<\/strong> Z\u00e1szl\u00f3hajt\u00e1s az elsikkasztott s m\u00e9gis legnagyobb magyar reg\u00e9ny\u00edr\u00f3 elme, Tolnai Lajos el\u0151tt (Kelet N\u00e9pe, 1. sz., 1941). Mv.-en Sz\u00e9kely J\u00f3zsef\u00e9kn\u00e9l lakott. Az Igaz Sz\u00f3 \u00fcnnepi sz\u00e1mot adott ki centen\u00e1riuma alkalm\u00e1val (6. sz. , 1979). <br \/><strong>Irod.:<\/strong> Adamovits S.; Bern\u00e1dy; G\u00e1bor D\u00e9nes: M. Zs. a rom\u00e1niai m. irodalomban (1945\u201379); Igaz Sz\u00f3 (1957\/2, 1962\/3; 1979\/6); Marosi-Helikon; Marosi-KZST; Molter 1\u20132; Molter K\u00e1roly: M. Zs. Marosv\u00e1s\u00e1rhelyt = M\u00f3ricz Zsigmond k\u00f6z\u00f6tt\u00fcnk (v\u00e1log., el\u0151sz\u00f3, jegyz. K\u00e1ntor Lajos; Buk., 1979), M\u00f3ricz Vir\u00e1g B\u00f6z\u00f6d\u00f6n = Sz\u00e9kely F.; RMIL; Sz\u00e9kely Ferenc: M\u00f3ricz Vir\u00e1g B\u00f6z\u00f6d\u00f6n (N\u00fa., M\u00fazsa, 2015.szept. 19.); Tolok\u00e1n Jen\u0151: Marosludas a magyar irodalom kist\u00fckr\u00e9ben (N\u00fa., 1999. jan. 14.); T\u00f3th Istv\u00e1n vers (Utunk, 1979\/26); Veress P\u00e1l : Az \u00edr\u00f3 \u00e9s a mv.-i szervezett munk\u00e1ss\u00e1g (?)<\/br><\/p>\n","protected":false},"excerpt":{"rendered":"<p>Tiszacs\u00e9cse, 1879. j\u00fal. 2., \u2020\u00a0Bp., 1942. szept. 5.: \u00edr\u00f3 eml\u00e9kezete: Bevonta az erd\u00e9lyi \u00edr\u00f3kat lapj\u00e1ba a Kelet N\u00e9p\u00e9be, valamint az erd\u00e9lyi szeg\u00e9nys\u00e9g okair\u00f3l sz\u00f3l\u00f3 ank\u00e9tba B\u00f6z\u00f6di Gy\u00f6rgy\u00f6t, Kov\u00e1cs Gy\u00f6rgy\u00f6t \u00e9s Veress P\u00e1lt; felh\u00edvta a figyelmet Tolnai Lajos szoci\u00e1lis hev\u00fclet\u0171 \u00edr\u00e1saira. T\u00f6bbsz\u00f6r megl\u00e1togatta Erd\u00e9lyt. Nagy sikerrel szerepelt a mv.-i K\u00f6zm\u0171vel\u0151d\u00e9si H\u00e1zban (ma Kult\u00farpalota) (1917). M\u00e1sodszor 1926. [&hellip;]<\/p>\n","protected":false},"featured_media":0,"comment_status":"open","ping_status":"closed","template":"","meta":[],"product_brand":[],"product_cat":[137],"product_tag":[],"class_list":{"0":"post-15781","1":"product","2":"type-product","3":"status-publish","5":"product_cat-maros-megyei-eletrajzi-lexikon","7":"first","8":"instock","9":"shipping-taxable","10":"product-type-simple"},"_links":{"self":[{"href":"https:\/\/uj.adatbank.ro\/lexikon\/wp-json\/wp\/v2\/product\/15781","targetHints":{"allow":["GET"]}}],"collection":[{"href":"https:\/\/uj.adatbank.ro\/lexikon\/wp-json\/wp\/v2\/product"}],"about":[{"href":"https:\/\/uj.adatbank.ro\/lexikon\/wp-json\/wp\/v2\/types\/product"}],"replies":[{"embeddable":true,"href":"https:\/\/uj.adatbank.ro\/lexikon\/wp-json\/wp\/v2\/comments?post=15781"}],"wp:attachment":[{"href":"https:\/\/uj.adatbank.ro\/lexikon\/wp-json\/wp\/v2\/media?parent=15781"}],"wp:term":[{"taxonomy":"product_brand","embeddable":true,"href":"https:\/\/uj.adatbank.ro\/lexikon\/wp-json\/wp\/v2\/product_brand?post=15781"},{"taxonomy":"product_cat","embeddable":true,"href":"https:\/\/uj.adatbank.ro\/lexikon\/wp-json\/wp\/v2\/product_cat?post=15781"},{"taxonomy":"product_tag","embeddable":true,"href":"https:\/\/uj.adatbank.ro\/lexikon\/wp-json\/wp\/v2\/product_tag?post=15781"}],"curies":[{"name":"wp","href":"https:\/\/api.w.org\/{rel}","templated":true}]}}