{"id":15843,"date":"2025-07-15T13:48:52","date_gmt":"2025-07-15T11:48:52","guid":{"rendered":"https:\/\/uj.adatbank.ro\/lexikon\/termek\/muller-arnold-%c2%a7\/"},"modified":"2025-07-15T13:48:52","modified_gmt":"2025-07-15T11:48:52","slug":"muller-arnold-%c2%a7","status":"publish","type":"product","link":"https:\/\/uj.adatbank.ro\/lexikon\/termek\/muller-arnold-%c2%a7\/","title":{"rendered":"M\u00dcLLER, Arnold, \u00a7"},"content":{"rendered":"<p>Sz\u00e1szr\u00e9gen, 1884. j\u00fan. 22., \u2020 Nagyszeben, 1934. \u00e1pr. 11.: tan\u00e1r, zool\u00f3gus. \u2013 Apja f\u00f6ldm\u00e9r\u0151, m\u00e9rn\u00f6k. Elemit Sz\u00e1szr\u00e9genben, a gimn\u00e1ziumot Beszterc\u00e9n v\u00e9gezte (1902), a kv.-i egyetemen kezdett (1902\u2013) term\u00e9szettudom\u00e1nyokat tanulni, majd Berlinben a b\u00f6lcs\u00e9sz Karopn (1904\u20131906), Kielben a Term\u00e9szettu. Karon ((1905\u201306), B\u00e9csben az Ev Egyetem Hittud. \u00e9s B\u00f6lcs\u00e9sz Kar\u00e1n (1906\u201307) \u00e9s J\u00e9n\u00e1ban a Hittud. Karon folytatta (1907). A kv.-i egyetemen doktor\u00e1lt filoz\u00f3fi\u00e1b\u00f3l (1915). Biol\u00f3giatan\u00e1r volt Sz\u00e1szr\u00e9genben egy \u00e9vig, a szebeni re\u00e1liskol\u00e1ban (1908\u201312; 1920\u201334), k\u00f6zben Norv\u00e9gi\u00e1ban, Bergenben az \u00d3ce\u00e1nogr\u00e1fiai Int\u00e9zetben tanult (1912), majd a buk.-i ev. gimn\u00e1zium tan\u00e1ra volt. Visszat\u00e9rt Szebenbe hal\u00e1l\u00e1ig (1920\u2013), a Siebenb\u00fcrgischer Verein f\u00fcr Naturwissenschaften term\u00e9szettudom\u00e1nyi t\u00e1rsas\u00e1gban dolgozott, melynek tagja \u00fcre, igazgat\u00f3ja volt (1908\u2013). A rovargy\u0171jtem\u00e9nyek gondnokak\u00e9nt nagy gy\u0171jt\u00e9si munk\u00e1t is v\u00e9gzett. A Verhandlungen und Mitteilungen des Siebenb\u00fcrgischen Vereins f\u00fcr Naturwissenschaften in Hermannstadt c. foly\u00f3iratot szerkesztette (1926\u2013) \u00e9s vezette annak levelez\u00e9s\u00e9t. Tudom\u00e1nyos munk\u00e1ss\u00e1ga f\u00f6leg az erd\u00e9lyi egyenessz\u00e1rny\u00faakra ir\u00e1nyult. T\u00f6bb kutat\u00f3 \u00e9s gy\u0171jt\u0151utat tett Erd\u00e9lyen k\u00edv\u00fcl, Beszer\u00e1bia, Dobrudzsa, Bulg\u00e1ria, a Kigy\u00f3k szigete, Szerbia, T\u00f6r\u00f6ko., Sz\u00edria, Egyiptom, Palesztina, D\u00e1nia, Norv\u00e9gia ter\u00fclet\u00e9n (1919\u2013). Megfigyel\u00e9seit \u00e9s kutat\u00e1si eredm\u00e9nyeit tudom\u00e1nyos el\u0151ad\u00e1sokban, dolgozatokban fejtette ki. K\u00f6z\u00f6lt a Verhandlungen und Mitteilungen-ben, a berlini szaklapban Zeitschrift f\u00fcr wissenschaften Insekttenbiologie, fr\u00fcher Allgemeine Zeitschrift f\u00fcr Entomologie. Nemzetk\u00f6zi zool\u00f3giai kongresszusokon vett r\u00e9sz \u00e9s el\u0151ad\u00e1sokat tartott Bp.-en (1927), Kv.-on (1928) \u00e9s P\u00e1rizsban (1932). Felfedezte az Erd\u00e9lyben ritkas\u00e1gsz\u00e1mba men\u0151 \u00e9s a v\u00f6r\u00f6storonyi szorosban honos s\u00e1sk\u00e1t, a Chorthippus acroleucus M\u00fcllert, amit r\u00f3la neveztek el (1924). Rendes tagja volt a Bp.-i Kir\u00e1lyi Term\u00e9szettudom\u00e1nyi T\u00e1rsas\u00e1gnak (1917\u2013). \u2013 <strong>F. m.:<\/strong> <strong>t\u00e1rssz.:<\/strong> Die nacheiszeitliche Tierbesiedlung Siebenb\u00fcrgens mit besonderer Ber\u00fccksichtigung der Orthopteren, 10.Congres International de Zoologie (Paris, 1932). <br \/><strong>Irod.:<\/strong> C.L. (2004. j\u00fal. 14.); Gazeta Regh. (1995\/5); LSS; Osv\u00e1th; Regh. cult. 2., Szab\u00f3\u2013Simon\u2013Sz\u00f6gi<\/br><\/p>\n","protected":false},"excerpt":{"rendered":"<p>Sz\u00e1szr\u00e9gen, 1884. j\u00fan. 22., \u2020 Nagyszeben, 1934. \u00e1pr. 11.: tan\u00e1r, zool\u00f3gus. \u2013 Apja f\u00f6ldm\u00e9r\u0151, m\u00e9rn\u00f6k. Elemit Sz\u00e1szr\u00e9genben, a gimn\u00e1ziumot Beszterc\u00e9n v\u00e9gezte (1902), a kv.-i egyetemen kezdett (1902\u2013) term\u00e9szettudom\u00e1nyokat tanulni, majd Berlinben a b\u00f6lcs\u00e9sz Karopn (1904\u20131906), Kielben a Term\u00e9szettu. Karon ((1905\u201306), B\u00e9csben az Ev Egyetem Hittud. \u00e9s B\u00f6lcs\u00e9sz Kar\u00e1n (1906\u201307) \u00e9s J\u00e9n\u00e1ban a Hittud. Karon folytatta [&hellip;]<\/p>\n","protected":false},"featured_media":0,"comment_status":"open","ping_status":"closed","template":"","meta":[],"product_brand":[],"product_cat":[137],"product_tag":[],"class_list":{"0":"post-15843","1":"product","2":"type-product","3":"status-publish","5":"product_cat-maros-megyei-eletrajzi-lexikon","7":"first","8":"instock","9":"shipping-taxable","10":"product-type-simple"},"_links":{"self":[{"href":"https:\/\/uj.adatbank.ro\/lexikon\/wp-json\/wp\/v2\/product\/15843","targetHints":{"allow":["GET"]}}],"collection":[{"href":"https:\/\/uj.adatbank.ro\/lexikon\/wp-json\/wp\/v2\/product"}],"about":[{"href":"https:\/\/uj.adatbank.ro\/lexikon\/wp-json\/wp\/v2\/types\/product"}],"replies":[{"embeddable":true,"href":"https:\/\/uj.adatbank.ro\/lexikon\/wp-json\/wp\/v2\/comments?post=15843"}],"wp:attachment":[{"href":"https:\/\/uj.adatbank.ro\/lexikon\/wp-json\/wp\/v2\/media?parent=15843"}],"wp:term":[{"taxonomy":"product_brand","embeddable":true,"href":"https:\/\/uj.adatbank.ro\/lexikon\/wp-json\/wp\/v2\/product_brand?post=15843"},{"taxonomy":"product_cat","embeddable":true,"href":"https:\/\/uj.adatbank.ro\/lexikon\/wp-json\/wp\/v2\/product_cat?post=15843"},{"taxonomy":"product_tag","embeddable":true,"href":"https:\/\/uj.adatbank.ro\/lexikon\/wp-json\/wp\/v2\/product_tag?post=15843"}],"curies":[{"name":"wp","href":"https:\/\/api.w.org\/{rel}","templated":true}]}}