{"id":15959,"date":"2025-07-15T13:52:50","date_gmt":"2025-07-15T11:52:50","guid":{"rendered":"https:\/\/uj.adatbank.ro\/lexikon\/termek\/muzsnai-karoly\/"},"modified":"2025-07-15T13:52:50","modified_gmt":"2025-07-15T11:52:50","slug":"muzsnai-karoly","status":"publish","type":"product","link":"https:\/\/uj.adatbank.ro\/lexikon\/termek\/muzsnai-karoly\/","title":{"rendered":"MUZSNAI K\u00e1roly"},"content":{"rendered":"<p>? \u2020 1859 k.: ref. lelk\u00e9sz. \u2013 Lelk\u00e9sz volt Cserefalv\u00e1n \u00e9s Vaj\u00e1n (Maros), apja, nagyapja \u00e9s d\u00e9dapja, mind M. J\u00f3zsef nev\u0171ek, szint\u00e9n ev. ref. lelk\u00e9szek voltak. M. K\u00e1rolyt az \u00f6tvenes \u00e9vek v\u00e9g\u00e9n v\u00e9letlen\u00fcl saj\u00e1t h\u00e1z\u00e1ban egy csend\u0151r hal\u00e1losan megl\u0151tte. \u2013 <strong>F. m.:<\/strong> A k\u00f6ztiszteletet \u00e9rdeml\u0151 honfibajnok jellemvon\u00e1sai. Egy gy\u00e1szbesz\u00e9d, melyet nemes Sz\u00e9kely lovas ezredbeli f\u0151-str\u00e1zsamester n. b. e. bar\u00f3ti m\u00e9lt. Lajos S\u00e1muel \u00far v\u00e9gtisztelet\u00e9re k\u00e9sz\u00edtett \u00e9s elmondott Vaj\u00e1ban 1840. j\u00fal. 17. (Mv., 1840); Kedveseink sirjokn\u00e1li h\u00e1rmas nyeres\u00e9g. Halotti besz\u00e9d, melyet n. b. e. tek. id\u0151sb Csan\u00e1di D\u00e1niel \u00far v\u00e9gtisztelet\u00e9re elmondott G\u00f6cs\u00f6n, 1842. m\u00e1rcz. 17. (Mv., 1842); <strong>antol\u00f3g.:<\/strong> K\u00f6bl\u00f6s: Halotti besz\u00e9dek (Kv., 1905). <br \/><strong>Irod.:<\/strong> F\u00fcl\u00f6p\u2013Ferencz; Halotti besz\u00e9dek; Kr\u00f3n F\u00fcz (1939. 4\/7); Rugonfalvi Kiss; Szinnyei<\/br><\/p>\n","protected":false},"excerpt":{"rendered":"<p>? \u2020 1859 k.: ref. lelk\u00e9sz. \u2013 Lelk\u00e9sz volt Cserefalv\u00e1n \u00e9s Vaj\u00e1n (Maros), apja, nagyapja \u00e9s d\u00e9dapja, mind M. J\u00f3zsef nev\u0171ek, szint\u00e9n ev. ref. lelk\u00e9szek voltak. M. K\u00e1rolyt az \u00f6tvenes \u00e9vek v\u00e9g\u00e9n v\u00e9letlen\u00fcl saj\u00e1t h\u00e1z\u00e1ban egy csend\u0151r hal\u00e1losan megl\u0151tte. \u2013 F. m.: A k\u00f6ztiszteletet \u00e9rdeml\u0151 honfibajnok jellemvon\u00e1sai. Egy gy\u00e1szbesz\u00e9d, melyet nemes Sz\u00e9kely lovas ezredbeli f\u0151-str\u00e1zsamester [&hellip;]<\/p>\n","protected":false},"featured_media":0,"comment_status":"open","ping_status":"closed","template":"","meta":[],"product_brand":[],"product_cat":[137],"product_tag":[],"class_list":{"0":"post-15959","1":"product","2":"type-product","3":"status-publish","5":"product_cat-maros-megyei-eletrajzi-lexikon","7":"first","8":"instock","9":"shipping-taxable","10":"product-type-simple"},"_links":{"self":[{"href":"https:\/\/uj.adatbank.ro\/lexikon\/wp-json\/wp\/v2\/product\/15959","targetHints":{"allow":["GET"]}}],"collection":[{"href":"https:\/\/uj.adatbank.ro\/lexikon\/wp-json\/wp\/v2\/product"}],"about":[{"href":"https:\/\/uj.adatbank.ro\/lexikon\/wp-json\/wp\/v2\/types\/product"}],"replies":[{"embeddable":true,"href":"https:\/\/uj.adatbank.ro\/lexikon\/wp-json\/wp\/v2\/comments?post=15959"}],"wp:attachment":[{"href":"https:\/\/uj.adatbank.ro\/lexikon\/wp-json\/wp\/v2\/media?parent=15959"}],"wp:term":[{"taxonomy":"product_brand","embeddable":true,"href":"https:\/\/uj.adatbank.ro\/lexikon\/wp-json\/wp\/v2\/product_brand?post=15959"},{"taxonomy":"product_cat","embeddable":true,"href":"https:\/\/uj.adatbank.ro\/lexikon\/wp-json\/wp\/v2\/product_cat?post=15959"},{"taxonomy":"product_tag","embeddable":true,"href":"https:\/\/uj.adatbank.ro\/lexikon\/wp-json\/wp\/v2\/product_tag?post=15959"}],"curies":[{"name":"wp","href":"https:\/\/api.w.org\/{rel}","templated":true}]}}