{"id":15976,"date":"2025-07-15T16:00:58","date_gmt":"2025-07-15T14:00:58","guid":{"rendered":"https:\/\/uj.adatbank.ro\/lexikon\/termek\/nadudvari-peter-n-p-peter\/"},"modified":"2025-07-15T16:00:58","modified_gmt":"2025-07-15T14:00:58","slug":"nadudvari-peter-n-p-peter","status":"publish","type":"product","link":"https:\/\/uj.adatbank.ro\/lexikon\/termek\/nadudvari-peter-n-p-peter\/","title":{"rendered":"N\u00c1DUDVARI P\u00e9ter; N. P. P\u00e9ter"},"content":{"rendered":"<p>1670 k., \u2020 Sz\u00e1szv\u00e1ros, 1726.: ref. lelk\u00e9sz, egyh\u00e1zi \u00edr\u00f3. \u2013 N. D\u00e1niel fia. Feles\u00e9ge P\u00e1pai P\u00e1riz Krisztina, P\u00e1pai P\u00e1riz Ferenc le\u00e1nya (sz. 1689). Debrecenben (1687\u2013) \u00e9s Nagyenyeden tanult (1692\u2013). Bethlen S\u00e1muel gr. udvar\u00e1ban Gy\u00f6rgy, \u00c1d\u00e1m, S\u00e1muel \u00e9s Imre nevel\u0151je, majd a franekeri egy.-en ta\u00adnult Bethlen k\u00f6lts\u00e9g\u00e9n (1696\u201398). Hazat\u00e9r\u00e9se ut\u00e1n el\u0151bb Bethlen S\u00e1muel udvari papja, mv.-i lelk\u00e9sz (1700\u20131705), sz\u00e1szv\u00e1rosi m\u00e1sodik (1705\u2013) azut\u00e1n els\u0151 lelk\u00e9sz (1706\u2013), majd esperes volt. H\u00edres sz\u00f3nok, neves pr\u00e9di\u00adk\u00e1tor. Sz\u00e1mos \u201ek\u00f6z\u00f6ns\u00e9ges \u00bb, \u201ealkalmi \u00ab (pl. temet\u00e9si v. gy\u00e1szbesz\u00e9de) pr\u00e9dik\u00e1ci\u00f3ja, \u00fcdv\u00f6zl\u0151verse jelent meg. Pr\u00e9dik\u00e1ci\u00f3it gr. Beth\u00adlen Kata gy\u0171jt\u00f6tte \u00f6ssze, \u00e9s Udvarhelyi T\u00f6lcs\u00e9res Mih\u00e1ly kezdte sajt\u00f3 al\u00e1 rendezni, amit Szathm\u00e1ri Pap Zsigmond fejezett be (1741), hozz\u00e1t\u00e9ve n\u00e9h\u00e1ny saj\u00e1tj\u00e1t is.Meg\u00edrta a sz\u00e1szv\u00e1rosi ref. egyh\u00e1zk\u00f6zs\u00e9g saj\u00e1t kor\u00e1ig terjed\u0151 t\u00f6rt\u00e9net\u00e9t is (kiad. Erd\u00e9lyi Prot. K\u00f6zl., 1876). \u2013 <strong>F. m.:<\/strong> Disputatio Theologica De Peccati Natura, Propagatione, atque Speciebus. Quam Sub Praesidio\u2026 Stephani Enyedi\u2026 Publice ventilandam proponit\u2026 (Claudiopoli 1695); Botr\u00e1nkoz\u00e1s nelk\u00fcl val\u00f3 Lelki-Ismeret\u00fc Kereszty\u00e9n, Avagy Az \u0151 Keresty\u00e9ni Vall\u00e1s\u00e1t, azzal egyez\u0151 \u00e9let\u00e9vel, s praxiss\u00e1val megmutat\u00f3 botr\u00e1nkoz\u00e1sn\u00e9lk\u00fcl-val\u00f3 lelkiism\u00e9ret\u0171, N\u00e9hai M\u00e9lt\u2026 Bulcsesti Sarah Aszszonynak\u2026 Hallerk\u0151i Haller Istv\u00e1n\u2026 Erd\u00e9lyi St\u00e1tusok Praesidens\u00e9nek, \u2026 kedves hites T\u00e1rs\u00e1nak Kereszty\u00e9ni \u00e9let\u00e9nek le-rajzol\u00e1sa, Mellyet ennek a szent L\u00e9lek Templom\u00e1nak el-takar\u00edttat\u00e1sakor, Szeben V\u00e1ros\u00e1ban, 1708. Jun. 17. A M\u00e9lt. fen emlitett Ur maga Palot\u00e1j\u00e1n \u00f6szve gy\u0171lt sokas\u00e1g el\u0151tt mondott. (Szeben, 1708); Hermon kis hegye. Avagy: az al\u00e1zatoss\u00e1gr\u00f3l-val\u00f3 r\u00f6vid trakta. Mellyel, a N\u00e9hai m\u00e9lt. tek. \u00e9s nagys. R\u00e1tz Krisztina uri asszony, a m\u00e9lt. branyitskai J\u00f3sika Imre urnak Torda v\u00e1rm. f\u0151isp\u00e1ny\u00e1nak\u2026 igaz hites t\u00e1rsa p\u00e9ld\u00e1son \u00e9keskedett. Mellyet, az al\u00e1zatoss\u00e1g t\u00fck\u00f6r\u00e9nek eltemettet\u00e9s\u00e9nek napj\u00e1n 1715. nov. 24. R\u00e1polton a palot\u00e1n \u00f6szvegy\u00fclt kereszty\u00e9n hallgat\u00f3k el\u0151tt pr\u00e9dik\u00e1llott. (Kv, 1717); Magyar Nathanael. Avagy az \u00e1lnoks\u00e1g n\u00e9lk\u00fcl val\u00f3 igaz izraelit\u00e1nak n\u00e9hai m\u00e9lt. nagys. Bartsai Bartsai \u00c1brah\u00e1m uramnak sincerit\u00e1s\u00e1r\u00f3l val\u00f3 igaz tanubizonys\u00e1g. Mellyet eltakarittat\u00e1sak idej\u00e9n Vajda-Hunyadon a tisztess\u00e9gt\u00e9telre\u2026 tett 1716. Szent-Gy\u00f6rgy hava 26. (Kv., 1721); Isten ember\u00e9nek, a n\u00e9hai tek\u2026 Malomvizi Kendeffi G\u00e1bor urban, lerajzolt p\u00e9ld\u00e1ja: melyet szomoru, de tisztess\u00e9ges el-takarittat\u00e1s\u00e1nak napj\u00e1n Orlya-Boldogfalvi szomoru h\u00e1z\u00e1n\u00e1l\u2026 re\u00e1 szabott 1722. j\u00fal. 12. (Kv., 1722); A val\u00f3s\u00e1gos j\u00f3 feles\u00e9gnek ide\u00e1ja, melyet a palot\u00e1n \u00f6szve gy\u00fclt frequentia el\u0151tt lerajzolt, \u00e9s a megholt m\u00e9lt. gr\u00f3f Bethlen Judit aszszonyra, l\u00e9lek \u00e9s igazs\u00e1g szerint szabott 1720. B\u00f6jtel\u0151 hava 18. (Kv. , ); Idvess\u00e9g uttya az az: A hit \u00e1gazati k\u00f6r\u00fcl val\u00f3 dolgoknak t\u00e1rh\u00e1za Predik\u00e1tzi\u00f3kban. (Kv, 1741); N\u00e9hai tiszt. tud\u00f3s f\u00e9rjfiunak, N\u2026 P\u2026 uramnak\u2026 nyolczvann\u00e9gy predik\u00e1czi\u00f3i, melyekben az igaz kereszty\u00e9n vall\u00e1snak szent ir\u00e1son \u00e9p\u00fclt fundamentomos \u00e1gazati b\u0151v\u00f6n \u00e9s vil\u00e1goson ki-besz\u00e9ltetnek: \u00e9s a mellyeket m\u00e9lt. gr\u00f3f Bethleni Kata ur-aszszonynak, Isten dics\u0151s\u00e9g\u00e9nek szeretetivel buzg\u00f3 akaratj\u00e1ra \u00e9s kegyes k\u00f6lts\u00e9g\u00e9vel, nagy r\u00e9sz\u00e9nt az idvez\u00fclt auctornak maga ir\u00e1sib\u00f3l egybe-szedegetv\u00e9n, \u00e9s egyn\u00e9h\u00e1ny hij\u00e1noss\u00e1gib\u00f3l, n\u00e9hol eg\u00e9sz pr\u00e9dik\u00e1tzi\u00f3kkal is ki-toldozv\u00e1n, vil\u00e1g eleibe bots\u00e1tott Szathm\u00e1ri Pap Sigmond. (Kv, 1741); Nyolcvann\u00e9gy pr\u00e9dik\u00e1ci\u00f3i, melyben az igaz ker. vall\u00e1snak Szent\u00edr\u00e1son \u00e9p\u00fclt fundamentomos \u00e1gazati&#8230; kibesz\u00e9ltet\u00adnek (Kv., 1741); Latin k\u00f6ltem\u00e9nyei vannak, <strong>antol\u00f3g.:<\/strong> Hedera Poeticaban (Debreczen, 1686); Epicidium Pauli Szenczi (Debreczen, 1691); Bagosi (Martinus), Dissertatio Theologica\u2026 Franequerae, 1697. <br \/><strong>Irod.:<\/strong> \u00c1rva Bethlen K.; Halotti besz\u00e9dek; Id\u0151t\u00e1r 1; Marossz\u00e9ki kr\u00f3nik\u00e1k 1.; M\u00c9L; Szinnyei; Szinnyei J; \u00daM\u00c9L; V\u00e1rtemplomi lelk\u00e9szek n\u00e9vsora, 1571\u20132000 (\u00daj Kezdet, 2. sz., 2000)<\/br><\/p>\n","protected":false},"excerpt":{"rendered":"<p>1670 k., \u2020 Sz\u00e1szv\u00e1ros, 1726.: ref. lelk\u00e9sz, egyh\u00e1zi \u00edr\u00f3. \u2013 N. D\u00e1niel fia. Feles\u00e9ge P\u00e1pai P\u00e1riz Krisztina, P\u00e1pai P\u00e1riz Ferenc le\u00e1nya (sz. 1689). Debrecenben (1687\u2013) \u00e9s Nagyenyeden tanult (1692\u2013). Bethlen S\u00e1muel gr. udvar\u00e1ban Gy\u00f6rgy, \u00c1d\u00e1m, S\u00e1muel \u00e9s Imre nevel\u0151je, majd a franekeri egy.-en ta\u00adnult Bethlen k\u00f6lts\u00e9g\u00e9n (1696\u201398). Hazat\u00e9r\u00e9se ut\u00e1n el\u0151bb Bethlen S\u00e1muel udvari papja, mv.-i [&hellip;]<\/p>\n","protected":false},"featured_media":0,"comment_status":"open","ping_status":"closed","template":"","meta":[],"product_brand":[],"product_cat":[137],"product_tag":[],"class_list":{"0":"post-15976","1":"product","2":"type-product","3":"status-publish","5":"product_cat-maros-megyei-eletrajzi-lexikon","7":"first","8":"instock","9":"shipping-taxable","10":"product-type-simple"},"_links":{"self":[{"href":"https:\/\/uj.adatbank.ro\/lexikon\/wp-json\/wp\/v2\/product\/15976","targetHints":{"allow":["GET"]}}],"collection":[{"href":"https:\/\/uj.adatbank.ro\/lexikon\/wp-json\/wp\/v2\/product"}],"about":[{"href":"https:\/\/uj.adatbank.ro\/lexikon\/wp-json\/wp\/v2\/types\/product"}],"replies":[{"embeddable":true,"href":"https:\/\/uj.adatbank.ro\/lexikon\/wp-json\/wp\/v2\/comments?post=15976"}],"wp:attachment":[{"href":"https:\/\/uj.adatbank.ro\/lexikon\/wp-json\/wp\/v2\/media?parent=15976"}],"wp:term":[{"taxonomy":"product_brand","embeddable":true,"href":"https:\/\/uj.adatbank.ro\/lexikon\/wp-json\/wp\/v2\/product_brand?post=15976"},{"taxonomy":"product_cat","embeddable":true,"href":"https:\/\/uj.adatbank.ro\/lexikon\/wp-json\/wp\/v2\/product_cat?post=15976"},{"taxonomy":"product_tag","embeddable":true,"href":"https:\/\/uj.adatbank.ro\/lexikon\/wp-json\/wp\/v2\/product_tag?post=15976"}],"curies":[{"name":"wp","href":"https:\/\/api.w.org\/{rel}","templated":true}]}}