{"id":16030,"date":"2025-07-15T16:02:40","date_gmt":"2025-07-15T14:02:40","guid":{"rendered":"https:\/\/uj.adatbank.ro\/lexikon\/termek\/nagy-szentgericei-szekely-nemes-csalad\/"},"modified":"2025-07-15T16:02:40","modified_gmt":"2025-07-15T14:02:40","slug":"nagy-szentgericei-szekely-nemes-csalad","status":"publish","type":"product","link":"https:\/\/uj.adatbank.ro\/lexikon\/termek\/nagy-szentgericei-szekely-nemes-csalad\/","title":{"rendered":"NAGY, szentgericei sz\u00e9kely nemes csal\u00e1d"},"content":{"rendered":"<p>N. Dim\u00e9ny pixid\u00e1riusi levelet (gyalogoss\u00e1got) nyert (1608. j\u00fan. 10.); Nemess\u00e9get (1635. febr. 12.) N. J\u00e1nos nyert. N. Andr\u00e1s Apaffy Mih\u00e1lyt\u00f3l h\u00e1zhelyet kapott Szentgeric\u00e9n (1662. aug. 20.). Egy \u00e1gazata Hunyad megy\u00e9be sz\u00e1rmazott, hol J\u00f3zsef szolgab\u00edr\u00f3 volt (1837. k\u00f6r\u00fcl). \u00d6zvegye Janky Karolina, gyermekei S\u00e1ndor megyei igazgat\u00f3 s aljegyz\u0151 (1848-ban), ut\u00f3bb catastralis hivatalnok, Antal, ki 1861. v\u00e9grendelet\u00e9ben a d\u00e9vai n\u00e9piskol\u00e1nak tizenhat ezer forintot hagyom\u00e1nyozott, Albert, Lajos \u00e9s R\u00f3za birtokosok Maros-Brety\u00e9n. <br \/><strong>Irod.:<\/strong> Kempelen; Nagy Iv\u00e1n; P\u00e1lmay<\/br><\/p>\n","protected":false},"excerpt":{"rendered":"<p>N. Dim\u00e9ny pixid\u00e1riusi levelet (gyalogoss\u00e1got) nyert (1608. j\u00fan. 10.); Nemess\u00e9get (1635. febr. 12.) N. J\u00e1nos nyert. N. Andr\u00e1s Apaffy Mih\u00e1lyt\u00f3l h\u00e1zhelyet kapott Szentgeric\u00e9n (1662. aug. 20.). Egy \u00e1gazata Hunyad megy\u00e9be sz\u00e1rmazott, hol J\u00f3zsef szolgab\u00edr\u00f3 volt (1837. k\u00f6r\u00fcl). \u00d6zvegye Janky Karolina, gyermekei S\u00e1ndor megyei igazgat\u00f3 s aljegyz\u0151 (1848-ban), ut\u00f3bb catastralis hivatalnok, Antal, ki 1861. v\u00e9grendelet\u00e9ben a [&hellip;]<\/p>\n","protected":false},"featured_media":0,"comment_status":"open","ping_status":"closed","template":"","meta":[],"product_brand":[],"product_cat":[137],"product_tag":[],"class_list":{"0":"post-16030","1":"product","2":"type-product","3":"status-publish","5":"product_cat-maros-megyei-eletrajzi-lexikon","7":"first","8":"instock","9":"shipping-taxable","10":"product-type-simple"},"_links":{"self":[{"href":"https:\/\/uj.adatbank.ro\/lexikon\/wp-json\/wp\/v2\/product\/16030","targetHints":{"allow":["GET"]}}],"collection":[{"href":"https:\/\/uj.adatbank.ro\/lexikon\/wp-json\/wp\/v2\/product"}],"about":[{"href":"https:\/\/uj.adatbank.ro\/lexikon\/wp-json\/wp\/v2\/types\/product"}],"replies":[{"embeddable":true,"href":"https:\/\/uj.adatbank.ro\/lexikon\/wp-json\/wp\/v2\/comments?post=16030"}],"wp:attachment":[{"href":"https:\/\/uj.adatbank.ro\/lexikon\/wp-json\/wp\/v2\/media?parent=16030"}],"wp:term":[{"taxonomy":"product_brand","embeddable":true,"href":"https:\/\/uj.adatbank.ro\/lexikon\/wp-json\/wp\/v2\/product_brand?post=16030"},{"taxonomy":"product_cat","embeddable":true,"href":"https:\/\/uj.adatbank.ro\/lexikon\/wp-json\/wp\/v2\/product_cat?post=16030"},{"taxonomy":"product_tag","embeddable":true,"href":"https:\/\/uj.adatbank.ro\/lexikon\/wp-json\/wp\/v2\/product_tag?post=16030"}],"curies":[{"name":"wp","href":"https:\/\/api.w.org\/{rel}","templated":true}]}}