{"id":16058,"date":"2025-07-15T16:03:32","date_gmt":"2025-07-15T14:03:32","guid":{"rendered":"https:\/\/uj.adatbank.ro\/lexikon\/termek\/nagy-andras-6\/"},"modified":"2025-07-15T16:03:32","modified_gmt":"2025-07-15T14:03:32","slug":"nagy-andras-6","status":"publish","type":"product","link":"https:\/\/uj.adatbank.ro\/lexikon\/termek\/nagy-andras-6\/","title":{"rendered":"NAGY Andr\u00e1s"},"content":{"rendered":"<p>Magyar\u00f3zd, 1899. jan. 24., \u2020 Kv., 1974. szept. 9., a H\u00e1zsong\u00e1rdi temet\u0151ben nyugszik: ref. lelk\u00e9sz, teol\u00f3giai tan\u00e1r, egyh\u00e1zi \u00edr\u00f3. \u2013 Feles\u00e9ge Puy Emilia (1923. j\u00fal. 27.). Gyermekeik: Zsolt (1924\u201353), G\u00e9za (1929), ref. lelk\u00e9sz. Sz\u00fcl\u0151faluj\u00e1ban j\u00e1rt elemi iskol\u00e1ban, majd a nagyenyedi Bethlen Koll.-ban tanult \u00e9s gyors\u00edtott \u00e9retts\u00e9git tett (1917. \u00e1pr.), mert besorozt\u00e1k katon\u00e1nak. Tiszti iskol\u00e1t v\u00e9gzett, el\u0151sz\u00f6r az orosz, majd az olasz frontra ker\u00fclt, hazat\u00e9rte ut\u00e1n elv\u00e9gezte az erd\u00e9lyi Ref. Egyh\u00e1zker\u00fclet Teol\u00f3giai Fakult\u00e1s\u00e1t Kv.-on, alapvizsg\u00e1zott (1920. jan.), exmisszi\u00f3ba Borb\u00e1tv\u00edzre, majd Lup\u00e9nyba k\u00fcldt\u00e9k (1920). A teol\u00f3gi\u00e1r\u00f3l a v\u00e9gbizonyitv\u00e1nyt kapott (1921. m\u00e1j.). K\u00f6zben beiratkozott a Ref. Tan\u00e1rk\u00e9pz\u0151 Int\u00e9zetbe (1920\u2013). Seg\u00e9dlelk\u00e9sz volt Tord\u00e1n (1921. j\u00fal.1.-okt.15.), ezt k\u00f6vette els\u0151 sv\u00e1jci tanulm\u00e1ny\u00fatja, \u00f6szt\u00f6nd\u00edjjal h\u00e1rom szemeszteren \u00e1t a b\u00e1zeli Teol\u00f3gi\u00e1n tanult, k\u00f6zben letette a m\u00e1sodik lelk\u00e9szk\u00e9pes\u00edt\u0151 vizsg\u00e1t Kv.-on (1922. szept. 26.). Hazat\u00e9r\u00e9se ut\u00e1n Mv.-en seg\u00e9dlelk\u00e9sz r\u00f6vid ideig (1923. \u00e1pr.1.\u2013), a szentgericei gy\u00fclekezet lelk\u00e9sze (1923\u201324), Ny\u00e1r\u00e1dszentbenedeken pap (1924\u201336), ahol sv\u00e1jci seg\u00e9llyel Ref. H\u00e1zat \u00e9p\u00edtettek.Teol\u00f3giai mag\u00e1ntan\u00e1ri vizsg\u00e1t tett Kv.-on (1933), a k\u00f6vetkez\u0151 tan\u00e9vben a b\u00e1zeli egyetem megh\u00edvott \u00f3sz\u00f6vets\u00e9gi el\u0151ad\u00f3ja (1934), a kv.-i Teol\u00f3gia Fakult\u00e1s \u00d3sz\u00f6vets\u00e9gi Tansz\u00e9k\u00e9nek bibliatudom\u00e1nyok teol\u00f3gia professzora (1936\u2013). Az egyh\u00e1zker\u00fclet tan\u00e1csb\u00edr\u00e1ja (1937\u201342), az IKE fel\u00fcgyel\u0151je, a debreceni Coetus Theologorum tagja (1940), az Evang\u00e9liumi Munk\u00e1sok Erd\u00e9lyi Sz\u00f6vets\u00e9g\u00e9nek eln\u00f6ke (1943). Debrecenben a Tisza Istv\u00e1n TE \u2013en A v\u00e1lts\u00e1g gondolata az \u00d3testamentumban c. munk\u00e1j\u00e1val szerzett doktori c\u00edmet (1945). A II. vh. ut\u00e1n a teol\u00f3gus k\u00e9pz\u00e9s \u00e1llami \u00e1tszervez\u00e9s\u00e9t k\u00f6vet\u0151en a kv.-i Protest\u00e1ns Teol\u00f3giai Int\u00e9zet Ref. Kar\u00e1nak d\u00e9k\u00e1nja (1952\u201357); k\u00e9nyszernyugd\u00edjazt\u00e1k (1959). \u2013 Egyetemi kurzust \u00edrt, foly\u00f3iratokat szerkesztett, sokat publik\u00e1lt, els\u0151 \u00edr\u00e1sait a Ref. Szeml\u00e9ben k\u00f6z\u00f6lte; t\u00e1rsszerkeszt\u0151je a Ref. Csal\u00e1dnak (1929\u201344), az Ifj\u00fa Erd\u00e9ly f\u0151szerkeszt\u0151je (1940\u201344). Szent\u00edr\u00e1smagyar\u00e1zatai ott \u00e9s a K\u00e1lvinista Vil\u00e1g, Ref. Szemle, Ki\u00e1lt\u00f3 Sz\u00f3, Reform\u00e1tus Ifj\u00fas\u00e1g, Lelkip\u00e1sztor, Az \u00dat, a debreceni Igazs\u00e1g \u00e9s \u00c9let has\u00e1bjain jelentek meg. \u2013 F.m : Jeremia \u00e9s kora (Kv., 1929); A v\u00e1lts\u00e1g gondolata az \u00d3testamentumban (Kv., 1945). <br \/><strong>Irod.:<\/strong> Akik j\u00f3 bizonys\u00e1got tettek. A kv.-i reform\u00e1tus theol\u00f3gia tan\u00e1rai (Kv., 1996); Ga\u00e1l; H\u00e1zsong\u00e1rd; Kozma Zsolt: N. A. -ra eml\u00e9kez\u00fcnk (\u00dczenet, 1994\u201395\/23\u201324); Kozma Zsolt: A kv.-i ref. teol\u00f3gia tan\u00e1rainak \u00e9letrajza, 1895\u20131948 (Kv., 1995); Nagy \u00d6d\u00f6n; Ny\u00e1r\u00e1dszentbenedek; RMIL; T\u0151k\u00e9s Istv\u00e1n<\/br><\/p>\n","protected":false},"excerpt":{"rendered":"<p>Magyar\u00f3zd, 1899. jan. 24., \u2020 Kv., 1974. szept. 9., a H\u00e1zsong\u00e1rdi temet\u0151ben nyugszik: ref. lelk\u00e9sz, teol\u00f3giai tan\u00e1r, egyh\u00e1zi \u00edr\u00f3. \u2013 Feles\u00e9ge Puy Emilia (1923. j\u00fal. 27.). Gyermekeik: Zsolt (1924\u201353), G\u00e9za (1929), ref. lelk\u00e9sz. Sz\u00fcl\u0151faluj\u00e1ban j\u00e1rt elemi iskol\u00e1ban, majd a nagyenyedi Bethlen Koll.-ban tanult \u00e9s gyors\u00edtott \u00e9retts\u00e9git tett (1917. \u00e1pr.), mert besorozt\u00e1k katon\u00e1nak. Tiszti iskol\u00e1t v\u00e9gzett, [&hellip;]<\/p>\n","protected":false},"featured_media":0,"comment_status":"open","ping_status":"closed","template":"","meta":[],"product_brand":[],"product_cat":[137],"product_tag":[],"class_list":{"0":"post-16058","1":"product","2":"type-product","3":"status-publish","5":"product_cat-maros-megyei-eletrajzi-lexikon","7":"first","8":"instock","9":"shipping-taxable","10":"product-type-simple"},"_links":{"self":[{"href":"https:\/\/uj.adatbank.ro\/lexikon\/wp-json\/wp\/v2\/product\/16058","targetHints":{"allow":["GET"]}}],"collection":[{"href":"https:\/\/uj.adatbank.ro\/lexikon\/wp-json\/wp\/v2\/product"}],"about":[{"href":"https:\/\/uj.adatbank.ro\/lexikon\/wp-json\/wp\/v2\/types\/product"}],"replies":[{"embeddable":true,"href":"https:\/\/uj.adatbank.ro\/lexikon\/wp-json\/wp\/v2\/comments?post=16058"}],"wp:attachment":[{"href":"https:\/\/uj.adatbank.ro\/lexikon\/wp-json\/wp\/v2\/media?parent=16058"}],"wp:term":[{"taxonomy":"product_brand","embeddable":true,"href":"https:\/\/uj.adatbank.ro\/lexikon\/wp-json\/wp\/v2\/product_brand?post=16058"},{"taxonomy":"product_cat","embeddable":true,"href":"https:\/\/uj.adatbank.ro\/lexikon\/wp-json\/wp\/v2\/product_cat?post=16058"},{"taxonomy":"product_tag","embeddable":true,"href":"https:\/\/uj.adatbank.ro\/lexikon\/wp-json\/wp\/v2\/product_tag?post=16058"}],"curies":[{"name":"wp","href":"https:\/\/api.w.org\/{rel}","templated":true}]}}