{"id":16075,"date":"2025-07-15T16:04:03","date_gmt":"2025-07-15T14:04:03","guid":{"rendered":"https:\/\/uj.adatbank.ro\/lexikon\/termek\/nagy-bela-2\/"},"modified":"2025-07-15T16:04:03","modified_gmt":"2025-07-15T14:04:03","slug":"nagy-bela-2","status":"publish","type":"product","link":"https:\/\/uj.adatbank.ro\/lexikon\/termek\/nagy-bela-2\/","title":{"rendered":"NAGY B\u00e9la"},"content":{"rendered":"<p>Ny\u00e1r\u00e1dszereda, 1901., \u2020 ?: tan\u00edt\u00f3. \u2013 A csal\u00e1d nemess\u00e9ge az 1400-as \u00e9vekb\u0151l ered. Tanulm\u00e1nyait Mv.-en \u00e9s Nagyenyeden v\u00e9gezte (1921) Bethlenszentmikl\u00f3son kezdett tan\u00edtani, onnan Ny\u00e1r\u00e1dszentann\u00e1ra majd S\u00e1rm\u00e1sra ker\u00fclt mint ref. k\u00e1ntortan\u00edt\u00f3, ahol 10 \u00e9ven \u00e1t az \u00e1llami gimn\u00e1ziumn\u00e1l oraad\u00f3 tan\u00e1r \u00e9s titk\u00e1r is volt. Innen Mez\u0151bodonba, majd Beresztelk\u00e9re (1931\u2013) helyezt\u00e9k, ahol igazgat\u00f3-tan\u00edt\u00f3 \u00e9s a ref. egyh\u00e1z k\u00e1ntora is volt. A Hitelsz\u00f6v. k\u00f6nyvel\u0151je, az OTT parancsnoka volt. <br \/><strong>Irod.:<\/strong> Sz\u00e9kelyf\u00f6ld \u00ed.k.<\/br><\/p>\n","protected":false},"excerpt":{"rendered":"<p>Ny\u00e1r\u00e1dszereda, 1901., \u2020 ?: tan\u00edt\u00f3. \u2013 A csal\u00e1d nemess\u00e9ge az 1400-as \u00e9vekb\u0151l ered. Tanulm\u00e1nyait Mv.-en \u00e9s Nagyenyeden v\u00e9gezte (1921) Bethlenszentmikl\u00f3son kezdett tan\u00edtani, onnan Ny\u00e1r\u00e1dszentann\u00e1ra majd S\u00e1rm\u00e1sra ker\u00fclt mint ref. k\u00e1ntortan\u00edt\u00f3, ahol 10 \u00e9ven \u00e1t az \u00e1llami gimn\u00e1ziumn\u00e1l oraad\u00f3 tan\u00e1r \u00e9s titk\u00e1r is volt. Innen Mez\u0151bodonba, majd Beresztelk\u00e9re (1931\u2013) helyezt\u00e9k, ahol igazgat\u00f3-tan\u00edt\u00f3 \u00e9s a ref. egyh\u00e1z [&hellip;]<\/p>\n","protected":false},"featured_media":0,"comment_status":"open","ping_status":"closed","template":"","meta":[],"product_brand":[],"product_cat":[137],"product_tag":[],"class_list":{"0":"post-16075","1":"product","2":"type-product","3":"status-publish","5":"product_cat-maros-megyei-eletrajzi-lexikon","7":"first","8":"instock","9":"shipping-taxable","10":"product-type-simple"},"_links":{"self":[{"href":"https:\/\/uj.adatbank.ro\/lexikon\/wp-json\/wp\/v2\/product\/16075","targetHints":{"allow":["GET"]}}],"collection":[{"href":"https:\/\/uj.adatbank.ro\/lexikon\/wp-json\/wp\/v2\/product"}],"about":[{"href":"https:\/\/uj.adatbank.ro\/lexikon\/wp-json\/wp\/v2\/types\/product"}],"replies":[{"embeddable":true,"href":"https:\/\/uj.adatbank.ro\/lexikon\/wp-json\/wp\/v2\/comments?post=16075"}],"wp:attachment":[{"href":"https:\/\/uj.adatbank.ro\/lexikon\/wp-json\/wp\/v2\/media?parent=16075"}],"wp:term":[{"taxonomy":"product_brand","embeddable":true,"href":"https:\/\/uj.adatbank.ro\/lexikon\/wp-json\/wp\/v2\/product_brand?post=16075"},{"taxonomy":"product_cat","embeddable":true,"href":"https:\/\/uj.adatbank.ro\/lexikon\/wp-json\/wp\/v2\/product_cat?post=16075"},{"taxonomy":"product_tag","embeddable":true,"href":"https:\/\/uj.adatbank.ro\/lexikon\/wp-json\/wp\/v2\/product_tag?post=16075"}],"curies":[{"name":"wp","href":"https:\/\/api.w.org\/{rel}","templated":true}]}}