{"id":16118,"date":"2025-07-15T16:05:32","date_gmt":"2025-07-15T14:05:32","guid":{"rendered":"https:\/\/uj.adatbank.ro\/lexikon\/termek\/nagy-elek-kaali-2\/"},"modified":"2025-07-15T16:05:32","modified_gmt":"2025-07-15T14:05:32","slug":"nagy-elek-kaali-2","status":"publish","type":"product","link":"https:\/\/uj.adatbank.ro\/lexikon\/termek\/nagy-elek-kaali-2\/","title":{"rendered":"NAGY Elek, ka\u00e1li"},"content":{"rendered":"<p>Cs\u00f3kfalva, 1859. j\u00fan 8., \u2020 ?: espres, generalis direktor. \u2013 \u00c9retts\u00e9gizett a mv.-i Ref. Koll.-ban, teol\u00f3gi\u00e1t Nagyenyeden \u00e9s egy \u00e9vig Utrechtben tanult (1884\u201385). A gyermekistentiszteletr\u0151l \u00e9s a vall\u00e1stan\u00edt\u00e1sr\u00f3l \u00edrt cikkei hat\u00e1s\u00e1ra, a kv.-i ref. koll. vall\u00e1stan\u00e1rnak h\u00edvta meg (1885\u201386). Ezut\u00e1n Bogdandon lelk\u00e9sz (1908\u201324) \u00e9s a Szil\u00e1gy-Szolnoki Egyh\u00e1zmegye esperese. Ottani m\u0171k\u00f6d\u00e9s\u00e9nek harmadik \u00e9v\u00e9ben mint vizsg\u00e1zott \u00fcgyv\u00e9det a h\u00e1zass\u00e1gi t\u00f6rv\u00e9nysz\u00e9ken \u00fcgyv\u00e9dnek v\u00e1lasztot\u00e1k s egyben aljegyz\u0151i, \u00fcln\u00f6ki, f\u0151jegyz\u0151i, h. esperesi \u00e9s esperesi tiszts\u00e9get t\u00f6lt\u00f6tt be, majd az erd\u00e9lyi egyh\u00e1zker\u00fclet gener\u00e1lis direktora volt 10 \u00e9ven kereszt\u00fcl (\u20131928). Lehet hogy \u0151 az, aki nagybaconi lelk\u00e9szk\u00e9nt erd\u0151vid\u00e9ki esperes (1936\u2013). Mint egyh\u00e1zker\u00fcleti tan\u00e1csos 12 \u00e9ven \u00e1t volt a papi vizsg\u00e1kon v\u00e1lasztott cenzor. Hossz\u00fa ideig az egyetemes ref. egyh\u00e1z konventi \u00e9s zsinati tagja, mint ilyen a misszi\u00f3s \u00fcgyeknek volt el\u0151ad\u00f3ja. Nem csak az egyh\u00e1z, de a szil\u00e1gys\u00e1gi k\u00f6z\u00e9let tev\u00e9keny r\u00e9sztvev\u0151je: A MP helyi \u00e9s j\u00e1r\u00e1si int\u00e9z\u0151-bizotts\u00e1g\u00e1nak, a Szil\u00e1gys\u00e1gi v\u00e1rmegye k\u00f6zigazgat\u00e1si bizotts\u00e1g\u00e1nak \u00e9s \u00e1lland\u00f3 v\u00e1lasztm\u00e1ny\u00e1nak tagja volt. Hivatalos k\u00f6telezetts\u00e9gei mellett minden szabad idej\u00e9t a k\u00f6zm\u0171vel\u00e9s \u00e9s a karitativ egyes\u0151letek szolg\u00e1lat\u00e1ba bocs\u00e1totta, anyagi k\u00f6r\u00fclm\u00e9nyeihez k\u00e9pest t\u00f6bb iskola di\u00e1kmenza seg\u00e9lyez\u00e9s\u00e9hez j\u00e1rult hozz\u00e1. Im\u00e1i, egyh\u00e1zi besz\u00e9dei jelentek meg nyomtat\u00e1sban.Cikksorozatban k\u00f6z\u00f6lte az utrechti egyetem r\u00e9gi mo.-i hallgat\u00f3inak ismertet\u00e9s\u00e9t. M\u00e1r mint teol\u00f3giu zsid\u00f3 nyelvb\u0151l \u00e9s term\u00e9szettudom\u00e1nyokb\u00f3l t\u00f6bb p\u00e1lyad\u00edjat nyert. A reform\u00e1ci\u00f3 400 \u00e9ves \u00e9vfordul\u00f3j\u00e1n Zilahon tartott \u00fcnneps\u00e9gek alkalm\u00e1val mondott im\u00e1j\u00e1t Bereczky J\u00f3zsef tasn\u00e1di lelk\u00e9sz eml\u00e9kbesz\u00e9d\u00e9vel egy\u00fctt az egyh\u00e1zmegye jelentette meg. Egyh\u00e1zmegyei szab\u00e1lyrendeletet dolgozott ki Kov\u00e1cs Zsigmonddal, melyet az egyh\u00e1zmegye elfogadott \u00e9s az egyh\u00e1zker\u00fclet is meger\u0151s\u00edtett. <br \/><strong>Irod.:<\/strong> EM, Szab\u00f3\u2013Simon\u2013Sz\u00f6gi<\/br><\/p>\n","protected":false},"excerpt":{"rendered":"<p>Cs\u00f3kfalva, 1859. j\u00fan 8., \u2020 ?: espres, generalis direktor. \u2013 \u00c9retts\u00e9gizett a mv.-i Ref. Koll.-ban, teol\u00f3gi\u00e1t Nagyenyeden \u00e9s egy \u00e9vig Utrechtben tanult (1884\u201385). A gyermekistentiszteletr\u0151l \u00e9s a vall\u00e1stan\u00edt\u00e1sr\u00f3l \u00edrt cikkei hat\u00e1s\u00e1ra, a kv.-i ref. koll. vall\u00e1stan\u00e1rnak h\u00edvta meg (1885\u201386). Ezut\u00e1n Bogdandon lelk\u00e9sz (1908\u201324) \u00e9s a Szil\u00e1gy-Szolnoki Egyh\u00e1zmegye esperese. Ottani m\u0171k\u00f6d\u00e9s\u00e9nek harmadik \u00e9v\u00e9ben mint vizsg\u00e1zott \u00fcgyv\u00e9det [&hellip;]<\/p>\n","protected":false},"featured_media":0,"comment_status":"open","ping_status":"closed","template":"","meta":[],"product_brand":[],"product_cat":[137],"product_tag":[],"class_list":{"0":"post-16118","1":"product","2":"type-product","3":"status-publish","5":"product_cat-maros-megyei-eletrajzi-lexikon","7":"first","8":"instock","9":"shipping-taxable","10":"product-type-simple"},"_links":{"self":[{"href":"https:\/\/uj.adatbank.ro\/lexikon\/wp-json\/wp\/v2\/product\/16118","targetHints":{"allow":["GET"]}}],"collection":[{"href":"https:\/\/uj.adatbank.ro\/lexikon\/wp-json\/wp\/v2\/product"}],"about":[{"href":"https:\/\/uj.adatbank.ro\/lexikon\/wp-json\/wp\/v2\/types\/product"}],"replies":[{"embeddable":true,"href":"https:\/\/uj.adatbank.ro\/lexikon\/wp-json\/wp\/v2\/comments?post=16118"}],"wp:attachment":[{"href":"https:\/\/uj.adatbank.ro\/lexikon\/wp-json\/wp\/v2\/media?parent=16118"}],"wp:term":[{"taxonomy":"product_brand","embeddable":true,"href":"https:\/\/uj.adatbank.ro\/lexikon\/wp-json\/wp\/v2\/product_brand?post=16118"},{"taxonomy":"product_cat","embeddable":true,"href":"https:\/\/uj.adatbank.ro\/lexikon\/wp-json\/wp\/v2\/product_cat?post=16118"},{"taxonomy":"product_tag","embeddable":true,"href":"https:\/\/uj.adatbank.ro\/lexikon\/wp-json\/wp\/v2\/product_tag?post=16118"}],"curies":[{"name":"wp","href":"https:\/\/api.w.org\/{rel}","templated":true}]}}