{"id":16129,"date":"2025-07-15T16:05:54","date_gmt":"2025-07-15T14:05:54","guid":{"rendered":"https:\/\/uj.adatbank.ro\/lexikon\/termek\/nagy-endre\/"},"modified":"2025-07-15T16:05:54","modified_gmt":"2025-07-15T14:05:54","slug":"nagy-endre","status":"publish","type":"product","link":"https:\/\/uj.adatbank.ro\/lexikon\/termek\/nagy-endre\/","title":{"rendered":"NAGY Endre"},"content":{"rendered":"<p>Mv., 1879. m\u00e1j. 10., \u2020 Mv., 1961. m\u00e1rc. 2.: tan\u00e1r, koll.-i igazgat\u00f3, filoz\u00f3fiai \u00edr\u00f3. \u2013 Apja N. Lajos a Ref. Polg. Le\u00e1nyiskola igazgat\u00f3ja, anyja a sz\u00f6v\u00e9rdi Madaras nev\u0171 ref. pap le\u00e1nytestv\u00e9re, ez\u00e9rt Sz\u00f6v\u00e9rdet szerette, az onnan j\u00f6tt tanul\u00f3kat t\u00e1mogatta, ott \u00f6r\u00f6k\u00f6lt f\u00f6ldj\u00e9t gondosan m\u0171velte.Testv\u00e9rei: Magyari Nagy Elvira, Nagy Izabella. Feles\u00e9ge: P\u00e1ll M\u00e1ria, a Mv.-i Ref. N\u0151sz\u00f6vets\u00e9g aleln\u00f6ke (1927). Gyermekeik:N. M\u00e1rta T\u0151k\u00e9s Ern\u0151n\u00e9; dr. N. Lajos, N. Ern\u0151 tan\u00e1r, N. Endre, m\u00e9rn\u00f6k a debreceni kulturm\u00e9rn\u00f6ki hivatalban ( ? \u2013 Debrecen, 1929. dec. 31.). \u2013 K\u00f6z\u00e9piskol\u00e1it sz\u00fcl\u0151v\u00e1rosa Ref. Koll.-ban v\u00e9gezte majd a kv.-i TE b\u00f6lcs\u00e9sz kar\u00e1n tanult (1897\u20131901), ahol filoz\u00f3fia, m.-latin szakos tan\u00e1ri oklevelet szerzett. A mv.-i Ref. Koll. tan\u00e1ra (1901\u201339), k\u00f6zben igazgat\u00f3ja (1920. \u2013 39. szept. 1.). Neh\u00e9z id\u0151k voltak azok, k\u00fczdeni kellett a koll. l\u00e9t\u00e9\u00e9rt, fennmarad\u00e1s\u00e1\u00e9rt. Az \u00faj rom\u00e1n hatalom, az Anghelescu-f\u00e9le \u00e9s hozz\u00e1 hasonl\u00f3 t\u00f6rv\u00e9nyek alapj\u00e1n arra t\u00f6rekedett, hogy a Reform\u00e1tus Koll\u00e9gium nyilv\u00e1noss\u00e1gi jog\u00e1t megvonja, m\u0171k\u00f6d\u00e9s\u00e9t megakad\u00e1lyozza. \u00c9vente k\u00e9tszer is, miniszteri megb\u00edz\u00e1sb\u00f3l, szigor\u00fa ellen\u00f4rz\u00e9st tartottak \u00e1llami szervek a koll\u00e9giumban \u00e9s legt\u00f6bbsz\u00f6r csak a Nagy Endre \u00fcgyes, diplomatikus elj\u00e1r\u00e1s\u00e1nak, magatart\u00e1s\u00e1nak az eredm\u00e9nyek\u00e9ppen m\u0171k\u00f6dhetett \u00e9vr\u00f4l \u00e9vre az \u00f4si Alma Mater.V\u00e9gleges nyilv\u00e1noss\u00e1gi jogot a f\u0151gimn\u00e1zium (1928-ban), az elemi iskola k\u00e9s\u0151bb (1931-ben) kapott. Az \u00f4 igazgat\u00e1s\u00e1nak ideje alatt vezett\u00e9k be a g\u00e1zf\u0171t\u00e9st az eg\u00e9sz koll\u00e9giumban, l\u00e9tes\u00edtettek betegszob\u00e1t \u00e9s emelt\u00e9k a m\u00e1sodik emelet\u00e9t a koll\u00e9gium bentlak\u00e1s\/intern\u00e1tus \u00e9tkezde fel\u00f4li r\u00e9sz\u00e9n. Az \u00f4 ideje alatt kellett \u00fagy gazd\u00e1lkodni, hogy a tantest\u00fclet \u00e9s a kiseg\u00edt\u00f4 szem\u00e9lyzet fizet\u00e9s\u00e9t, valamint az iskola \u00fczemeltet\u00e9si, fenntart\u00e1si k\u00f6lts\u00e9geit fedezni tudj\u00e1k, mert a rom\u00e1n \u00e1llam semminem\u0171 juttat\u00e1sban nem r\u00e9szes\u00edtette a Ref. Koll\u00e9giumot. Tulajdonk\u00e9ppen \u00f4 is iskolat\u00f6rt\u00e9netet \u00edrt az\u00e1ltal, hogy minden iskolai \u00e9vr\u00f4l \u00c9rtes\u00edt\u00f4t k\u00e9sz\u00edtett \u00e9s adott ki. Ezekben a koll\u00e9gium el\u00f6lj\u00e1r\u00f3s\u00e1gi tagjai, a tanszem\u00e9lyzet (f\u00f4gimn\u00e1ziumi \u00e9s elemi iskolai), a tisztvisel\u00f4k \u00e9s seg\u00e9dszem\u00e9lyzet adatai mellett az iskolai \u00e9v r\u00f6vid t\u00f6rt\u00e9nete, a tanszem\u00e9lyzet iskolai, egyh\u00e1zi, t\u00e1rsadalmi, irodalmi tev\u00e9kenys\u00e9ge, minden oszt\u00e1ly tanterve \u00e9s \u00f3raterve, n\u00e9vsora \u00e9s el\u00f4meneteli oszt\u00e1lyzata szerepel. \u00dagyszint\u00e9n tartalmaznak pontos, vil\u00e1gos statisztikai adatokat a tanul\u00f3k vall\u00e1si hovatartoz\u00e1sa, a sz\u00fcl\u00f4k lakhelye \u00e9s foglalkoz\u00e1sa szerint, az \u00e9retts\u00e9gi vizsg\u00e1k sz\u00e9khelyeir\u00f4l, eredm\u00e9nyeir\u00f4l. De tudom\u00e1st szerezhet\u00fcnk a koll\u00e9gium &#8222;alapjair\u00f3l&#8221; (nem a f\u00f6ldek, erd\u00f4k, \u00e9p\u00fcletek) \u2013 ma alap\u00edtv\u00e1nyf\u00e9l\u00e9nek mondjuk \u2013 k\u00e9sz\u00edtett kimutat\u00e1sokb\u00f3l az alap\u00edt\u00f3k nev\u00e9r\u00f4l, az alapt\u00f4ke \u00f6sszeg\u00e9r\u00f4l, \u00e9vi kamatj\u00e1r\u00f3l, valamint rendeltet\u00e9s\u00e9r\u00f4l (jutalom, csal\u00e1di seg\u00e9ly, koll\u00e9gium r\u00e9sz\u00e9re, konviktus r\u00e9sz\u00e9re). 1930 j\u00fanius\u00e1ban pl. 158 ilyen bejegyzett alap l\u00e9tezett, k\u00fcl\u00f6nb\u00f6z\u00f4 \u00f6sszeg\u0171 t\u00f4k\u00e9vel.Az igazgat\u00f3 felelt minden\u00e9rt, h\u00e1romnegyed nyolckor benn volt m\u00e1r az iskol\u00e1ban, d\u00e9lut\u00e1n vissszament, h\u00f3naponk\u00e9nt tartott tan\u00e1ri \u00e9s sz\u00fcks\u00e9g szerint el\u0151lj\u00e1r\u00f3s\u00e1gi gy\u0171l\u00e9st, aminek az igazgat\u00f3ja, tan\u00fcgyi el\u0151ad\u00f3ja \u00e9s \u00fcgyvezet\u0151je volt. J\u00f3zan \u00e9letet \u00e9lt, Szabad idej\u00e9ben b\u00e9lyeggy\u0171jt\u0151 szenved\u00e9ly\u00e9nek h\u00f3dolt, gy\u0171jtem\u00e9nye nagy \u00e9rt\u00e9kkel b\u00edrt. Minden idej\u00e9t \u00e9s tud\u00e1s\u00e1t az egyh\u00e1zi \u00e9let, a m. \u00fcgy \u00e9s a pedag\u00f3gia szolg\u00e1lat\u00e1ba \u00e1ll\u00edtotta.. Nyugd\u00edjba ment (1941), a ref. egyh\u00e1zk\u00f6zs\u00e9g f\u0151gondnok\u00e1v\u00e1 v\u00e1lasztott\u00e1k a mv-i kistemplomban. Az oszt\u00e1lyharc \u00e9lesed\u00e9sekor tisztvisel\u0151telepi vill\u00e1j\u00e1t \u00e1llamos\u00edtott\u00e1k, majd visszaadt\u00e1k, de p\u00e1r \u00e9v m\u00falva \u00f6regen, betegen feles\u00e9g\u00e9vel egy konyh\u00e1ba telep\u00edtett\u00e9k ki, agyv\u00e9rz\u00e9sben halt meg. Filoz\u00f3fiat\u00f6rt\u00e9nettel, Mentovich Fe\u00adrenc munk\u00e1ss\u00e1g\u00e1val, ut\u00f3bb az oktat\u00e1s\u00fcgy t\u00f6r\u00adt\u00e9net\u00e9nek egyes k\u00e9rd\u00e9seivel foglalkozott. T\u00e1rc\u00e1i jelentek meg az Ellenz\u00e9k, Magyar N\u00e9p, Sz\u00e9kelys\u00e9g, Erd\u00e9lyi Prot. Lap. Reform\u00e1tus Szemle, Vas\u00e1rnapi \u00dajs\u00e1g, Sz\u00e9kely Napl\u00f3, a Mv.-i Ref. Koll. \u00c9rtes\u00edt\u0151je (1914) has\u00e1bjain. A ref. egyh\u00e1zban \u00e9s k\u00fcl\u00f6nb\u00f6z\u0151 t\u00e1rsadalmi szervezetekben felel\u0151s tiszts\u00e9get t\u00f6lt\u00f6tt be. \u00c9vente szerkesztette \u00e9s kiadta a koll\u00e9gium \u00c9rtes\u00edt\u0151j\u00e9t. Sz\u00e1mtalan tiszts\u00e9get viselt. A KZST tagja (1910\u2013), aleln\u00f6ke (1934\u201346), a t\u00e1rsas\u00e1g f\u00e9lsz\u00e1zados jubileum\u00e1ra kiadott \u00dcnnepi k\u00f6nyvben (Mv., 1930) \u00fajabb Mentovich tanulm\u00e1nnyal szerepelt. A Tisztvisel\u0151-Egylet igazgat\u00f3s\u00e1gi v\u00e1lasztm\u00e1ny\u00e1nak tagja. A rom\u00e1niai ref. zsinat tagja, az erd\u00e9lyi ref. egyh\u00e1zker. vil\u00e1gi aljegyz\u0151je, a mv.-i ref. egyh\u00e1z f\u0151gondnoka (1939\u2013); a Di\u00e1kegyes\u00fclet eln\u00f6ke, a Stef\u00e1nia Kisded\u00f3v\u00f3 alel\u00adn\u00f6ke, \u00e9s t\u00f6bb t\u00e1rsadalmi \u00e9s kultur\u00e1lis egyes\u00fclet m\u0171k\u00f6d\u00e9s\u00e9ben j\u00e1tszott fontos szerepet. A Magyar Sz\u00f6vets\u00e9g mv.-i tagozat\u00e1nak int\u00e9z\u0151bizotts\u00e1gi tagja (1921), a Mv.-i Kaszin\u00f3 v\u00e1lasztm\u00e1nyi tagja (1927\u2013) \u2013 <strong>F. m.:<\/strong> Mentovich Ferenc \u00e9lete \u00e9s m\u0171k\u00f6d\u00e9se (Mv., 1904); A marosv\u00e1s\u00e1r-helyi Reform\u00e1tus Koll\u00e9gium t\u00f6rt\u00e9nete az 1848\u20131849-es szabads\u00e1gharc alatt (Kv., 1905, Mv., 1907); Horatius \u00e9s Maecenas (Mv., 1907); <strong>antol\u00f3g.:<\/strong> Mv.-i lexikon (Mv., 1912); \u00dcnnepi k\u00f6nyv a KZST f\u00e9lsz\u00e1zados jubileum\u00e1ra (Mv., 1930); Bern\u00e1dy : Eml\u00e9ksorok (Mv., 1934); <strong>szerk.:<\/strong> A mv.-i ref. koll, (f\u0151gimn., elemi isk., intern\u00e1tus \u00e9s konviktus) \u00e9rtes\u00edt\u0151je az 1924\u201325. iskolai \u00e9vr\u0151l (Tg. M., 1925); A mv.-i ref. koll, (f\u0151gimn., elemi isk., intern\u00e1tus \u00e9s konviktus) \u00e9rtes\u00edt\u0151je az 1925\u201326.. iskolai \u00e9vr\u0151l (Tg. M., 1926); A t\u00e2rgu-mure\u0219-i ref. koll. (nyilv\u00e1noss\u00e1gi jogu fi\u00fa-f\u0151gimn. \u00e9s elemi iskola, intern\u00e1tus \u00e9s konviktus) \u00e9rtes\u00edt\u0151je az 1932\u201333, \u00e9s 1933\u201334. iskolai \u00e9vr\u0151l.(Tg. M., 1934); A t\u00e2rgu-mure\u0219-i ref. koll. (nyilv\u00e1noss\u00e1gi jogu fi\u00fa-f\u0151gimn. \u00e9s elemi iskola, intern\u00e1tus \u00e9s konviktus) \u00e9rtes\u00edt\u0151je az 1934\u201335, \u00e9s 1935\u201336. iskolai \u00e9vr\u0151l.(Tg. M., 1937); <br \/><strong>Irod.:<\/strong> \u00c1goston Albert: Alkot\u00e1sainkra, \u00e9rt\u00e9keinkre eml\u00e9kezve (N\u00fa., 1993. dec. 14.); \u00c1goston Albert: Van m\u00e9g egy nagy igazgat\u00f3ja a volt Reform\u00e1tus Koll\u00e9giumnak (N\u00fa., 2001. nov. 15); Bern\u00e1dy; Bi\u00e1s Istv\u00e1n; Csekme, EM; Ferenczi 1928; Ferenczi 1929 \/2; F\u00fcl\u00f6p\u2013Ferencz; F\u00fcl\u00f6p G. D\u00e9nes: Asztali besz\u00e9lget\u00e9sek \u2013 n\u00e9hai Mester Istv\u00e1n v\u00e1rtemplomi lelkip\u00e1sztorral (\u00daj Kezdet, 5. sz., 2001. m\u00e1j.); Ga\u00e1l 2001; Gy\u00e1szjelent\u0151; Gy\u00f6rgy 1927; Helikon 1924\u20131944; Id\u0151t\u00e1r 2; Id\u0151t\u00e1r 3; Ki kicsoda?; Kozma; KZST1930; Lexiconul vietii publice; Marosi-KZST; M\u00c9L; Molter 2.; Mv. \u00e9s a h\u00e1bor\u00fa; Mv. t\u00f6rt. 2; RMIL; Sebesty\u00e9n; Sipos; \u00daM\u00c9L; Valentiny 1935; Ol\u00e1h-G\u00e1l R\u00f3bert: Apr\u00f3s\u00e1gok a marosv\u00e1s\u00e1rhelyi reform\u00e1tus koll\u00e9gium m\u00faltj\u00e1b\u00f3l (N\u00fa., 2024. jan. 5.)<\/br><\/p>\n","protected":false},"excerpt":{"rendered":"<p>Mv., 1879. m\u00e1j. 10., \u2020 Mv., 1961. m\u00e1rc. 2.: tan\u00e1r, koll.-i igazgat\u00f3, filoz\u00f3fiai \u00edr\u00f3. \u2013 Apja N. Lajos a Ref. Polg. Le\u00e1nyiskola igazgat\u00f3ja, anyja a sz\u00f6v\u00e9rdi Madaras nev\u0171 ref. pap le\u00e1nytestv\u00e9re, ez\u00e9rt Sz\u00f6v\u00e9rdet szerette, az onnan j\u00f6tt tanul\u00f3kat t\u00e1mogatta, ott \u00f6r\u00f6k\u00f6lt f\u00f6ldj\u00e9t gondosan m\u0171velte.Testv\u00e9rei: Magyari Nagy Elvira, Nagy Izabella. Feles\u00e9ge: P\u00e1ll M\u00e1ria, a Mv.-i Ref. [&hellip;]<\/p>\n","protected":false},"featured_media":0,"comment_status":"open","ping_status":"closed","template":"","meta":[],"product_brand":[],"product_cat":[137],"product_tag":[],"class_list":{"0":"post-16129","1":"product","2":"type-product","3":"status-publish","5":"product_cat-maros-megyei-eletrajzi-lexikon","7":"first","8":"instock","9":"shipping-taxable","10":"product-type-simple"},"_links":{"self":[{"href":"https:\/\/uj.adatbank.ro\/lexikon\/wp-json\/wp\/v2\/product\/16129","targetHints":{"allow":["GET"]}}],"collection":[{"href":"https:\/\/uj.adatbank.ro\/lexikon\/wp-json\/wp\/v2\/product"}],"about":[{"href":"https:\/\/uj.adatbank.ro\/lexikon\/wp-json\/wp\/v2\/types\/product"}],"replies":[{"embeddable":true,"href":"https:\/\/uj.adatbank.ro\/lexikon\/wp-json\/wp\/v2\/comments?post=16129"}],"wp:attachment":[{"href":"https:\/\/uj.adatbank.ro\/lexikon\/wp-json\/wp\/v2\/media?parent=16129"}],"wp:term":[{"taxonomy":"product_brand","embeddable":true,"href":"https:\/\/uj.adatbank.ro\/lexikon\/wp-json\/wp\/v2\/product_brand?post=16129"},{"taxonomy":"product_cat","embeddable":true,"href":"https:\/\/uj.adatbank.ro\/lexikon\/wp-json\/wp\/v2\/product_cat?post=16129"},{"taxonomy":"product_tag","embeddable":true,"href":"https:\/\/uj.adatbank.ro\/lexikon\/wp-json\/wp\/v2\/product_tag?post=16129"}],"curies":[{"name":"wp","href":"https:\/\/api.w.org\/{rel}","templated":true}]}}