{"id":16330,"date":"2025-07-15T16:13:02","date_gmt":"2025-07-15T14:13:02","guid":{"rendered":"https:\/\/uj.adatbank.ro\/lexikon\/termek\/nagy-karola\/"},"modified":"2025-07-15T16:13:02","modified_gmt":"2025-07-15T14:13:02","slug":"nagy-karola","status":"publish","type":"product","link":"https:\/\/uj.adatbank.ro\/lexikon\/termek\/nagy-karola\/","title":{"rendered":"NAGY Karola"},"content":{"rendered":"<p>Segesv\u00e1r, 1906. m\u00e1j. 17., \u2020 Brass\u00f3, 1933. febr. 27.: \u00edr\u00f3, \u00fajs\u00e1g\u00edr\u00f3. \u2013 Sze\u00adg\u00e9ny csal\u00e1dban sz\u00fcletett, sz\u0171k\u00f6s k\u00f6r\u00fclm\u00e9nyek k\u00f6z\u00f6tt n\u0151tt fel, kor\u00e1n Brass\u00f3ba ker\u00fclt nevel\u0151 sz\u00fcl\u0151kh\u00f6z, ott a R.k. Le\u00e1nygimn\u00e1zium \u00e9s a Z\u00e1rda n\u00f6vend\u00e9ke. Tisztvisel\u0151 \u00e9s bolti el\u00e1rus\u00edt\u00f3 volt. F\u00e9rj\u00e9vel Buk.-ben \u00e9s Medgyesen \u00e9lt majd visszaker\u00fclt Brass\u00f3ba. A Brass\u00f3i Lapok (1930\u2013)., majd a N\u00e9p\u00fajs\u00e1g munkat\u00e1rsa, rend\u0151rs\u00e9gi \u00e9s t\u00f6rv\u00e9nysz\u00e9ki tud\u00f3s\u00edt\u00f3ja. Itt jelentek meg riportjai, interj\u00fai \u00e9s essz\u00e9i. K\u00e9t dr\u00e1m\u00e1j\u00e1t a kv.-i Magyar Sz\u00ednh\u00e1zban Janovics Jen\u0151 H\u00e1bor\u00fas nemzed\u00e9k \u00f6sszevont c\u00edmmel m\u0171sorra t\u0171zte (1933) de az el\u0151ad\u00e1st nem enged\u00e9lyezt\u00e9k. Irod. hagyat\u00e9ka : k\u00e9t sz\u00edndarab (A l\u00e1ny, A fi\u00fa), egy kisreg\u00e9ny (Az ismeretlen). Ezekb\u0151l \u00e1ll\u00edtotta \u00f6ssze Csire Gabriella az \u00edr\u00f3n\u0151 szem\u00e9lyis\u00e9g\u00e9t id\u00e9z\u0151 \u2013 egyel\u0151re k\u00e9ziratban rekedt \u2013 reg\u00e9ny\u00e9t Egyed\u00fcl j\u00e1rtam k\u00f6ztetek. A m\u00e1sokkal k\u00f6z\u00f6sen \u00edrt kollekt\u00edv reg\u00e9nye (A f\u00f6ldalatti h\u00e1rmak, Tam\u00e1si \u00c1ron el\u0151szav\u00e1val), valamint feljegyz\u00e9sei, napl\u00f3i csak korai hal\u00e1la ut\u00e1n Benedek Marcell bevezet\u0151 \u00edr\u00e1s\u00e1val jelent meg. Az erd\u00e9lyi m. irodalom egyik nagy \u00edg\u00e9rete volt. M\u00e1r r\u00f6viddel korai hal\u00e1la ut\u00e1n feltette Ligeti Ern\u0151 a k\u00e9rd\u00e9st: \u201e&#8230; mi\u00e9rt tudunk mi olyan keveset err\u0151l az erd\u00e9lyi Baskircsev M\u00e1ri\u00e1r\u00f3l, h\u00e1t olyan gazdagok vagyunk, hogy teljess\u00e9ggel megfeledkezhet\u00fcnk r\u00f3la?\u201d Portr\u00e9j\u00e1t Ruzicskay Gy\u00f6rgy festette meg. \u2013 <strong>F. m.:<\/strong> Itt voltam&#8230; Bev. Benedek Marcell (Bp., 1934); Ne n\u00e9zz ut\u00e1nam (Bp., 1984). <br \/><strong>Irod.:<\/strong> Csire Gabriella: N. K. (1906\u20131933). (K\u00f6nyvt\u00e1ri Szemle 1968\/2.); Guly\u00e1s; M\u00e1ln\u00e1si; M\u00c9L; RMIL; R\u00daL; \u00daM\u00c9L; Z\u00e1honyi<\/br><\/p>\n","protected":false},"excerpt":{"rendered":"<p>Segesv\u00e1r, 1906. m\u00e1j. 17., \u2020 Brass\u00f3, 1933. febr. 27.: \u00edr\u00f3, \u00fajs\u00e1g\u00edr\u00f3. \u2013 Sze\u00adg\u00e9ny csal\u00e1dban sz\u00fcletett, sz\u0171k\u00f6s k\u00f6r\u00fclm\u00e9nyek k\u00f6z\u00f6tt n\u0151tt fel, kor\u00e1n Brass\u00f3ba ker\u00fclt nevel\u0151 sz\u00fcl\u0151kh\u00f6z, ott a R.k. Le\u00e1nygimn\u00e1zium \u00e9s a Z\u00e1rda n\u00f6vend\u00e9ke. Tisztvisel\u0151 \u00e9s bolti el\u00e1rus\u00edt\u00f3 volt. F\u00e9rj\u00e9vel Buk.-ben \u00e9s Medgyesen \u00e9lt majd visszaker\u00fclt Brass\u00f3ba. A Brass\u00f3i Lapok (1930\u2013)., majd a N\u00e9p\u00fajs\u00e1g munkat\u00e1rsa, rend\u0151rs\u00e9gi [&hellip;]<\/p>\n","protected":false},"featured_media":0,"comment_status":"open","ping_status":"closed","template":"","meta":[],"product_brand":[],"product_cat":[137],"product_tag":[],"class_list":{"0":"post-16330","1":"product","2":"type-product","3":"status-publish","5":"product_cat-maros-megyei-eletrajzi-lexikon","7":"first","8":"instock","9":"shipping-taxable","10":"product-type-simple"},"_links":{"self":[{"href":"https:\/\/uj.adatbank.ro\/lexikon\/wp-json\/wp\/v2\/product\/16330","targetHints":{"allow":["GET"]}}],"collection":[{"href":"https:\/\/uj.adatbank.ro\/lexikon\/wp-json\/wp\/v2\/product"}],"about":[{"href":"https:\/\/uj.adatbank.ro\/lexikon\/wp-json\/wp\/v2\/types\/product"}],"replies":[{"embeddable":true,"href":"https:\/\/uj.adatbank.ro\/lexikon\/wp-json\/wp\/v2\/comments?post=16330"}],"wp:attachment":[{"href":"https:\/\/uj.adatbank.ro\/lexikon\/wp-json\/wp\/v2\/media?parent=16330"}],"wp:term":[{"taxonomy":"product_brand","embeddable":true,"href":"https:\/\/uj.adatbank.ro\/lexikon\/wp-json\/wp\/v2\/product_brand?post=16330"},{"taxonomy":"product_cat","embeddable":true,"href":"https:\/\/uj.adatbank.ro\/lexikon\/wp-json\/wp\/v2\/product_cat?post=16330"},{"taxonomy":"product_tag","embeddable":true,"href":"https:\/\/uj.adatbank.ro\/lexikon\/wp-json\/wp\/v2\/product_tag?post=16330"}],"curies":[{"name":"wp","href":"https:\/\/api.w.org\/{rel}","templated":true}]}}