{"id":16362,"date":"2025-07-15T16:14:15","date_gmt":"2025-07-15T14:14:15","guid":{"rendered":"https:\/\/uj.adatbank.ro\/lexikon\/termek\/nagy-lajos-galfalvi\/"},"modified":"2025-07-15T16:14:15","modified_gmt":"2025-07-15T14:14:15","slug":"nagy-lajos-galfalvi","status":"publish","type":"product","link":"https:\/\/uj.adatbank.ro\/lexikon\/termek\/nagy-lajos-galfalvi\/","title":{"rendered":"NAGY Lajos, g\u00e1lfalvi"},"content":{"rendered":"<p>Ny\u00e1r\u00e1dg\u00e1lfalva, 1828. j\u00fal. 6., \u2020Kv., 1910. m\u00e1j.19. a H\u00e1zsong\u00e1rdi temet\u0151ben nyugszik: unit\u00e1rius teol\u00f3giai tan\u00e1r, n\u00e9pk\u00f6lt\u00e9szeti gy\u0171jt\u0151, szerkeszt\u0151. \u2013 Apja: N. S\u00e1ndor sz\u00e9kely nemes, f\u00f6ldm\u0171ves. Feles\u00e9ge: G\u00e1lffy Nella, G. S\u00e1ndor n\u00e9pk\u00f6lt\u0151 le\u00e1nya. \u2013 Sz\u00fcl\u0151faluj\u00e1ban majd a sz\u00e9kelykereszt\u00fari gimn.-ban tanult (1839\u2013). Mv.-en honv\u00e9dnek \u00e1llt (1848. szept.); el\u0151sz\u00f6r a M\u00e1ty\u00e1s-husz\u00e1rokn\u00e1l, ut\u00f3bb a 87. z\u00e1szl\u00f3aljban vett r\u00e9szt a szabad\u00ads\u00e1gharcban. A vil\u00e1gosi fegyverlet\u00e9tel (1849. aug. 13.) ut\u00e1n hazat\u00e9rt sz\u00fcleihez (1850 v\u00e9\u00adg\u00e9ig). Kv.-ott elv\u00e9gezte a gimn. 6\u20138. oszt\u00e1ly\u00e1t (1851\u201354), a teol. tanfolyamot (1854\u201356), emellett k\u00f6ztan\u00edt\u00f3 is volt. A g\u00f6ttingeni egy. Hittud. Kar\u00e1n tanult (1856\u201357) t\u00f6rt\u00e9nelmet, f\u00f6ldrajzot, teol\u00f3gi\u00e1t; g\u00f6r\u00f6g\u00f6t Budenz J\u00f3zseft\u0151l tanult, akit viszonz\u00e1sul magyarul tan\u00edtott, s aki az \u0151 biztat\u00e1s\u00e1ra \u00e9s seg\u00edts\u00e9g\u00e9vel ker\u00fclt Mo.-ra. Kv.-ott az unit. koll.-ban r. tan\u00e1r (1857\u20131900), a gimn.-ban a g\u00f6r\u00f6g \u00e9s m. nyelvet, a teol\u00f3gi\u00e1n bibliabevezet\u00e9st \u00e9s \u00fajsz\u00f6\u00advets\u00e9gi szent\u00edr\u00e1s-magyar\u00e1zatot, ut\u00f3bb egyh\u00e1z\u00adt\u00f6rt\u00e9nelmet tan\u00edtott, a koll. igazgat\u00f3ja (1862\u201368), egy\u00fattal (1857\u201367) unit. m\u00e1sodlelk\u00e9sz. Emellett Kolozs-Doboka k\u00f6ri esperes (1862\u2013), egyh\u00e1zi f\u0151jegyz\u0151 volt (1880\u2013).Ind\u00edtv\u00e1nyozta (1882), hogy Kv.-on \u00e1ll\u00edtsanak szobrot M\u00e1ty\u00e1s kir\u00e1lynak. Tan\u00e1ri \u00e1ll\u00e1s\u00e1b\u00f3l nyugd\u00edjazt\u00e1k (1900. dec.), de esperesi \u00e9s f\u0151jegyz\u0151i \u00e1ll\u00e1s\u00e1t tov\u00e1bbra is megtartotta. M\u00e1r di\u00e1kkor\u00e1ban \u00edrt kisebb k\u00f6ltem\u00e9nyeket, gy\u0171j\u00adt\u00f6tt n\u00e9pmes\u00e9ket, n\u00e9pdalokat, k\u00f6zmond\u00e1sokat, hely \u2013 \u00e9s \u00e1llatneveket, gyermekmes\u00e9ket, me\u00adlyek egy r\u00e9sze a G\u00e1sp\u00e1r J\u00e1nos szerk. Csemeg\u00e9k c. k\u00f6tetben, m\u00e1s r\u00e9sze Kriza J\u00e1nos Vadr\u00f3\u00adzs\u00e1k c. munk\u00e1j\u00e1ban jelentek meg. Felfedezte a Barcsai c. sz\u00e9kely n\u00e9pballad\u00e1t, melyet Erd\u00e9lyi J\u00e1nos a Sz\u00e9pirod. K\u00f6z\u00f6nyben (1858) m\u00e9ltatott, s ez ford\u00edtotta a figyelmet a sz\u00e9kely n\u00e9pballad\u00e1k felkutat\u00e1sa \u00e9s \u00f6sszegy\u0171jt\u00e9se fel\u00e9. Kv.-on a Kereszt\u00e9ny Magvet\u0151 alap\u00edt\u00f3 szerk. (Kriza J\u00e1nossal, 1861\u201363), az Unit. K\u00f6zl\u00f6ny szerk. (Boros Gy\u00f6rggyel, 1888\u201392). Felel\u0151s szerkeszt\u0151je \u00e9s tulajdonosa a Sz\u00e1szr\u00e9geni Havasalja (1886\u201387) c. lapnak, ez az els\u0151 sz\u00e1szr\u00e9geni m. nyelv\u0171 sajt\u00f3term\u00e9k. A R\u00e9genvid\u00e9k (1899\u20131904) hetilap szerkeszt\u0151je, majd Kert\u00e9sz J\u00f3zsef volt. Marosv\u00f6lgy c. (1902\u201303) hetilap szerk. \u2013 <strong>F. m.:<\/strong> Egyh\u00e1zi im\u00e1k \u00e9s besz\u00e9dek (Kv., 1861); Egyh\u00e1zi im\u00e1k \u00e9s besz\u00e9dek (Kv., 1880); Hangok a szabads\u00e1gharc ut\u00e1n. K\u00f6lte\u00adm\u00e9nyek 1849\u20131901 (Kv., 1901); Je\u00adlent\u00e9s a kolozsv\u00e1ri M\u00e1ty\u00e1s kir\u00e1ly szoborr\u00f3l (Kv., 1902), <strong>szerk.:<\/strong> A nagyv\u00e1radi disputati\u00f3k (kiadta Sim\u00e9n Domokossal egy\u00fctt, Kv., 1870). <br \/><strong>Irod.:<\/strong> B\u00edr\u00f3 Don\u00e1t; G\u00e1l Kelemen: A kv.-i Unit\u00e1rius Koll. t\u00f6rt\u00e9nete (Kv., 1935); H\u00e1zsong\u00e1rd; Kelemen; Kriza levelez\u00e9s; Magyar n\u00e9pballad\u00e1k (Bp., 1906); M\u00c9L; Pluh\u00e1r; Rugonfalvi Kiss; Szab\u00f3\u2013Simon\u2013Sz\u00f6gi, Szab\u00f3 Mih\u00e1ly: A r\u00e9geni sajt\u00f3 t\u00f6rt\u00e9net\u00e9b\u0151l (1.) (V. Z., 1983. m\u00e1rc. 20.); Szinnyei; \u00daM\u00c9L; V\u00e1logatott magyar n\u00e9pballad\u00e1k (Bp., 1898)<\/br><\/p>\n","protected":false},"excerpt":{"rendered":"<p>Ny\u00e1r\u00e1dg\u00e1lfalva, 1828. j\u00fal. 6., \u2020Kv., 1910. m\u00e1j.19. a H\u00e1zsong\u00e1rdi temet\u0151ben nyugszik: unit\u00e1rius teol\u00f3giai tan\u00e1r, n\u00e9pk\u00f6lt\u00e9szeti gy\u0171jt\u0151, szerkeszt\u0151. \u2013 Apja: N. S\u00e1ndor sz\u00e9kely nemes, f\u00f6ldm\u0171ves. Feles\u00e9ge: G\u00e1lffy Nella, G. S\u00e1ndor n\u00e9pk\u00f6lt\u0151 le\u00e1nya. \u2013 Sz\u00fcl\u0151faluj\u00e1ban majd a sz\u00e9kelykereszt\u00fari gimn.-ban tanult (1839\u2013). Mv.-en honv\u00e9dnek \u00e1llt (1848. szept.); el\u0151sz\u00f6r a M\u00e1ty\u00e1s-husz\u00e1rokn\u00e1l, ut\u00f3bb a 87. z\u00e1szl\u00f3aljban vett r\u00e9szt a szabad\u00ads\u00e1gharcban. [&hellip;]<\/p>\n","protected":false},"featured_media":0,"comment_status":"open","ping_status":"closed","template":"","meta":[],"product_brand":[],"product_cat":[137],"product_tag":[],"class_list":{"0":"post-16362","1":"product","2":"type-product","3":"status-publish","5":"product_cat-maros-megyei-eletrajzi-lexikon","7":"first","8":"instock","9":"shipping-taxable","10":"product-type-simple"},"_links":{"self":[{"href":"https:\/\/uj.adatbank.ro\/lexikon\/wp-json\/wp\/v2\/product\/16362","targetHints":{"allow":["GET"]}}],"collection":[{"href":"https:\/\/uj.adatbank.ro\/lexikon\/wp-json\/wp\/v2\/product"}],"about":[{"href":"https:\/\/uj.adatbank.ro\/lexikon\/wp-json\/wp\/v2\/types\/product"}],"replies":[{"embeddable":true,"href":"https:\/\/uj.adatbank.ro\/lexikon\/wp-json\/wp\/v2\/comments?post=16362"}],"wp:attachment":[{"href":"https:\/\/uj.adatbank.ro\/lexikon\/wp-json\/wp\/v2\/media?parent=16362"}],"wp:term":[{"taxonomy":"product_brand","embeddable":true,"href":"https:\/\/uj.adatbank.ro\/lexikon\/wp-json\/wp\/v2\/product_brand?post=16362"},{"taxonomy":"product_cat","embeddable":true,"href":"https:\/\/uj.adatbank.ro\/lexikon\/wp-json\/wp\/v2\/product_cat?post=16362"},{"taxonomy":"product_tag","embeddable":true,"href":"https:\/\/uj.adatbank.ro\/lexikon\/wp-json\/wp\/v2\/product_tag?post=16362"}],"curies":[{"name":"wp","href":"https:\/\/api.w.org\/{rel}","templated":true}]}}