{"id":16375,"date":"2025-07-15T16:14:41","date_gmt":"2025-07-15T14:14:41","guid":{"rendered":"https:\/\/uj.adatbank.ro\/lexikon\/termek\/nagy-laszlo-9\/"},"modified":"2025-07-15T16:14:41","modified_gmt":"2025-07-15T14:14:41","slug":"nagy-laszlo-9","status":"publish","type":"product","link":"https:\/\/uj.adatbank.ro\/lexikon\/termek\/nagy-laszlo-9\/","title":{"rendered":"NAGY L\u00e1szl\u00f3"},"content":{"rendered":"<p>1901.\u2020 Ny\u00e1r\u00e1dk\u00f6szv\u00e9nyes, 1984.: fafarag\u00f3mester. \u2013 Ny\u00e1r\u00e1dk\u00f6szv\u00e9nyesen kapufarag\u00f3 volt, a naiv m\u0171v\u00e9szekre jellemz\u0151 st\u00edlusban alkotott, bev\u00e9sett, karcolt. M\u00e9ly bev\u00e9s\u00e9ssel dombor\u00edtotta ki az \u00e1br\u00e1zol\u00e1sokat. Faragott gyalogkapukat Szov\u00e1t\u00e1n, Ny\u00e1r\u00e1dk\u00f6szv\u00e9nyesen, b\u00fatorokat stb. Kor\u00e1n \u00e1rv\u00e1n maradt, napsz\u00e1mos majd fafarag\u00f3 Ny\u00e1r\u00e1dmogyor\u00f3son. Meg\u00edrta \u00f6n\u00e9letrajz\u00e1t hat f\u00fczetben \u00cdr\u00f3v\u00e9s\u0151 \u00e9s fakalap\u00e1cs c. <br \/><strong>Irod.:<\/strong> L\u00e1szl\u00f3 \u00c1rp\u00e1d: Ny\u00e1r\u00e1dk\u00f6szv\u00e9nyes kapufarag\u00f3i II.: Nagy L\u00e1szl\u00f3 (\u00d6r\u00f6ks\u00e9g\u00fcnk, 1. sz., 2012)<\/br><\/p>\n","protected":false},"excerpt":{"rendered":"<p>1901.\u2020 Ny\u00e1r\u00e1dk\u00f6szv\u00e9nyes, 1984.: fafarag\u00f3mester. \u2013 Ny\u00e1r\u00e1dk\u00f6szv\u00e9nyesen kapufarag\u00f3 volt, a naiv m\u0171v\u00e9szekre jellemz\u0151 st\u00edlusban alkotott, bev\u00e9sett, karcolt. M\u00e9ly bev\u00e9s\u00e9ssel dombor\u00edtotta ki az \u00e1br\u00e1zol\u00e1sokat. Faragott gyalogkapukat Szov\u00e1t\u00e1n, Ny\u00e1r\u00e1dk\u00f6szv\u00e9nyesen, b\u00fatorokat stb. Kor\u00e1n \u00e1rv\u00e1n maradt, napsz\u00e1mos majd fafarag\u00f3 Ny\u00e1r\u00e1dmogyor\u00f3son. Meg\u00edrta \u00f6n\u00e9letrajz\u00e1t hat f\u00fczetben \u00cdr\u00f3v\u00e9s\u0151 \u00e9s fakalap\u00e1cs c. Irod.: L\u00e1szl\u00f3 \u00c1rp\u00e1d: Ny\u00e1r\u00e1dk\u00f6szv\u00e9nyes kapufarag\u00f3i II.: Nagy L\u00e1szl\u00f3 (\u00d6r\u00f6ks\u00e9g\u00fcnk, 1. sz., 2012)<\/p>\n","protected":false},"featured_media":0,"comment_status":"open","ping_status":"closed","template":"","meta":[],"product_brand":[],"product_cat":[137],"product_tag":[],"class_list":{"0":"post-16375","1":"product","2":"type-product","3":"status-publish","5":"product_cat-maros-megyei-eletrajzi-lexikon","7":"first","8":"instock","9":"shipping-taxable","10":"product-type-simple"},"_links":{"self":[{"href":"https:\/\/uj.adatbank.ro\/lexikon\/wp-json\/wp\/v2\/product\/16375","targetHints":{"allow":["GET"]}}],"collection":[{"href":"https:\/\/uj.adatbank.ro\/lexikon\/wp-json\/wp\/v2\/product"}],"about":[{"href":"https:\/\/uj.adatbank.ro\/lexikon\/wp-json\/wp\/v2\/types\/product"}],"replies":[{"embeddable":true,"href":"https:\/\/uj.adatbank.ro\/lexikon\/wp-json\/wp\/v2\/comments?post=16375"}],"wp:attachment":[{"href":"https:\/\/uj.adatbank.ro\/lexikon\/wp-json\/wp\/v2\/media?parent=16375"}],"wp:term":[{"taxonomy":"product_brand","embeddable":true,"href":"https:\/\/uj.adatbank.ro\/lexikon\/wp-json\/wp\/v2\/product_brand?post=16375"},{"taxonomy":"product_cat","embeddable":true,"href":"https:\/\/uj.adatbank.ro\/lexikon\/wp-json\/wp\/v2\/product_cat?post=16375"},{"taxonomy":"product_tag","embeddable":true,"href":"https:\/\/uj.adatbank.ro\/lexikon\/wp-json\/wp\/v2\/product_tag?post=16375"}],"curies":[{"name":"wp","href":"https:\/\/api.w.org\/{rel}","templated":true}]}}