{"id":16464,"date":"2025-07-15T16:17:46","date_gmt":"2025-07-15T14:17:46","guid":{"rendered":"https:\/\/uj.adatbank.ro\/lexikon\/termek\/nagy-samuel-kebelei-kebelei-nagy-samu\/"},"modified":"2025-07-15T16:17:46","modified_gmt":"2025-07-15T14:17:46","slug":"nagy-samuel-kebelei-kebelei-nagy-samu","status":"publish","type":"product","link":"https:\/\/uj.adatbank.ro\/lexikon\/termek\/nagy-samuel-kebelei-kebelei-nagy-samu\/","title":{"rendered":"NAGY S\u00e1muel, kebelei; Kebelei Nagy Samu"},"content":{"rendered":"<p>Ag\u00e1rd, 1817. j\u00fal. 10., \u2020 Mv., 1903.: honv. sz\u00e1zados, kir. t\u00e1blabir\u00f3. \u2013 Sz\u00fclei: I. Nagy S. \u00e9s tancsi F\u00f6ldv\u00e1ry Druzsina. Feles\u00e9ge vadadi Filep Kata. \u2013 Iskol\u00e1it a mv.-i Ref. Koll.-ban v\u00e9gezte, majd b\u00edr\u00f3i vizsg\u00e1t tett (1839). A marossz\u00e9ki k\u00f6zgy\u00fcl\u00e9s megv\u00e1lasztotta az \u00e1rv\u00e1k b\u00edr\u00e1j\u00e1nak (1843\u2013), tiszts\u00e9gi iktat\u00f3 (1945\u2013), majd Marossz\u00e9k p\u00e9nzt\u00e1rnoka (1848 tavaszt\u00f3l\u2013). Gr. Toldalagi Ferenc f\u0151kir\u00e1lyb\u00edr\u00f3 \u00e9s br. Vay Mikl\u00f3s kir\u00e1lyi biztos az egyik marossz\u00e9ki \u00f6nk\u00e9ntes nemzet\u0151rz\u00e1szl\u00f3alj szervez\u00e9s\u00e9vel bizt\u00e1k meg, ennek sz\u00e1zadosa (1848. okt. 10.). R\u00e9szt vett az erd\u00e9lyi hadj\u00e1ratban, a 87. honv\u00e9dz\u00e1szl\u00f3alj I. sz\u00e1zad\u00e1nak parancsnoka. Bem a feketehalmi \u00fctk\u00f6zetben 3. oszt. \u00e9rdemjellel t\u00fcntette ki (1848. m\u00e1rc. 18.). S\u00falyosan megsebes\u00fclt, majd a T\u00f6r\u00f6k-Horv\u00e1th f\u00e9le perben (1852) 8 havi fogs\u00e1gra it\u00e9lt\u00e9k. K\u00f6vet volt a kv.-i utols\u00f3 erd\u00e9lyi ogy.-en (1865). Ref egyh\u00e1zi f\u0151gondnok, r\u00e9szt vett az Erd\u00e9lyi Ref. Egyh\u00e1zker\u00fclet Kv.-on tartott k\u00f6zgy\u0171l\u00e9s\u00e9n (1888). A makfalvi Wesssel\u00e9nyi iskola gondnoka. A kiegyez\u00e9sig birtok\u00e1n gazd\u00e1lkodott, majd az els\u0151 kir\u00e1lyb\u00edr\u00f3 \u00e9s t\u00f6rv\u00e9nysz\u00e9ki eln\u00f6k (1867\u2013), fisk\u00e1lis direktor (1869\u2013), a mv.-i kir. t\u00e1bl\u00e1n\u00e1l els\u0151 b\u00edr\u00f3. Ogy.-i k\u00e9pvisel\u0151 (1868\u201369), a mv.-i kir. t\u00e1bla eln\u00f6ke. Szabads\u00e1golt \u00e1llom\u00e1ny\u00fa honv\u00e9d sz\u00e1zados (1870-, lek\u00f6sz\u00f6nt 1874). Hal\u00e1la ut\u00e1n, hagyat\u00e9k\u00e1b\u00f3l ut\u00f3dai a Ref. Koll.-nak aj\u00e1nd\u00e9koztak 59 m\u0171vet 237 k\u00f6tetben \u00e9s 56 f\u00fczetben (1903). \u00c9letrajza a mv.-i Egyet\u00e9rt\u00e9s III. \u00e9vf. 96\u201398 sz.-ban Bi\u00e1s Istv\u00e1nt\u00f3l. <br \/><strong>Irod.:<\/strong> Az Erd\u00e9lyi Ref. Egyh\u00e1zker\u00fclet k\u00f6zgy\u0171l\u00e9s\u00e9nek jegyz\u0151k\u00f6nyve (Kv, 1888); Filep; Filep 2.; H\u00f6ke Lajos: Mo \u00fajabbkori t\u00f6rt\u00e9nelme 1815\u20131892 (Nagybecskerek, 1893); Olosz Katalin: 1848\u201349 a sz\u00e1jhagyom\u00e1nyban = Olosz Katalin 2003; P\u00e1lmay; P\u00e1lmay J\u00f3zsef; Sebesty\u00e9n<\/br><\/p>\n","protected":false},"excerpt":{"rendered":"<p>Ag\u00e1rd, 1817. j\u00fal. 10., \u2020 Mv., 1903.: honv. sz\u00e1zados, kir. t\u00e1blabir\u00f3. \u2013 Sz\u00fclei: I. Nagy S. \u00e9s tancsi F\u00f6ldv\u00e1ry Druzsina. Feles\u00e9ge vadadi Filep Kata. \u2013 Iskol\u00e1it a mv.-i Ref. Koll.-ban v\u00e9gezte, majd b\u00edr\u00f3i vizsg\u00e1t tett (1839). A marossz\u00e9ki k\u00f6zgy\u00fcl\u00e9s megv\u00e1lasztotta az \u00e1rv\u00e1k b\u00edr\u00e1j\u00e1nak (1843\u2013), tiszts\u00e9gi iktat\u00f3 (1945\u2013), majd Marossz\u00e9k p\u00e9nzt\u00e1rnoka (1848 tavaszt\u00f3l\u2013). Gr. Toldalagi Ferenc [&hellip;]<\/p>\n","protected":false},"featured_media":0,"comment_status":"open","ping_status":"closed","template":"","meta":[],"product_brand":[],"product_cat":[137],"product_tag":[],"class_list":{"0":"post-16464","1":"product","2":"type-product","3":"status-publish","5":"product_cat-maros-megyei-eletrajzi-lexikon","7":"first","8":"instock","9":"shipping-taxable","10":"product-type-simple"},"_links":{"self":[{"href":"https:\/\/uj.adatbank.ro\/lexikon\/wp-json\/wp\/v2\/product\/16464","targetHints":{"allow":["GET"]}}],"collection":[{"href":"https:\/\/uj.adatbank.ro\/lexikon\/wp-json\/wp\/v2\/product"}],"about":[{"href":"https:\/\/uj.adatbank.ro\/lexikon\/wp-json\/wp\/v2\/types\/product"}],"replies":[{"embeddable":true,"href":"https:\/\/uj.adatbank.ro\/lexikon\/wp-json\/wp\/v2\/comments?post=16464"}],"wp:attachment":[{"href":"https:\/\/uj.adatbank.ro\/lexikon\/wp-json\/wp\/v2\/media?parent=16464"}],"wp:term":[{"taxonomy":"product_brand","embeddable":true,"href":"https:\/\/uj.adatbank.ro\/lexikon\/wp-json\/wp\/v2\/product_brand?post=16464"},{"taxonomy":"product_cat","embeddable":true,"href":"https:\/\/uj.adatbank.ro\/lexikon\/wp-json\/wp\/v2\/product_cat?post=16464"},{"taxonomy":"product_tag","embeddable":true,"href":"https:\/\/uj.adatbank.ro\/lexikon\/wp-json\/wp\/v2\/product_tag?post=16464"}],"curies":[{"name":"wp","href":"https:\/\/api.w.org\/{rel}","templated":true}]}}