{"id":16474,"date":"2025-07-15T16:18:05","date_gmt":"2025-07-15T14:18:05","guid":{"rendered":"https:\/\/uj.adatbank.ro\/lexikon\/termek\/nagy-sandor-8\/"},"modified":"2025-07-15T16:18:05","modified_gmt":"2025-07-15T14:18:05","slug":"nagy-sandor-8","status":"publish","type":"product","link":"https:\/\/uj.adatbank.ro\/lexikon\/termek\/nagy-sandor-8\/","title":{"rendered":"NAGY S\u00e1ndor"},"content":{"rendered":"<p>N\u00e9metb\u00e1nya, 1869. m\u00e1j. 18., \u2020 G\u00f6d\u00f6ll\u0151, 1950. m\u00e1rc. 14.: fest\u0151, grafikus, iparm\u0171v\u00e9sz. \u2013 Feles\u00e9ge Kriesch Laura. -Kor\u00e1n elker\u00fclt hazulr\u00f3l, isk. tanulm\u00e1nyait Veszpr\u00e9mben, Gy\u0151rben \u00e9s Bp.-en v\u00e9gezte, majd k\u00e9t \u00e9vig az Orsz. Mintarajzisk.-ban Sz\u00e9kely Bertalan n\u00f6vend\u00e9ke volt. K\u00e9t\u00e9ves \u00f6szt\u00f6nd\u00edjjal R\u00f3m\u00e1ba uta\u00adzott (1890\u2013), ahol Szoldatits Ferenc nazar\u00e9nus fest\u0151 m\u0171term\u00e9ben megismerkedett \u00e9s \u00e9letre sz\u00f3l\u00f3 bar\u00e1ts\u00e1got k\u00f6t\u00f6tt K\u00f6r\u00f6sf\u0151i Kriesch Alad\u00e1rral. P\u00e1rizsban \u00e9lt (1892\u20131900), itt ismerkedett meg Tu\u00addor Hart angol fest\u0151vel, akivel Er\u00add\u00e9lybe l\u00e1togatott (1897). R\u00e1th Gy\u00f6rgy h\u00edv\u00e1\u00ads\u00e1ra hazaj\u00f6tt (1900), hogy r\u00e9szt vegyen a p\u00e1rizsi vi\u00adl\u00e1gki\u00e1ll\u00edt\u00e1s m. anyag\u00e1nak el\u0151k\u00e9sz\u00edt\u00e9s\u00e9ben. Ek\u00adkort\u00f3l sz\u00e1m\u00edthat\u00f3 szecesszi\u00f3s m\u0171v\u00e9szegy\u00e9ni\u00ads\u00e9g\u00e9nek kibontakoz\u00e1sa; sokoldal\u00fas\u00e1g\u00e1ra jel\u00adlemz\u0151, hogy a k\u00e9pz\u0151m\u0171v\u00e9szet szinte minden \u00e1g\u00e1t m\u0171velte: fal \u2013 \u00e9s t\u00e1blak\u00e9pfest\u00e9ssel, \u00fcveg\u00adablak \u2013 \u00e9s gobelinkartonok k\u00e9sz\u00edt\u00e9s\u00e9vel, b\u0151r \u2013 \u00e9s famunk\u00e1kkal egyar\u00e1nt foglalkozott. Az 1900-as \u00e9vek k\u00f6zep\u00e9t\u0151l az I. vh. v\u00e9g\u00e9ig sz\u00e1mos monument\u00e1lis megb\u00edz\u00e1s\u00adnak tett eleget. A m. sze\u00adcesszi\u00f3 egyik legjelent\u0151sebb mestere. \u0150 festette a d\u00edszterem fresk\u00f3it (1912). K\u00fcl\u00f6n\u00f6sen fes\u00adtett \u00fcvegablakai t\u00f6rt. \u00e9s irod. ihlet\u00e9s\u0171ek, ez ut\u00f3bbiak k\u00f6z\u00fcl kiemelkednek a mv.-i Kult\u00farpalota t\u00fck\u00f6rterm\u00e9be terve\u00adzettek (1913), amelyek a legismertebb sz\u00e9kely n\u00e9p\u00adballad\u00e1k h\u0151seit \u00e1br\u00e1zolj\u00e1k (J\u00falia sz\u00e9p le\u00e1ny, K\u00e1d\u00e1r Kata, Sz\u00e9p Salamon S\u00e1ra, Budai Ilona). Legnagyobb hat\u00e1s\u00fa m\u0171vei azonban monu\u00adment\u00e1lis fresk\u00f3i, valamint \u00e9p\u00fcletd\u00edsz\u00edt\u0151 sgraffit\u00f3i \u00e9s mozaikjai pl. a mv.-i Kult\u00farpalota oldalhomlokzat\u00e1nak mozaikja (1913). <br \/><strong>Irod.:<\/strong> Bern\u00e1dy eml\u00e9kiratok; Fieber Henrik: \u00dcvegfest\u00e9szet (Bp., s.a.); Geller Katalin: N. S. (Bp., 1978); Genthon Istv\u00e1n: Az \u00faj magyar fest\u0151m\u0171v\u00e9szet t\u00f6rt\u00e9nete 1800 \u2013 napjainkig (Bp., 1935); Id\u0151t\u00e1r 2; Keresztes; Keresztes Gyula: N. S. alkot\u00e1sai Mv.-en (N\u00fa., 1996. okt. 26.); Keresztes Gyula: Szecesszi\u00f3 Mv.-en: 5.: K\u00f6zm\u0171vel\u0151d\u00e9si h\u00e1z 1\u20135. (N\u00fa., 1991. nov. 23.; 1991. dec. 7.; 1991. dec. 14.; 1992. jan. 4.; 1992. jan. 11.); Marosi Barna 1974; Moln\u00e1r; Mv.-i Kult\u00farpalota 2013; Petrovics Elek : Magyar mesterm\u0171vek (Bp., s.a.); Sza\u00adbadi Judit: A m. szecesszi\u00f3s m\u0171v\u00e9szet (Bp., 1979); \u00daM\u00c9L<\/br><\/p>\n","protected":false},"excerpt":{"rendered":"<p>N\u00e9metb\u00e1nya, 1869. m\u00e1j. 18., \u2020 G\u00f6d\u00f6ll\u0151, 1950. m\u00e1rc. 14.: fest\u0151, grafikus, iparm\u0171v\u00e9sz. \u2013 Feles\u00e9ge Kriesch Laura. -Kor\u00e1n elker\u00fclt hazulr\u00f3l, isk. tanulm\u00e1nyait Veszpr\u00e9mben, Gy\u0151rben \u00e9s Bp.-en v\u00e9gezte, majd k\u00e9t \u00e9vig az Orsz. Mintarajzisk.-ban Sz\u00e9kely Bertalan n\u00f6vend\u00e9ke volt. K\u00e9t\u00e9ves \u00f6szt\u00f6nd\u00edjjal R\u00f3m\u00e1ba uta\u00adzott (1890\u2013), ahol Szoldatits Ferenc nazar\u00e9nus fest\u0151 m\u0171term\u00e9ben megismerkedett \u00e9s \u00e9letre sz\u00f3l\u00f3 bar\u00e1ts\u00e1got k\u00f6t\u00f6tt K\u00f6r\u00f6sf\u0151i Kriesch [&hellip;]<\/p>\n","protected":false},"featured_media":0,"comment_status":"open","ping_status":"closed","template":"","meta":[],"product_brand":[],"product_cat":[137],"product_tag":[],"class_list":{"0":"post-16474","1":"product","2":"type-product","3":"status-publish","5":"product_cat-maros-megyei-eletrajzi-lexikon","7":"first","8":"instock","9":"shipping-taxable","10":"product-type-simple"},"_links":{"self":[{"href":"https:\/\/uj.adatbank.ro\/lexikon\/wp-json\/wp\/v2\/product\/16474","targetHints":{"allow":["GET"]}}],"collection":[{"href":"https:\/\/uj.adatbank.ro\/lexikon\/wp-json\/wp\/v2\/product"}],"about":[{"href":"https:\/\/uj.adatbank.ro\/lexikon\/wp-json\/wp\/v2\/types\/product"}],"replies":[{"embeddable":true,"href":"https:\/\/uj.adatbank.ro\/lexikon\/wp-json\/wp\/v2\/comments?post=16474"}],"wp:attachment":[{"href":"https:\/\/uj.adatbank.ro\/lexikon\/wp-json\/wp\/v2\/media?parent=16474"}],"wp:term":[{"taxonomy":"product_brand","embeddable":true,"href":"https:\/\/uj.adatbank.ro\/lexikon\/wp-json\/wp\/v2\/product_brand?post=16474"},{"taxonomy":"product_cat","embeddable":true,"href":"https:\/\/uj.adatbank.ro\/lexikon\/wp-json\/wp\/v2\/product_cat?post=16474"},{"taxonomy":"product_tag","embeddable":true,"href":"https:\/\/uj.adatbank.ro\/lexikon\/wp-json\/wp\/v2\/product_tag?post=16474"}],"curies":[{"name":"wp","href":"https:\/\/api.w.org\/{rel}","templated":true}]}}