{"id":16500,"date":"2025-07-15T16:19:17","date_gmt":"2025-07-15T14:19:17","guid":{"rendered":"https:\/\/uj.adatbank.ro\/lexikon\/termek\/nagy-szabo-ferenc-marosvasarhelyi\/"},"modified":"2025-07-15T16:19:17","modified_gmt":"2025-07-15T14:19:17","slug":"nagy-szabo-ferenc-marosvasarhelyi","status":"publish","type":"product","link":"https:\/\/uj.adatbank.ro\/lexikon\/termek\/nagy-szabo-ferenc-marosvasarhelyi\/","title":{"rendered":"NAGY SZAB\u00d3 Ferenc, marosv\u00e1s\u00e1rhelyi"},"content":{"rendered":"<p>Mv., 1581. szept. 13., \u2020 Mv., 1659. jan. 16.: szab\u00f3mester; mv.-i el\u0151kel\u0151 polg\u00e1r, g\u00f6rg\u00e9nyi udvarb\u00edr\u00f3, eml\u00e9k\u00edr\u00f3. \u2013 Apja N. Sz J\u00e1nos mv.-i m\u00f3dos polg\u00e1r, b\u00edr\u00f3, anyja Borsos Anna a kr\u00f3nika\u00edr\u00f3 B. Sebesty\u00e1n le\u00e1nya, nagyb\u00e1tyja Borsos Tam\u00e1s. Megn\u0151s\u00fclt (1604. jan. 21.), feles\u00e9ge a kv.-i R\u00f3zs\u00e1s Erzs\u00e9bet (\u2020 1647. szept. 28.), akivel 43 \u00e9vet \u00e9lt, \u00f6t fi\u00fak \u00e9s n\u00e9gy l\u00e1nyuk sz\u00fcletett: Erzs\u00e9bet, J\u00e1nos, Ferenc, Anna, Boldizs\u00e1r, Istok, Borb\u00e1ra, J\u00e1nos, aki B\u00e9csben tanult \u00e9s Anna, K\u00f6peczi Mikl\u00f3sn\u00e9, els\u0151 f\u00e9rje Koncz M\u00e1rton volt. M\u00e1sodik feles\u00e9ge Sark\u00f3 Anna (1650. nov. 23.\u2013). \u2013 Iskol\u00e1it Mv.-en v\u00e9gezte, ahol Baranyai Decsi Cimor J\u00e1nos is tan\u00edtotta (1588\u20131595). Apja b\u00e1r m\u00f3dos, k\u00e9t v\u00e1rosi h\u00e1za is volt, de fi\u00e1t mesters\u00e9gre tan\u00edtatta. Inas \u00e9veit az apai h\u00e1zn\u00e1l kezdte (1596), majd G\u00f6csi Szab\u00f3 Mih\u00e1lyn\u00e1l folytatta (1598\u2013), Kv.-on Pal\u00e1stos Istv\u00e1nn\u00e1l mint felszabadult szab\u00f3leg\u00e9ny dolgozott (1599\u20131601). Az 1601\u20131603. \u00e9vi h\u00e1bor\u00fak \u00e9s z\u0171rzavaros k\u00f6z\u00e1lla\u00adpotok idej\u00e9n r\u00e9szt vett a harcokban, \u00e9s t\u00f6bb\u00adsz\u00f6r ker\u00fclt \u00e9letvesz\u00e9lybe a n\u00e9met, rom\u00e1n, hajd\u00fa bet\u00f6r\u00e9sek alkalm\u00e1val. Hol otthon volt hol Radn\u00f3ton, G\u00f6rg\u00e9nyben, Ilyefalv\u00e1n, Brass\u00f3ban. Tagja Mv.-en annak a v\u00e1rosi k\u00fcld\u00f6tts\u00e9gnek, amely Sz\u00e9kely M\u00f3zesnek \u00e9s Bektes bas\u00e1nak Ny\u00e1r\u00e1dt\u0151h\u00f6z \u00e9lelmet \u00e9s aj\u00e1nd\u00e9kot sz\u00e1ll\u00edtott (1603). Felesk\u00fcd\u00f6tt a mv.-i polg\u00e1rok sor\u00e1ba. Ma is \u00e1ll a v\u00e1rban az az \u00e9p\u00fclet, amelyben a h\u00e1zass\u00e1ga els\u0151 \u00e9veiben lakott. Ezut\u00e1n bel\u00e9pett a szab\u00f3 c\u00e9hbe (1604 h\u00fasv\u00e9tja). A Forg\u00e1ch Zsigmond elleni felkel\u00e9skor a mv.-i lovass\u00e1g vicehadnagyak\u00e9nt a Barcas\u00e1gban t\u00e1borozott (1611\u2013). Megv\u00e1lasztott\u00e1k a szab\u00f3 c\u00e9h egyik d\u00e9k\u00e1nj\u00e1nak (1613). Konstantin\u00e1polyban j\u00e1rt (1614 ) ahov\u00e1 nagyb\u00e1tyja, Borsos Tam\u00e1s k\u00f6vet h\u00edvta meg, \u00e9s le\u00edr\u00e1st k\u00e9\u00adsz\u00edtett a v\u00e1ros kereszt\u00e9ny templomair\u00f3l. A k\u00f6vetkez\u0151 \u00e9vben a c\u00e9h \u0151t k\u00fcldte Brass\u00f3ba hogy tarackot \u00f6ntessen. Megv\u00e1lasztott\u00e1k c\u00e9hmesternek (1627\u201331) majd t\u00e1bl\u00e1s c\u00e9hmester lett (1633, 1635\u201339, 1643). Kedve ellen\u00e9re I. R\u00e1k\u00f3czi Gy\u00f6rgy g\u00f6rg\u00e9nyi udvarb\u00edr\u00f3v\u00e1 tette (1639\u201341), fel\u00e9p\u00edttette G\u00f6rg\u00e9ny v\u00e1r\u00e1t (1640), mintegy 2500 forint lefizet\u00e9s\u00e9vel szabadult meg az \u00e1l\u00adtala nem kedvelt tiszts\u00e9gt\u0151l (1642). Ezut\u00e1n csendesen elvonulva \u00e9lt. A m\u00adv.-i v\u00e1r egyik v\u00e1lasztott kapit\u00e1nya lett (1658. j\u00fal.), a k\u00f6vetkez\u0151 \u00e9vben meghalt. H\u0151si hal\u00e1l\u00e1r\u00f3l sz\u00f3l\u0151 tudos\u00edt\u00e1sok nem felelnek meg a val\u00f3s\u00e1gnak, nem a v\u00e1r ostrom\u00e1ban halt meg.. Az egyh\u00e1z j\u00f6vedelmi lajstromb\u00f3l kit\u0171nik hogy 13-at harangoztak \u00e9rte, megadva neki a v\u00e9gtiszteletet pedig nem is volt reform\u00e1tus Minden val\u00f3sz\u00edn\u0171s\u00e9ggel az al\u00e1 az ormos kopors\u00f3-k\u0151 al\u00e1 temett\u00e9k, amellyel \u0151 a mai ref. temet\u0151t tulajdonk\u00e9ppen megalap\u00edtotta (1617), megv\u00e1s\u00e1rolta azt a telket, majd a v\u00e1rosnak adom\u00e1nyozta k\u00f6ztemet\u0151nek. K\u00e9s\u0151bb ez a ter\u00fclet kieg\u00e9sz\u0171lve m\u00e1s adom\u00e1nyokkal a ref. egyh\u00e1z tulajdon\u00e1ba ker\u00fclt \u00e9s a mai mv.-i Ref. Temet\u0151 helysz\u00edn\u00e9v\u00e9 v\u00e1lt. Kv.-r\u00f3l hozatta az orm\u00f3s kopors\u00f3k\u00f6vet (1617. jan. 7), S\u00edreml\u00e9ke nincs meg. Folytatta Borsos Se\u00adbesty\u00e9nnek kr\u00f3nik\u00e1j\u00e1t (Chronica a vil\u00e1gnak lett dolgair\u00f3l 1490\u20131560), melyben az 1580\u20131658 k\u00f6z\u00f6tti esem\u00e9nyeket besz\u00e9lte el szemta\u00adn\u00fak\u00e9nt igen eleven st\u00edlusban. Mv. v\u00e1ros viszontags\u00e1gai, t\u00f6bbsz\u00f6r\u00f6s elpuszt\u00edttat\u00e1sa, lakosai szertebujdos\u00e1sa a XVII. sz. legelej\u00e9n, a v\u00e1r \u00e9p\u00edttet\u00e9se s a polg\u00e1rs\u00e1g t\u00f6rt\u00e9nete fel\u0151l p\u00e1ratlan k\u00fatf\u0151. (a k\u00e9zirat a Teleki T\u00e9k\u00e1ban van.). Le\u00edrta hogy a tat\u00e1rok Balav\u00e1s\u00e1rn\u00e1l voltak (1658. aug. 29). Az ellens\u00e9g k\u00f6zeledt\u00e9nek h\u00edr\u00e9re \u0151 \u00e9s a v\u00e1ros vezet\u0151i megszervezt\u00e9k a v\u00e1r v\u00e9delm\u00e9t. Enn\u00e9l t\u00f6bb konkr\u00e9tumot nem ismer\u00fcnk. Az adathi\u00e1ny miatt sz\u00fclethetett meg a legenda a v\u00e1ros roml\u00e1s\u00e1r\u00f3l, amelyet t\u00f6bbek ellen\u0151r\u00edzetlen\u00fcl \u00e1tvettek pl. Orb\u00e1n Bal\u00e1zs is. Kr\u00f3nik\u00e1j\u00e1nak (1653 febr. 20.\u20131658 aug. 29 k\u00f6z\u00f6tt \u00edrta) legf\u0151bb \u00e9rt\u00e9ke abban \u00e1ll, hogy a polg\u00e1rs\u00e1g \u00e9s a n\u00e9p szempontj\u00e1b\u00f3l tekinti az orsz\u00e1gos esm\u00e9nyeket. F\u0151leg a sz\u00e9kelyek t\u00f6rt\u00e9net\u00e9re vannak feljegyz\u00e9sei, \u00edgy m\u0171ve a sz\u00e9kelys\u00e9g \u00e9let\u00e9nek \u00e9rdekes eml\u00e9ke. Meg\u00e9p\u00fclt a h\u00e1za, amely m\u00e9g a mai napig az eredeti alakj\u00e1t viseli a v\u00e1ros f\u0151ter\u00e9nek sark\u00e1n (1623), (P\u0163a. Trandafirilor \/ F\u0151t\u00e9r 61. sz.), az \u201cA\u201d kateg\u00f3ri\u00e1ba tartoz\u00f3 m\u0171eml\u00e9k. A h\u00e1zat a jezsuit\u00e1k megv\u00e1s\u00e1rolt\u00e1k \u00e9s befoglalt\u00e1k a kolostor \u00e9p\u00fclet\u00e9be (1709). Az \u00e9p\u00fclet fal\u00e1ban k\u00e9t XVII. sz. i feliratos k\u0151 tal\u00e1lhat\u00f3. Ott sz\u00e1llott meg II. R\u00e1k\u00f3czi Ferenc mikor a mv.-i ogy. fejedelemm\u00e9 v\u00e1lasztotta. Mv.-en utca viseli a nev\u00e9t. \u2013 <strong>F. m.:<\/strong> Marosv\u00e1s\u00e1rhelyi N. Sz. F. Mem\u00f3ri\u00e1l\u00e9ja. Kiad. Mik\u00f3 Imre (Erd\u00e9lyi t\u00f6rt. adatok, I. Kv., 1855; rom\u00e1nul: Memo\u00adrialul lui N. Sz. F. din Tirgu Mures. Ford., jegyz., bev. Stef\u00e1nia G\u00e1li Mih\u0103ilescu. Buc., 1993); T\u0171zpr\u00f3ba 1603\u20131613. N. Sz. F. \u00edr\u00e1saib\u00f3l (Erd\u00e9ly \u00f6r\u00f6ks\u00e9ge, 3. Szerk. Makkai L\u00e1szl\u00f3, Cs. Szab\u00f3 L\u00e1szl\u00f3. Bp., 1942, repr. 1993); Marosv\u00e1s\u00e1rhelyi Nagy Szab\u00f3 Ferenc Memorial\u00e9ja = Bethlen G\u00e1bor kr\u00f3nik\u00e1sai. Kiad. Makkai L\u00e1szl\u00f3 (Bp., 1980); Marosv\u00e1s\u00e1rhelyi Nagy Szab\u00f3 Ferenc memorial\u00e9ja = Marossz\u00e9ki kr\u00f3nik\u00e1k 1.\/ V\u00e1logatta \u00e9s sajt\u00f3 al\u00e1 rendezte Sebesty\u00e9n Mih\u00e1ly (Mv., 2010); <strong>antol\u00f3g.:<\/strong> Erd\u00e9lyi magyar eml\u00e9k\u00edr\u00f3k; Erd\u00e9lyi t\u00f6rt\u00e9nelmi adatok (Kv., 1855\u201362); N. Sz. F. memorial\u00e9j\u00e1b\u00f3l = Erd\u00e9ly \u00f6r\u00f6ks\u00e9ge, 3.; Mv. \u00e9s V\u00e1rtemploma (Bp., 1990). <br \/><strong>Irod.:<\/strong> Bak\u00f3 Zolt\u00e1n: In hoc tumulo requiescunt (V\u00e1s\u00e1rhelyi H\u00edrlap, 2008. j\u00fan. 13.); Bodn\u00e1r; B\u00f3nis Johanna: K\u00e9t ki\u00e1ll\u00edt\u00e1sr\u00f3l (N\u00fa., 1995. dec. 16.); Bota, Sorina; Chiorean 2008; Czirj\u00e1k 3; Cs\u00e1ky; Az EME h\u00e1romnegyedsz\u00e1zados tudom\u00e1nyos m\u0171k\u00f6d\u00e9se (Kv., 1937); Erd\u00e9ly \u00f6r\u00f6ks\u00e9ge (Bp., 1941\u201342); Erd\u00e9lyi eml\u00e9k\u00edr\u00f3k Erd\u00e9lyr\u0151l \u00e9s a fejedelems\u00e9gr\u0151l (Mv., 2006), Erd\u00e9lyi magyar eml\u00e9k\u00edr\u00f3k; Fodor-Szab\u00f3; Guly\u00e1s; Kelemen Lajos: N. Sz. F. ifj\u00fa\u00adkora ( Az EME Mv. 1906 j\u00fan 4\u20135 napj\u00e1n tartott els\u0151 v\u00e1ndorgy\u0171l\u00e9s\u00e9nek eml\u00e9kk\u00f6nyv\u00e9ben, Kv., 1906); Id\u0151t\u00e1r 1; Kelemen Lajos 1982; Kelemen Lajos 2006; Kem\u00e9ny Katalin: N. Sz. F. (Erd. M\u00faz., 1932); Keresztes Gyula: A f\u0151t\u00e9r sark\u00e1n (V. Z., 1985. okt. 13.); Keresztes Gyula: A pl\u00e9b\u00e1nia \u00e9p\u00fclete (N\u00fa., 1990. \u00e1pr. 13.); Keresztese Gyula: A hajdani Mv. 4.: A v\u00e1ros r\u00e9gi \u00e9p\u00fcletei (N\u00fa., 1995. okt. 14.); Keresztes Gyula: N. Sz. F., a v\u00e1ros kr\u00f3nik\u00e1sa (N\u00fa., 1998. jan. 31.); K\u00f3czi\u00e1ny L\u00e1szl\u00f3: V\u00e1s\u00e1rhelyi eml\u00e9k\u00edr\u00f3k (V. Z., 1970. j\u00fal. 5.); K\u0151v\u00e1ry L\u00e1szl\u00f3; Kr\u00f3n F\u00fcz. (1939. 4\/9); MAM\u0170L; Man: Tg. M.; Maros megye; Marossz\u00e9ki kr\u00f3nik\u00e1k 1.; M\u00e1th\u00e9 Levente; M\u00c9L; MIIB; MUL; Mv.-Bal\u00e1s; P\u00e1l-Antal 2003; P\u00e1l-Antal 2006; P\u00e1l Antal S\u00e1ndor: Mv. \u2013 a szabad kir\u00e1lyi v\u00e1ros.(N\u00fa., 2016. \u00e1pr. 29.); Pallas; P\u00e1lmay J\u00f3zsef; Pesty 2014; Profiluri mure\u015fene. 1.; RMIL; RNL; Rugonfalvi Kiss; Sz\u00e9kely Kal.; Szigeti J\u00f3zsef: Az \u00edr\u00f3i tudatoss\u00e1g probl\u00e9m\u00e1ja N. Sz. F. memori\u00e1l\u00e9j\u00e1ban (Sz. J.: A m\u0171 \u00e9s kora. Buk., 1970); SzOkl, 6; Szinnyei; Todea 2013; Toldy; \u00daM\u00c9L; Valori mure\u015fene de patrimoniu<\/br><\/p>\n","protected":false},"excerpt":{"rendered":"<p>Mv., 1581. szept. 13., \u2020 Mv., 1659. jan. 16.: szab\u00f3mester; mv.-i el\u0151kel\u0151 polg\u00e1r, g\u00f6rg\u00e9nyi udvarb\u00edr\u00f3, eml\u00e9k\u00edr\u00f3. \u2013 Apja N. Sz J\u00e1nos mv.-i m\u00f3dos polg\u00e1r, b\u00edr\u00f3, anyja Borsos Anna a kr\u00f3nika\u00edr\u00f3 B. Sebesty\u00e1n le\u00e1nya, nagyb\u00e1tyja Borsos Tam\u00e1s. Megn\u0151s\u00fclt (1604. jan. 21.), feles\u00e9ge a kv.-i R\u00f3zs\u00e1s Erzs\u00e9bet (\u2020 1647. szept. 28.), akivel 43 \u00e9vet \u00e9lt, \u00f6t fi\u00fak [&hellip;]<\/p>\n","protected":false},"featured_media":0,"comment_status":"open","ping_status":"closed","template":"","meta":[],"product_brand":[],"product_cat":[137],"product_tag":[],"class_list":{"0":"post-16500","1":"product","2":"type-product","3":"status-publish","5":"product_cat-maros-megyei-eletrajzi-lexikon","7":"first","8":"instock","9":"shipping-taxable","10":"product-type-simple"},"_links":{"self":[{"href":"https:\/\/uj.adatbank.ro\/lexikon\/wp-json\/wp\/v2\/product\/16500","targetHints":{"allow":["GET"]}}],"collection":[{"href":"https:\/\/uj.adatbank.ro\/lexikon\/wp-json\/wp\/v2\/product"}],"about":[{"href":"https:\/\/uj.adatbank.ro\/lexikon\/wp-json\/wp\/v2\/types\/product"}],"replies":[{"embeddable":true,"href":"https:\/\/uj.adatbank.ro\/lexikon\/wp-json\/wp\/v2\/comments?post=16500"}],"wp:attachment":[{"href":"https:\/\/uj.adatbank.ro\/lexikon\/wp-json\/wp\/v2\/media?parent=16500"}],"wp:term":[{"taxonomy":"product_brand","embeddable":true,"href":"https:\/\/uj.adatbank.ro\/lexikon\/wp-json\/wp\/v2\/product_brand?post=16500"},{"taxonomy":"product_cat","embeddable":true,"href":"https:\/\/uj.adatbank.ro\/lexikon\/wp-json\/wp\/v2\/product_cat?post=16500"},{"taxonomy":"product_tag","embeddable":true,"href":"https:\/\/uj.adatbank.ro\/lexikon\/wp-json\/wp\/v2\/product_tag?post=16500"}],"curies":[{"name":"wp","href":"https:\/\/api.w.org\/{rel}","templated":true}]}}