{"id":16503,"date":"2025-07-15T16:19:28","date_gmt":"2025-07-15T14:19:28","guid":{"rendered":"https:\/\/uj.adatbank.ro\/lexikon\/termek\/nagy-szabo-istvan\/"},"modified":"2025-07-15T16:19:28","modified_gmt":"2025-07-15T14:19:28","slug":"nagy-szabo-istvan","status":"publish","type":"product","link":"https:\/\/uj.adatbank.ro\/lexikon\/termek\/nagy-szabo-istvan\/","title":{"rendered":"NAGY SZAB\u00d3 Istv\u00e1n"},"content":{"rendered":"<p>1606., \u2020 1648. jan 21: szab\u00f3, polg\u00e1r. \u2013 Nagy Szab\u00f3 J\u00e1nos \u00e9s Borsa Anna fia N. Sz. Ferenc \u00f6ccse. \u2013 Szab\u00f3inas (1622), majd mester lett (1626). A szab\u00f3k egyik c\u00e9hmestere (1644\u201348). Apj\u00e1t\u00f3l \u00f6r\u00f6k\u00f6lte mv.-i h\u00e1z\u00e1t. Amely a f\u0151t\u00e9r szeglet\u00e9n volt, ahonnan Szeglet Szab\u00fc Istv\u00e1nnak is nevezt\u00e9kI. I. R\u00e1k\u00f3czi Gy\u00f6rgy kiv\u00e1lts\u00e1got adom\u00e1nyozott a mv.-i K\u00f6peczi h\u00e1znak ill. akkori tulajdonos\u00e1nak N. Sz. Istv\u00e1nnak (1631. j\u00fan 14), fejedelmi sz\u00e1ll\u00e1shelynek jel\u0151lte ki \u00e9s t\u00f6bbsz\u00f6r is megsz\u00e1llt ott. pl. g\u00f6rg\u00e9nyi vad\u00e1szata ut\u00e1n (1633). Ott fogatta el ugyan\u0151 Z\u00f3lyomi D\u00e1vidot (1633. \u00e1pr. 4). Eladta a h\u00e1zat a Borb\u00e9ly csal\u00e1dnak. Az \u00e9p\u00fcletet gr. Teleki L\u00e1szl\u00f3 v\u00e1s\u00e1rolta meg (1756), ma K\u00f6peczi-Teleki h\u00e1zk\u00e9nt ismeretes, (Revolu\u0163iei \/ volt Szentgy\u00f6rgy u., 1.sz.). <br \/><strong>Irod.:<\/strong> Fodor-Szab\u00f3; Id\u0151t\u00e1r 1; K.L. M\u0171v. t\u00f6rt. tan. 1.; P\u00e1l-Antal 2006<\/br><\/p>\n","protected":false},"excerpt":{"rendered":"<p>1606., \u2020 1648. jan 21: szab\u00f3, polg\u00e1r. \u2013 Nagy Szab\u00f3 J\u00e1nos \u00e9s Borsa Anna fia N. Sz. Ferenc \u00f6ccse. \u2013 Szab\u00f3inas (1622), majd mester lett (1626). A szab\u00f3k egyik c\u00e9hmestere (1644\u201348). Apj\u00e1t\u00f3l \u00f6r\u00f6k\u00f6lte mv.-i h\u00e1z\u00e1t. Amely a f\u0151t\u00e9r szeglet\u00e9n volt, ahonnan Szeglet Szab\u00fc Istv\u00e1nnak is nevezt\u00e9kI. I. R\u00e1k\u00f3czi Gy\u00f6rgy kiv\u00e1lts\u00e1got adom\u00e1nyozott a mv.-i K\u00f6peczi h\u00e1znak [&hellip;]<\/p>\n","protected":false},"featured_media":0,"comment_status":"open","ping_status":"closed","template":"","meta":[],"product_brand":[],"product_cat":[137],"product_tag":[],"class_list":{"0":"post-16503","1":"product","2":"type-product","3":"status-publish","5":"product_cat-maros-megyei-eletrajzi-lexikon","7":"first","8":"instock","9":"shipping-taxable","10":"product-type-simple"},"_links":{"self":[{"href":"https:\/\/uj.adatbank.ro\/lexikon\/wp-json\/wp\/v2\/product\/16503","targetHints":{"allow":["GET"]}}],"collection":[{"href":"https:\/\/uj.adatbank.ro\/lexikon\/wp-json\/wp\/v2\/product"}],"about":[{"href":"https:\/\/uj.adatbank.ro\/lexikon\/wp-json\/wp\/v2\/types\/product"}],"replies":[{"embeddable":true,"href":"https:\/\/uj.adatbank.ro\/lexikon\/wp-json\/wp\/v2\/comments?post=16503"}],"wp:attachment":[{"href":"https:\/\/uj.adatbank.ro\/lexikon\/wp-json\/wp\/v2\/media?parent=16503"}],"wp:term":[{"taxonomy":"product_brand","embeddable":true,"href":"https:\/\/uj.adatbank.ro\/lexikon\/wp-json\/wp\/v2\/product_brand?post=16503"},{"taxonomy":"product_cat","embeddable":true,"href":"https:\/\/uj.adatbank.ro\/lexikon\/wp-json\/wp\/v2\/product_cat?post=16503"},{"taxonomy":"product_tag","embeddable":true,"href":"https:\/\/uj.adatbank.ro\/lexikon\/wp-json\/wp\/v2\/product_tag?post=16503"}],"curies":[{"name":"wp","href":"https:\/\/api.w.org\/{rel}","templated":true}]}}