{"id":16506,"date":"2025-07-15T16:19:37","date_gmt":"2025-07-15T14:19:37","guid":{"rendered":"https:\/\/uj.adatbank.ro\/lexikon\/termek\/nagy-szabo-mihaly-markos-szabo-mihaly\/"},"modified":"2025-07-15T16:19:37","modified_gmt":"2025-07-15T14:19:37","slug":"nagy-szabo-mihaly-markos-szabo-mihaly","status":"publish","type":"product","link":"https:\/\/uj.adatbank.ro\/lexikon\/termek\/nagy-szabo-mihaly-markos-szabo-mihaly\/","title":{"rendered":"NAGY SZAB\u00d3 Mih\u00e1ly, Markos Szab\u00f3 Mih\u00e1ly"},"content":{"rendered":"<p>? 1564, \u2020 Mv., 1627 a Ref.temet\u0151 S\u00edrk\u0151m\u00fazeum\u00e1ban nyugszik: szab\u00f3mester, v\u00e1rosb\u00edr\u00f3. \u2013 Mv. f\u0151b\u00edr\u00e1ja (1616, 1620, 1623, 1626), a szab\u00f3 c\u00e9h c\u00e9hmestere (1602, 1603), t\u00e1bl\u00e1s c\u00e9hmester (1604\u20131627). A szab\u00f3c\u00e9h \u00e9let\u00e9ben el\u00e9v\u00fclhetetlen \u00e9rdemeket szerzett, nagy r\u00e9sze volt a szab\u00f3 c\u00e9h \u00fajj\u00e1szervez\u00e9s\u00e9ben, a c\u00e9het vir\u00e1gz\u00e1sra juttatta. Mez\u0151b\u00e1ndi birtokos is volt. Mv. feld\u00fal\u00e1sakor Brass\u00f3ba menek\u00fclt. Ott eszelte ki Borsos Tam\u00e1ssal a v\u00e1r\u00e9p\u00edt\u00e9s terv\u00e9t, s az eszme megval\u00f3s\u00edt\u00e1s\u00e1nak mindv\u00e9gig kitart\u00f3 h\u00edve maradt. B\u00e1sta feleskette a kir\u00e1ly h\u0171s\u00e9g\u00e9re (1603). \u0150 volt a f\u0151b\u00edr\u00f3 amikor Bethlen G\u00e1bor Mv.-t szabad kir. v\u00e1ross\u00e1 emelte (1616). Angyalosi J\u00e1nos \u00edt\u00e9l\u0151mestert\u0151l megszerezte a marosszentkir\u00e1lyi hajdani p\u00e1los kolostor romjait, ennek anyag\u00e1b\u00f3l fel\u00e9p\u00edtette a ref. nagytemplom d\u00e9lny. szeglet\u00e9n a Varg\u00e1k b\u00e1sty\u00e1j\u00e1t, s \u00e9p\u00edttetett egy f\u00f6lddel megt\u00f6lt\u00f6tt fab\u00e1sty\u00e1t ia ez a szab\u00f3k birtok\u00e1ban volt (\u20131638) amikor \u00faj b\u00e1sty\u00e1t \u00e9p\u00edtettek.A ref. temet\u0151 legr\u00e9gebbi fennmaradt s\u00edrk\u00f6ve az \u0151v\u00e9. Felirat n\u00e9lk\u00fcli s\u00edrk\u00f6v\u00e9nek azonoss\u00e1g\u00e1t Farcz\u00e1dy Elek \u00e9s Mester Istv\u00e1n v\u00e1rtemplomi lelk\u00e9sz \u00e1llap\u00edtott\u00e1k meg (1960 k.). A felirat \u00edgy sz\u00f3l.: E s\u00edreml\u00e9ket a jeles \u00e9s kiv\u00e1l\u00f3 N. Sz. M. b\u00edr\u00f3 \u00farnak \u00e9s polg\u00e1rnak, Mv. v\u00e1rosa sz\u00e1mos \u00e9ven \u00e1t vezet\u0151 prim\u00e1rius\u00e1nak emelte m\u00e9lt\u00f3s\u00e1gos feles\u00e9ge \u00e9s el\u00e1rvult fia 1627. m\u00e1jus 24. sz\u00fclet\u00e9se 63. \u00e9v\u00e9ben. Az egyh\u00e1z \u00e9s iskola j\u00f3tev\u0151je volt. <br \/><strong>Irod.:<\/strong> Cs\u00e1ky; Csekme; Fodor\u2013Bal\u00e1s; Fodor S\u00e1ndor: A mc.-i temet\u0151kr\u0151l(N\u00fa, 2001. okt. 30), Id\u0151t\u00e1r 1; K.L. M\u0171v. t\u00f6rt. tan. 1.; Marossz\u00e9ki kr\u00f3nik\u00e1k 1.; Mv.-i ref. temet\u0151; P\u00e1l-Antal 2006; ; P\u00e1l Antal S\u00e1ndor: Mv. \u2013 a szabad kir\u00e1lyi v\u00e1ros.(N\u00fa., 2016. \u00e1pr. 29.); Pesty 2014; Szentgy\u00f6rgyi; SzOkl \u00das, 4<\/br><\/p>\n","protected":false},"excerpt":{"rendered":"<p>? 1564, \u2020 Mv., 1627 a Ref.temet\u0151 S\u00edrk\u0151m\u00fazeum\u00e1ban nyugszik: szab\u00f3mester, v\u00e1rosb\u00edr\u00f3. \u2013 Mv. f\u0151b\u00edr\u00e1ja (1616, 1620, 1623, 1626), a szab\u00f3 c\u00e9h c\u00e9hmestere (1602, 1603), t\u00e1bl\u00e1s c\u00e9hmester (1604\u20131627). A szab\u00f3c\u00e9h \u00e9let\u00e9ben el\u00e9v\u00fclhetetlen \u00e9rdemeket szerzett, nagy r\u00e9sze volt a szab\u00f3 c\u00e9h \u00fajj\u00e1szervez\u00e9s\u00e9ben, a c\u00e9het vir\u00e1gz\u00e1sra juttatta. Mez\u0151b\u00e1ndi birtokos is volt. Mv. feld\u00fal\u00e1sakor Brass\u00f3ba menek\u00fclt. Ott eszelte ki [&hellip;]<\/p>\n","protected":false},"featured_media":0,"comment_status":"open","ping_status":"closed","template":"","meta":[],"product_brand":[],"product_cat":[137],"product_tag":[],"class_list":{"0":"post-16506","1":"product","2":"type-product","3":"status-publish","5":"product_cat-maros-megyei-eletrajzi-lexikon","7":"first","8":"instock","9":"shipping-taxable","10":"product-type-simple"},"_links":{"self":[{"href":"https:\/\/uj.adatbank.ro\/lexikon\/wp-json\/wp\/v2\/product\/16506","targetHints":{"allow":["GET"]}}],"collection":[{"href":"https:\/\/uj.adatbank.ro\/lexikon\/wp-json\/wp\/v2\/product"}],"about":[{"href":"https:\/\/uj.adatbank.ro\/lexikon\/wp-json\/wp\/v2\/types\/product"}],"replies":[{"embeddable":true,"href":"https:\/\/uj.adatbank.ro\/lexikon\/wp-json\/wp\/v2\/comments?post=16506"}],"wp:attachment":[{"href":"https:\/\/uj.adatbank.ro\/lexikon\/wp-json\/wp\/v2\/media?parent=16506"}],"wp:term":[{"taxonomy":"product_brand","embeddable":true,"href":"https:\/\/uj.adatbank.ro\/lexikon\/wp-json\/wp\/v2\/product_brand?post=16506"},{"taxonomy":"product_cat","embeddable":true,"href":"https:\/\/uj.adatbank.ro\/lexikon\/wp-json\/wp\/v2\/product_cat?post=16506"},{"taxonomy":"product_tag","embeddable":true,"href":"https:\/\/uj.adatbank.ro\/lexikon\/wp-json\/wp\/v2\/product_tag?post=16506"}],"curies":[{"name":"wp","href":"https:\/\/api.w.org\/{rel}","templated":true}]}}