{"id":16760,"date":"2025-07-15T23:29:16","date_gmt":"2025-07-15T21:29:16","guid":{"rendered":"https:\/\/uj.adatbank.ro\/lexikon\/termek\/netea-vasile-%c2%a7-alneve-vasile-lucretiu\/"},"modified":"2025-07-15T23:29:16","modified_gmt":"2025-07-15T21:29:16","slug":"netea-vasile-%c2%a7-alneve-vasile-lucretiu","status":"publish","type":"product","link":"https:\/\/uj.adatbank.ro\/lexikon\/termek\/netea-vasile-%c2%a7-alneve-vasile-lucretiu\/","title":{"rendered":"NETEA, Vasile, \u00a7 \u00e1lneve: Vasile Lucre\u0163iu"},"content":{"rendered":"<p>D\u00e9da, 1912. febr. 1., \u2020 Buk., 1989. m\u00e1rc. 6., D\u00e9d\u00e1n temett\u00e9k, : tan\u00e1r, t\u00f6rt\u00e9n\u00e9sz, irodalomt\u00f6rt\u00e9n\u00e9sz. \u2013 Iskol\u00e1it sz\u00fcl\u0151fal\u00faj\u00e1ban kezdte (1918\u201323), Mv.-en folytatta(1923\u201331); pedag\u00f3giai tanulm\u00e1nyait Kv.-on kezdte (1939\u201340) \u00e9s Buk.-ben (1940\u201341) v\u00e9gezte; majd uo. v\u00e9gezett az egyetem filol\u00f3gia-filoz\u00f3fia szak\u00e1n (1942\u201346); a t\u00f6rt\u00e9nelemtudom\u00e1nyok doktora (1948). P\u00e1lyafut\u00e1s\u00e1t Vec\u00e9ben kezdte, aminek eml\u00e9k\u00e9t az ottani ortodox templom kertj\u00e9ben fel\u00e1ll\u00edtott, r\u00f3la mint\u00e1zott szobor \u0151rzi, amely Vasile Tog\u0103nel alkot\u00e1sa (2000). Tan\u00edtott Mv.-en (1929\u201346), tanfel\u00fcgyel\u0151 is volt (1929\u201340). A v\u00e1rosi id\u0151k\u00f6zi bizotts\u00e1g tagja (1937\u201338). Egy\u00fctt Emilian Coco\u015f-sal szerkesztette a Credin\u0163a c. sz\u00e1szr\u00e9geni lapot (1933), hozz\u00e1j\u00e1rult a Glasul \u015fomerilor lap megjelen\u00e9s\u00e9hez (1933). Buk.-ben egyetemi tan\u00e1r prof. (1946\u201359); tudom\u00e1nyos kutat\u00f3 a N. Iorga T\u00f6rt\u00e9nelmi Int\u00e9zetben (1963\u201375). 50 n\u00e9l t\u00f6bb t\u00f6rt\u00e9nelmi, irodalomt\u00f6rt\u00e9neti tanulm\u00e1nyt \u00edrt. Szerkesztette a Revue roumaine d\u2019histoire \u2013t (1963\u2013); munkat\u00e1rsa az Ardealul, Arge\u015f, Contemporanul, Cuget clar, Dacia rediviva, Gazeta literar\u0103, Glasul Mure\u015fului, Luceaf\u0103rul, Na\u0163iunea rom\u00e2n\u0103, Neamul rom\u00e2nesc pentru popor, Progresul \u015fi cultur\u0103, Revista de Istorie, Rom\u00e2nia literar\u0103, Transilvania, \u0162ara B\u00e2rsei, Universul, Vatra, Via\u0163a Transilvaniei, Vremea c. lapoknak. Netea Kultur\u00e1lis Alap\u00edtv\u00e1ny l\u00e9tes\u00fclt (2000 m\u00e1rc. 5). \u2013 <strong>F. m.:<\/strong> Contribu\u0163ia revistei Familia la dezvoltarea culturii rom\u00e2ne\u015fti (s.l., s.a.); \u00cendreptar pentru cercurile culturale (Reghin, 1934); Horea, Cr\u0103i\u015forul \u0163\u0103ranilor (Reghin, 1935); Din contribu\u0163ia \u00eenv\u0103\u0163\u0103torimii rom\u00e2ne la desvoltarea culturii na\u0163ionale&#8230; Ion Pop Reteganu, C. R\u0103dulescu Codin, Mihai Lupescu (Reghin, 1935); Constantin Romanu-Vivu prefectul legiunii a XII-a \u00een anii 1848\u201349 (Tg.m., 1937); Ion Pop Reteganul (Cluj, 1938); La moartea lui Octavian Goga (Tg.M., 1938); I.P.S.S. patriarhul Dr. Miron E. Cristea la \u00eemplinirea v\u00e2rstei de 70 de ani 1868\u20131938 (Tg.M., 1938); Sub stindardul Astrei : dou\u0103 decenii de activitate cultural\u0103 din Desp\u0103r\u0163\u0103m\u00e2ntului Reghin 1919\u20131939 (Reghin, 1939); Profesorul Ion Lupa\u015f: la \u00eemplinirea a \u015fase decenii de via\u0163\u0103 (Arad, 1940); Via\u0163a \u015fi opera lui Gheorghe Bogdan Duic\u0103 (Buc., 1940); Este istoria Transilvaniei un studiu inutil ? (Sibiu, 1940); \u0162ara Oa\u015fului (Buc., 1940); \u015et. O. Iosif: Via\u0163a \u015fi opera lui (Buc., 1941); Ion Pop Reteganul: biobibliografie (Buc., 1941; 1943); Noi contribu\u0163ii la cunoa\u015fterea vie\u0163ii \u015fi activit\u0103\u0163ii lui Visarion Roman (Sibiu, 1942); Transnistria (Buc., 1942); Figuri ardelene (Buk., 1943); De la Petru Maior la Octavian Goga (Buc., 1944); Ardealul \u00een politica Rom\u00e2niei de azi (Buc., 1945); Pentru Transilvania 1\u20132. (1946); George Bari\u0163iu. Via\u0163a \u015fi activitatea sa (Buc., 1946; 1966); Pe urmele lui Iosif Vulcan (Buc., 1947); Istoria Memorandului rom\u00e2nilor din Transilvania \u015fi Banat (Buc., 1947; 1974; 1993); Dasc\u0103lii de folclor ai lui George Co\u015fbuc (Buc., 1965); Reunion de la Transilvanie a la Roumanie (Buc., 1968); Nicolae Titulescu: monografie (Buc., 1969); O zi din istoria Transilvaniei \u2013 1 decembrie 1918 (Buc., 1970, 1990); C.A. Rosetti (Buc., 1970); Nicolae Iorga, 1871\u20131940 (Buc., 1971); Take Ionescu (angol \u00e9s n\u00e9met nyelven; Buc., 1971); Interviuri literare (Buc., 1972); Lupta rom\u00e2nilor din Transilvania pentru libertatea na\u0163ional\u0103 1848\u20131881 (Buc., 1974); Pe drumul unit\u0103\u0163ii na\u0163ionale (Cluj, 1975); Mun\u0163ii Apuseni \u2013muzeu istoric \u015fi pantheon al poporului rom\u00e2n (Buc., 1977); Spre unitatea statal\u0103 a poporului rom\u00e2n (Buc., 1979); Con\u015ftiin\u0163a originii comune \u015fi a unit\u0103\u0163ii na\u0163ionale \u00een istoria poporului rom\u00e2n (Buc., 1980); Folclorul \u015fi folclori\u015ftii mure\u015feni (Tg.M., 1983); Mure\u015ful superior vatr\u0103 de cultur\u0103 rom\u00e2neasc\u0103 (Buc., 2006); Memorii (red. Dimitrie Popt\u0103ma\u015f; Tg.M., 2010); Constantin Romanu Vivu (Tg.M., 2011); <strong>t\u00e1rssz.:<\/strong> Figuri mure\u015fene (Nicoar\u0103, Eugen-nel; Tg.M., 1933); Un an de lupt\u0103 pentru credin\u0163\u0103, neam \u015fi \u0163ar\u0103&#8230;, 1934\u201335 (Reghin, 1935); Cot la cot : culegeri literare rom\u00e2ne \u015fi maghiare (Kert\u00e9sz \u00c1kos, Gherasim Emil; Tg.M., 1936); Mur\u0103\u015f, Mur\u0103\u015f ap\u0103 lin\u0103..:Literatur\u0103 popular\u0103 din regiunea Mur\u0103\u015fului de Sus (Eugen Nicoar\u0103-val; Reghin, 1936); Trei ani cu refugia\u0163ii ardeleni (Buc., s.a.); August Trebiniu Laurian: Via\u0163a \u015fi activitatea sa (Buc., 1970); \u201eLiga Cultural\u0103\u201d \u015fi unirea Transilvaniei cu Rom\u00e2nia (Gh. Marinescu-val; Ia\u015fi, 1978); Amintiri despre Nicolae Iorga (Ia\u015fi, 1980); Studii de folclor \u015fi literatur\u0103 (Buc., 1967); Memorii (Ed.\u00eengrijit\u0103, introducere \u015fi indici Dumitrie Popt\u0103ma\u015f; Tg.M., 2010); Constantin Romanu Vivu (Tg.M., 2011); leford. munk\u00e1i: Nicolae Titulescu (orosz; Buc., 1969; fr.; Buc., 1982); The union of Transylvania with Romania (Buc., 1968); R\u00e9union de la Transsylvanie \u00e1 la Roumanie (1968); Die Verinigung Transilvanien mit Rum\u00e4nien (Buk., 1968); Take Ionescu (angol, fr.; Buc., 1971); Nicolae Iorga:1871\u20131940 (Buc., 1971); <strong>szerk.:<\/strong> Horia, cr\u0103i\u015forul \u0163\u0103ranilor : pagini comemorative (Tg.M., 1935); Pop Reteganul, Ion: Pove\u015fti ardelene\u015fti (Buc., 1943; 1986); Ardealul \u00een politica Rom\u00e2niei de azi (Buc., 1945); Pompiliu, Miron: Literatur\u0103 \u015fi limba popular\u0103: versuri originale \u015fi t\u0103lm\u0103ciri (Buc., 1967); Chendi, Ilarie: Pagini de critic\u0103 (Buc., 1969); Pop Reteganul, Ion: Cr\u0103iasa z\u00e2nelor: pove\u015fti ardelene\u015fti (Buc., 1970); Simionescu, Ion: Prin mun\u0163ii no\u015ftri ( Buc., 1973); Iosif, \u015et. O.: Din zile mari (Buc.; 1974); Octavian Goga \u00een coresponden\u0163\u0103 (el\u0151sz\u00f3; Buc., 1975); T\u0103sl\u0103uanu, O. C.: Spovedanii (el\u0151sz\u00f3; Buc., 1976); 1877 con\u015ftiin\u0163a literar\u0103 a epocii (Buc., 1977); Preda, Gheorghe; Groza, Liviu: Un erou b\u0103n\u0103\u0163ean al Independen\u0163ei: Generalul Moise Groza (el\u0151sz\u00f3; Buc., 1977); Octavian C. T\u0103sl\u0103uanu (el\u0151sz\u00f3; Miercurea Ciuc, 1978); Carmen saeculare valachicum (Buc., 1979); Opitz, Martin: Zlatna: Cump\u0103na dorului (el\u0151sz\u00f3; Buc., 1981); Din zbuciumul veacului : screri literare, sociale \u015fi politice (el\u0151sz\u00f3; Buc., 1982); Interviuri din literatura rom\u00e2n\u0103 : m\u0103rturisirile mai multor genera\u0163ii (Ia\u015fi, 1983); Gorun, Ion: Scrieri alese (Buc., 1983); Herlea, Alexandru: Studii de istorie a dreptului: organizarea de stat ( Cluj-N., 1983); Stere-Chiracu, Lola: Cer \u00eenstelat (el\u0151sz\u00f3; Buc., 1983); Mo\u015foiu, Traian: Memorial de r\u0103zboi (aug.-oct. 1916) (el\u0151sz\u00f3; Cluj-N., 1987). <br \/><strong>Irod.:<\/strong> Bengean; Bengean, F.: V. N., c\u0103rturar din Deda Mure\u015fului ( Tg.M., 2003); B\u00edr\u00f3 D\u00f3n\u00e1t; Bor\u015fianu: Deda; Chertes-Ciot\u0103; Cosma; Cronica \u015fez\u0103torilor duminicale ale C\u0103minului Cultural Avram Iancu (Buc., 1942, 1943, 1944); Datcu; DSR; F\u00fcl\u00f6p\u2013Ferencz; Husar; Id\u0151t\u00e1r 3; Neculau Eugen: Bibliografia satului rom\u00e2nesc (Ia\u015fi, 1942); Pelin; Pop Tofolean-F\u00fcl\u00f6p; Popt\u0103ma\u015f, Dimitrie, \u015eerban Melinte: V. N.: Evoc\u0103ri \u015fi bibliografie (Tg.M., 2008); Regh. Cult (4., 9.); Sepsisz\u00e9ki; Szab\u00f3 Mih\u00e1ly: A r\u00e9geni sajt\u00f3 t\u00f6rt\u00e9net\u00e9b\u0151l (2.) (V. Z., 1983. m\u00e1rc. 27.); \u015eerban 2006; Tanco; Todea 2013; Vartolomei Vasile : M\u0103rturii culturale bihorene (Cluj., 1944); Vasile Netea: evoc\u0103ri \u015fi bibliografie (Vol. \u00cengrijit de D. Popt\u0103ma\u015f, Melinte \u015eerban; Tg. M., 2008).<\/br><\/p>\n","protected":false},"excerpt":{"rendered":"<p>D\u00e9da, 1912. febr. 1., \u2020 Buk., 1989. m\u00e1rc. 6., D\u00e9d\u00e1n temett\u00e9k, : tan\u00e1r, t\u00f6rt\u00e9n\u00e9sz, irodalomt\u00f6rt\u00e9n\u00e9sz. \u2013 Iskol\u00e1it sz\u00fcl\u0151fal\u00faj\u00e1ban kezdte (1918\u201323), Mv.-en folytatta(1923\u201331); pedag\u00f3giai tanulm\u00e1nyait Kv.-on kezdte (1939\u201340) \u00e9s Buk.-ben (1940\u201341) v\u00e9gezte; majd uo. v\u00e9gezett az egyetem filol\u00f3gia-filoz\u00f3fia szak\u00e1n (1942\u201346); a t\u00f6rt\u00e9nelemtudom\u00e1nyok doktora (1948). P\u00e1lyafut\u00e1s\u00e1t Vec\u00e9ben kezdte, aminek eml\u00e9k\u00e9t az ottani ortodox templom kertj\u00e9ben fel\u00e1ll\u00edtott, r\u00f3la [&hellip;]<\/p>\n","protected":false},"featured_media":0,"comment_status":"open","ping_status":"closed","template":"","meta":[],"product_brand":[],"product_cat":[137],"product_tag":[],"class_list":{"0":"post-16760","1":"product","2":"type-product","3":"status-publish","5":"product_cat-maros-megyei-eletrajzi-lexikon","7":"first","8":"instock","9":"shipping-taxable","10":"product-type-simple"},"_links":{"self":[{"href":"https:\/\/uj.adatbank.ro\/lexikon\/wp-json\/wp\/v2\/product\/16760","targetHints":{"allow":["GET"]}}],"collection":[{"href":"https:\/\/uj.adatbank.ro\/lexikon\/wp-json\/wp\/v2\/product"}],"about":[{"href":"https:\/\/uj.adatbank.ro\/lexikon\/wp-json\/wp\/v2\/types\/product"}],"replies":[{"embeddable":true,"href":"https:\/\/uj.adatbank.ro\/lexikon\/wp-json\/wp\/v2\/comments?post=16760"}],"wp:attachment":[{"href":"https:\/\/uj.adatbank.ro\/lexikon\/wp-json\/wp\/v2\/media?parent=16760"}],"wp:term":[{"taxonomy":"product_brand","embeddable":true,"href":"https:\/\/uj.adatbank.ro\/lexikon\/wp-json\/wp\/v2\/product_brand?post=16760"},{"taxonomy":"product_cat","embeddable":true,"href":"https:\/\/uj.adatbank.ro\/lexikon\/wp-json\/wp\/v2\/product_cat?post=16760"},{"taxonomy":"product_tag","embeddable":true,"href":"https:\/\/uj.adatbank.ro\/lexikon\/wp-json\/wp\/v2\/product_tag?post=16760"}],"curies":[{"name":"wp","href":"https:\/\/api.w.org\/{rel}","templated":true}]}}