{"id":16773,"date":"2025-07-15T23:29:44","date_gmt":"2025-07-15T21:29:44","guid":{"rendered":"https:\/\/uj.adatbank.ro\/lexikon\/termek\/nicoara-eugen-%c2%a7\/"},"modified":"2025-07-15T23:29:44","modified_gmt":"2025-07-15T21:29:44","slug":"nicoara-eugen-%c2%a7","status":"publish","type":"product","link":"https:\/\/uj.adatbank.ro\/lexikon\/termek\/nicoara-eugen-%c2%a7\/","title":{"rendered":"NICOAR\u0102, Eugen, \u00a7"},"content":{"rendered":"<p>Lib\u00e1nfalva, 1893. jan. 6., \u2020 Sz\u00e1szr\u00e9gen, 1985. m\u00e1j. 3.: f\u0151orvos, prefektus, folklorista, filol\u00f3gus, m\u0171vel\u0151d\u00e9s-szervez\u0151. \u2013 Apja esperes. Testv\u00e9re dr. Vasile Nicolescu feles\u00e9ge. \u2013 Tanulm\u00e1nyait sz\u00fcl\u0151faluj\u00e1ban kezdte, a r. k. gimn\u00e1ziumban Sz\u00e9kelyudvarhelyen (1904\u201306), majd a mv.-i Ref. Koll. folytatta, ahol \u00e9retts\u00e9gizett (1913). Orvosi tanulm\u00e1nyok Kv.-on a Ferenc J\u00f3zsef TE \u2013en \u00e9s Bp.-en a M. Kir\u00e1lyi Egyetemen, ahol orvosi doktor\u00e1tust szerzett (1918). Alorvos a bp.-i V\u00f6r\u00f6s Kereszt k\u00f3rh\u00e1zban a bel \u2013 urol\u00f3giai oszt\u00e1lyon (1915\u201319 k.), gyakornok a kv.-i seb\u00e9szeti klinik\u00e1n (1919\u201323). Sz\u00e1szr\u00e9genben seb\u00e9sz-, majd f\u0151orvos, a k\u00f3rh\u00e1z igazgat\u00f3ja (1923\u201336), eg\u00e9szs\u00e9g\u00fcgyi ellen\u0151r (1936\u2013). A r\u00e9geni k\u00f3rh\u00e1z \u00e9p\u00edttet\u0151je (1929). R\u00f6vid ideig Maros megye f\u0151isp\u00e1nja volt (1937. dec. 31.\u201338. febr. 10.). Politikai okokb\u00f3l megfosztott\u00e1k seb\u00e9szf\u0151orvosi \u00e1ll\u00e1s\u00e1b\u00f3l \u00e9s letart\u00f3ztatt\u00e1k (1940\u201341. jan.). Brass\u00f3ba k\u00f6lt\u00f6z\u00f6tt, ahol a Gh. M\u00e2rzescu k\u00f3rh\u00e1zat vezette (1942\u201343), kapit\u00e1nyi rangban beh\u00edvt\u00e1k a rom\u00e1n hadsereg vez\u00e9rkar\u00e1ba (1943\u201344), orvos a sz\u00e1szv\u00e1rosi k\u00f3rh\u00e1zban (1944\u201345), innen visszat\u00e9rt nyugd\u00edjaz\u00e1s\u00e1ig a sz\u00e1szr\u00e9geni k\u00f3rh\u00e1zba (1946\u201347). Sz\u00e1szr\u00e9genben a helyi ASTRA \u00fajj\u00e1szervez\u0151je, vezet\u0151je, eln\u00f6ke (1923\u2013); t\u00e1rsadalmi \u00e9s m\u0171vel\u0151d\u00e9si egyleteket hozott l\u00e9tre a rom\u00e1n n\u0151k (Reuniunea Femeilor Rom\u00e2ne), a rom\u00e1n k\u00e9zm\u0171vesek Societatea meseria\u015filor rom\u00e2ni), az ifj\u00fas\u00e1g (\u015eoimii Carpa\u0163ilor) r\u00e9sz\u00e9re, rom\u00e1n k\u00f3rust, kult\u00farm\u0171sorokat, el\u0151ad\u00e1sokat szervezett, pl. Sz\u00e1szr\u00e9genben tartott\u00e1k az ASTRA \u00e1ltal\u00e1nos k\u00f6zgy\u0171l\u00e9s\u00e9t (1925. aug. 30.). M\u00e9g a k\u00f6vetkez\u0151 funkci\u00f3kat t\u00f6lt\u00f6tte be: aleln\u00f6ke volt az \u00e9rtelmis\u00e9gi t\u00e1rsas\u00e1gnak (Societatea intelectualilor rom\u00e2ni), f\u0151gondnoka az ortodox egyh\u00e1zmegy\u00e9nek, a Nemzeti Kereszt\u00e9ny P\u00e1rt szervezet\u00e9nek vezet\u0151je, eg\u00edh\u00e1zmegyei k\u00e9pvisel\u0151 \u00e9s egyh\u00e1zi f\u0151kur\u00e1tor, megyei \u00e1lland\u00f3 v\u00e1l. tag, a Mure\u015feana Bank igazgat\u00f3s\u00e1gi tagja, a kv.-i egyh\u00e1zmegye tan\u00e1csosa volt. M\u0171k\u00f6d\u00e9se ideje alatt \u00e9p\u00edtett\u00e9k a v\u00e1rosi k\u00f3rh\u00e1zat, a kult\u00farh\u00e1zat (1939. dec. 1. avatt\u00e1k), templomokat, 48 k\u00f6nyvt\u00e1rat l\u00e9tes\u00edtett a k\u00f6rnyez\u0151 falvakban, iskol\u00e1kat \u00e9p\u00edtettek \u00e9s jav\u00edtottak ki, 30 eml\u00e9km\u0171vet \u00e1ll\u00edtottak a rom\u00e1n h\u0151s\u00f6k eml\u00e9k\u00e9re. Kiadta az Astra Reghin (1937\u201338) c. k\u00f6zl\u00f6nyt. Sz\u00e9lesk\u00f6r\u0171 felvil\u00e1gos\u00edt\u00f3 \u00e9s nevel\u0151 munk\u00e1t v\u00e9gzett, sz\u00e1mos \u00fajs\u00e1gcikket, n\u00e9pszer\u0171s\u00edt\u0151 brosur\u00e1t \u00edrt, el\u0151ad\u00e1sokat tartott. A lakoss\u00e1g eg\u00e9szs\u00e9g\u00fcgyi nevel\u00e9se \u00e9rdek\u00e9ben sorozatot ind\u00edtott Biblioteca popular\u0103 a Asocia\u0163iunii, amelyben k\u00f6z\u00f6lt az alkoholizmusr\u00f3l, v\u00e9rbajr\u00f3l, r\u00e1kr\u00f3l stb. sz\u00f3l\u00f3 nagy p\u00e9ld\u00e1nysz\u00e1mban kiadott f\u00fczeteket. A szoci\u00e1lis betegs\u00e9gekr\u0151l 8 f\u00fczetben n\u00e9pszer\u0171 orvostudom\u00e1nyi ismertet\u00e9seket adott ki.T\u00f6bb, mint 160 tudom\u00e1nyos dolgozat szerz\u0151je.Az ASTRA rendez\u00e9s\u00e9ben hat \u00e9v alatt t\u00f6bb mint 350 el\u0151ad\u00e1st tartott 62 k\u00f6zs\u00e9g lak\u00f3s\u00e1g\u00e1nak. K\u00f6zeli munkat\u00e1rsa volt Vasile Neteanak, egy\u00fctt v\u00e9geztek n\u00e9pk\u00f6lt\u00e9szeti gy\u0171jt\u00e9st a Fels\u0151-Maros vid\u00e9k\u00e9n. Munkat\u00e1rsa t\u00f6bb lapnak: Societatea de m\u00e2ine, Progres \u015fi cultur\u0103, Gazeta Mure\u015fului, Credin\u0163a, Transilvania, Rom\u00e2nia Mare, Astra, Astra Reghin, Mure\u015ful cultural, Rena\u015fterea Mure\u015fului. Kit\u0171ntet\u00e9sei : Magyar V\u00f6r\u00f6skereszt ez\u00fcst \u00e9rme, A Rom\u00e1n Koronarend \u00e9s Csillagrend tiszti keresztje (1929); Eg\u00e9szs\u00e9g\u00fcgyi \u00e9rdemrend \u2013 kereszt, I. fokozat; a Rom\u00e1n Akad\u00e9mia N\u0103sturel Herescu-d\u00edja (1934); Kultur\u00e1lis \u00e9rdemrend (Meritul cultural, 1935). A sz\u00e1szr\u00e9geni v\u00e1rosi k\u00f3rh\u00e1z viseli a nev\u00e9t \u00e9s a Kult\u00farh\u00e1z is felvette a Dr. E. N. nevet (1991. dec. 22.). \u2013 <strong>F. m.:<\/strong> Mersul spitalului (Reghin, 1926); Sifilisul (Tg. M., 1931); Cancerul (1932); Pentru bucuria vie\u0163ii (Cluj, 1933); Tinere\u0163e \u2013 b\u0103tr\u00e2ne\u0163e (1934); Cum ac\u0163ioneaz\u0103 Fr\u0103\u0163ia Ortodox\u0103 Rom\u00e2n\u0103 (Sibiu, 1934); Raport (Tg.M., 1934); Ce vrea Fr\u0103\u0163ia Ortodox\u0103 Rom\u00e2n\u0103 (Tg.M., s. a.); Chiuituri, obiceiuri de nunt\u0103 \u00een jude\u0163ul Mur\u0103\u015f (Sibiu, 1936); \u00cenc\u0103 un an de munc\u0103 pentru Credin\u0163\u0103, Neam \u015fi \u0162ar\u0103 (Tg. M., 1936); Pentru \u00eenvierea rom\u00e2neasc\u0103 (Cluj, s.a.); Prietenii \u015fi du\u015fmanii omului (Cluj, s.a.); Tuberculoza (Reghin, s.a.); Istoricul \u015fi activitatea Astrei Reghin, 1874\u20131940 (Reghin, 1940); <strong>t\u00e1rssz.:<\/strong> Figuri mure\u015fene (V. Neteaval; Tg.M., 1933); Un an de lupt\u0103 pentru credin\u0163\u0103, neam \u015fi \u0163ar\u0103&#8230;, 1934\u201335 (Reghin, 1935); Mur\u0103\u015f, Mur\u0103\u015f ap\u0103 lin\u0103..:Literatur\u0103 popular\u0103 din regiunea Mur\u0103\u015fului de Sus (V. Neteaval; Reghin, 1936); De pe Mure\u015f \u015fi C\u00eempie: Hore \u015fi chiuituri (Kv.-Cluj, 1941); Doine, balade \u015fi obiceiuri de nunt\u0103: Culergeri de pe Mure\u015f \u015fi C\u00e2mpie (Cluj, 1943). <br \/><strong>Irod.:<\/strong> ASTRA reghinean\u0103; B\u00edr\u00f3 D\u00f3n\u00e1t; Boar, Liviu: Documente inedite referitoare la activitatea Dr. E. N&#8230;(Reghinul cultural 9.); Clujeni ai sec. 20; Cosma; Cronica \u015fez\u0103torilor duminicale ale C\u0103minului Cultural Avram Iancu (Buc., 1942, 1943, 1944); Datcu; F\u00fcl\u00f6p\u2013Ferencz; Gazeta Regh (1991\/5, 1993\/3; 1993\/5; 1994\/12.; 1995\/6); GOJM (nr. 1., 1938. ian. 15.); Husar; Id\u0151t\u00e1r 3; Ki kicsoda?; Netea V.: Sub stindardul Astrei (Reghin, 1939); Politics and political parties in Roumania (London, 1936); Popt\u0103ma\u015f; Predescu; Regh. cult. 2\u20133\u20134; Reghin, militari; \u015eara, Marin, Frand\u0103\u015f, Ilie: Dr. E. N. \u015fi ASTRA reghinean\u0103: 135 de ani de la \u00eenfiin\u0163area Desp\u0103r\u0163\u0103m\u00e2ntului Reghinean al ASTREI (Tg.M., 2010.); Profiluri reghinene; \u015eerb\u0103nescu, Emil: Casa or\u0103\u015feneasc\u0103 de cultur\u0103 \u201eEugen Nicoar\u0103\u201d (Gezeta Reghinului, nr. 6., 1991); Szab\u00f3 Mih\u00e1ly: A r\u00e9geni sajt\u00f3 t\u00f6rt\u00e9net\u00e9b\u0151l (2.) (V. Z., 1983. m\u00e1rc. 27.); \u015eerban 2006<\/br><\/p>\n","protected":false},"excerpt":{"rendered":"<p>Lib\u00e1nfalva, 1893. jan. 6., \u2020 Sz\u00e1szr\u00e9gen, 1985. m\u00e1j. 3.: f\u0151orvos, prefektus, folklorista, filol\u00f3gus, m\u0171vel\u0151d\u00e9s-szervez\u0151. \u2013 Apja esperes. Testv\u00e9re dr. Vasile Nicolescu feles\u00e9ge. \u2013 Tanulm\u00e1nyait sz\u00fcl\u0151faluj\u00e1ban kezdte, a r. k. gimn\u00e1ziumban Sz\u00e9kelyudvarhelyen (1904\u201306), majd a mv.-i Ref. Koll. folytatta, ahol \u00e9retts\u00e9gizett (1913). Orvosi tanulm\u00e1nyok Kv.-on a Ferenc J\u00f3zsef TE \u2013en \u00e9s Bp.-en a M. Kir\u00e1lyi Egyetemen, [&hellip;]<\/p>\n","protected":false},"featured_media":0,"comment_status":"open","ping_status":"closed","template":"","meta":[],"product_brand":[],"product_cat":[137],"product_tag":[],"class_list":{"0":"post-16773","1":"product","2":"type-product","3":"status-publish","5":"product_cat-maros-megyei-eletrajzi-lexikon","7":"first","8":"instock","9":"shipping-taxable","10":"product-type-simple"},"_links":{"self":[{"href":"https:\/\/uj.adatbank.ro\/lexikon\/wp-json\/wp\/v2\/product\/16773","targetHints":{"allow":["GET"]}}],"collection":[{"href":"https:\/\/uj.adatbank.ro\/lexikon\/wp-json\/wp\/v2\/product"}],"about":[{"href":"https:\/\/uj.adatbank.ro\/lexikon\/wp-json\/wp\/v2\/types\/product"}],"replies":[{"embeddable":true,"href":"https:\/\/uj.adatbank.ro\/lexikon\/wp-json\/wp\/v2\/comments?post=16773"}],"wp:attachment":[{"href":"https:\/\/uj.adatbank.ro\/lexikon\/wp-json\/wp\/v2\/media?parent=16773"}],"wp:term":[{"taxonomy":"product_brand","embeddable":true,"href":"https:\/\/uj.adatbank.ro\/lexikon\/wp-json\/wp\/v2\/product_brand?post=16773"},{"taxonomy":"product_cat","embeddable":true,"href":"https:\/\/uj.adatbank.ro\/lexikon\/wp-json\/wp\/v2\/product_cat?post=16773"},{"taxonomy":"product_tag","embeddable":true,"href":"https:\/\/uj.adatbank.ro\/lexikon\/wp-json\/wp\/v2\/product_tag?post=16773"}],"curies":[{"name":"wp","href":"https:\/\/api.w.org\/{rel}","templated":true}]}}