{"id":16775,"date":"2025-07-15T23:29:48","date_gmt":"2025-07-15T21:29:48","guid":{"rendered":"https:\/\/uj.adatbank.ro\/lexikon\/termek\/nicoara-grigore\/"},"modified":"2025-07-15T23:29:48","modified_gmt":"2025-07-15T21:29:48","slug":"nicoara-grigore","status":"publish","type":"product","link":"https:\/\/uj.adatbank.ro\/lexikon\/termek\/nicoara-grigore\/","title":{"rendered":"NICOAR\u0102, Grigore"},"content":{"rendered":"<p>Fels\u0151r\u00e9pa, 1866., \u2020 Lib\u00e1nfalva, 1914. j\u00fan. 8. v. 21.: ort. pap. \u2013 Apja g.kat vall\u00e1sr\u00f3l t\u00e9rt \u00e1t ort.-ra (1880). H\u00e9t gyermek atyja, k\u00f6z\u00fcl\u00fck Eugen orvos lett. \u2013 Monoron \u00e9s Nasz\u00f3don tanult, majd Szebenben teol\u00f3gi\u00e1t v\u00e9gzett. Bereckbe helyezt\u00e9k lelk\u00e9sznek, ahol egy \u00e9vig szolg\u00e1lt, onnan Hod\u00e1kra ker\u00fclt. Szebenben szentelt\u00e9k papp\u00e1, megn\u0151s\u00fclt \u00e9s Marosk\u00f6vesdre helyezt\u00e9k (1890. dec. 6. \u2013 1897. nov. 11.). Versenyvizsg\u00e1val Lib\u00e1nfalv\u00e1ra ker\u00fclt (1898 \u2013 hal\u00e1l\u00e1ig). Megv\u00e1lasztott\u00e1k a r\u00e9geni espereshivatal jegyz\u0151j\u00e9v\u00e9 \u00e9s G\u00f6rg\u00e9ny k\u00f6rzet ASTRA eln\u00f6k\u00e9v\u00e9. Lib\u00e1nfalva vezet\u0151tan\u00e1cs\u00e1nak eln\u00f6kek\u00e9nt a k\u00f6zs\u00e9g gazdas\u00e1gi \u00e9let\u00e9nek vezet\u0151je is lett. Fel\u00e9p\u00edtett \u00e9s \u00fczembe helyezett egy kisebb fafeldolgoz\u00f3 gy\u00e1rat, bevezette a faluba a vizet, beszerzte B\u00e9cs mell\u0151l a templom nagyharangj\u00e1t. Helyettes esperesk\u00e9nt Sz\u00e1szr\u00e9gen k\u00f6rzet gondnoka, eg\u00e9sz egyh\u00e1zmegy\u00e9j\u00e9t vezette (1910\u201312). Vezet\u00e9s\u00e9vel \u00e9p\u00fclt fel az \u00faj r\u00e9geni ort. \u00cen\u0103l\u0163area Domnului\/ Az \u00dar mennybemenetele templom (1910\u201312). A templom anyagi fedezet\u00e9t Ioan Popescu dr.orvos, Iosif Popescu \u00fcgyv\u00e9d, Galacteon \u015eag\u0103u lelk\u00e9sz, a Mure\u015fana Bank \u00e9s a k\u00f6rnyez\u0151 falvak paroki\u00e1i biztos\u00edtott\u00e1k. Wagner Guszt\u00e1v \u00e9p\u00edt\u00e9sz tervei \u00e9s az \u00e9p\u00edt\u00e9si munk\u00e1latokat Ferenczi B\u00e9la kiviteleztette. Piros \u0151vvel (Br\u00e2u ro\u015fu) t\u00fctett\u00e9k ki. <br \/><strong>Irod.:<\/strong> ASTRA reghinean\u0103; Dobozi; Regh. cult., 9.; Reghin, Protopopiat<\/br><\/p>\n","protected":false},"excerpt":{"rendered":"<p>Fels\u0151r\u00e9pa, 1866., \u2020 Lib\u00e1nfalva, 1914. j\u00fan. 8. v. 21.: ort. pap. \u2013 Apja g.kat vall\u00e1sr\u00f3l t\u00e9rt \u00e1t ort.-ra (1880). H\u00e9t gyermek atyja, k\u00f6z\u00fcl\u00fck Eugen orvos lett. \u2013 Monoron \u00e9s Nasz\u00f3don tanult, majd Szebenben teol\u00f3gi\u00e1t v\u00e9gzett. Bereckbe helyezt\u00e9k lelk\u00e9sznek, ahol egy \u00e9vig szolg\u00e1lt, onnan Hod\u00e1kra ker\u00fclt. Szebenben szentelt\u00e9k papp\u00e1, megn\u0151s\u00fclt \u00e9s Marosk\u00f6vesdre helyezt\u00e9k (1890. dec. 6. [&hellip;]<\/p>\n","protected":false},"featured_media":0,"comment_status":"open","ping_status":"closed","template":"","meta":[],"product_brand":[],"product_cat":[137],"product_tag":[],"class_list":{"0":"post-16775","1":"product","2":"type-product","3":"status-publish","5":"product_cat-maros-megyei-eletrajzi-lexikon","7":"first","8":"instock","9":"shipping-taxable","10":"product-type-simple"},"_links":{"self":[{"href":"https:\/\/uj.adatbank.ro\/lexikon\/wp-json\/wp\/v2\/product\/16775","targetHints":{"allow":["GET"]}}],"collection":[{"href":"https:\/\/uj.adatbank.ro\/lexikon\/wp-json\/wp\/v2\/product"}],"about":[{"href":"https:\/\/uj.adatbank.ro\/lexikon\/wp-json\/wp\/v2\/types\/product"}],"replies":[{"embeddable":true,"href":"https:\/\/uj.adatbank.ro\/lexikon\/wp-json\/wp\/v2\/comments?post=16775"}],"wp:attachment":[{"href":"https:\/\/uj.adatbank.ro\/lexikon\/wp-json\/wp\/v2\/media?parent=16775"}],"wp:term":[{"taxonomy":"product_brand","embeddable":true,"href":"https:\/\/uj.adatbank.ro\/lexikon\/wp-json\/wp\/v2\/product_brand?post=16775"},{"taxonomy":"product_cat","embeddable":true,"href":"https:\/\/uj.adatbank.ro\/lexikon\/wp-json\/wp\/v2\/product_cat?post=16775"},{"taxonomy":"product_tag","embeddable":true,"href":"https:\/\/uj.adatbank.ro\/lexikon\/wp-json\/wp\/v2\/product_tag?post=16775"}],"curies":[{"name":"wp","href":"https:\/\/api.w.org\/{rel}","templated":true}]}}