{"id":16779,"date":"2025-07-15T23:29:55","date_gmt":"2025-07-15T21:29:55","guid":{"rendered":"https:\/\/uj.adatbank.ro\/lexikon\/termek\/nicola-ioan-dumitru-%c2%a7\/"},"modified":"2025-07-15T23:29:55","modified_gmt":"2025-07-15T21:29:55","slug":"nicola-ioan-dumitru-%c2%a7","status":"publish","type":"product","link":"https:\/\/uj.adatbank.ro\/lexikon\/termek\/nicola-ioan-dumitru-%c2%a7\/","title":{"rendered":"NICOLA, Ioan Dumitru, \u00a7"},"content":{"rendered":"<p>Har\u00f3, (Horea), 1938. jan. 5., \u2020 Mv., 2004. aug. 1.: egyetemi tan\u00e1r, d\u00e9k\u00e1n, pedag\u00f3giai szak\u00edr\u00f3. \u2013 Az elemi iskol\u00e1t Sz\u00e9naver\u0151s\u00f6n, p\u00e9nz\u00fcgyi k\u00f6z\u00e9piskol\u00e1t Bal\u00e1zsfalv\u00e1n, Elm\u00e9leti L\u00edc.-ot Dics\u0151sztm\u00e1rtonban v\u00e9gzett (1957), Buk.-ben a Filoz\u00f3fia Egyetem Pedag\u00f3gia Kar\u00e1n rom\u00e1n ny. \u00e9s irodalomszakos tan\u00e1ri okl.-t szerzett (1959\u201363). Buk.-ben doktor\u00e1lt, t\u00e9zise: Rolul rela\u0163iilor interpersonale \u00een dinamica intern\u0103 a colectivului de elevi (1972). Els\u0151 munkahelye Temesv\u00e1ron a Pedag\u00f3giai Int\u00e9zet, ahonnan \u00e1thelyeztette mag\u00e1t Mv.-re a Ped. F\u0151isk.-ra (1964. nov.1.), ahol minden egyetemi taner\u0151i c\u00edmet el\u00e9rt: prepar\u00e1tor, asszisztens, lektor, el\u0151ad\u00f3 \u00e9s egyetemi tan\u00e1r (1991). A k\u00f6vetkez\u0151 \u00e9vekben egy sor pedag\u00f3giai szakmunk\u00e1t, tank\u00f6nyvet k\u00f6z\u00f6lt. Tev\u00e9keny \u00e9lete sor\u00e1n t\u00f6bb mint 80 tanulm\u00e1nya, cikke, \u00e9rtekez\u00e9se jelent meg szaklapokban, k\u00f6tetekben, sz\u00e1mos hazai \u00e9s nemzetk\u00f6zi tudom\u00e1nyos \u00fcl\u00e9szakon, konferenci\u00e1n \u00e9s kongresszuson vett r\u00e9szt (t\u00f6bb mint 70 tud.-os \u00e9rtekez\u00e9se maradt h\u00e1tra). Pedag\u00f3gia tank\u00f6nyvek \u00edrt a pedag\u00f3giai lic.-ok sz\u00e1m\u00e1ra (1982, 1989, 2001). Ezeken k\u00edv\u00fcl \u00f6nk\u00e9ntes metodistak\u00e9nt t\u00f6bb mint 100 I. fokozati vizsgadolgozatot ir\u00e1ny\u00edtott, \u00e9retts\u00e9gi bizotts\u00e1gok, felv\u00e9teliztet\u0151 bizotts\u00e1gok, tant\u00e1rgyolimpi\u00e1szok, stb.eln\u00f6ke volt. Tagja volt a Rom\u00e1n Akad. (Academia Oamenilor de \u015etiin\u0163\u0103 din Rom.) mv.-i fi\u00f3kj\u00e1ban tev\u00e9kenykedett, valamint dokor\u00e1tus veztet\u0151 tan\u00e1r Kv.-on a BBTE-en (1991\u2013). A mv.-i Petru Maior Egyetemen tan\u00edtott, katedraf\u0151n\u00f6k a mechanica karon, az Egyetem B\u00f6lcs\u00e9sz Kar\u00e1nak az els\u0151 d\u00e9k\u00e1nja, szen\u00e1tusi tagja, a tantest\u00fclet szakmai k\u00e9pz\u00e9s\u00e9nek \u00e9s tov\u00e1bbk\u00e9pz\u00e9s\u00e9nek vezet\u0151je. Szakfoly\u00f3iratokban jelentek meg <strong>Cikkei:<\/strong> Educa\u0163ie \u015fi cultur\u0103, Kit\u0171ntett\u00e9k a Rom\u00e1n Akad\u00e9mia Constantin-R\u0103dulescu Motru d\u00edj\u00e1val (1998) a Tratat de pedagogie \u015fcolar\u0103 c. tank\u00f6nyv\u00e9\u00e9rt. \u2013 <strong>F. m.:<\/strong> Microsociologia colectivului de elevi (Buc., 1974); Dirigintele \u015fi sintalitatea colectivului de elevi (Buc., 1978); Pedagogie \u015fcolar\u0103 (Buc., 1980); Pedagogie (Buc., 1990, 1992, 1994); Tratat de pedagogie \u015fcolar\u0103 (Buc., 1996; 1998; 2001; 2002; 2003); Medita\u0163ii pe firul vie\u0163ii (Tg. M., 2004); <strong>t\u00e1rssz.:<\/strong> Pedagogie general\u0103, 3 k\u00f6t. (Buk., 1974); Pedagogie general\u0103 (tank\u00f6nyv; Constantin, Sabina-, F\u0103rca\u015f Domnica-val; Buc., 1982); Pedagogie general\u0103 (tank\u00f6nyv; F\u0103rca\u015f Domnica-val; Buc., 1992); Teoria educa\u0163iei \u015fi no\u0163iuni de cecetare pedagogic\u0103 (F\u0103rca\u015f Domnica-val; Buc., 1992); Psihologia social:.Lec\u0163ii (Tg.M., 1992); Cercetarea psihopedagogic\u0103 (Tg.M., 1993); Didactica (Oradea, 1999); Teoria \u015fi metodologia instruirii (Tg. M., 2004); gy\u0171jtem\u00e9nyes k\u00f6t.: Lucr\u0103rile Sesiunii \u015ftiin\u0163ifice anuale a cadrelor didactice (Tg.M., 1998) <br \/><strong>Irod.:<\/strong> Chertes-Cioat\u0103; C.l. (2001. nov. 8); Dasc\u0103li mure\u015feni, 3.; Libraria (8., 2009); Todea 2013; Who\u2019s Who<\/br><\/p>\n","protected":false},"excerpt":{"rendered":"<p>Har\u00f3, (Horea), 1938. jan. 5., \u2020 Mv., 2004. aug. 1.: egyetemi tan\u00e1r, d\u00e9k\u00e1n, pedag\u00f3giai szak\u00edr\u00f3. \u2013 Az elemi iskol\u00e1t Sz\u00e9naver\u0151s\u00f6n, p\u00e9nz\u00fcgyi k\u00f6z\u00e9piskol\u00e1t Bal\u00e1zsfalv\u00e1n, Elm\u00e9leti L\u00edc.-ot Dics\u0151sztm\u00e1rtonban v\u00e9gzett (1957), Buk.-ben a Filoz\u00f3fia Egyetem Pedag\u00f3gia Kar\u00e1n rom\u00e1n ny. \u00e9s irodalomszakos tan\u00e1ri okl.-t szerzett (1959\u201363). Buk.-ben doktor\u00e1lt, t\u00e9zise: Rolul rela\u0163iilor interpersonale \u00een dinamica intern\u0103 a colectivului de elevi [&hellip;]<\/p>\n","protected":false},"featured_media":0,"comment_status":"open","ping_status":"closed","template":"","meta":[],"product_brand":[],"product_cat":[137],"product_tag":[],"class_list":{"0":"post-16779","1":"product","2":"type-product","3":"status-publish","5":"product_cat-maros-megyei-eletrajzi-lexikon","7":"first","8":"instock","9":"shipping-taxable","10":"product-type-simple"},"_links":{"self":[{"href":"https:\/\/uj.adatbank.ro\/lexikon\/wp-json\/wp\/v2\/product\/16779","targetHints":{"allow":["GET"]}}],"collection":[{"href":"https:\/\/uj.adatbank.ro\/lexikon\/wp-json\/wp\/v2\/product"}],"about":[{"href":"https:\/\/uj.adatbank.ro\/lexikon\/wp-json\/wp\/v2\/types\/product"}],"replies":[{"embeddable":true,"href":"https:\/\/uj.adatbank.ro\/lexikon\/wp-json\/wp\/v2\/comments?post=16779"}],"wp:attachment":[{"href":"https:\/\/uj.adatbank.ro\/lexikon\/wp-json\/wp\/v2\/media?parent=16779"}],"wp:term":[{"taxonomy":"product_brand","embeddable":true,"href":"https:\/\/uj.adatbank.ro\/lexikon\/wp-json\/wp\/v2\/product_brand?post=16779"},{"taxonomy":"product_cat","embeddable":true,"href":"https:\/\/uj.adatbank.ro\/lexikon\/wp-json\/wp\/v2\/product_cat?post=16779"},{"taxonomy":"product_tag","embeddable":true,"href":"https:\/\/uj.adatbank.ro\/lexikon\/wp-json\/wp\/v2\/product_tag?post=16779"}],"curies":[{"name":"wp","href":"https:\/\/api.w.org\/{rel}","templated":true}]}}