{"id":16828,"date":"2025-07-15T23:31:46","date_gmt":"2025-07-15T21:31:46","guid":{"rendered":"https:\/\/uj.adatbank.ro\/lexikon\/termek\/nitu-valeriu-%c2%a7-alnevei-ovidiu-poiana-florin-ramurel-valeriu-cernea-es-nituleac\/"},"modified":"2025-07-15T23:31:46","modified_gmt":"2025-07-15T21:31:46","slug":"nitu-valeriu-%c2%a7-alnevei-ovidiu-poiana-florin-ramurel-valeriu-cernea-es-nituleac","status":"publish","type":"product","link":"https:\/\/uj.adatbank.ro\/lexikon\/termek\/nitu-valeriu-%c2%a7-alnevei-ovidiu-poiana-florin-ramurel-valeriu-cernea-es-nituleac\/","title":{"rendered":"NI\u0162U, Valeriu, \u00a7 \u00e1lnevei: Ovidiu Poiana, Florin R\u0103murel, Valeriu Cernea \u00e9s Ni\u0163uleac"},"content":{"rendered":"<p>Szatm\u00e1rn\u00e9meti, 1930. szept. 20., \u2020 Mv., 2001. j\u00fal. 31.: irodalomt\u00f6rt\u00e9n\u00e9sz, \u00edr\u00f3, tudom\u00e1nyos kutat\u00f3. \u2013 Az elemi iskol\u00e1t Szatm\u00e1ron \u00e9s Aradon, gimn\u00e1ziumot Cern\u0103u\u0163i \u00e9s Medgyesen, Mv.-en a Papiu Ilarian L\u00edc.-ban v\u00e9gezett (1949), egyetemet Kv.-on a \u201eVictor Babe\u015f\u201d Filol\u00f3gia Kar\u00e1n, rom\u00e1n ny. \u00e9s irodalom szak\u00e1n v\u00e9gzett (1953). Mv.-en a Papiu Ilarian L\u00edc. rom\u00e1ntan\u00e1ra (1953\u201355). A \u201eLiviu Rebreanu\u201d irodalmi k\u00f6r akt\u00edv tagja (1955\u2013). Szov\u00e1t\u00e1n, majd Marosh\u00e9v\u00edzen k\u00f6nyvt\u00e1ros (1955\u201358). Kezdem\u00e9nyez\u0151je \u00e9s szervez\u0151je volt Marosh\u00e9v\u00edzen a \u201eMiori\u0163a\u201d etnogr\u00e1fiai \u00e9s folkl\u00f3rfesztiv\u00e1lnak, ahol minden alkalommal tudom\u00e1nyos dolgozatokkal, el\u0151ad\u00e1sokkal vett r\u00e9szt. N\u00e9pszer\u0171 r\u00e1di\u00f3s m\u0171sorokat tartott a marosh\u00e9v\u00edzi helyi r\u00e1di\u00f3ban. Tagja a \u201eLiviu Rebreanu\u201d irodalmi k\u00f6rnek, ahol d\u00edjazt\u00e1k is (1988). Mv.-en a Rom\u00e1n Akad\u00e9mia mv.-i fi\u00f3kja T\u00e1sadalomtudom\u00e1nyi Kutat\u00f3 K\u00f6zpont mv.-i fi\u00f3kj\u00e1nak el\u0151bb k\u00f6nyvt\u00e1rosa, majd tudom\u00e1nyos kutat\u00f3ja (1958\u2013). Kutat\u00e1sai Avram Iancu, Aurel Filimon, Timotei Cipariu, Al.Papiu Ilarian, Ion Chinezu \u00e9s m\u00e1s h\u00edres szem\u00e9lyis\u00e9gekre terjedtek ki. 50 \u00e9vi tudom\u00e1nyos kutat\u00e1sainak eredm\u00e9nyeit tanulm\u00e1nyokban, essz\u00e9kben, cikkekben fejtette ki a k\u00f6vetkez\u0151 sajt\u00f3term\u00e9kekben: Cum vorbim?, Studii de istorie, filologie \u015fi istoria artei; Vatra; Astra; Tribuna; Cuv\u00e2ntul liber, Sc\u00e2nteia, Informa\u0163ia Harghitei, Marisia, Studii \u015fi cercet\u0103ri de \u015ftiin\u0163e sociale \u00e9s m\u00e1sokban.K\u00f6z\u00f6lt verseket is. \u2013 <strong>F. m.:<\/strong> <strong>t\u00e1rssz.:<\/strong> Pagini mure\u015fene (Tg.M., 1963, 1964, 1967); Profiluri mure\u015fene 1\u20132. ( Tg.M., 1971; 1973); Studii \u015fi cercet\u0103ri de istorie, filologie \u015fi istoria artei (Buc., 1972); Avram Iancu: documente \u015fi bibliografie (Ion Rancaval; Buc., 1974); Studii \u015fi cercet\u0103ri de \u015ftiin\u0163e sociale (Buc., 1977); Timotei Cipariu: Arhetipuri ale permanenen\u0163ei rom\u00e2ne\u015fti (Traian Vedina\u015f-sal; Cluj-N., 1988); Ion Chinezu: Relief \u00een postritate (Tg.M., 1999). <br \/><strong>Irod.:<\/strong> Cosma; C.l. (2001. aug. 1.; 2006. j\u00fal. 28.); Du\u015fa: Pagini de istorie, art\u0103 \u015fi cultur\u0103, 2.<\/br><\/p>\n","protected":false},"excerpt":{"rendered":"<p>Szatm\u00e1rn\u00e9meti, 1930. szept. 20., \u2020 Mv., 2001. j\u00fal. 31.: irodalomt\u00f6rt\u00e9n\u00e9sz, \u00edr\u00f3, tudom\u00e1nyos kutat\u00f3. \u2013 Az elemi iskol\u00e1t Szatm\u00e1ron \u00e9s Aradon, gimn\u00e1ziumot Cern\u0103u\u0163i \u00e9s Medgyesen, Mv.-en a Papiu Ilarian L\u00edc.-ban v\u00e9gezett (1949), egyetemet Kv.-on a \u201eVictor Babe\u015f\u201d Filol\u00f3gia Kar\u00e1n, rom\u00e1n ny. \u00e9s irodalom szak\u00e1n v\u00e9gzett (1953). Mv.-en a Papiu Ilarian L\u00edc. rom\u00e1ntan\u00e1ra (1953\u201355). A \u201eLiviu Rebreanu\u201d [&hellip;]<\/p>\n","protected":false},"featured_media":0,"comment_status":"open","ping_status":"closed","template":"","meta":[],"product_brand":[],"product_cat":[137],"product_tag":[],"class_list":{"0":"post-16828","1":"product","2":"type-product","3":"status-publish","5":"product_cat-maros-megyei-eletrajzi-lexikon","7":"first","8":"instock","9":"shipping-taxable","10":"product-type-simple"},"_links":{"self":[{"href":"https:\/\/uj.adatbank.ro\/lexikon\/wp-json\/wp\/v2\/product\/16828","targetHints":{"allow":["GET"]}}],"collection":[{"href":"https:\/\/uj.adatbank.ro\/lexikon\/wp-json\/wp\/v2\/product"}],"about":[{"href":"https:\/\/uj.adatbank.ro\/lexikon\/wp-json\/wp\/v2\/types\/product"}],"replies":[{"embeddable":true,"href":"https:\/\/uj.adatbank.ro\/lexikon\/wp-json\/wp\/v2\/comments?post=16828"}],"wp:attachment":[{"href":"https:\/\/uj.adatbank.ro\/lexikon\/wp-json\/wp\/v2\/media?parent=16828"}],"wp:term":[{"taxonomy":"product_brand","embeddable":true,"href":"https:\/\/uj.adatbank.ro\/lexikon\/wp-json\/wp\/v2\/product_brand?post=16828"},{"taxonomy":"product_cat","embeddable":true,"href":"https:\/\/uj.adatbank.ro\/lexikon\/wp-json\/wp\/v2\/product_cat?post=16828"},{"taxonomy":"product_tag","embeddable":true,"href":"https:\/\/uj.adatbank.ro\/lexikon\/wp-json\/wp\/v2\/product_tag?post=16828"}],"curies":[{"name":"wp","href":"https:\/\/api.w.org\/{rel}","templated":true}]}}