{"id":16849,"date":"2025-07-15T23:32:30","date_gmt":"2025-07-15T21:32:30","guid":{"rendered":"https:\/\/uj.adatbank.ro\/lexikon\/termek\/novitchi-vladimir\/"},"modified":"2025-07-15T23:32:30","modified_gmt":"2025-07-15T21:32:30","slug":"novitchi-vladimir","status":"publish","type":"product","link":"https:\/\/uj.adatbank.ro\/lexikon\/termek\/novitchi-vladimir\/","title":{"rendered":"NOVI\u0162CHI Vladimir"},"content":{"rendered":"<p>Cetatea Alb\u0103, Moldova K\u00f6zt\u00e1rsas\u00e1g, 1917. szept. 8. \u2020 No., ? , 2003. dec.: vitorl\u00e1z\u00f3rep\u00fcl\u00e9s-oktat\u00f3, vitorl\u00e1z\u00f3rep\u00fcl\u0151g\u00e9p-tervez\u0151 \u00e9s -\u00e9p\u00edt\u0151. \u2013 Jelent\u0151s szerepe volt a r\u00e9geni Vitorl\u00e1z\u00f3rep\u00fcl\u0151g\u00e9p-gy\u00e1r (IPEIL\/IFIL\/CIL, Reghin) megalap\u00edt\u00e1s\u00e1ban, beind\u00edt\u00e1s\u00e1ban \u00e9s m\u0171k\u0151d\u00e9s\u00e9ben (1950. m\u00e1rc. 1 \u2013 1974.). Elemi isk.-t, gimn\u00e1ziumot \u00e9s lic.-t Temesv\u00e1ron v\u00e9gzett, ahova, apja korai elveszt\u00e9se ut\u00e1n, anyj\u00e1val k\u00f6lt\u00f6z\u00f6tt (1919). Ott \u00e9retts\u00e9gizett (1936), majd a temesv\u00e1ri Poltechnikai Int\u00e9zet hallgat\u00f3ja (1936.38), de egyetemi tanulm\u00e1nyait nem fejezte be. Pope\u015fti-Leordeniban \u00e9s Alexandri\u00e1ban elv\u00e9gezte a pilotaisk.-t, majd Barcaszentp\u00e9teren (Brass\u00f3) a motor n\u00e9lk\u00fcli rep\u00fcl\u0151oktat\u00f3i isk.-t, ahol elsaj\u00e1t\u00edtotta a vitorl\u00e1z\u00f3g\u00e9p-\u00e9p\u00edt\u00e9st, \u2013 asztaloss\u00e1got, -mechanik\u00e1t \u00e9s rep\u00fcl\u00e9sfelszer\u00e9s gy\u00e1rt\u00e1s\u00e1t. Egy lengyel m\u00e9rn\u00f6kkel, Witold Kasprzykkal, elk\u00e9sz\u00edtette egy vitorl\u00e1z\u00f3rep\u00fcl\u0151g\u00e9p tervrajzait. (1939\u201341) Megkapta a rep\u00fcl\u00e9soktat\u00f3i \u00e9s technikai m\u0171helyvezet\u0151i oklevelet (1941). Ezut\u00e1n Barcaszentp\u00e9teren alkalmazt\u00e1k ezekben a funkci\u00f3kban (1941\u201342), majd C\u00e2mpin\u00e1n a Rep\u00fcl\u0151s Isk.-ban rep\u00fcl\u0151oktat\u00f3k\u00e9nt dolgozott (1942\u201343). Katonai szolg\u00e1latot az 1.sz Vad\u00e1sz Flotil\u00e1n\u00e1l teljes\u00edtett, ahol a Technikai Oszt\u00e1lyon tev\u00e9kenykedett. Innen ideiglenesen Aradra (1944.m\u00e1j), Buk.-be (j\u00fan.), Caracalba (aug), majd Barcaszentp\u00e9terre helyezt\u00e9k, ahol leszerelt\u00e9k, \u00e9s civilk\u00e9nt megtelepedett (1945). Ott sokoldal\u00fa szakmai \u00e9s t\u00e1rs-i tev\u00e9kenys\u00e9get fejtett ki.A Rom. Sportrep\u00fcl\u00e9s Bizotts\u00e1ga \u00e9s a Faipari Miniszt\u00e9rium megb\u00edzta a r\u00e9geni vitorl\u00e1z\u00f3rep\u00fcl\u0151g\u00e9pek gy\u00e1rt\u00e1s\u00e1nak beind\u00edt\u00e1s\u00e1val \u00e9s vezet\u00e9s\u00e9vel (1950. m\u00e1rc.1 \u2013 1974). Ennek \u00e9rdek\u00e9ben szaktanfolyamokat szervezett, szersz\u00e1mokat \u00e9s felszerel\u00e9seket tervezett \u00e9s \u00e1ll\u00edttatott el\u0151, megszervezte a termel\u00e9st, n\u00f6velte az \u00e9p\u00fcletek ter\u00fclet\u00e9t. K\u00f6zvetlen ir\u00e1ny\u00edt\u00e1sa alatt \u00e1ll\u00edtott\u00e1k el\u0151 az Rg\u20131, Rg\u20132, Rg5, Rg\u20136 \u00e9s Rg\u20137 vitorl\u00e1z\u00f3g\u00e9peket ( egy\u00fcttm\u0171k\u0151dve Hans Polen \u2013 \u00e9s Bitto \u015etefannal), valamint megtervezett egy helikoptert \u00e9s egy n\u00e1darat\u00f3 g\u00e9pet is. Miut\u00e1n a r\u00e9geni gy\u00e1r a sportszer gy\u00e1rt\u00e1sra t\u00e9rt \u00e1t, (1960\u2013) a F\u00e9m R\u00e9szleget vezette (1969. m\u00e1rc. 1.\u2013), majd a Mechanikai-Energetikai \u00e9s Beruh\u00e1z\u00e1si Oszt\u00e1lyt (1970. dec.12\u2013). N\u00e9h\u00e1ny \u00e9v m\u00falva \u00e1thelyeztette mag\u00e1t Brass\u00f3ba a L\u00e9ghaj\u00f3\u00e9p\u00edt\u0151 V\u00e1llalathoz (1974), ahol nyugd\u00edjaz\u00e1s\u00e1ig dolgozott (1982). Feles\u00e9g\u00e9vel \u00e1ttelepedett No.-ba (1992). Sz\u00e1mos hazai \u00e9s nemzetk\u00f6zi elismer\u00e9sben \u00e9s kit\u00fcntet\u00e9sben volt r\u00e9sze: Steaua Stahanovistului; Diploma Flamura Stahanovistului (1952); Medalia Muncii (1953); Medalia R.P.R. (1954); Premiu de Stat (1954); Paul Tissandier Diploma a Nemzetk\u00f6zi Aeronautikai Sz\u00f6vets\u00e9gt\u0151l (1992). \u2013 <strong>F. m.:<\/strong> Costruc\u0163ii de planoare (Buk., 1953.). <br \/><strong>Irod.:<\/strong> Bartos \u2013Bitto-Magyary<\/br><\/p>\n","protected":false},"excerpt":{"rendered":"<p>Cetatea Alb\u0103, Moldova K\u00f6zt\u00e1rsas\u00e1g, 1917. szept. 8. \u2020 No., ? , 2003. dec.: vitorl\u00e1z\u00f3rep\u00fcl\u00e9s-oktat\u00f3, vitorl\u00e1z\u00f3rep\u00fcl\u0151g\u00e9p-tervez\u0151 \u00e9s -\u00e9p\u00edt\u0151. \u2013 Jelent\u0151s szerepe volt a r\u00e9geni Vitorl\u00e1z\u00f3rep\u00fcl\u0151g\u00e9p-gy\u00e1r (IPEIL\/IFIL\/CIL, Reghin) megalap\u00edt\u00e1s\u00e1ban, beind\u00edt\u00e1s\u00e1ban \u00e9s m\u0171k\u0151d\u00e9s\u00e9ben (1950. m\u00e1rc. 1 \u2013 1974.). Elemi isk.-t, gimn\u00e1ziumot \u00e9s lic.-t Temesv\u00e1ron v\u00e9gzett, ahova, apja korai elveszt\u00e9se ut\u00e1n, anyj\u00e1val k\u00f6lt\u00f6z\u00f6tt (1919). Ott \u00e9retts\u00e9gizett (1936), majd a [&hellip;]<\/p>\n","protected":false},"featured_media":0,"comment_status":"open","ping_status":"closed","template":"","meta":[],"product_brand":[],"product_cat":[137],"product_tag":[],"class_list":{"0":"post-16849","1":"product","2":"type-product","3":"status-publish","5":"product_cat-maros-megyei-eletrajzi-lexikon","7":"first","8":"instock","9":"shipping-taxable","10":"product-type-simple"},"_links":{"self":[{"href":"https:\/\/uj.adatbank.ro\/lexikon\/wp-json\/wp\/v2\/product\/16849","targetHints":{"allow":["GET"]}}],"collection":[{"href":"https:\/\/uj.adatbank.ro\/lexikon\/wp-json\/wp\/v2\/product"}],"about":[{"href":"https:\/\/uj.adatbank.ro\/lexikon\/wp-json\/wp\/v2\/types\/product"}],"replies":[{"embeddable":true,"href":"https:\/\/uj.adatbank.ro\/lexikon\/wp-json\/wp\/v2\/comments?post=16849"}],"wp:attachment":[{"href":"https:\/\/uj.adatbank.ro\/lexikon\/wp-json\/wp\/v2\/media?parent=16849"}],"wp:term":[{"taxonomy":"product_brand","embeddable":true,"href":"https:\/\/uj.adatbank.ro\/lexikon\/wp-json\/wp\/v2\/product_brand?post=16849"},{"taxonomy":"product_cat","embeddable":true,"href":"https:\/\/uj.adatbank.ro\/lexikon\/wp-json\/wp\/v2\/product_cat?post=16849"},{"taxonomy":"product_tag","embeddable":true,"href":"https:\/\/uj.adatbank.ro\/lexikon\/wp-json\/wp\/v2\/product_tag?post=16849"}],"curies":[{"name":"wp","href":"https:\/\/api.w.org\/{rel}","templated":true}]}}