{"id":16850,"date":"2025-07-15T23:32:32","date_gmt":"2025-07-15T21:32:32","guid":{"rendered":"https:\/\/uj.adatbank.ro\/lexikon\/termek\/novotny-emil-robert\/"},"modified":"2025-07-15T23:32:32","modified_gmt":"2025-07-15T21:32:32","slug":"novotny-emil-robert","status":"publish","type":"product","link":"https:\/\/uj.adatbank.ro\/lexikon\/termek\/novotny-emil-robert\/","title":{"rendered":"NOVOTNY Emil R\u00f3bert"},"content":{"rendered":"<p>Mv., 1898. jan. 1., \u2020 H\u00f3dmez\u0151v\u00e1s\u00e1rhely, 1975. aug. 15.: fest\u0151, grafikus. \u2013 Bp.-en a M\u0171v\u00e9sz\u00adh\u00e1z Kernstok K\u00e1roly vezette fest\u0151isk.-j\u00e1ban (1913\u2013), az iparm\u00fcv. isk.-ban (1914\u2013), a bp.-i k\u00e9pz\u0151m\u0171v. f\u0151isk.-n Vaszary J\u00e1nos \u00e9s Bal-l\u00f3 Ede ir\u00e1ny\u00edt\u00e1s\u00e1val (1915\u201316), Kernstok Haris k\u00f6zi szabadisk.-j\u00e1ban (1916\u201318), majd az \u00e1ltala ve\u00adzetett nyerges\u00fajfalui m\u0171v\u00e9sztelepen tanult. Olaszo.-ban ker\u00e1miagy\u00e1ri \u00e9s bronz\u00f6nt\u0151 munk\u00e1s volt (1920\u201323). F\u00e9l \u00e9vig Nagyb\u00e1ny\u00e1n tart\u00f3zkodott (1925), ahol k\u00f6zeli kapcso\u00adlatba ker\u00fclt Ferenczy B\u00e9nivel \u00e9s Kmetty J\u00e1nos\u00adsal. Lin\u00f3metszetalbuma jelent meg (1928). Olaszo.-ban j\u00e1rt (1939). Zsenny\u00e9n, H\u00f3dmez\u0151v\u00e1s\u00e1rhelyen \u00e9s M\u00e1rt\u00e9lyon alkotott (1945 ut\u00e1n). A K\u00e9pz\u0151m\u0171v\u00e9szek \u00daj T\u00e1rs. (K\u00daT, 1927) \u00e9s a Szinyei T\u00e1rs. tagja. A Szimyei T\u00e1rs. t\u00e1jk\u00e9pd\u00edja (1942), Munk\u00e1csy -d\u00edj (1957), Tornyai-plakett (1958), \u00e9rdemes m\u0171v\u00e9sz (1968). Az \u00e9rzelem \u00e9s az intellektus saj\u00e1tos \u00f6tv\u00f6z\u00e9s\u00e9t mutat\u00f3 m\u0171\u00adv\u00e9szete nem kapcsol\u00f3dik st\u00edlusir\u00e1nyzatokhoz, legink\u00e1bb expresszionist\u00e1nak mondhat\u00f3. El\u00ads\u0151sorban t\u00e1j \u2013 \u00e9s zs\u00e1nerk\u00e9peket festett, de grafi\u00adkusk\u00e9nt is maradand\u00f3t alkotott. M\u0171veit az MNG, a szentendrei Ferenczy, a szegedi M\u00f3ra F. M\u00faz \u00e9s a h\u00f3dmez\u0151v\u00e1s\u00e1rhelyi Tornyai M\u00faz. \u0151rzi. \u2013 <strong>F. ki\u00e1ll.:<\/strong> egy\u00e9ni: Nemzeti Szalon (1924, 1926, 1938, 1939, 1941); Tam\u00e1s Gal\u00e9\u00adria (1929, 1937); Ernst M\u00faz. (1934); M\u0171bar\u00e1t. Gr\u00e1ber Margittal (1944); F\u00e9nyes A. Terem (1957, 1964); Szeged (1966); Cs\u00f3k Gal\u00e9ria (1973); H\u00f3dmez\u0151v\u00e1s\u00e1rhely (1975, 1985, 1998); Szentendre (1986); csoportos: K\u00daT ki\u00e1ll\u00edt\u00e1sai (Bp., 1924\u201343); a Szinyei T\u00e1rs. \u201eFiataljai\u201d (Bp., 1927); Modern Hung\u00e1ri\u00e1n Painting (New York, 1939); Els\u0151 szabad nem\u00adzeti ki\u00e1ll\u00edt\u00e1s (Bp., 1945); M. H\u00e9t (Sz\u00f3fia, 1948); V\u00e1s\u00e1rhelyi \u0150szi T\u00e1rlatok (1953\u201375). \u2013 <strong>Eml\u00e9kki\u00e1ll.:<\/strong> H\u00f3dmez\u0151v\u00e1s\u00e1rhely (1985\u201386); Szentendre (1986). <br \/><strong>Irod.:<\/strong> \u00c9ber; Hoffmann Edit: Az Orsz\u00e1gos M. Sz\u00e9pm\u0171v\u00e9szeti M\u00fazeum Grafikai o.-nak ki\u00e1ll\u00edt\u00e1sa (Bp., 1940); Moln\u00e1r; Szab\u00f3 \u2013 K\u00e1llai; \u00daM\u00c9L<\/br><\/p>\n","protected":false},"excerpt":{"rendered":"<p>Mv., 1898. jan. 1., \u2020 H\u00f3dmez\u0151v\u00e1s\u00e1rhely, 1975. aug. 15.: fest\u0151, grafikus. \u2013 Bp.-en a M\u0171v\u00e9sz\u00adh\u00e1z Kernstok K\u00e1roly vezette fest\u0151isk.-j\u00e1ban (1913\u2013), az iparm\u00fcv. isk.-ban (1914\u2013), a bp.-i k\u00e9pz\u0151m\u0171v. f\u0151isk.-n Vaszary J\u00e1nos \u00e9s Bal-l\u00f3 Ede ir\u00e1ny\u00edt\u00e1s\u00e1val (1915\u201316), Kernstok Haris k\u00f6zi szabadisk.-j\u00e1ban (1916\u201318), majd az \u00e1ltala ve\u00adzetett nyerges\u00fajfalui m\u0171v\u00e9sztelepen tanult. Olaszo.-ban ker\u00e1miagy\u00e1ri \u00e9s bronz\u00f6nt\u0151 munk\u00e1s volt (1920\u201323). F\u00e9l [&hellip;]<\/p>\n","protected":false},"featured_media":0,"comment_status":"open","ping_status":"closed","template":"","meta":[],"product_brand":[],"product_cat":[137],"product_tag":[],"class_list":{"0":"post-16850","1":"product","2":"type-product","3":"status-publish","5":"product_cat-maros-megyei-eletrajzi-lexikon","7":"first","8":"instock","9":"shipping-taxable","10":"product-type-simple"},"_links":{"self":[{"href":"https:\/\/uj.adatbank.ro\/lexikon\/wp-json\/wp\/v2\/product\/16850","targetHints":{"allow":["GET"]}}],"collection":[{"href":"https:\/\/uj.adatbank.ro\/lexikon\/wp-json\/wp\/v2\/product"}],"about":[{"href":"https:\/\/uj.adatbank.ro\/lexikon\/wp-json\/wp\/v2\/types\/product"}],"replies":[{"embeddable":true,"href":"https:\/\/uj.adatbank.ro\/lexikon\/wp-json\/wp\/v2\/comments?post=16850"}],"wp:attachment":[{"href":"https:\/\/uj.adatbank.ro\/lexikon\/wp-json\/wp\/v2\/media?parent=16850"}],"wp:term":[{"taxonomy":"product_brand","embeddable":true,"href":"https:\/\/uj.adatbank.ro\/lexikon\/wp-json\/wp\/v2\/product_brand?post=16850"},{"taxonomy":"product_cat","embeddable":true,"href":"https:\/\/uj.adatbank.ro\/lexikon\/wp-json\/wp\/v2\/product_cat?post=16850"},{"taxonomy":"product_tag","embeddable":true,"href":"https:\/\/uj.adatbank.ro\/lexikon\/wp-json\/wp\/v2\/product_tag?post=16850"}],"curies":[{"name":"wp","href":"https:\/\/api.w.org\/{rel}","templated":true}]}}