{"id":16968,"date":"2025-07-15T23:36:40","date_gmt":"2025-07-15T21:36:40","guid":{"rendered":"https:\/\/uj.adatbank.ro\/lexikon\/termek\/olah-karoly\/"},"modified":"2025-07-15T23:36:40","modified_gmt":"2025-07-15T21:36:40","slug":"olah-karoly","status":"publish","type":"product","link":"https:\/\/uj.adatbank.ro\/lexikon\/termek\/olah-karoly\/","title":{"rendered":"OL\u00c1H K\u00e1roly"},"content":{"rendered":"<p>Cs\u00f3kfalva, 1868. j\u00fan. 10., \u2020\u00a0Szenth\u00e1roms\u00e1g, 1930. jan. 18.: r. k. pap, orvos. \u2013 Mv.-en \u00e9s Gyulafeh\u00e9rv\u00e1ron tanult. Papp\u00e1 szentelt\u00e9k (1893. j\u00fal. 16.). K\u00e1pl\u00e1n Cs\u00edkszentm\u00e1rtonban, Cs\u00edkszentmikl\u00f3son (1895). Sz\u00e9kelyk\u00e1li katolikus egyh\u00e1zk\u00f6zs\u00e9g pl\u00e9b\u00e1nosa (1896\u20131907), \u00faj pl\u00e9b\u00e1ni\u00e1t \u00e9p\u00edtettek (1908), telket v\u00e1s\u00e1roltak iskol\u00e1nak (1912). Lelkip\u00e1sztor Sz\u00e9kelyszenttam\u00e1son (1907\u201319), Nagyernyei r. k. pl\u00e9b\u00e1nos (1919\u201328), Szenth\u00e1roms\u00e1gon szolg\u00e1lt hal\u00e1la el\u0151tt (1829\u2013).Orvosi tev\u00e9kenys\u00e9ge is elismer\u00e9sre m\u00e9lt\u00f3, feltal\u00e1lta az Anti-Phtysin nev\u0171 t\u00fcd\u0151baj elleni szert. <br \/><strong>Irod.:<\/strong> Ferenczi S\u00e1ndor 2009; Kornis; Maros-k\u00fck\u00fcll\u0151i f\u0151esp.; [Nekrol\u00f3g] (Az Ellenz\u00e9k, 1930. jan. 21.); Sz\u00e9kelyk\u00e1l<\/br><\/p>\n","protected":false},"excerpt":{"rendered":"<p>Cs\u00f3kfalva, 1868. j\u00fan. 10., \u2020\u00a0Szenth\u00e1roms\u00e1g, 1930. jan. 18.: r. k. pap, orvos. \u2013 Mv.-en \u00e9s Gyulafeh\u00e9rv\u00e1ron tanult. Papp\u00e1 szentelt\u00e9k (1893. j\u00fal. 16.). K\u00e1pl\u00e1n Cs\u00edkszentm\u00e1rtonban, Cs\u00edkszentmikl\u00f3son (1895). Sz\u00e9kelyk\u00e1li katolikus egyh\u00e1zk\u00f6zs\u00e9g pl\u00e9b\u00e1nosa (1896\u20131907), \u00faj pl\u00e9b\u00e1ni\u00e1t \u00e9p\u00edtettek (1908), telket v\u00e1s\u00e1roltak iskol\u00e1nak (1912). Lelkip\u00e1sztor Sz\u00e9kelyszenttam\u00e1son (1907\u201319), Nagyernyei r. k. pl\u00e9b\u00e1nos (1919\u201328), Szenth\u00e1roms\u00e1gon szolg\u00e1lt hal\u00e1la el\u0151tt (1829\u2013).Orvosi tev\u00e9kenys\u00e9ge is elismer\u00e9sre [&hellip;]<\/p>\n","protected":false},"featured_media":0,"comment_status":"open","ping_status":"closed","template":"","meta":[],"product_brand":[],"product_cat":[137],"product_tag":[],"class_list":{"0":"post-16968","1":"product","2":"type-product","3":"status-publish","5":"product_cat-maros-megyei-eletrajzi-lexikon","7":"first","8":"instock","9":"shipping-taxable","10":"product-type-simple"},"_links":{"self":[{"href":"https:\/\/uj.adatbank.ro\/lexikon\/wp-json\/wp\/v2\/product\/16968","targetHints":{"allow":["GET"]}}],"collection":[{"href":"https:\/\/uj.adatbank.ro\/lexikon\/wp-json\/wp\/v2\/product"}],"about":[{"href":"https:\/\/uj.adatbank.ro\/lexikon\/wp-json\/wp\/v2\/types\/product"}],"replies":[{"embeddable":true,"href":"https:\/\/uj.adatbank.ro\/lexikon\/wp-json\/wp\/v2\/comments?post=16968"}],"wp:attachment":[{"href":"https:\/\/uj.adatbank.ro\/lexikon\/wp-json\/wp\/v2\/media?parent=16968"}],"wp:term":[{"taxonomy":"product_brand","embeddable":true,"href":"https:\/\/uj.adatbank.ro\/lexikon\/wp-json\/wp\/v2\/product_brand?post=16968"},{"taxonomy":"product_cat","embeddable":true,"href":"https:\/\/uj.adatbank.ro\/lexikon\/wp-json\/wp\/v2\/product_cat?post=16968"},{"taxonomy":"product_tag","embeddable":true,"href":"https:\/\/uj.adatbank.ro\/lexikon\/wp-json\/wp\/v2\/product_tag?post=16968"}],"curies":[{"name":"wp","href":"https:\/\/api.w.org\/{rel}","templated":true}]}}