{"id":17005,"date":"2025-07-15T23:37:54","date_gmt":"2025-07-15T21:37:54","guid":{"rendered":"https:\/\/uj.adatbank.ro\/lexikon\/termek\/olosz-lajos\/"},"modified":"2025-07-15T23:37:54","modified_gmt":"2025-07-15T21:37:54","slug":"olosz-lajos","status":"publish","type":"product","link":"https:\/\/uj.adatbank.ro\/lexikon\/termek\/olosz-lajos\/","title":{"rendered":"OLOSZ Lajos"},"content":{"rendered":"<p>\u00c1gya, 1891. aug. 23., \u2020 Mv., 1977. \u00e1pr. 26.Aradon temett\u00e9k: \u00fcgyv\u00e9d, k\u00f6lt\u0151. \u2013 Fia: Olosz Egon (orvos prof. Mv.-en). \u2013 Gimn\u00e1ziumi tanulm\u00e1nyait Nagyk\u0151r\u00f6s\u00f6n, Szegeden v\u00e9gezte. Kv.-on a Ferenc J\u00f3zsef TE jogtudom\u00e1nyi szak\u00e1n avatt\u00e1k doktor\u00e1 (1917) \u00e9s \u00fcgyv\u00e9di vizsg\u00e1t tett (1922). Mv.-en kezdte tev\u00e9kenys\u00e9g\u00e9t (1922. febr. \u2013nov.), majd hal\u00e1l\u00e1ig K\u00f6r\u00f6skisjen\u0151n volt \u00fcgyv\u00e9d (1923 ?- ?).Tagja volt a Helikon \u00edr\u00f3k\u00f6z\u00f6ss\u00e9gnek, a KZST \u2013nek (1930\u2013). F\u0151szerk.-je az aradi D\u00e9li H\u00edrlapnak (1943\u201344). Fell\u00e9pett Mv.-en a Kult\u00farpalot\u00e1ban a P\u00e1sztort\u0171z esten (1922). \u2013 <strong>F. m.:<\/strong> Gladi\u00e1torarc (versek, Kv., 1923); \u00c9g\u0151csolnakon (versek, Kv., 1926); Barlanghom\u00e1ly (versek, Kv., 1931); N\u00e9ma k\u00fcrt, \u00c9gerf\u00e1k alatt = \u00dcnnepi k\u00f6nyv; Versek (Buk., 1968); O.L.legszebb versei (Buk., 1971); Hatty\u00fa\u00e9nek (versek, 1968\u20131971; Buk., 1972); F\u00e9lig \u00e9lt \u00e9let. Olosz Lajos \u00e9s Rem\u00e9nyik S\u00e1ndor levelez\u00e9se.1912\u20131940.\/Sajt\u00f3 al\u00e1 rendezte Kis Olosz Kl\u00e1ra (Kv., 2003). Helikon 1924\u20131944; Id\u0151t\u00e1r 3; Kort\u00e1rs M\u00cdKL; KZST1930; MMK; Molter 1., 2., 3.; KZST1930; \u00dcnnepi k\u00f6nyv<\/br><\/p>\n","protected":false},"excerpt":{"rendered":"<p>\u00c1gya, 1891. aug. 23., \u2020 Mv., 1977. \u00e1pr. 26.Aradon temett\u00e9k: \u00fcgyv\u00e9d, k\u00f6lt\u0151. \u2013 Fia: Olosz Egon (orvos prof. Mv.-en). \u2013 Gimn\u00e1ziumi tanulm\u00e1nyait Nagyk\u0151r\u00f6s\u00f6n, Szegeden v\u00e9gezte. Kv.-on a Ferenc J\u00f3zsef TE jogtudom\u00e1nyi szak\u00e1n avatt\u00e1k doktor\u00e1 (1917) \u00e9s \u00fcgyv\u00e9di vizsg\u00e1t tett (1922). Mv.-en kezdte tev\u00e9kenys\u00e9g\u00e9t (1922. febr. \u2013nov.), majd hal\u00e1l\u00e1ig K\u00f6r\u00f6skisjen\u0151n volt \u00fcgyv\u00e9d (1923 ?- ?).Tagja volt [&hellip;]<\/p>\n","protected":false},"featured_media":0,"comment_status":"open","ping_status":"closed","template":"","meta":[],"product_brand":[],"product_cat":[137],"product_tag":[],"class_list":{"0":"post-17005","1":"product","2":"type-product","3":"status-publish","5":"product_cat-maros-megyei-eletrajzi-lexikon","7":"first","8":"instock","9":"shipping-taxable","10":"product-type-simple"},"_links":{"self":[{"href":"https:\/\/uj.adatbank.ro\/lexikon\/wp-json\/wp\/v2\/product\/17005","targetHints":{"allow":["GET"]}}],"collection":[{"href":"https:\/\/uj.adatbank.ro\/lexikon\/wp-json\/wp\/v2\/product"}],"about":[{"href":"https:\/\/uj.adatbank.ro\/lexikon\/wp-json\/wp\/v2\/types\/product"}],"replies":[{"embeddable":true,"href":"https:\/\/uj.adatbank.ro\/lexikon\/wp-json\/wp\/v2\/comments?post=17005"}],"wp:attachment":[{"href":"https:\/\/uj.adatbank.ro\/lexikon\/wp-json\/wp\/v2\/media?parent=17005"}],"wp:term":[{"taxonomy":"product_brand","embeddable":true,"href":"https:\/\/uj.adatbank.ro\/lexikon\/wp-json\/wp\/v2\/product_brand?post=17005"},{"taxonomy":"product_cat","embeddable":true,"href":"https:\/\/uj.adatbank.ro\/lexikon\/wp-json\/wp\/v2\/product_cat?post=17005"},{"taxonomy":"product_tag","embeddable":true,"href":"https:\/\/uj.adatbank.ro\/lexikon\/wp-json\/wp\/v2\/product_tag?post=17005"}],"curies":[{"name":"wp","href":"https:\/\/api.w.org\/{rel}","templated":true}]}}