{"id":1702,"date":"2025-06-28T11:50:29","date_gmt":"2025-06-28T09:50:29","guid":{"rendered":"https:\/\/uj.adatbank.ro\/lexikon\/termek\/alard-jakab-nagyercsei-alardfi-jakab-alard-de-meggyesfalva-jakobus-filius-de-alard-alardy-jakab\/"},"modified":"2025-06-28T11:50:29","modified_gmt":"2025-06-28T09:50:29","slug":"alard-jakab-nagyercsei-alardfi-jakab-alard-de-meggyesfalva-jakobus-filius-de-alard-alardy-jakab","status":"publish","type":"product","link":"https:\/\/uj.adatbank.ro\/lexikon\/termek\/alard-jakab-nagyercsei-alardfi-jakab-alard-de-meggyesfalva-jakobus-filius-de-alard-alardy-jakab\/","title":{"rendered":"AL\u00c1RD Jakab, nagyercsei, Al\u00e1rdfi Jakab; Al\u00e1rd de Meggyesfalva; Jakobus filius de Al\u00e1rd, Al\u00e1rdy Jakab"},"content":{"rendered":"<p>? \u2020\u00a0?\u00a0: birtokos, marossz\u00e9ki f\u0151ember. \u2013 Fiai, L\u00e1szl\u00f3 \u00e9s P\u00e9ter. \u2013 Albert m. kir\u00e1lyt\u00f3l adom\u00e1nyk\u00e9nt megkapta Szokol birtokait (1439. szept. 27.). Jobb\u00e1gyait Bolg\u00e1r L\u00e1szl\u00f3 nem engedte a v\u00e1s\u00e1rhelyi v\u00e1s\u00e1rra (1447). Hunyadi J\u00e1nos Mo. korm\u00e1nyz\u00f3ja n\u00e9hai Ponyafi Mih\u00e1ly Maros sz\u00e9k t\u00f6bb helyis\u00e9g\u00e9ben (K\u00e1poszt\u00e1sszentmikl\u00f3s, Fintah\u00e1za, Mez\u0151k\u00f6vesd) fekv\u0151 \u00f6r\u00f6ks\u00e9geit egy r\u00e9szr\u0151l meggyesfalvi Al\u00e1rdfi Jakab, m\u00e1sr\u00e9szr\u0151l Kisfaludi Ger\u0151fi Istv\u00e1n le\u00e1nyai, Margit \u00e9s M\u00e1rta \u00e9s az eml\u00edtett Mih\u00e1ly m\u00e1s \u00f6r\u00f6k\u00f6sei k\u00f6zt megosztotta (1451. m\u00e1j. 2.). Fiai, L\u00e1szl\u00f3 \u00e9s P\u00e9ter, ennek a birtoknak egy r\u00e9sz\u00e9t elcser\u00e9lt\u00e9k a kiscsergedi birtokkal (1455. okt. 13.), amely k\u00e9s\u0151bb H\u00e9derf\u00e1i Istv\u00e1n tulajdon\u00e1ba ker\u00fclt (1459). <br \/><strong>Irod.:<\/strong> Id\u0151t\u00e1r 1.; Socolul de C\u00e2mpie; SzOkl, 1, 3.; \u015eincan 2006<\/br><\/p>\n","protected":false},"excerpt":{"rendered":"<p>? \u2020\u00a0?\u00a0: birtokos, marossz\u00e9ki f\u0151ember. \u2013 Fiai, L\u00e1szl\u00f3 \u00e9s P\u00e9ter. \u2013 Albert m. kir\u00e1lyt\u00f3l adom\u00e1nyk\u00e9nt megkapta Szokol birtokait (1439. szept. 27.). Jobb\u00e1gyait Bolg\u00e1r L\u00e1szl\u00f3 nem engedte a v\u00e1s\u00e1rhelyi v\u00e1s\u00e1rra (1447). Hunyadi J\u00e1nos Mo. korm\u00e1nyz\u00f3ja n\u00e9hai Ponyafi Mih\u00e1ly Maros sz\u00e9k t\u00f6bb helyis\u00e9g\u00e9ben (K\u00e1poszt\u00e1sszentmikl\u00f3s, Fintah\u00e1za, Mez\u0151k\u00f6vesd) fekv\u0151 \u00f6r\u00f6ks\u00e9geit egy r\u00e9szr\u0151l meggyesfalvi Al\u00e1rdfi Jakab, m\u00e1sr\u00e9szr\u0151l Kisfaludi Ger\u0151fi Istv\u00e1n [&hellip;]<\/p>\n","protected":false},"featured_media":0,"comment_status":"open","ping_status":"closed","template":"","meta":[],"product_brand":[],"product_cat":[137],"product_tag":[],"class_list":{"0":"post-1702","1":"product","2":"type-product","3":"status-publish","5":"product_cat-maros-megyei-eletrajzi-lexikon","7":"first","8":"instock","9":"shipping-taxable","10":"product-type-simple"},"_links":{"self":[{"href":"https:\/\/uj.adatbank.ro\/lexikon\/wp-json\/wp\/v2\/product\/1702","targetHints":{"allow":["GET"]}}],"collection":[{"href":"https:\/\/uj.adatbank.ro\/lexikon\/wp-json\/wp\/v2\/product"}],"about":[{"href":"https:\/\/uj.adatbank.ro\/lexikon\/wp-json\/wp\/v2\/types\/product"}],"replies":[{"embeddable":true,"href":"https:\/\/uj.adatbank.ro\/lexikon\/wp-json\/wp\/v2\/comments?post=1702"}],"wp:attachment":[{"href":"https:\/\/uj.adatbank.ro\/lexikon\/wp-json\/wp\/v2\/media?parent=1702"}],"wp:term":[{"taxonomy":"product_brand","embeddable":true,"href":"https:\/\/uj.adatbank.ro\/lexikon\/wp-json\/wp\/v2\/product_brand?post=1702"},{"taxonomy":"product_cat","embeddable":true,"href":"https:\/\/uj.adatbank.ro\/lexikon\/wp-json\/wp\/v2\/product_cat?post=1702"},{"taxonomy":"product_tag","embeddable":true,"href":"https:\/\/uj.adatbank.ro\/lexikon\/wp-json\/wp\/v2\/product_tag?post=1702"}],"curies":[{"name":"wp","href":"https:\/\/api.w.org\/{rel}","templated":true}]}}