{"id":17037,"date":"2025-07-15T23:38:56","date_gmt":"2025-07-15T21:38:56","guid":{"rendered":"https:\/\/uj.adatbank.ro\/lexikon\/termek\/olteanu-ioan-4\/"},"modified":"2025-07-15T23:38:56","modified_gmt":"2025-07-15T21:38:56","slug":"olteanu-ioan-4","status":"publish","type":"product","link":"https:\/\/uj.adatbank.ro\/lexikon\/termek\/olteanu-ioan-4\/","title":{"rendered":"OLTEANU, Ioan"},"content":{"rendered":"<p>Pata, 1875., \u2020\u00a0?: \u00fcgyv\u00e9d. \u2013 Apja g. kat. lelk\u00e9sz volt. Bal\u00e1zsfalv\u00e1n \u00e9retts\u00e9gizett, majd Kv.-on v\u00e9gezte a jogot., Mv.-en tett \u00fcgyv\u00e9di vizsg\u00e1t.. Marosludason \u00fcgyv\u00e9d (1906). A rom\u00e1n nemzeti eszm\u00e9k harcosa volt, a rom\u00e1n nemzeti mozgalom egyik vez\u00e9re \u00e9s a nemzeti p\u00e1rt eln\u00f6ke volt Az ASTRA keret\u00e9ben n\u00e9pies \u00e9s ismeretterjeszt\u0151 el\u0151ad\u00e1sokat \u00e9s n\u00e9pgy\u0171l\u00e9seket tartott \u00e9s tiltakoz\u00f3 gy\u0171l\u00e9st h\u00edvott \u00f6ssze az akkori Apponyi-f\u00e9le iskolat\u00f6rv\u00e9nyek miatt. Ludas hivatalos k\u00fcld\u00f6tte a gyulafeh\u00e9rv\u00e1ri nagygy\u0171l\u00e9sen (1918. dec. 1.), a nemzeti tan\u00e1cs \u00e9s a nemzeti g\u00e1rda megszervez\u00e9s\u00e9ben \u00e9s vezet\u00e9s\u00e9ben fontos szerepet j\u00e1tszott. Az Economul Bank \u00fcgy\u00e9sze, az ASTRA, az Agru, az \u00fcgyv\u00e9di kamara, az \u00fcgyv\u00e9di sz\u00f6vets\u00e9g \u00e9s m\u00e9g sz\u00e1mos t\u00e1rsadalmi \u00e9s kultur\u00e1lis egyes\u00fclet vezet\u00e9s\u00e9ben r\u00e9szt vett. A megyei tan\u00e1cs eln\u00f6ke volt. El\u0151bb a Nemzeti Paraszt P\u00e1rtban majd a N\u00e9pp\u00e1rtban fejtett ki politikai tev\u00e9kenys\u00e9get, a b\u00e9k\u00e9s meg\u00e9rt\u00e9s h\u00edve volt. A rom\u00e1n koronarend lovagi keresztj\u00e9vel t\u00fcntett\u00e9k ki. <br \/><strong>Irod.:<\/strong> Bosoanc\u0103, Ki kicsoda?; Pusztai-Popovits J\u00f3zsef: Rom\u00e1n kult\u00far\u00e9let a magyar Erd\u00e9lyben (P\u00e9cs, 1942)<\/p>\n","protected":false},"excerpt":{"rendered":"<p>Pata, 1875., \u2020\u00a0?: \u00fcgyv\u00e9d. \u2013 Apja g. kat. lelk\u00e9sz volt. Bal\u00e1zsfalv\u00e1n \u00e9retts\u00e9gizett, majd Kv.-on v\u00e9gezte a jogot., Mv.-en tett \u00fcgyv\u00e9di vizsg\u00e1t.. Marosludason \u00fcgyv\u00e9d (1906). A rom\u00e1n nemzeti eszm\u00e9k harcosa volt, a rom\u00e1n nemzeti mozgalom egyik vez\u00e9re \u00e9s a nemzeti p\u00e1rt eln\u00f6ke volt Az ASTRA keret\u00e9ben n\u00e9pies \u00e9s ismeretterjeszt\u0151 el\u0151ad\u00e1sokat \u00e9s n\u00e9pgy\u0171l\u00e9seket tartott \u00e9s tiltakoz\u00f3 gy\u0171l\u00e9st [&hellip;]<\/p>\n","protected":false},"featured_media":0,"comment_status":"open","ping_status":"closed","template":"","meta":[],"product_brand":[],"product_cat":[137],"product_tag":[],"class_list":{"0":"post-17037","1":"product","2":"type-product","3":"status-publish","5":"product_cat-maros-megyei-eletrajzi-lexikon","7":"first","8":"instock","9":"shipping-taxable","10":"product-type-simple"},"_links":{"self":[{"href":"https:\/\/uj.adatbank.ro\/lexikon\/wp-json\/wp\/v2\/product\/17037","targetHints":{"allow":["GET"]}}],"collection":[{"href":"https:\/\/uj.adatbank.ro\/lexikon\/wp-json\/wp\/v2\/product"}],"about":[{"href":"https:\/\/uj.adatbank.ro\/lexikon\/wp-json\/wp\/v2\/types\/product"}],"replies":[{"embeddable":true,"href":"https:\/\/uj.adatbank.ro\/lexikon\/wp-json\/wp\/v2\/comments?post=17037"}],"wp:attachment":[{"href":"https:\/\/uj.adatbank.ro\/lexikon\/wp-json\/wp\/v2\/media?parent=17037"}],"wp:term":[{"taxonomy":"product_brand","embeddable":true,"href":"https:\/\/uj.adatbank.ro\/lexikon\/wp-json\/wp\/v2\/product_brand?post=17037"},{"taxonomy":"product_cat","embeddable":true,"href":"https:\/\/uj.adatbank.ro\/lexikon\/wp-json\/wp\/v2\/product_cat?post=17037"},{"taxonomy":"product_tag","embeddable":true,"href":"https:\/\/uj.adatbank.ro\/lexikon\/wp-json\/wp\/v2\/product_tag?post=17037"}],"curies":[{"name":"wp","href":"https:\/\/api.w.org\/{rel}","templated":true}]}}